
{"version":"1.0","provider_name":"Fundaci\u00f3 TIC Salut i Social","provider_url":"https:\/\/ticsalutsocial.atoom.space\/en\/","author_name":"whiterabbit","author_url":"https:\/\/ticsalutsocial.atoom.space\/en\/author\/whiterabbit\/","title":"Jornada Presentaci\u00f3 del DPD de Salut - Fundaci\u00f3 TIC Salut i Social","type":"rich","width":600,"height":338,"html":"<blockquote class=\"wp-embedded-content\" data-secret=\"Zo7ltt3zmf\"><a href=\"https:\/\/ticsalutsocial.atoom.space\/en\/event\/jornada-presentacio-del-dpd-de-salut\/\">Jornada Presentaci\u00f3 del DPD de Salut<\/a><\/blockquote><iframe sandbox=\"allow-scripts\" security=\"restricted\" src=\"https:\/\/ticsalutsocial.atoom.space\/en\/event\/jornada-presentacio-del-dpd-de-salut\/embed\/#?secret=Zo7ltt3zmf\" width=\"600\" height=\"338\" title=\"&#8220;Jornada Presentaci\u00f3 del DPD de Salut&#8221; &#8212; Fundaci\u00f3 TIC Salut i Social\" data-secret=\"Zo7ltt3zmf\" frameborder=\"0\" marginwidth=\"0\" marginheight=\"0\" scrolling=\"no\" class=\"wp-embedded-content\"><\/iframe><script type=\"text\/javascript\">\n\/* <![CDATA[ *\/\n\/*! This file is auto-generated *\/\n!function(d,l){\"use strict\";l.querySelector&&d.addEventListener&&\"undefined\"!=typeof URL&&(d.wp=d.wp||{},d.wp.receiveEmbedMessage||(d.wp.receiveEmbedMessage=function(e){var t=e.data;if((t||t.secret||t.message||t.value)&&!\/[^a-zA-Z0-9]\/.test(t.secret)){for(var s,r,n,a=l.querySelectorAll('iframe[data-secret=\"'+t.secret+'\"]'),o=l.querySelectorAll('blockquote[data-secret=\"'+t.secret+'\"]'),c=new RegExp(\"^https?:$\",\"i\"),i=0;i<o.length;i++)o[i].style.display=\"none\";for(i=0;i<a.length;i++)s=a[i],e.source===s.contentWindow&&(s.removeAttribute(\"style\"),\"height\"===t.message?(1e3<(r=parseInt(t.value,10))?r=1e3:~~r<200&&(r=200),s.height=r):\"link\"===t.message&&(r=new URL(s.getAttribute(\"src\")),n=new URL(t.value),c.test(n.protocol))&&n.host===r.host&&l.activeElement===s&&(d.top.location.href=t.value))}},d.addEventListener(\"message\",d.wp.receiveEmbedMessage,!1),l.addEventListener(\"DOMContentLoaded\",function(){for(var e,t,s=l.querySelectorAll(\"iframe.wp-embedded-content\"),r=0;r<s.length;r++)(t=(e=s[r]).getAttribute(\"data-secret\"))||(t=Math.random().toString(36).substring(2,12),e.src+=\"#?secret=\"+t,e.setAttribute(\"data-secret\",t)),e.contentWindow.postMessage({message:\"ready\",secret:t},\"*\")},!1)))}(window,document);\n\/\/# sourceURL=https:\/\/ticsalutsocial.atoom.space\/wp-includes\/js\/wp-embed.min.js\n\/* ]]> *\/\n<\/script>\n","description":"En el marc del nou Reglament General de Protecci\u00f3 de Dades Personals (RGPD), es va anomenar com a Delegat de Protecci\u00f3 de Dades (DPD) de Salut al director de la Fundaci\u00f3 TIC Salut Social, el senyor Josu\u00e8 Sallent. Despr\u00e9s del nomenament, des de la Fundaci\u00f3 TIC Salut Social s\u2019ha creat l\u2019Oficina del DPD de Salut, [&hellip;]"}