
{"id":14145,"date":"2022-09-20T09:50:16","date_gmt":"2022-09-20T07:50:16","guid":{"rendered":"https:\/\/ticsalutsocial.atoom.space\/event\/women-in-data-science-wids\/"},"modified":"2022-09-20T09:54:52","modified_gmt":"2022-09-20T07:54:52","slug":"women-in-data-science-wids","status":"publish","type":"event","link":"https:\/\/ticsalutsocial.atoom.space\/en\/event\/women-in-data-science-wids\/","title":{"rendered":"Women in Data Science (WiDS)"},"content":{"rendered":"\n<p>La iniciativa Women in Data Science (WiDS) tiene como objetivo inspirar y educar a los cient\u00edficos de datos en todo el mundo, independientemente del g\u00e9nero, y apoyar a las mujeres en el campo.<\/p>\n\n\n\n<p>WiDS Barcelona Biomedicine promueve la diversidad de g\u00e9nero visibilizando el trabajo de cient\u00edficas l\u00edderes en el campo de la biolog\u00eda, biomedicina y salud digital.<\/p>\n\n\n\n<h2 class=\"wp-block-heading\">PROGRAMA<\/h2>\n\n\n\n<h3 class=\"wp-block-heading\" id=\"h.y9ul3g1ekowd_l\"><strong>Ma\u00f1ana<\/strong><\/h3>\n\n\n\n<p><strong>9:00 Registro<\/strong><\/p>\n\n\n\n<p><strong>9<\/strong><strong>:<\/strong><strong>30<\/strong><strong> <\/strong><strong>Apertura<\/strong><\/p>\n\n\n\n<ul class=\"wp-block-list\"><li><a href=\"https:\/\/www.google.com\/url?q=https%3A%2F%2Fwww.linkedin.com%2Fin%2Fantoni-plasencia-22077a92%2F&amp;sa=D&amp;sntz=1&amp;usg=AOvVaw09FiYtXc9ojasyUMmse1iy\" target=\"_blank\" rel=\"noreferrer noopener\">Antoni Plas\u00e8ncia<\/a>, Director General ISGLOBAL<\/li><li><a href=\"https:\/\/www.google.com\/url?q=https%3A%2F%2Fwww.linkedin.com%2Fin%2Fmerc%25C3%25A8-crosas-9a22776%2F&amp;sa=D&amp;sntz=1&amp;usg=AOvVaw0iZ6RR0t9_Nnobxh0iI2NQ\" target=\"_blank\" rel=\"noreferrer noopener\">Merc\u00e8 Crosas<\/a>, Secret\u00e0ria de Govern Obert, Catalunya<\/li><li><a href=\"https:\/\/www.google.com\/url?q=https%3A%2F%2Fwww.linkedin.com%2Fin%2Fpaula-p-3981a41%2F&amp;sa=D&amp;sntz=1&amp;usg=AOvVaw1Kt3BIdHZh6YmvYAu-eVBn\" target=\"_blank\" rel=\"noreferrer noopener\">Paula Petrone<\/a>, Associate Research Professor ISGLOBAL &amp; WIDS Ambassador<\/li><\/ul>\n\n\n\n<p><strong>10:0<\/strong><strong>0 <\/strong><strong>Ciencia de Datos con impacto en la Cl\u00ednica <\/strong><em><strong>(Sesi\u00f3n en Ingl\u00e9s)<\/strong><\/em><\/p>\n\n\n\n<p><em>Chair: Paula Petrone, ISGLOBAL<\/em><\/p>\n\n\n\n<ul class=\"wp-block-list\"><li><a href=\"https:\/\/www.google.com\/url?q=https%3A%2F%2Fwww.linkedin.com%2Fin%2Fclara-prats-bb6056197%2F&amp;sa=D&amp;sntz=1&amp;usg=AOvVaw2zGp5XkF2yIBOsLzApPqts\" target=\"_blank\" rel=\"noreferrer noopener\">Clara Plats<\/a>, UPC<\/li><li><a href=\"https:\/\/www.google.com\/url?q=https%3A%2F%2Fwww.linkedin.com%2Fin%2Fpatricia-maguire-ucd%2F&amp;sa=D&amp;sntz=1&amp;usg=AOvVaw2154J7BYwWx-mdTaQUJ4Gf\" target=\"_blank\" rel=\"noreferrer noopener\">Patricia Maguire<\/a>, University College Dublin<\/li><li><em>A confirmar<\/em><\/li><\/ul>\n\n\n\n<p><strong>11:00 Debate con las ponentes y la audiencia<\/strong><\/p>\n\n\n\n<p><strong>11: 15 Pausa. Networking y caf\u00e9<\/strong><\/p>\n\n\n\n<p><strong>11: 30 Tecnolog\u00edas aplicadas a la Neurociencia y Salud Mental <\/strong><em><strong>(Sesi\u00f3n en Ingl\u00e9s)<\/strong><\/em><\/p>\n\n\n\n<p><em>Chair: Silvina Catuara Solarz, Icometrix<\/em><\/p>\n\n\n\n<ul class=\"wp-block-list\"><li><a href=\"https:\/\/www.google.com\/url?q=https%3A%2F%2Fwww.linkedin.com%2Fin%2Fannemie-ribbens%2F&amp;sa=D&amp;sntz=1&amp;usg=AOvVaw0Sr74Ey5_61af4HefJymQt\" target=\"_blank\" rel=\"noreferrer noopener\">Annemie Ribbens<\/a>, Icometrix<\/li><li><a href=\"https:\/\/www.google.com\/url?q=https%3A%2F%2Fwww.linkedin.com%2Fin%2Fmariachiarabiagi%2F&amp;sa=D&amp;sntz=1&amp;usg=AOvVaw2wfYstOIK7eGOtsDrnlz_y\" target=\"_blank\" rel=\"noreferrer noopener\">Maria Chiara Biagi<\/a>, Neuroelectrics<\/li><li><a href=\"https:\/\/www.google.com\/url?q=https%3A%2F%2Fwww.linkedin.com%2Fin%2Fvictoria-brugadaramentol%2F&amp;sa=D&amp;sntz=1&amp;usg=AOvVaw02lw27vrAeb5KZXYw6Ukam\" target=\"_blank\" rel=\"noreferrer noopener\">Victoria Brugada Ramentol<\/a>, Virtuleap<\/li><\/ul>\n\n\n\n<p><strong>12: 30 Debate con las ponentes y la audiencia<\/strong><\/p>\n\n\n\n<p><strong>12:45 Networking Lunch &amp; Poster Session<\/strong><\/p>\n\n\n\n<p><\/p>\n\n\n\n<h3 class=\"wp-block-heading\"><strong>Tarde<\/strong><\/h3>\n\n\n\n<p><strong>14:00 Ciencia de datos, salud digital, y terap\u00e9uticos digitales <\/strong><em><strong>(Sesi\u00f3n en Ingl\u00e9s)<\/strong><\/em><\/p>\n\n\n\n<p><em>Cha<\/em><em>ir:<\/em> <a href=\"https:\/\/www.google.com\/url?q=https%3A%2F%2Fwww.linkedin.com%2Fin%2Fizabelalfany%2F&amp;sa=D&amp;sntz=1&amp;usg=AOvVaw13j-bcgSg626_OC9n8yRDs\" target=\"_blank\" rel=\"noreferrer noopener\"><em>Izabel Alfany<\/em><\/a><em>, Directo<\/em><em>ra de Desarrollo de Negocio, EITHealth<\/em><\/p>\n\n\n\n<ul class=\"wp-block-list\"><li><a href=\"https:\/\/www.google.com\/url?q=https%3A%2F%2Fwww.linkedin.com%2Fin%2Finescordonmorillas%2F&amp;sa=D&amp;sntz=1&amp;usg=AOvVaw3AwnuP13T98lDrjOlRubcU\" target=\"_blank\" rel=\"noreferrer noopener\">Ines Cordon Morillas<\/a>, MedicalMotion<\/li><li><a href=\"https:\/\/www.google.com\/url?q=https%3A%2F%2Fwww.linkedin.com%2Fin%2Fanna-merino-7790b155%2F&amp;sa=D&amp;sntz=1&amp;usg=AOvVaw20_awfLU990vqfxPpw8fJG\" target=\"_blank\" rel=\"noreferrer noopener\">Anna Merino<\/a>, Hospital Cl\u00ecnic<\/li><li><em>A confirmar<\/em><\/li><\/ul>\n\n\n\n<p><strong>15:00 <\/strong><strong>Debate con las ponentes<\/strong><\/p>\n\n\n\n<p><strong>15<\/strong><strong>:15<\/strong><em> <\/em><strong>Mesa Redonda 1: Participaci\u00f3n ciudadana, \u00e9tica, y g\u00e9nero <\/strong><em><strong>(Sesi\u00f3n en Castellano)<\/strong><\/em><\/p>\n\n\n\n<p><em>Moderadora<\/em>: <a href=\"https:\/\/www.google.com\/url?q=https%3A%2F%2Fwww.linkedin.com%2Fin%2Fabarbiero%2F&amp;sa=D&amp;sntz=1&amp;usg=AOvVaw3jAgB-RRSWo4c-_4dZpTD8\" target=\"_blank\" rel=\"noreferrer noopener\"><em>Andrea Barbiero<\/em><\/a><em>, Consultora Experta en Salud Digital<\/em><em> en Co-Salud. Cofundadora Salus.Coop<\/em><\/p>\n\n\n\n<ul class=\"wp-block-list\"><li><a href=\"https:\/\/www.google.com\/url?q=https%3A%2F%2Fwww.linkedin.com%2Fin%2Flaiasubirats%2F&amp;sa=D&amp;sntz=1&amp;usg=AOvVaw2HEL9ism6UF5iZi3yqZxnj\" target=\"_blank\" rel=\"noreferrer noopener\">Laia Subirats<\/a>, Eurecat , Universitat Oberta de Catalunya<\/li><li><a href=\"https:\/\/www.google.com\/url?q=https%3A%2F%2Fwww.linkedin.com%2Fin%2Fsarapedraz%2F&amp;sa=D&amp;sntz=1&amp;usg=AOvVaw018InVV2-UEbn1pwXOjb8X\" target=\"_blank\" rel=\"noreferrer noopener\">Sara Pedraz<\/a>, Oncolog\u00eda GSK, Universidad Complutense de Madrid<\/li><li><a href=\"https:\/\/www.google.com\/url?q=https%3A%2F%2Fwww.linkedin.com%2Fin%2Fatiacortes%2F&amp;sa=D&amp;sntz=1&amp;usg=AOvVaw0Kr6aYeViF6FO2OBjwix52\" target=\"_blank\" rel=\"noreferrer noopener\">Atia Cort\u00e9s<\/a>, Barcelona Supercomputing Center<\/li><\/ul>\n\n\n\n<p><strong>16<\/strong><strong>:15<\/strong> <strong>Pausa Caf\u00e9 &amp; Poster Session<\/strong><\/p>\n\n\n\n<p><strong>16<\/strong><strong>:45 <\/strong><strong>Mesa redonda 2: Carreras en Data Science y Salud DIgital <\/strong><em><strong>(Sesi\u00f3n en Castellano)<\/strong><\/em><\/p>\n\n\n\n<p><em>Moderadora<\/em><em>: <\/em><a href=\"https:\/\/www.google.com\/url?q=https%3A%2F%2Fwww.linkedin.com%2Fin%2Fn%25C3%25BAria-bay%25C3%25B3-puxan-6614819%2F&amp;sa=D&amp;sntz=1&amp;usg=AOvVaw0uhw7PAxr7Nn9wqd3mf3H1\" target=\"_blank\" rel=\"noreferrer noopener\"><em>N\u00faria Bay\u00f3<\/em><\/a><em>,<\/em><em> <\/em><em>Directora de Programas <\/em><em>BIST<\/em><\/p>\n\n\n\n<ul class=\"wp-block-list\"><li><a href=\"https:\/\/www.google.com\/url?q=https%3A%2F%2Fwww.linkedin.com%2Fin%2Fmaria-jose-rementeria%2F&amp;sa=D&amp;sntz=1&amp;usg=AOvVaw0RjNeiZUWkGAr4XhRUmP04\" target=\"_blank\" rel=\"noreferrer noopener\">Maria Jose Rementeria<\/a>, Barcelona Supercomputing Center (BSC)<\/li><li><a href=\"https:\/\/www.google.com\/url?q=https%3A%2F%2Fwww.linkedin.com%2Fin%2Feliabad%2F&amp;sa=D&amp;sntz=1&amp;usg=AOvVaw3_xnN_Kp9OAq2LxN_yLsBe\" target=\"_blank\" rel=\"noreferrer noopener\">Eli Abad<\/a>, InBetween<\/li><li><a href=\"https:\/\/www.google.com\/url?q=https%3A%2F%2Fwww.linkedin.com%2Fin%2Flaurafg1%2F&amp;sa=D&amp;sntz=1&amp;usg=AOvVaw3jLqqbhNjnxmzD0fEaE3QJ\" target=\"_blank\" rel=\"noreferrer noopener\">Laura Fern\u00e1ndez Gim\u00e9nez<\/a>, AllWomen<\/li><\/ul>\n\n\n\n<p><strong>17:45-18.00 Premio al mejor poster y clausura<\/strong><\/p>\n\n\n\n<p>Silvina Catuara Solarz y Andrea Barbiero<\/p>\n","protected":false},"featured_media":14142,"menu_order":0,"template":"","meta":{"_acf_changed":false,"inline_featured_image":false},"tipus":[],"topic":[116,117,120,121],"class_list":["post-14145","event","type-event","status-publish","has-post-thumbnail","hentry","topic-events","topic-jornadas","topic-dpo","topic-dpd-es"],"acf":{"imatge":14142,"informacio":{"ubicacio":"Parc de Recerca Biom\u00e8dica de Barcelona (PRBB)","data":"28\/09\/2022","hora":"9:00-18:00","preu":"Free","inscripcions":"https:\/\/sites.google.com\/isglobal.org\/wids-congress-2022\/inicio"},"programa":{"titol":"","items":false},"documents":false},"yoast_head":"<!-- This site is optimized with the Yoast SEO plugin v27.1.1 - https:\/\/yoast.com\/product\/yoast-seo-wordpress\/ -->\n<title>Women in Data Science (WiDS) - Fundaci\u00f3 TIC Salut i Social<\/title>\n<meta name=\"robots\" content=\"index, follow, max-snippet:-1, max-image-preview:large, max-video-preview:-1\" \/>\n<link rel=\"canonical\" href=\"https:\/\/ticsalutsocial.atoom.space\/en\/event\/women-in-data-science-wids\/\" \/>\n<meta property=\"og:locale\" content=\"en_US\" \/>\n<meta property=\"og:type\" content=\"article\" \/>\n<meta property=\"og:title\" content=\"Women in Data Science (WiDS) - Fundaci\u00f3 TIC Salut i Social\" \/>\n<meta property=\"og:description\" content=\"La iniciativa Women in Data Science (WiDS) tiene como objetivo inspirar y educar a los cient\u00edficos de datos en todo el mundo, independientemente del g\u00e9nero, y apoyar a las mujeres en el campo. WiDS Barcelona Biomedicine promueve la diversidad de g\u00e9nero visibilizando el trabajo de cient\u00edficas l\u00edderes en el campo de la biolog\u00eda, biomedicina y [&hellip;]\" \/>\n<meta property=\"og:url\" content=\"https:\/\/ticsalutsocial.atoom.space\/en\/event\/women-in-data-science-wids\/\" \/>\n<meta property=\"og:site_name\" content=\"Fundaci\u00f3 TIC Salut i Social\" \/>\n<meta property=\"article:modified_time\" content=\"2022-09-20T07:54:52+00:00\" \/>\n<meta property=\"og:image\" content=\"https:\/\/ticsalutsocial.atoom.space\/wp-content\/uploads\/2022\/09\/WiDS.jpg\" \/>\n\t<meta property=\"og:image:width\" content=\"566\" \/>\n\t<meta property=\"og:image:height\" content=\"430\" \/>\n\t<meta property=\"og:image:type\" content=\"image\/jpeg\" \/>\n<meta name=\"twitter:card\" content=\"summary_large_image\" \/>\n<meta name=\"twitter:label1\" content=\"Est. reading time\" \/>\n\t<meta name=\"twitter:data1\" content=\"2 minutes\" \/>\n<script type=\"application\/ld+json\" class=\"yoast-schema-graph\">{\"@context\":\"https:\/\/schema.org\",\"@graph\":[{\"@type\":\"WebPage\",\"@id\":\"https:\/\/ticsalutsocial.atoom.space\/en\/event\/women-in-data-science-wids\/\",\"url\":\"https:\/\/ticsalutsocial.atoom.space\/en\/event\/women-in-data-science-wids\/\",\"name\":\"Women in Data Science (WiDS) - Fundaci\u00f3 TIC Salut i Social\",\"isPartOf\":{\"@id\":\"https:\/\/ticsalutsocial.atoom.space\/en\/#website\"},\"primaryImageOfPage\":{\"@id\":\"https:\/\/ticsalutsocial.atoom.space\/en\/event\/women-in-data-science-wids\/#primaryimage\"},\"image\":{\"@id\":\"https:\/\/ticsalutsocial.atoom.space\/en\/event\/women-in-data-science-wids\/#primaryimage\"},\"thumbnailUrl\":\"https:\/\/ticsalutsocial.atoom.space\/wp-content\/uploads\/2022\/09\/WiDS.jpg\",\"datePublished\":\"2022-09-20T07:50:16+00:00\",\"dateModified\":\"2022-09-20T07:54:52+00:00\",\"breadcrumb\":{\"@id\":\"https:\/\/ticsalutsocial.atoom.space\/en\/event\/women-in-data-science-wids\/#breadcrumb\"},\"inLanguage\":\"en-US\",\"potentialAction\":[{\"@type\":\"ReadAction\",\"target\":[\"https:\/\/ticsalutsocial.atoom.space\/en\/event\/women-in-data-science-wids\/\"]}]},{\"@type\":\"ImageObject\",\"inLanguage\":\"en-US\",\"@id\":\"https:\/\/ticsalutsocial.atoom.space\/en\/event\/women-in-data-science-wids\/#primaryimage\",\"url\":\"https:\/\/ticsalutsocial.atoom.space\/wp-content\/uploads\/2022\/09\/WiDS.jpg\",\"contentUrl\":\"https:\/\/ticsalutsocial.atoom.space\/wp-content\/uploads\/2022\/09\/WiDS.jpg\",\"width\":566,\"height\":430},{\"@type\":\"BreadcrumbList\",\"@id\":\"https:\/\/ticsalutsocial.atoom.space\/en\/event\/women-in-data-science-wids\/#breadcrumb\",\"itemListElement\":[{\"@type\":\"ListItem\",\"position\":1,\"name\":\"Inici\",\"item\":\"https:\/\/ticsalutsocial.atoom.space\/en\/\"},{\"@type\":\"ListItem\",\"position\":2,\"name\":\"Women in Data Science (WiDS)\"}]},{\"@type\":\"WebSite\",\"@id\":\"https:\/\/ticsalutsocial.atoom.space\/en\/#website\",\"url\":\"https:\/\/ticsalutsocial.atoom.space\/en\/\",\"name\":\"Fundaci\u00f3 TIC Salut i Social\",\"description\":\"\",\"potentialAction\":[{\"@type\":\"SearchAction\",\"target\":{\"@type\":\"EntryPoint\",\"urlTemplate\":\"https:\/\/ticsalutsocial.atoom.space\/en\/?s={search_term_string}\"},\"query-input\":{\"@type\":\"PropertyValueSpecification\",\"valueRequired\":true,\"valueName\":\"search_term_string\"}}],\"inLanguage\":\"en-US\"}]}<\/script>\n<!-- \/ Yoast SEO plugin. -->","yoast_head_json":{"title":"Women in Data Science (WiDS) - Fundaci\u00f3 TIC Salut i Social","robots":{"index":"index","follow":"follow","max-snippet":"max-snippet:-1","max-image-preview":"max-image-preview:large","max-video-preview":"max-video-preview:-1"},"canonical":"https:\/\/ticsalutsocial.atoom.space\/en\/event\/women-in-data-science-wids\/","og_locale":"en_US","og_type":"article","og_title":"Women in Data Science (WiDS) - Fundaci\u00f3 TIC Salut i Social","og_description":"La iniciativa Women in Data Science (WiDS) tiene como objetivo inspirar y educar a los cient\u00edficos de datos en todo el mundo, independientemente del g\u00e9nero, y apoyar a las mujeres en el campo. WiDS Barcelona Biomedicine promueve la diversidad de g\u00e9nero visibilizando el trabajo de cient\u00edficas l\u00edderes en el campo de la biolog\u00eda, biomedicina y [&hellip;]","og_url":"https:\/\/ticsalutsocial.atoom.space\/en\/event\/women-in-data-science-wids\/","og_site_name":"Fundaci\u00f3 TIC Salut i Social","article_modified_time":"2022-09-20T07:54:52+00:00","og_image":[{"width":566,"height":430,"url":"https:\/\/ticsalutsocial.atoom.space\/wp-content\/uploads\/2022\/09\/WiDS.jpg","type":"image\/jpeg"}],"twitter_card":"summary_large_image","twitter_misc":{"Est. reading time":"2 minutes"},"schema":{"@context":"https:\/\/schema.org","@graph":[{"@type":"WebPage","@id":"https:\/\/ticsalutsocial.atoom.space\/en\/event\/women-in-data-science-wids\/","url":"https:\/\/ticsalutsocial.atoom.space\/en\/event\/women-in-data-science-wids\/","name":"Women in Data Science (WiDS) - Fundaci\u00f3 TIC Salut i Social","isPartOf":{"@id":"https:\/\/ticsalutsocial.atoom.space\/en\/#website"},"primaryImageOfPage":{"@id":"https:\/\/ticsalutsocial.atoom.space\/en\/event\/women-in-data-science-wids\/#primaryimage"},"image":{"@id":"https:\/\/ticsalutsocial.atoom.space\/en\/event\/women-in-data-science-wids\/#primaryimage"},"thumbnailUrl":"https:\/\/ticsalutsocial.atoom.space\/wp-content\/uploads\/2022\/09\/WiDS.jpg","datePublished":"2022-09-20T07:50:16+00:00","dateModified":"2022-09-20T07:54:52+00:00","breadcrumb":{"@id":"https:\/\/ticsalutsocial.atoom.space\/en\/event\/women-in-data-science-wids\/#breadcrumb"},"inLanguage":"en-US","potentialAction":[{"@type":"ReadAction","target":["https:\/\/ticsalutsocial.atoom.space\/en\/event\/women-in-data-science-wids\/"]}]},{"@type":"ImageObject","inLanguage":"en-US","@id":"https:\/\/ticsalutsocial.atoom.space\/en\/event\/women-in-data-science-wids\/#primaryimage","url":"https:\/\/ticsalutsocial.atoom.space\/wp-content\/uploads\/2022\/09\/WiDS.jpg","contentUrl":"https:\/\/ticsalutsocial.atoom.space\/wp-content\/uploads\/2022\/09\/WiDS.jpg","width":566,"height":430},{"@type":"BreadcrumbList","@id":"https:\/\/ticsalutsocial.atoom.space\/en\/event\/women-in-data-science-wids\/#breadcrumb","itemListElement":[{"@type":"ListItem","position":1,"name":"Inici","item":"https:\/\/ticsalutsocial.atoom.space\/en\/"},{"@type":"ListItem","position":2,"name":"Women in Data Science (WiDS)"}]},{"@type":"WebSite","@id":"https:\/\/ticsalutsocial.atoom.space\/en\/#website","url":"https:\/\/ticsalutsocial.atoom.space\/en\/","name":"Fundaci\u00f3 TIC Salut i Social","description":"","potentialAction":[{"@type":"SearchAction","target":{"@type":"EntryPoint","urlTemplate":"https:\/\/ticsalutsocial.atoom.space\/en\/?s={search_term_string}"},"query-input":{"@type":"PropertyValueSpecification","valueRequired":true,"valueName":"search_term_string"}}],"inLanguage":"en-US"}]}},"_links":{"self":[{"href":"https:\/\/ticsalutsocial.atoom.space\/en\/wp-json\/wp\/v2\/event\/14145","targetHints":{"allow":["GET"]}}],"collection":[{"href":"https:\/\/ticsalutsocial.atoom.space\/en\/wp-json\/wp\/v2\/event"}],"about":[{"href":"https:\/\/ticsalutsocial.atoom.space\/en\/wp-json\/wp\/v2\/types\/event"}],"wp:featuredmedia":[{"embeddable":true,"href":"https:\/\/ticsalutsocial.atoom.space\/en\/wp-json\/wp\/v2\/media\/14142"}],"wp:attachment":[{"href":"https:\/\/ticsalutsocial.atoom.space\/en\/wp-json\/wp\/v2\/media?parent=14145"}],"wp:term":[{"taxonomy":"tipus","embeddable":true,"href":"https:\/\/ticsalutsocial.atoom.space\/en\/wp-json\/wp\/v2\/tipus?post=14145"},{"taxonomy":"topic","embeddable":true,"href":"https:\/\/ticsalutsocial.atoom.space\/en\/wp-json\/wp\/v2\/topic?post=14145"}],"curies":[{"name":"wp","href":"https:\/\/api.w.org\/{rel}","templated":true}]}}