
{"id":14317,"date":"2022-10-04T13:20:52","date_gmt":"2022-10-04T11:20:52","guid":{"rendered":"https:\/\/ticsalutsocial.atoom.space\/event\/ii-congreso-internacional-de-bioetica\/"},"modified":"2022-10-04T13:26:26","modified_gmt":"2022-10-04T11:26:26","slug":"ii-congreso-internacional-de-bioetica","status":"publish","type":"event","link":"https:\/\/ticsalutsocial.atoom.space\/en\/event\/ii-congreso-internacional-de-bioetica\/","title":{"rendered":"II Congreso Internacional de Bio\u00e9tica"},"content":{"rendered":"\n<p>En el marco de la C\u00e1tedra de Bio\u00e9tica Fundaci\u00f3n Gr\u00edfols UVic-UCC, se organiza el II Congreso Internacional de Bio\u00e9tica los pr\u00f3ximos d\u00edas 17 y 18 de noviembre de 2022 en la ciudad de Vic (Barcelona), en l\u00ednea de continuidad con el primer congreso, celebrado en enero de 2019. <\/p>\n\n\n\n<p>El lema escogido en esta ocasi\u00f3n es &#8220;Horizontes de Bio\u00e9tica&#8221;, porque quieren reflexionar de forma compartida sobre algunos de los temas m\u00e1s actuales de la bio\u00e9tica que nos interrogan ya en el presente y nos sit\u00faan hacia el futuro. <\/p>\n\n\n\n<p>El congreso se organizar\u00e1 alrededor de cuatro ejes tem\u00e1ticos:<\/p>\n\n\n\n<p>&#8211; Impacto de las tecnolog\u00edas: salud y bienestar<\/p>\n\n\n\n<p>&#8211; \u00c9ticas aplicadas en una sociedad entre pandemias<\/p>\n\n\n\n<p>&#8211; Retos de la pedagog\u00eda de la bio\u00e9tica<\/p>\n\n\n\n<p>&#8211; Incomodidades con la muerte: transhumanismo vs eutanasia<\/p>\n\n\n\n<p>Combinar\u00e1 conferencias magistrales con mesas redondas, d\u00e1ndoles un formato \u00e1gil de debate abierto con expertos, en el que se pueda participar de forma activa.<\/p>\n\n\n\n<h2 class=\"wp-block-heading\">Programa<\/h2>\n\n\n\n<p><strong>Jueves, 17 de noviembre de 2022<br><\/strong>09:00 \u2013 9:30 Entrega de documentaci\u00f3n<br><\/p>\n\n\n\n<p>09:30 \u2013 10:00 Inauguraci\u00f3n del Congreso<\/p>\n\n\n\n<ul class=\"wp-block-list\"><li>N\u00faria Terribas, directora de la C\u00e1tedra de Bio\u00e9tica Fundaci\u00f3 Gr\u00edfols.<\/li><li>Victoria Camps, fil\u00f3sofa. Titular de la C\u00e1tedra de Bio\u00e9tica Fundaci\u00f3 Gr\u00edfols. Catedr\u00e1tica em\u00e9rita de Filosof\u00eda Moral de la Universitat Aut\u00f2noma de Barcelona. Presidenta de la Fundaci\u00f3 V\u00edctor Gr\u00edfols i Lucas.<\/li><li>Josep-Eladi Ba\u00f1os, rector de la Universitat de Vic &#8211; Universitat Central de Catalunya. <\/li><\/ul>\n\n\n\n<p>10:00 \u2013 10:45 Conferencia inaugural:<br>\u201cDesaf\u00edos de la bio\u00e9tica para el s.XXI\u201d, Joseph Fins, Univ. Med. Cornell (USA)<br><\/p>\n\n\n\n<p>10:45 \u2013 11:15 Descanso \u2013 caf\u00e9<br><\/p>\n\n\n\n<p>11:15 \u2013 13:15 Mesa redonda 1. Impacto de las tecnolog\u00edas: salud y bienestar<br>-Fernando Bandr\u00e9s (Univ. Complutense Madrid)<br>-Salvador Macip (Universidad Leicester (UK) Moderador: Jordi Pigem (Univ. de Barcelona)<\/p>\n\n\n\n<p>15:00 \u2013 17:00 Mesa redonda 2. \u00c9ticas aplicadas en una sociedad entre pandemias<br>-Bego\u00f1a Roman (Univ. de Barcelona)<br>-Jordi Mir (Univ. Pompeu Fabra)<br>-Joseph Fins (Univ. Med Cornell \u2013 USA)<br>-Andreu Segura (Sociedad Espa\u00f1ola de Salud P\u00fablica) Moderador: Milagros P\u00e9rez Oliva (periodista &#8211; El Pa\u00eds)<br><\/p>\n\n\n\n<p>17:00 \u2013 17:30 Descanso \u2013 caf\u00e9<br><\/p>\n\n\n\n<p>17:30 \u2013 18:30 Comunicaciones<br><\/p>\n\n\n\n<p>18:30 \u2013 19:30 Presentaci\u00f3n documental \u201cKayros, una historia de la bio\u00e9tica\u201d<br>Benjam\u00edn Herreros (Instituto de \u00c9tica Cl\u00ednica Francisco Vall\u00e9s)<\/p>\n\n\n\n<p><strong>Viernes, 18 de noviembre de 2022<br><\/strong>09:00 \u2013 10:30 Comunicaciones<br><\/p>\n\n\n\n<p>10:30 \u2013 11:00 Descanso \u2013 caf\u00e9<br><\/p>\n\n\n\n<p>11:00 \u2013 13:00 Mesa redonda 3. Retos de la pedagog\u00eda de la bio\u00e9tica<br>-Lydia Feito (Univ. Complutense Madrid)<br>-Javier J\u00fadez (Asociaci\u00f3n de Bio\u00e9tica Fundamental y Cl\u00ednica)<br>-Bernardita Portales (Centro de Bio\u00e9tica-Universidad del Desarrollo (Chile)<br>-Mar\u00eda Mu\u00f1oz (Asociaci\u00f3n de Bio\u00e9tica Fundamental y Cl\u00ednica) Moderador: Juan Pablo Beca (Univ. Desarrollo &#8211; Chile)<\/p>\n\n\n\n<p>15:00 \u2013 17:00 Mesa redonda 4. Incomodidad con la muerte: transhumanismo vs. Eutanasia<br>-Jes\u00fas Zamora (UNED)<br>-Bernab\u00e9 Robles (Universitat de Vic-UCC)<br>-N\u00faria Terribas (C\u00e1tedra Bio\u00e9tica Uvic-UCC) Moderador: Tom\u00e1s Domingo (Fil\u00f3sofo \u2013 UNED)<br><\/p>\n\n\n\n<p>17:00 \u2013 17:45 Conferencia de clausura<br>\u201cTransformaciones sociales, pol\u00edticas y sanitarias propiciadas por la pandemia\u201d<br>Daniel Innerarity \u2013 UPV<\/p>\n","protected":false},"featured_media":14314,"menu_order":0,"template":"","meta":{"_acf_changed":false,"inline_featured_image":false},"tipus":[],"topic":[14,17,116,120],"class_list":["post-14317","event","type-event","status-publish","has-post-thumbnail","hentry","topic-jornades","topic-dpd","topic-events","topic-dpo"],"acf":{"imatge":14314,"informacio":{"ubicacio":"Aula Magna - Universitat de Vic \u2013 Universitat Central de Catalunya (Vic)","data":"17\/11\/2022","hora":"9:00-18:00","preu":"","inscripcions":"https:\/\/www.foresosona.org\/formacio\/inscripcio\/123"},"programa":{"titol":"","items":false},"documents":false},"yoast_head":"<!-- This site is optimized with the Yoast SEO plugin v27.1.1 - https:\/\/yoast.com\/product\/yoast-seo-wordpress\/ -->\n<title>II Congreso Internacional de Bio\u00e9tica - Fundaci\u00f3 TIC Salut i Social<\/title>\n<meta name=\"robots\" content=\"index, follow, max-snippet:-1, max-image-preview:large, max-video-preview:-1\" \/>\n<link rel=\"canonical\" href=\"https:\/\/ticsalutsocial.atoom.space\/en\/event\/ii-congreso-internacional-de-bioetica\/\" \/>\n<meta property=\"og:locale\" content=\"en_US\" \/>\n<meta property=\"og:type\" content=\"article\" \/>\n<meta property=\"og:title\" content=\"II Congreso Internacional de Bio\u00e9tica - Fundaci\u00f3 TIC Salut i Social\" \/>\n<meta property=\"og:description\" content=\"En el marco de la C\u00e1tedra de Bio\u00e9tica Fundaci\u00f3n Gr\u00edfols UVic-UCC, se organiza el II Congreso Internacional de Bio\u00e9tica los pr\u00f3ximos d\u00edas 17 y 18 de noviembre de 2022 en la ciudad de Vic (Barcelona), en l\u00ednea de continuidad con el primer congreso, celebrado en enero de 2019. El lema escogido en esta ocasi\u00f3n es [&hellip;]\" \/>\n<meta property=\"og:url\" content=\"https:\/\/ticsalutsocial.atoom.space\/en\/event\/ii-congreso-internacional-de-bioetica\/\" \/>\n<meta property=\"og:site_name\" content=\"Fundaci\u00f3 TIC Salut i Social\" \/>\n<meta property=\"article:modified_time\" content=\"2022-10-04T11:26:26+00:00\" \/>\n<meta property=\"og:image\" content=\"https:\/\/ticsalutsocial.atoom.space\/wp-content\/uploads\/2022\/10\/bioetica.png\" \/>\n\t<meta property=\"og:image:width\" content=\"1024\" \/>\n\t<meta property=\"og:image:height\" content=\"227\" \/>\n\t<meta property=\"og:image:type\" content=\"image\/png\" \/>\n<meta name=\"twitter:card\" content=\"summary_large_image\" \/>\n<meta name=\"twitter:label1\" content=\"Est. reading time\" \/>\n\t<meta name=\"twitter:data1\" content=\"2 minutes\" \/>\n<script type=\"application\/ld+json\" class=\"yoast-schema-graph\">{\"@context\":\"https:\/\/schema.org\",\"@graph\":[{\"@type\":\"WebPage\",\"@id\":\"https:\/\/ticsalutsocial.atoom.space\/en\/event\/ii-congreso-internacional-de-bioetica\/\",\"url\":\"https:\/\/ticsalutsocial.atoom.space\/en\/event\/ii-congreso-internacional-de-bioetica\/\",\"name\":\"II Congreso Internacional de Bio\u00e9tica - Fundaci\u00f3 TIC Salut i Social\",\"isPartOf\":{\"@id\":\"https:\/\/ticsalutsocial.atoom.space\/en\/#website\"},\"primaryImageOfPage\":{\"@id\":\"https:\/\/ticsalutsocial.atoom.space\/en\/event\/ii-congreso-internacional-de-bioetica\/#primaryimage\"},\"image\":{\"@id\":\"https:\/\/ticsalutsocial.atoom.space\/en\/event\/ii-congreso-internacional-de-bioetica\/#primaryimage\"},\"thumbnailUrl\":\"https:\/\/ticsalutsocial.atoom.space\/wp-content\/uploads\/2022\/10\/bioetica.png\",\"datePublished\":\"2022-10-04T11:20:52+00:00\",\"dateModified\":\"2022-10-04T11:26:26+00:00\",\"breadcrumb\":{\"@id\":\"https:\/\/ticsalutsocial.atoom.space\/en\/event\/ii-congreso-internacional-de-bioetica\/#breadcrumb\"},\"inLanguage\":\"en-US\",\"potentialAction\":[{\"@type\":\"ReadAction\",\"target\":[\"https:\/\/ticsalutsocial.atoom.space\/en\/event\/ii-congreso-internacional-de-bioetica\/\"]}]},{\"@type\":\"ImageObject\",\"inLanguage\":\"en-US\",\"@id\":\"https:\/\/ticsalutsocial.atoom.space\/en\/event\/ii-congreso-internacional-de-bioetica\/#primaryimage\",\"url\":\"https:\/\/ticsalutsocial.atoom.space\/wp-content\/uploads\/2022\/10\/bioetica.png\",\"contentUrl\":\"https:\/\/ticsalutsocial.atoom.space\/wp-content\/uploads\/2022\/10\/bioetica.png\",\"width\":1024,\"height\":227},{\"@type\":\"BreadcrumbList\",\"@id\":\"https:\/\/ticsalutsocial.atoom.space\/en\/event\/ii-congreso-internacional-de-bioetica\/#breadcrumb\",\"itemListElement\":[{\"@type\":\"ListItem\",\"position\":1,\"name\":\"Inici\",\"item\":\"https:\/\/ticsalutsocial.atoom.space\/en\/\"},{\"@type\":\"ListItem\",\"position\":2,\"name\":\"II Congreso Internacional de Bio\u00e9tica\"}]},{\"@type\":\"WebSite\",\"@id\":\"https:\/\/ticsalutsocial.atoom.space\/en\/#website\",\"url\":\"https:\/\/ticsalutsocial.atoom.space\/en\/\",\"name\":\"Fundaci\u00f3 TIC Salut i Social\",\"description\":\"\",\"potentialAction\":[{\"@type\":\"SearchAction\",\"target\":{\"@type\":\"EntryPoint\",\"urlTemplate\":\"https:\/\/ticsalutsocial.atoom.space\/en\/?s={search_term_string}\"},\"query-input\":{\"@type\":\"PropertyValueSpecification\",\"valueRequired\":true,\"valueName\":\"search_term_string\"}}],\"inLanguage\":\"en-US\"}]}<\/script>\n<!-- \/ Yoast SEO plugin. -->","yoast_head_json":{"title":"II Congreso Internacional de Bio\u00e9tica - Fundaci\u00f3 TIC Salut i Social","robots":{"index":"index","follow":"follow","max-snippet":"max-snippet:-1","max-image-preview":"max-image-preview:large","max-video-preview":"max-video-preview:-1"},"canonical":"https:\/\/ticsalutsocial.atoom.space\/en\/event\/ii-congreso-internacional-de-bioetica\/","og_locale":"en_US","og_type":"article","og_title":"II Congreso Internacional de Bio\u00e9tica - Fundaci\u00f3 TIC Salut i Social","og_description":"En el marco de la C\u00e1tedra de Bio\u00e9tica Fundaci\u00f3n Gr\u00edfols UVic-UCC, se organiza el II Congreso Internacional de Bio\u00e9tica los pr\u00f3ximos d\u00edas 17 y 18 de noviembre de 2022 en la ciudad de Vic (Barcelona), en l\u00ednea de continuidad con el primer congreso, celebrado en enero de 2019. El lema escogido en esta ocasi\u00f3n es [&hellip;]","og_url":"https:\/\/ticsalutsocial.atoom.space\/en\/event\/ii-congreso-internacional-de-bioetica\/","og_site_name":"Fundaci\u00f3 TIC Salut i Social","article_modified_time":"2022-10-04T11:26:26+00:00","og_image":[{"width":1024,"height":227,"url":"https:\/\/ticsalutsocial.atoom.space\/wp-content\/uploads\/2022\/10\/bioetica.png","type":"image\/png"}],"twitter_card":"summary_large_image","twitter_misc":{"Est. reading time":"2 minutes"},"schema":{"@context":"https:\/\/schema.org","@graph":[{"@type":"WebPage","@id":"https:\/\/ticsalutsocial.atoom.space\/en\/event\/ii-congreso-internacional-de-bioetica\/","url":"https:\/\/ticsalutsocial.atoom.space\/en\/event\/ii-congreso-internacional-de-bioetica\/","name":"II Congreso Internacional de Bio\u00e9tica - Fundaci\u00f3 TIC Salut i Social","isPartOf":{"@id":"https:\/\/ticsalutsocial.atoom.space\/en\/#website"},"primaryImageOfPage":{"@id":"https:\/\/ticsalutsocial.atoom.space\/en\/event\/ii-congreso-internacional-de-bioetica\/#primaryimage"},"image":{"@id":"https:\/\/ticsalutsocial.atoom.space\/en\/event\/ii-congreso-internacional-de-bioetica\/#primaryimage"},"thumbnailUrl":"https:\/\/ticsalutsocial.atoom.space\/wp-content\/uploads\/2022\/10\/bioetica.png","datePublished":"2022-10-04T11:20:52+00:00","dateModified":"2022-10-04T11:26:26+00:00","breadcrumb":{"@id":"https:\/\/ticsalutsocial.atoom.space\/en\/event\/ii-congreso-internacional-de-bioetica\/#breadcrumb"},"inLanguage":"en-US","potentialAction":[{"@type":"ReadAction","target":["https:\/\/ticsalutsocial.atoom.space\/en\/event\/ii-congreso-internacional-de-bioetica\/"]}]},{"@type":"ImageObject","inLanguage":"en-US","@id":"https:\/\/ticsalutsocial.atoom.space\/en\/event\/ii-congreso-internacional-de-bioetica\/#primaryimage","url":"https:\/\/ticsalutsocial.atoom.space\/wp-content\/uploads\/2022\/10\/bioetica.png","contentUrl":"https:\/\/ticsalutsocial.atoom.space\/wp-content\/uploads\/2022\/10\/bioetica.png","width":1024,"height":227},{"@type":"BreadcrumbList","@id":"https:\/\/ticsalutsocial.atoom.space\/en\/event\/ii-congreso-internacional-de-bioetica\/#breadcrumb","itemListElement":[{"@type":"ListItem","position":1,"name":"Inici","item":"https:\/\/ticsalutsocial.atoom.space\/en\/"},{"@type":"ListItem","position":2,"name":"II Congreso Internacional de Bio\u00e9tica"}]},{"@type":"WebSite","@id":"https:\/\/ticsalutsocial.atoom.space\/en\/#website","url":"https:\/\/ticsalutsocial.atoom.space\/en\/","name":"Fundaci\u00f3 TIC Salut i Social","description":"","potentialAction":[{"@type":"SearchAction","target":{"@type":"EntryPoint","urlTemplate":"https:\/\/ticsalutsocial.atoom.space\/en\/?s={search_term_string}"},"query-input":{"@type":"PropertyValueSpecification","valueRequired":true,"valueName":"search_term_string"}}],"inLanguage":"en-US"}]}},"_links":{"self":[{"href":"https:\/\/ticsalutsocial.atoom.space\/en\/wp-json\/wp\/v2\/event\/14317","targetHints":{"allow":["GET"]}}],"collection":[{"href":"https:\/\/ticsalutsocial.atoom.space\/en\/wp-json\/wp\/v2\/event"}],"about":[{"href":"https:\/\/ticsalutsocial.atoom.space\/en\/wp-json\/wp\/v2\/types\/event"}],"wp:featuredmedia":[{"embeddable":true,"href":"https:\/\/ticsalutsocial.atoom.space\/en\/wp-json\/wp\/v2\/media\/14314"}],"wp:attachment":[{"href":"https:\/\/ticsalutsocial.atoom.space\/en\/wp-json\/wp\/v2\/media?parent=14317"}],"wp:term":[{"taxonomy":"tipus","embeddable":true,"href":"https:\/\/ticsalutsocial.atoom.space\/en\/wp-json\/wp\/v2\/tipus?post=14317"},{"taxonomy":"topic","embeddable":true,"href":"https:\/\/ticsalutsocial.atoom.space\/en\/wp-json\/wp\/v2\/topic?post=14317"}],"curies":[{"name":"wp","href":"https:\/\/api.w.org\/{rel}","templated":true}]}}