
{"id":21038,"date":"2023-05-09T11:51:50","date_gmt":"2023-05-09T09:51:50","guid":{"rendered":"https:\/\/ticsalutsocial.atoom.space\/?post_type=event&#038;p=21038"},"modified":"2023-05-10T11:47:42","modified_gmt":"2023-05-10T09:47:42","slug":"dia-internacional-de-les-infermeres","status":"publish","type":"event","link":"https:\/\/ticsalutsocial.atoom.space\/en\/event\/dia-internacional-de-les-infermeres\/","title":{"rendered":"Dia Internacional de les Infermeres"},"content":{"rendered":"\n<p>L&#8217;11 de maig s&#8217;organitza un acte institucional de celebraci\u00f3 del Dia Internacional de les Infermeres, durant el qual es reconeixeran societats cient\u00edfiques i persones que han contribu\u00eft al desenvolupament i la visibilitat de la professi\u00f3 durant el 2022.<\/p>\n\n\n\n<p>Es reconeixen les seg\u00fcents persones i societats cient\u00edfiques infermeres per les seves contribucions en la millora de la professi\u00f3 infermera durant l\u2019any 2022:<\/p>\n\n\n\n<ul class=\"wp-block-list\">\n<li>Associaci\u00f3 Catalana d\u2019Infermeria d\u2019Anest\u00e8sia, Reanimaci\u00f3 i Terap\u00e8utica del Dolor (ACIAR-TD)<\/li>\n\n\n\n<li>Associaci\u00f3 Catalana d&#8217;Infermeria Nefrol\u00f2gica (ACIN)<\/li>\n\n\n\n<li>Associaci\u00f3 Catalana d\u2019Infermeria de Salut Mental (ASCISAM)<\/li>\n\n\n\n<li>Associaci\u00f3 Catalana de Llevadores<\/li>\n\n\n\n<li>Associaci\u00f3 d&#8217;Infermeria Familiar i Comunit\u00e0ria de Catalunya (AIFiCC)<\/li>\n\n\n\n<li>Associaci\u00f3 Febe d\u2019Hist\u00f2ria d\u2019Infermeria de llengua catalana<\/li>\n\n\n\n<li>Societat Catalano-Balear d\u2019Infermeria (SCBI)<\/li>\n\n\n\n<li>Sor Luc\u00eda Caram<\/li>\n<\/ul>\n\n\n\n<hr class=\"wp-block-separator has-alpha-channel-opacity\"\/>\n\n\n\n<h2 class=\"wp-block-heading has-text-align-left\"><strong>Programa<\/strong><\/h2>\n\n\n\n<ul class=\"wp-block-list\">\n<li>19.30 h &#8211; Obertura de portes<\/li>\n<\/ul>\n\n\n\n<ul class=\"wp-block-list\">\n<li>20 h &#8211; Benvinguda<\/li>\n<\/ul>\n\n\n\n<ul class=\"wp-block-list\">\n<li>20.12 h &#8211; Parlament de la presidenta del COIB, Paola Galbany<\/li>\n<\/ul>\n\n\n\n<ul class=\"wp-block-list\">\n<li>20.15 h &#8211; Lliurament de premis<\/li>\n<\/ul>\n\n\n\n<ul class=\"wp-block-list\">\n<li>20.57 h &#8211; Comiat<\/li>\n<\/ul>\n\n\n\n<ul class=\"wp-block-list\">\n<li>21 h &#8211; M\u00fasica<\/li>\n<\/ul>\n\n\n\n<ul class=\"wp-block-list\">\n<li>22 h &#8211; Final de l&#8217;acte<\/li>\n<\/ul>\n\n\n\n<p><\/p>\n\n\n\n<p>L&#8217;acte estar\u00e0 conduit per una de les protagonistes de la campanya d&#8217;enguany, la periodista Elisenda Carod.\u00a0<\/p>\n\n\n\n<p>L&#8217;esdeveniment finalitzar\u00e0 amb m\u00fasica a c\u00e0rrec del DJ Jordi Carreras i un refrigeri.<\/p>\n","protected":false},"featured_media":0,"menu_order":0,"template":"","meta":{"_acf_changed":false,"inline_featured_image":false},"tipus":[],"topic":[],"class_list":["post-21038","event","type-event","status-publish","hentry"],"acf":{"informacio":{"ubicacio":"C\/ Pujades, 350, 3\u00aa planta. Barcelona","data":"11\/05\/2023","hora":"19:30h","preu":"","inscripcions":"https:\/\/www.coib.cat\/ca-es\/col-legiades\/formacio\/formacio-del-col-legi\/jornades-congressos\/dia-internacional-de-les-infermeres.html#hiddenAnchor"},"programa":{"titol":"","items":false}},"yoast_head":"<!-- This site is optimized with the Yoast SEO plugin v27.1.1 - https:\/\/yoast.com\/product\/yoast-seo-wordpress\/ -->\n<title>Dia Internacional de les Infermeres - Fundaci\u00f3 TIC Salut i Social<\/title>\n<meta name=\"robots\" content=\"index, follow, max-snippet:-1, max-image-preview:large, max-video-preview:-1\" \/>\n<link rel=\"canonical\" href=\"https:\/\/ticsalutsocial.atoom.space\/en\/event\/dia-internacional-de-les-infermeres\/\" \/>\n<meta property=\"og:locale\" content=\"en_US\" \/>\n<meta property=\"og:type\" content=\"article\" \/>\n<meta property=\"og:title\" content=\"Dia Internacional de les Infermeres - Fundaci\u00f3 TIC Salut i Social\" \/>\n<meta property=\"og:description\" content=\"L&#8217;11 de maig s&#8217;organitza un acte institucional de celebraci\u00f3 del Dia Internacional de les Infermeres, durant el qual es reconeixeran societats cient\u00edfiques i persones que han contribu\u00eft al desenvolupament i la visibilitat de la professi\u00f3 durant el 2022. Es reconeixen les seg\u00fcents persones i societats cient\u00edfiques infermeres per les seves contribucions en la millora de [&hellip;]\" \/>\n<meta property=\"og:url\" content=\"https:\/\/ticsalutsocial.atoom.space\/en\/event\/dia-internacional-de-les-infermeres\/\" \/>\n<meta property=\"og:site_name\" content=\"Fundaci\u00f3 TIC Salut i Social\" \/>\n<meta property=\"article:modified_time\" content=\"2023-05-10T09:47:42+00:00\" \/>\n<meta name=\"twitter:card\" content=\"summary_large_image\" \/>\n<meta name=\"twitter:label1\" content=\"Est. reading time\" \/>\n\t<meta name=\"twitter:data1\" content=\"1 minute\" \/>\n<script type=\"application\/ld+json\" class=\"yoast-schema-graph\">{\"@context\":\"https:\/\/schema.org\",\"@graph\":[{\"@type\":\"WebPage\",\"@id\":\"https:\/\/ticsalutsocial.atoom.space\/en\/event\/dia-internacional-de-les-infermeres\/\",\"url\":\"https:\/\/ticsalutsocial.atoom.space\/en\/event\/dia-internacional-de-les-infermeres\/\",\"name\":\"Dia Internacional de les Infermeres - Fundaci\u00f3 TIC Salut i Social\",\"isPartOf\":{\"@id\":\"https:\/\/ticsalutsocial.atoom.space\/en\/#website\"},\"datePublished\":\"2023-05-09T09:51:50+00:00\",\"dateModified\":\"2023-05-10T09:47:42+00:00\",\"breadcrumb\":{\"@id\":\"https:\/\/ticsalutsocial.atoom.space\/en\/event\/dia-internacional-de-les-infermeres\/#breadcrumb\"},\"inLanguage\":\"en-US\",\"potentialAction\":[{\"@type\":\"ReadAction\",\"target\":[\"https:\/\/ticsalutsocial.atoom.space\/en\/event\/dia-internacional-de-les-infermeres\/\"]}]},{\"@type\":\"BreadcrumbList\",\"@id\":\"https:\/\/ticsalutsocial.atoom.space\/en\/event\/dia-internacional-de-les-infermeres\/#breadcrumb\",\"itemListElement\":[{\"@type\":\"ListItem\",\"position\":1,\"name\":\"Inici\",\"item\":\"https:\/\/ticsalutsocial.atoom.space\/en\/\"},{\"@type\":\"ListItem\",\"position\":2,\"name\":\"Dia Internacional de les Infermeres\"}]},{\"@type\":\"WebSite\",\"@id\":\"https:\/\/ticsalutsocial.atoom.space\/en\/#website\",\"url\":\"https:\/\/ticsalutsocial.atoom.space\/en\/\",\"name\":\"Fundaci\u00f3 TIC Salut i Social\",\"description\":\"\",\"potentialAction\":[{\"@type\":\"SearchAction\",\"target\":{\"@type\":\"EntryPoint\",\"urlTemplate\":\"https:\/\/ticsalutsocial.atoom.space\/en\/?s={search_term_string}\"},\"query-input\":{\"@type\":\"PropertyValueSpecification\",\"valueRequired\":true,\"valueName\":\"search_term_string\"}}],\"inLanguage\":\"en-US\"}]}<\/script>\n<!-- \/ Yoast SEO plugin. -->","yoast_head_json":{"title":"Dia Internacional de les Infermeres - Fundaci\u00f3 TIC Salut i Social","robots":{"index":"index","follow":"follow","max-snippet":"max-snippet:-1","max-image-preview":"max-image-preview:large","max-video-preview":"max-video-preview:-1"},"canonical":"https:\/\/ticsalutsocial.atoom.space\/en\/event\/dia-internacional-de-les-infermeres\/","og_locale":"en_US","og_type":"article","og_title":"Dia Internacional de les Infermeres - Fundaci\u00f3 TIC Salut i Social","og_description":"L&#8217;11 de maig s&#8217;organitza un acte institucional de celebraci\u00f3 del Dia Internacional de les Infermeres, durant el qual es reconeixeran societats cient\u00edfiques i persones que han contribu\u00eft al desenvolupament i la visibilitat de la professi\u00f3 durant el 2022. Es reconeixen les seg\u00fcents persones i societats cient\u00edfiques infermeres per les seves contribucions en la millora de [&hellip;]","og_url":"https:\/\/ticsalutsocial.atoom.space\/en\/event\/dia-internacional-de-les-infermeres\/","og_site_name":"Fundaci\u00f3 TIC Salut i Social","article_modified_time":"2023-05-10T09:47:42+00:00","twitter_card":"summary_large_image","twitter_misc":{"Est. reading time":"1 minute"},"schema":{"@context":"https:\/\/schema.org","@graph":[{"@type":"WebPage","@id":"https:\/\/ticsalutsocial.atoom.space\/en\/event\/dia-internacional-de-les-infermeres\/","url":"https:\/\/ticsalutsocial.atoom.space\/en\/event\/dia-internacional-de-les-infermeres\/","name":"Dia Internacional de les Infermeres - Fundaci\u00f3 TIC Salut i Social","isPartOf":{"@id":"https:\/\/ticsalutsocial.atoom.space\/en\/#website"},"datePublished":"2023-05-09T09:51:50+00:00","dateModified":"2023-05-10T09:47:42+00:00","breadcrumb":{"@id":"https:\/\/ticsalutsocial.atoom.space\/en\/event\/dia-internacional-de-les-infermeres\/#breadcrumb"},"inLanguage":"en-US","potentialAction":[{"@type":"ReadAction","target":["https:\/\/ticsalutsocial.atoom.space\/en\/event\/dia-internacional-de-les-infermeres\/"]}]},{"@type":"BreadcrumbList","@id":"https:\/\/ticsalutsocial.atoom.space\/en\/event\/dia-internacional-de-les-infermeres\/#breadcrumb","itemListElement":[{"@type":"ListItem","position":1,"name":"Inici","item":"https:\/\/ticsalutsocial.atoom.space\/en\/"},{"@type":"ListItem","position":2,"name":"Dia Internacional de les Infermeres"}]},{"@type":"WebSite","@id":"https:\/\/ticsalutsocial.atoom.space\/en\/#website","url":"https:\/\/ticsalutsocial.atoom.space\/en\/","name":"Fundaci\u00f3 TIC Salut i Social","description":"","potentialAction":[{"@type":"SearchAction","target":{"@type":"EntryPoint","urlTemplate":"https:\/\/ticsalutsocial.atoom.space\/en\/?s={search_term_string}"},"query-input":{"@type":"PropertyValueSpecification","valueRequired":true,"valueName":"search_term_string"}}],"inLanguage":"en-US"}]}},"_links":{"self":[{"href":"https:\/\/ticsalutsocial.atoom.space\/en\/wp-json\/wp\/v2\/event\/21038","targetHints":{"allow":["GET"]}}],"collection":[{"href":"https:\/\/ticsalutsocial.atoom.space\/en\/wp-json\/wp\/v2\/event"}],"about":[{"href":"https:\/\/ticsalutsocial.atoom.space\/en\/wp-json\/wp\/v2\/types\/event"}],"wp:attachment":[{"href":"https:\/\/ticsalutsocial.atoom.space\/en\/wp-json\/wp\/v2\/media?parent=21038"}],"wp:term":[{"taxonomy":"tipus","embeddable":true,"href":"https:\/\/ticsalutsocial.atoom.space\/en\/wp-json\/wp\/v2\/tipus?post=21038"},{"taxonomy":"topic","embeddable":true,"href":"https:\/\/ticsalutsocial.atoom.space\/en\/wp-json\/wp\/v2\/topic?post=21038"}],"curies":[{"name":"wp","href":"https:\/\/api.w.org\/{rel}","templated":true}]}}