
{"id":21095,"date":"2023-05-17T11:12:07","date_gmt":"2023-05-17T09:12:07","guid":{"rendered":"https:\/\/ticsalutsocial.atoom.space\/?post_type=event&#038;p=21095"},"modified":"2023-05-17T11:12:07","modified_gmt":"2023-05-17T09:12:07","slug":"xxix-trobada-del-sector-de-la-tecnologia-sanitaria","status":"publish","type":"event","link":"https:\/\/ticsalutsocial.atoom.space\/en\/event\/xxix-trobada-del-sector-de-la-tecnologia-sanitaria\/","title":{"rendered":"XXIX Trobada del Sector de la Tecnologia Sanit\u00e0ria"},"content":{"rendered":"\r\n<p>El proper 7 de juny de 2023 se celebra la XXIX Edici\u00f3 de la tradicional Trobada del Sector de la Tecnologia Sanit\u00e0ria que organitza Fenin anualment en col\u00b7laboraci\u00f3 amb l&#8217;escola de negocis ESADE. Tindr\u00e0 lloc a l&#8217;Auditori Rafael del Pino de Madrid.<\/p>\r\n\r\n\r\n\r\n<p>El t\u00edtol d&#8217;aquest any \u00e9s \u201cASPECTES CLAUS DE LA TECNOLOGIA SANIT\u00c0RIA I LA SEVA CONTRACTACI\u00d3\u201d. Tenen previst comptar amb la participaci\u00f3 de ponents de la m\u00e0xima qualitat.<\/p>\r\n<p>\r\n\r\n<\/p>\r\n<hr class=\"wp-block-separator has-alpha-channel-opacity\" \/>\r\n<p>\r\n\r\n<\/p>\r\n<p>Podeu consultar l&#8217;agenda completa:<\/p>\r\n<p>\r\n\r\n<\/p>\r\n<p><strong>10.00h Registre<\/strong><\/p>\r\n<p>\r\n\r\n<\/p>\r\n<p>&nbsp;<\/p>\r\n<p>\r\n\r\n<\/p>\r\n<p><strong>10.30h BENVINGUDA<br \/><\/strong><\/p>\r\n<ul>\r\n<li>Jos\u00e9 Manuel Mi\u00f1ones, Ministre de Sanitat<\/li>\r\n<li>Mario Lara, director d&#8217;Esade Madrid<\/li>\r\n<li>Jorge Huertas, president de Fenin<\/li>\r\n<\/ul>\r\n<p>\r\n\r\n<\/p>\r\n<p>&nbsp;<\/p>\r\n<p><strong>11.00h PON\u00c8NCIA INAUGURAL &#8211; Innovaci\u00f3 en tecnologia sanit\u00e0ria<\/strong><\/p>\r\n<ul>\r\n<li>Ignacio Hern\u00e1ndez Medrano, fundador i director m\u00e8dic de Savana<\/li>\r\n<\/ul>\r\n<p>\r\n\r\n<\/p>\r\n<p>&nbsp;<\/p>\r\n<p><strong>11.45h Pausa \/ Caf\u00e8<\/strong><\/p>\r\n<p>\r\n\r\n<\/p>\r\n<p>&nbsp;<\/p>\r\n<p>\r\n\r\n<\/p>\r\n<p><strong>12.15h CONFER\u00c8NCIA- Entorn econ\u00f2mic i condicionants per al sector sanitari<\/strong><\/p>\r\n<ul>\r\n<li>Pedro Aznar, professor titular, Departament d&#8217;Economia d&#8217;Esade. Director del programa Global Governance<\/li>\r\n<\/ul>\r\n<p>&nbsp;<\/p>\r\n<p>&nbsp;<\/p>\r\n<p><strong style=\"font-size: revert; color: initial;\">13.00h TAULA RODONA &#8211; Compra eficient de la tecnologia sanit\u00e0ria<\/strong><\/p>\r\n<ul>\r\n<li><strong>Moderador:<\/strong> Pablo Crespo, director d&#8217;operacions de Fenin<\/li>\r\n<li>Modoaldo Garrido, gerent de l&#8217;Hospital d&#8217;Alcorc\u00f3n<\/li>\r\n<li>M\u00aa del Carmen Rodriguez, directora gerent de l&#8217;\u00c0rea de Gesti\u00f3 Sanit\u00e0ria del Camp de Gibraltar Este<\/li>\r\n<li>Mar\u00eda Inmaculata Ramos, directora Districte Sanitari Monforte de Lemos-Area Sanit\u00e0ria Lugo,<br \/>A Mari\u00f1a i Monforte de Lemos, Sergas.<\/li>\r\n<\/ul>\r\n<p>\r\n\r\n<\/p>\r\n<p>&nbsp;<\/p>\r\n<p><strong>14.15h Dinar<\/strong><\/p>\r\n<p>\r\n\r\n<\/p>\r\n<p>&nbsp;<\/p>\r\n<p>\r\n\r\n<\/p>\r\n<p><strong>15.30h LLIURAMENT DELS PREMIS VOLUNTATS<\/strong><\/p>\r\n<p>&nbsp;<\/p>\r\n<p><strong>16.00h TAULA RODONA &#8211; Tend\u00e8ncies, sostenibilitat i projectes de compra de tecnologia sanit\u00e0ria.<\/strong><\/p>\r\n<ul>\r\n<li><strong>Moderador:<\/strong> Manel Peir\u00f3, director de l&#8217;Institute for Healthcare Management d&#8217;Esade<\/li>\r\n<li>Neus Colet, directora, Direcci\u00f3 General de Contractaci\u00f3 P\u00fablica, Departament d\u2019Economia i Hacienda, Generalitat de Catalunya<\/li>\r\n<li>Francisco Solano Cobos, responsable de prospectiva, Subdirecci\u00f3 de Serveis T\u00e8cnics i Planificaci\u00f3,<br \/>Ag\u00e8ncia de medi ambient i aigua d&#8217;Andalusia<\/li>\r\n<li>Xavier Vi\u00f1olas, director del Servei de Cardiologia de l&#8217;Hospital de la Santa Creu i Sant Pau<\/li>\r\n<\/ul>\r\n<p>&nbsp;<\/p>\r\n<p><strong>17.00h CLOENDA<\/strong><\/p>\r\n<ul>\r\n<li>Margarita Alfonsel, secret\u00e0ria general de Fenin<\/li>\r\n<\/ul>\r\n<p>&nbsp;<\/p>\r\n<p><\/p>","protected":false},"featured_media":21096,"menu_order":0,"template":"","meta":{"_acf_changed":false,"inline_featured_image":false},"tipus":[],"topic":[],"class_list":["post-21095","event","type-event","status-publish","has-post-thumbnail","hentry"],"acf":{"informacio":{"ubicacio":"Auditori Rafael del Pino de Madrid","data":"07\/06\/2023","hora":"","preu":"","inscripcions":"https:\/\/docs.google.com\/forms\/d\/e\/1FAIpQLSfaqJn6_2e64g71pmtPVPziKsF70Czn9VgUQ7Rdvq9gTDw2xQ\/viewform"},"programa":{"titol":"","items":false},"documents":false},"yoast_head":"<!-- This site is optimized with the Yoast SEO plugin v27.1.1 - https:\/\/yoast.com\/product\/yoast-seo-wordpress\/ -->\n<title>XXIX Trobada del Sector de la Tecnologia Sanit\u00e0ria - Fundaci\u00f3 TIC Salut i Social<\/title>\n<meta name=\"robots\" content=\"index, follow, max-snippet:-1, max-image-preview:large, max-video-preview:-1\" \/>\n<link rel=\"canonical\" href=\"https:\/\/ticsalutsocial.atoom.space\/en\/event\/xxix-trobada-del-sector-de-la-tecnologia-sanitaria\/\" \/>\n<meta property=\"og:locale\" content=\"en_US\" \/>\n<meta property=\"og:type\" content=\"article\" \/>\n<meta property=\"og:title\" content=\"XXIX Trobada del Sector de la Tecnologia Sanit\u00e0ria - Fundaci\u00f3 TIC Salut i Social\" \/>\n<meta property=\"og:description\" content=\"El proper 7 de juny de 2023 se celebra la XXIX Edici\u00f3 de la tradicional Trobada del Sector de la Tecnologia Sanit\u00e0ria que organitza Fenin anualment en col\u00b7laboraci\u00f3 amb l&#8217;escola de negocis ESADE. Tindr\u00e0 lloc a l&#8217;Auditori Rafael del Pino de Madrid. El t\u00edtol d&#8217;aquest any \u00e9s \u201cASPECTES CLAUS DE LA TECNOLOGIA SANIT\u00c0RIA I LA [&hellip;]\" \/>\n<meta property=\"og:url\" content=\"https:\/\/ticsalutsocial.atoom.space\/en\/event\/xxix-trobada-del-sector-de-la-tecnologia-sanitaria\/\" \/>\n<meta property=\"og:site_name\" content=\"Fundaci\u00f3 TIC Salut i Social\" \/>\n<meta property=\"og:image\" content=\"https:\/\/ticsalutsocial.atoom.space\/wp-content\/uploads\/2023\/05\/detail_230317_Esade-Fenin_2023_Twitter_v3.jpg\" \/>\n\t<meta property=\"og:image:width\" content=\"1012\" \/>\n\t<meta property=\"og:image:height\" content=\"506\" \/>\n\t<meta property=\"og:image:type\" content=\"image\/jpeg\" \/>\n<meta name=\"twitter:card\" content=\"summary_large_image\" \/>\n<meta name=\"twitter:label1\" content=\"Est. reading time\" \/>\n\t<meta name=\"twitter:data1\" content=\"2 minutes\" \/>\n<script type=\"application\/ld+json\" class=\"yoast-schema-graph\">{\"@context\":\"https:\/\/schema.org\",\"@graph\":[{\"@type\":\"WebPage\",\"@id\":\"https:\/\/ticsalutsocial.atoom.space\/en\/event\/xxix-trobada-del-sector-de-la-tecnologia-sanitaria\/\",\"url\":\"https:\/\/ticsalutsocial.atoom.space\/en\/event\/xxix-trobada-del-sector-de-la-tecnologia-sanitaria\/\",\"name\":\"XXIX Trobada del Sector de la Tecnologia Sanit\u00e0ria - Fundaci\u00f3 TIC Salut i Social\",\"isPartOf\":{\"@id\":\"https:\/\/ticsalutsocial.atoom.space\/en\/#website\"},\"primaryImageOfPage\":{\"@id\":\"https:\/\/ticsalutsocial.atoom.space\/en\/event\/xxix-trobada-del-sector-de-la-tecnologia-sanitaria\/#primaryimage\"},\"image\":{\"@id\":\"https:\/\/ticsalutsocial.atoom.space\/en\/event\/xxix-trobada-del-sector-de-la-tecnologia-sanitaria\/#primaryimage\"},\"thumbnailUrl\":\"https:\/\/ticsalutsocial.atoom.space\/wp-content\/uploads\/2023\/05\/detail_230317_Esade-Fenin_2023_Twitter_v3.jpg\",\"datePublished\":\"2023-05-17T09:12:07+00:00\",\"breadcrumb\":{\"@id\":\"https:\/\/ticsalutsocial.atoom.space\/en\/event\/xxix-trobada-del-sector-de-la-tecnologia-sanitaria\/#breadcrumb\"},\"inLanguage\":\"en-US\",\"potentialAction\":[{\"@type\":\"ReadAction\",\"target\":[\"https:\/\/ticsalutsocial.atoom.space\/en\/event\/xxix-trobada-del-sector-de-la-tecnologia-sanitaria\/\"]}]},{\"@type\":\"ImageObject\",\"inLanguage\":\"en-US\",\"@id\":\"https:\/\/ticsalutsocial.atoom.space\/en\/event\/xxix-trobada-del-sector-de-la-tecnologia-sanitaria\/#primaryimage\",\"url\":\"https:\/\/ticsalutsocial.atoom.space\/wp-content\/uploads\/2023\/05\/detail_230317_Esade-Fenin_2023_Twitter_v3.jpg\",\"contentUrl\":\"https:\/\/ticsalutsocial.atoom.space\/wp-content\/uploads\/2023\/05\/detail_230317_Esade-Fenin_2023_Twitter_v3.jpg\",\"width\":1012,\"height\":506},{\"@type\":\"BreadcrumbList\",\"@id\":\"https:\/\/ticsalutsocial.atoom.space\/en\/event\/xxix-trobada-del-sector-de-la-tecnologia-sanitaria\/#breadcrumb\",\"itemListElement\":[{\"@type\":\"ListItem\",\"position\":1,\"name\":\"Inici\",\"item\":\"https:\/\/ticsalutsocial.atoom.space\/en\/\"},{\"@type\":\"ListItem\",\"position\":2,\"name\":\"XXIX Trobada del Sector de la Tecnologia Sanit\u00e0ria\"}]},{\"@type\":\"WebSite\",\"@id\":\"https:\/\/ticsalutsocial.atoom.space\/en\/#website\",\"url\":\"https:\/\/ticsalutsocial.atoom.space\/en\/\",\"name\":\"Fundaci\u00f3 TIC Salut i Social\",\"description\":\"\",\"potentialAction\":[{\"@type\":\"SearchAction\",\"target\":{\"@type\":\"EntryPoint\",\"urlTemplate\":\"https:\/\/ticsalutsocial.atoom.space\/en\/?s={search_term_string}\"},\"query-input\":{\"@type\":\"PropertyValueSpecification\",\"valueRequired\":true,\"valueName\":\"search_term_string\"}}],\"inLanguage\":\"en-US\"}]}<\/script>\n<!-- \/ Yoast SEO plugin. -->","yoast_head_json":{"title":"XXIX Trobada del Sector de la Tecnologia Sanit\u00e0ria - Fundaci\u00f3 TIC Salut i Social","robots":{"index":"index","follow":"follow","max-snippet":"max-snippet:-1","max-image-preview":"max-image-preview:large","max-video-preview":"max-video-preview:-1"},"canonical":"https:\/\/ticsalutsocial.atoom.space\/en\/event\/xxix-trobada-del-sector-de-la-tecnologia-sanitaria\/","og_locale":"en_US","og_type":"article","og_title":"XXIX Trobada del Sector de la Tecnologia Sanit\u00e0ria - Fundaci\u00f3 TIC Salut i Social","og_description":"El proper 7 de juny de 2023 se celebra la XXIX Edici\u00f3 de la tradicional Trobada del Sector de la Tecnologia Sanit\u00e0ria que organitza Fenin anualment en col\u00b7laboraci\u00f3 amb l&#8217;escola de negocis ESADE. Tindr\u00e0 lloc a l&#8217;Auditori Rafael del Pino de Madrid. El t\u00edtol d&#8217;aquest any \u00e9s \u201cASPECTES CLAUS DE LA TECNOLOGIA SANIT\u00c0RIA I LA [&hellip;]","og_url":"https:\/\/ticsalutsocial.atoom.space\/en\/event\/xxix-trobada-del-sector-de-la-tecnologia-sanitaria\/","og_site_name":"Fundaci\u00f3 TIC Salut i Social","og_image":[{"width":1012,"height":506,"url":"https:\/\/ticsalutsocial.atoom.space\/wp-content\/uploads\/2023\/05\/detail_230317_Esade-Fenin_2023_Twitter_v3.jpg","type":"image\/jpeg"}],"twitter_card":"summary_large_image","twitter_misc":{"Est. reading time":"2 minutes"},"schema":{"@context":"https:\/\/schema.org","@graph":[{"@type":"WebPage","@id":"https:\/\/ticsalutsocial.atoom.space\/en\/event\/xxix-trobada-del-sector-de-la-tecnologia-sanitaria\/","url":"https:\/\/ticsalutsocial.atoom.space\/en\/event\/xxix-trobada-del-sector-de-la-tecnologia-sanitaria\/","name":"XXIX Trobada del Sector de la Tecnologia Sanit\u00e0ria - Fundaci\u00f3 TIC Salut i Social","isPartOf":{"@id":"https:\/\/ticsalutsocial.atoom.space\/en\/#website"},"primaryImageOfPage":{"@id":"https:\/\/ticsalutsocial.atoom.space\/en\/event\/xxix-trobada-del-sector-de-la-tecnologia-sanitaria\/#primaryimage"},"image":{"@id":"https:\/\/ticsalutsocial.atoom.space\/en\/event\/xxix-trobada-del-sector-de-la-tecnologia-sanitaria\/#primaryimage"},"thumbnailUrl":"https:\/\/ticsalutsocial.atoom.space\/wp-content\/uploads\/2023\/05\/detail_230317_Esade-Fenin_2023_Twitter_v3.jpg","datePublished":"2023-05-17T09:12:07+00:00","breadcrumb":{"@id":"https:\/\/ticsalutsocial.atoom.space\/en\/event\/xxix-trobada-del-sector-de-la-tecnologia-sanitaria\/#breadcrumb"},"inLanguage":"en-US","potentialAction":[{"@type":"ReadAction","target":["https:\/\/ticsalutsocial.atoom.space\/en\/event\/xxix-trobada-del-sector-de-la-tecnologia-sanitaria\/"]}]},{"@type":"ImageObject","inLanguage":"en-US","@id":"https:\/\/ticsalutsocial.atoom.space\/en\/event\/xxix-trobada-del-sector-de-la-tecnologia-sanitaria\/#primaryimage","url":"https:\/\/ticsalutsocial.atoom.space\/wp-content\/uploads\/2023\/05\/detail_230317_Esade-Fenin_2023_Twitter_v3.jpg","contentUrl":"https:\/\/ticsalutsocial.atoom.space\/wp-content\/uploads\/2023\/05\/detail_230317_Esade-Fenin_2023_Twitter_v3.jpg","width":1012,"height":506},{"@type":"BreadcrumbList","@id":"https:\/\/ticsalutsocial.atoom.space\/en\/event\/xxix-trobada-del-sector-de-la-tecnologia-sanitaria\/#breadcrumb","itemListElement":[{"@type":"ListItem","position":1,"name":"Inici","item":"https:\/\/ticsalutsocial.atoom.space\/en\/"},{"@type":"ListItem","position":2,"name":"XXIX Trobada del Sector de la Tecnologia Sanit\u00e0ria"}]},{"@type":"WebSite","@id":"https:\/\/ticsalutsocial.atoom.space\/en\/#website","url":"https:\/\/ticsalutsocial.atoom.space\/en\/","name":"Fundaci\u00f3 TIC Salut i Social","description":"","potentialAction":[{"@type":"SearchAction","target":{"@type":"EntryPoint","urlTemplate":"https:\/\/ticsalutsocial.atoom.space\/en\/?s={search_term_string}"},"query-input":{"@type":"PropertyValueSpecification","valueRequired":true,"valueName":"search_term_string"}}],"inLanguage":"en-US"}]}},"_links":{"self":[{"href":"https:\/\/ticsalutsocial.atoom.space\/en\/wp-json\/wp\/v2\/event\/21095","targetHints":{"allow":["GET"]}}],"collection":[{"href":"https:\/\/ticsalutsocial.atoom.space\/en\/wp-json\/wp\/v2\/event"}],"about":[{"href":"https:\/\/ticsalutsocial.atoom.space\/en\/wp-json\/wp\/v2\/types\/event"}],"wp:featuredmedia":[{"embeddable":true,"href":"https:\/\/ticsalutsocial.atoom.space\/en\/wp-json\/wp\/v2\/media\/21096"}],"wp:attachment":[{"href":"https:\/\/ticsalutsocial.atoom.space\/en\/wp-json\/wp\/v2\/media?parent=21095"}],"wp:term":[{"taxonomy":"tipus","embeddable":true,"href":"https:\/\/ticsalutsocial.atoom.space\/en\/wp-json\/wp\/v2\/tipus?post=21095"},{"taxonomy":"topic","embeddable":true,"href":"https:\/\/ticsalutsocial.atoom.space\/en\/wp-json\/wp\/v2\/topic?post=21095"}],"curies":[{"name":"wp","href":"https:\/\/api.w.org\/{rel}","templated":true}]}}