
{"id":21274,"date":"2023-06-06T11:34:57","date_gmt":"2023-06-06T09:34:57","guid":{"rendered":"https:\/\/ticsalutsocial.atoom.space\/?post_type=event&#038;p=21274"},"modified":"2023-06-06T11:34:59","modified_gmt":"2023-06-06T09:34:59","slug":"salut-digital-oasi-o-miratge-per-al-sistema-sanitari-catala","status":"publish","type":"event","link":"https:\/\/ticsalutsocial.atoom.space\/en\/event\/salut-digital-oasi-o-miratge-per-al-sistema-sanitari-catala\/","title":{"rendered":"Salut digital: oasi o miratge per al sistema sanitari catal\u00e0"},"content":{"rendered":"\n<p>Cada any des del 2007, el m\u00f3n de la salut i la innovaci\u00f3 es reuneix a Castres-Mazamet per a dos dies d&#8217;immersi\u00f3 en eHealth. Un moment de trobades interdisciplin\u00e0ries que reuneixen col\u00b7lectius tan diversos com operadors de telecomunicacions, pacients, big data, finan\u00e7adors i reguladors i, per descomptat, institucions i professionals sanitaris. L&#8217;eHealth University ha celebrat aquest any la 17a edici\u00f3 els dies 27 i 28 de juny de 2023.<\/p>\n\n\n\n<p>El Joan Guanyabens, director de la Fundaci\u00f3 TIC Salut Social, participar\u00e0 a la ponencia &#8220;E-sant\u00e9 : oasis ou mirage pour le syst\u00e8me de sant\u00e9 Catalan&#8221;, el 28 de juny a les 10:00h.<\/p>\n\n\n\n<p>Consulta el programa <a href=\"https:\/\/universite-esante.com\/en\/\" target=\"_blank\" rel=\"noreferrer noopener\">aqu\u00ed<\/a><\/p>\n","protected":false},"featured_media":21272,"menu_order":0,"template":"","meta":{"_acf_changed":false,"inline_featured_image":false},"tipus":[],"topic":[],"class_list":["post-21274","event","type-event","status-publish","has-post-thumbnail","hentry"],"acf":{"informacio":{"ubicacio":"Universitat de Castres, Fran\u00e7a","data":"27\/06\/2023","hora":"9:30","preu":"","inscripcions":"https:\/\/universite-esante.com\/en\/"},"programa":{"titol":"","items":false}},"yoast_head":"<!-- This site is optimized with the Yoast SEO plugin v27.1.1 - https:\/\/yoast.com\/product\/yoast-seo-wordpress\/ -->\n<title>Salut digital: oasi o miratge per al sistema sanitari catal\u00e0 - Fundaci\u00f3 TIC Salut i Social<\/title>\n<meta name=\"robots\" content=\"index, follow, max-snippet:-1, max-image-preview:large, max-video-preview:-1\" \/>\n<link rel=\"canonical\" href=\"https:\/\/ticsalutsocial.atoom.space\/en\/event\/salut-digital-oasi-o-miratge-per-al-sistema-sanitari-catala\/\" \/>\n<meta property=\"og:locale\" content=\"en_US\" \/>\n<meta property=\"og:type\" content=\"article\" \/>\n<meta property=\"og:title\" content=\"Salut digital: oasi o miratge per al sistema sanitari catal\u00e0 - Fundaci\u00f3 TIC Salut i Social\" \/>\n<meta property=\"og:description\" content=\"Cada any des del 2007, el m\u00f3n de la salut i la innovaci\u00f3 es reuneix a Castres-Mazamet per a dos dies d&#8217;immersi\u00f3 en eHealth. Un moment de trobades interdisciplin\u00e0ries que reuneixen col\u00b7lectius tan diversos com operadors de telecomunicacions, pacients, big data, finan\u00e7adors i reguladors i, per descomptat, institucions i professionals sanitaris. L&#8217;eHealth University ha celebrat [&hellip;]\" \/>\n<meta property=\"og:url\" content=\"https:\/\/ticsalutsocial.atoom.space\/en\/event\/salut-digital-oasi-o-miratge-per-al-sistema-sanitari-catala\/\" \/>\n<meta property=\"og:site_name\" content=\"Fundaci\u00f3 TIC Salut i Social\" \/>\n<meta property=\"article:modified_time\" content=\"2023-06-06T09:34:59+00:00\" \/>\n<meta property=\"og:image\" content=\"https:\/\/ticsalutsocial.atoom.space\/wp-content\/uploads\/2023\/06\/fond-themelong-accueil-UES23-GB.jpg\" \/>\n\t<meta property=\"og:image:width\" content=\"1920\" \/>\n\t<meta property=\"og:image:height\" content=\"882\" \/>\n\t<meta property=\"og:image:type\" content=\"image\/jpeg\" \/>\n<meta name=\"twitter:card\" content=\"summary_large_image\" \/>\n<meta name=\"twitter:label1\" content=\"Est. reading time\" \/>\n\t<meta name=\"twitter:data1\" content=\"1 minute\" \/>\n<script type=\"application\/ld+json\" class=\"yoast-schema-graph\">{\"@context\":\"https:\/\/schema.org\",\"@graph\":[{\"@type\":\"WebPage\",\"@id\":\"https:\/\/ticsalutsocial.atoom.space\/en\/event\/salut-digital-oasi-o-miratge-per-al-sistema-sanitari-catala\/\",\"url\":\"https:\/\/ticsalutsocial.atoom.space\/en\/event\/salut-digital-oasi-o-miratge-per-al-sistema-sanitari-catala\/\",\"name\":\"Salut digital: oasi o miratge per al sistema sanitari catal\u00e0 - Fundaci\u00f3 TIC Salut i Social\",\"isPartOf\":{\"@id\":\"https:\/\/ticsalutsocial.atoom.space\/en\/#website\"},\"primaryImageOfPage\":{\"@id\":\"https:\/\/ticsalutsocial.atoom.space\/en\/event\/salut-digital-oasi-o-miratge-per-al-sistema-sanitari-catala\/#primaryimage\"},\"image\":{\"@id\":\"https:\/\/ticsalutsocial.atoom.space\/en\/event\/salut-digital-oasi-o-miratge-per-al-sistema-sanitari-catala\/#primaryimage\"},\"thumbnailUrl\":\"https:\/\/ticsalutsocial.atoom.space\/wp-content\/uploads\/2023\/06\/fond-themelong-accueil-UES23-GB.jpg\",\"datePublished\":\"2023-06-06T09:34:57+00:00\",\"dateModified\":\"2023-06-06T09:34:59+00:00\",\"breadcrumb\":{\"@id\":\"https:\/\/ticsalutsocial.atoom.space\/en\/event\/salut-digital-oasi-o-miratge-per-al-sistema-sanitari-catala\/#breadcrumb\"},\"inLanguage\":\"en-US\",\"potentialAction\":[{\"@type\":\"ReadAction\",\"target\":[\"https:\/\/ticsalutsocial.atoom.space\/en\/event\/salut-digital-oasi-o-miratge-per-al-sistema-sanitari-catala\/\"]}]},{\"@type\":\"ImageObject\",\"inLanguage\":\"en-US\",\"@id\":\"https:\/\/ticsalutsocial.atoom.space\/en\/event\/salut-digital-oasi-o-miratge-per-al-sistema-sanitari-catala\/#primaryimage\",\"url\":\"https:\/\/ticsalutsocial.atoom.space\/wp-content\/uploads\/2023\/06\/fond-themelong-accueil-UES23-GB.jpg\",\"contentUrl\":\"https:\/\/ticsalutsocial.atoom.space\/wp-content\/uploads\/2023\/06\/fond-themelong-accueil-UES23-GB.jpg\",\"width\":1920,\"height\":882},{\"@type\":\"BreadcrumbList\",\"@id\":\"https:\/\/ticsalutsocial.atoom.space\/en\/event\/salut-digital-oasi-o-miratge-per-al-sistema-sanitari-catala\/#breadcrumb\",\"itemListElement\":[{\"@type\":\"ListItem\",\"position\":1,\"name\":\"Inici\",\"item\":\"https:\/\/ticsalutsocial.atoom.space\/en\/\"},{\"@type\":\"ListItem\",\"position\":2,\"name\":\"Salut digital: oasi o miratge per al sistema sanitari catal\u00e0\"}]},{\"@type\":\"WebSite\",\"@id\":\"https:\/\/ticsalutsocial.atoom.space\/en\/#website\",\"url\":\"https:\/\/ticsalutsocial.atoom.space\/en\/\",\"name\":\"Fundaci\u00f3 TIC Salut i Social\",\"description\":\"\",\"potentialAction\":[{\"@type\":\"SearchAction\",\"target\":{\"@type\":\"EntryPoint\",\"urlTemplate\":\"https:\/\/ticsalutsocial.atoom.space\/en\/?s={search_term_string}\"},\"query-input\":{\"@type\":\"PropertyValueSpecification\",\"valueRequired\":true,\"valueName\":\"search_term_string\"}}],\"inLanguage\":\"en-US\"}]}<\/script>\n<!-- \/ Yoast SEO plugin. -->","yoast_head_json":{"title":"Salut digital: oasi o miratge per al sistema sanitari catal\u00e0 - Fundaci\u00f3 TIC Salut i Social","robots":{"index":"index","follow":"follow","max-snippet":"max-snippet:-1","max-image-preview":"max-image-preview:large","max-video-preview":"max-video-preview:-1"},"canonical":"https:\/\/ticsalutsocial.atoom.space\/en\/event\/salut-digital-oasi-o-miratge-per-al-sistema-sanitari-catala\/","og_locale":"en_US","og_type":"article","og_title":"Salut digital: oasi o miratge per al sistema sanitari catal\u00e0 - Fundaci\u00f3 TIC Salut i Social","og_description":"Cada any des del 2007, el m\u00f3n de la salut i la innovaci\u00f3 es reuneix a Castres-Mazamet per a dos dies d&#8217;immersi\u00f3 en eHealth. Un moment de trobades interdisciplin\u00e0ries que reuneixen col\u00b7lectius tan diversos com operadors de telecomunicacions, pacients, big data, finan\u00e7adors i reguladors i, per descomptat, institucions i professionals sanitaris. L&#8217;eHealth University ha celebrat [&hellip;]","og_url":"https:\/\/ticsalutsocial.atoom.space\/en\/event\/salut-digital-oasi-o-miratge-per-al-sistema-sanitari-catala\/","og_site_name":"Fundaci\u00f3 TIC Salut i Social","article_modified_time":"2023-06-06T09:34:59+00:00","og_image":[{"width":1920,"height":882,"url":"https:\/\/ticsalutsocial.atoom.space\/wp-content\/uploads\/2023\/06\/fond-themelong-accueil-UES23-GB.jpg","type":"image\/jpeg"}],"twitter_card":"summary_large_image","twitter_misc":{"Est. reading time":"1 minute"},"schema":{"@context":"https:\/\/schema.org","@graph":[{"@type":"WebPage","@id":"https:\/\/ticsalutsocial.atoom.space\/en\/event\/salut-digital-oasi-o-miratge-per-al-sistema-sanitari-catala\/","url":"https:\/\/ticsalutsocial.atoom.space\/en\/event\/salut-digital-oasi-o-miratge-per-al-sistema-sanitari-catala\/","name":"Salut digital: oasi o miratge per al sistema sanitari catal\u00e0 - Fundaci\u00f3 TIC Salut i Social","isPartOf":{"@id":"https:\/\/ticsalutsocial.atoom.space\/en\/#website"},"primaryImageOfPage":{"@id":"https:\/\/ticsalutsocial.atoom.space\/en\/event\/salut-digital-oasi-o-miratge-per-al-sistema-sanitari-catala\/#primaryimage"},"image":{"@id":"https:\/\/ticsalutsocial.atoom.space\/en\/event\/salut-digital-oasi-o-miratge-per-al-sistema-sanitari-catala\/#primaryimage"},"thumbnailUrl":"https:\/\/ticsalutsocial.atoom.space\/wp-content\/uploads\/2023\/06\/fond-themelong-accueil-UES23-GB.jpg","datePublished":"2023-06-06T09:34:57+00:00","dateModified":"2023-06-06T09:34:59+00:00","breadcrumb":{"@id":"https:\/\/ticsalutsocial.atoom.space\/en\/event\/salut-digital-oasi-o-miratge-per-al-sistema-sanitari-catala\/#breadcrumb"},"inLanguage":"en-US","potentialAction":[{"@type":"ReadAction","target":["https:\/\/ticsalutsocial.atoom.space\/en\/event\/salut-digital-oasi-o-miratge-per-al-sistema-sanitari-catala\/"]}]},{"@type":"ImageObject","inLanguage":"en-US","@id":"https:\/\/ticsalutsocial.atoom.space\/en\/event\/salut-digital-oasi-o-miratge-per-al-sistema-sanitari-catala\/#primaryimage","url":"https:\/\/ticsalutsocial.atoom.space\/wp-content\/uploads\/2023\/06\/fond-themelong-accueil-UES23-GB.jpg","contentUrl":"https:\/\/ticsalutsocial.atoom.space\/wp-content\/uploads\/2023\/06\/fond-themelong-accueil-UES23-GB.jpg","width":1920,"height":882},{"@type":"BreadcrumbList","@id":"https:\/\/ticsalutsocial.atoom.space\/en\/event\/salut-digital-oasi-o-miratge-per-al-sistema-sanitari-catala\/#breadcrumb","itemListElement":[{"@type":"ListItem","position":1,"name":"Inici","item":"https:\/\/ticsalutsocial.atoom.space\/en\/"},{"@type":"ListItem","position":2,"name":"Salut digital: oasi o miratge per al sistema sanitari catal\u00e0"}]},{"@type":"WebSite","@id":"https:\/\/ticsalutsocial.atoom.space\/en\/#website","url":"https:\/\/ticsalutsocial.atoom.space\/en\/","name":"Fundaci\u00f3 TIC Salut i Social","description":"","potentialAction":[{"@type":"SearchAction","target":{"@type":"EntryPoint","urlTemplate":"https:\/\/ticsalutsocial.atoom.space\/en\/?s={search_term_string}"},"query-input":{"@type":"PropertyValueSpecification","valueRequired":true,"valueName":"search_term_string"}}],"inLanguage":"en-US"}]}},"_links":{"self":[{"href":"https:\/\/ticsalutsocial.atoom.space\/en\/wp-json\/wp\/v2\/event\/21274","targetHints":{"allow":["GET"]}}],"collection":[{"href":"https:\/\/ticsalutsocial.atoom.space\/en\/wp-json\/wp\/v2\/event"}],"about":[{"href":"https:\/\/ticsalutsocial.atoom.space\/en\/wp-json\/wp\/v2\/types\/event"}],"wp:featuredmedia":[{"embeddable":true,"href":"https:\/\/ticsalutsocial.atoom.space\/en\/wp-json\/wp\/v2\/media\/21272"}],"wp:attachment":[{"href":"https:\/\/ticsalutsocial.atoom.space\/en\/wp-json\/wp\/v2\/media?parent=21274"}],"wp:term":[{"taxonomy":"tipus","embeddable":true,"href":"https:\/\/ticsalutsocial.atoom.space\/en\/wp-json\/wp\/v2\/tipus?post=21274"},{"taxonomy":"topic","embeddable":true,"href":"https:\/\/ticsalutsocial.atoom.space\/en\/wp-json\/wp\/v2\/topic?post=21274"}],"curies":[{"name":"wp","href":"https:\/\/api.w.org\/{rel}","templated":true}]}}