
{"id":21390,"date":"2023-06-09T10:09:19","date_gmt":"2023-06-09T08:09:19","guid":{"rendered":"https:\/\/ticsalutsocial.atoom.space\/?post_type=event&#038;p=21390"},"modified":"2025-05-06T10:59:09","modified_gmt":"2025-05-06T08:59:09","slug":"transformacio-digital-al-sistema-de-salut-de-catalunya","status":"publish","type":"event","link":"https:\/\/ticsalutsocial.atoom.space\/en\/event\/transformacio-digital-al-sistema-de-salut-de-catalunya\/","title":{"rendered":"Transformaci\u00f3 digital al Sistema de Salut de Catalunya"},"content":{"rendered":"\n<p>El 4 de juliol se celebrar\u00e0 la Jornada informativa &#8220;Transformaci\u00f3 digital al Sistema de Salut de Catalunya&#8221;. Una sessi\u00f3 per apropar les l\u00ednies de treball rellevants en mat\u00e8ria de transformaci\u00f3 digital del Sistema de Salut de Catalunya i fomentar sinergies amb el teixit industrial i tecnol\u00f2gic en projectes estrat\u00e8gics finan\u00e7ats amb fons Next Generation Europe.<\/p>\n\n<hr class=\"wp-block-separator has-alpha-channel-opacity\"\/>\n\n<p><strong>PROGRAMA<\/strong><\/p>\n\n<p><strong>9:00 h \u2013 Registre assistents<\/strong>.<\/p>\n\n<p><strong>9:30 h \u2013 Benvinguda i inauguraci\u00f3 de la sessi\u00f3.<\/strong><\/p>\n\n<p>Sr. Joan Guanyabens. Director Fundaci\u00f3 TIC Salut Social.<\/p>\n\n<p>Sr. Antonio Cimorra. Director d\u2019Agenda Digital, AMETIC.<\/p>\n\n<p>Sr. Carlos Sisternas. Director FENIN.<\/p>\n\n<p><strong>9:45 h \u2013 Introducci\u00f3 als Fons Next Generation.<\/strong><\/p>\n\n<p>Sr. Robert Fabregat. Director BIOCAT.<\/p>\n\n<p>Sr. Xavier Elizondo. Manager de l\u2019Oficina Next Generation.  ACCI\u00d3 \u2013 Ag\u00e8ncia per la competitivitat de l\u2019empresa.<\/p>\n\n<p>Sr. Ram\u00f3n Maspons. Chief Health Innovation Strategist. Departament de Salut.<\/p>\n\n<p><strong>10:15 h \u2013 Ciberseguretat aplicada a la salut<\/strong>.<\/p>\n\n<p>Sra. M\u00f2nica Espinosa. Directora de l\u2019\u00e0rea del CIC4Ciber, Ag\u00e8ncia de Ciberseguretat de Catalunya.<\/p>\n\n<p><strong>10:30 h \u2013 Integraci\u00f3 social i sanit\u00e0ria.<\/strong><\/p>\n\n<p>Sr. Joan Carles Contel. Direcci\u00f3 Estrat\u00e8gica d\u2019Atenci\u00f3 Integrada, Departament de Salut.<\/p>\n\n<p><strong>10:45 h \u2013 Projecte Critic.CAT<\/strong><\/p>\n\n<p>Sr. Joan Carlos Y\u00e9benes. Metge Adjunt de Medicina Intensiva. Hospital de Matar\u00f3.<\/p>\n\n<p>Grup de recerca en S\u00e8psia, Inflamaci\u00f3 i Seguretat del Pacient Cr\u00edtic.<\/p>\n\n<p><\/p>\n\n<p><strong>11:00 h \u2013 PAUSA CAF\u00c8<\/strong><\/p>\n\n<p><\/p>\n\n<p><strong>11:30 h \u2013 Intel\u00b7lig\u00e8ncia artificial.<\/strong><\/p>\n\n<p>Sra. Susanna Auss\u00f3. Responsable Intel\u00b7lig\u00e8ncia artificial, Fundaci\u00f3 TIC Salut Social.<\/p>\n\n<p>Digital assets for citizens<\/p>\n\n<p>Sra. Carme Pratdep\u00e0dua. Responsable Actius digitals per la ciutadania, Fundaci\u00f3 TIC Salut Social.<\/p>\n\n<p><strong>12:00 h \u2013 Imatge m\u00e8dica digital.<\/strong><\/p>\n\n<p>Sra. Elisenda Reixach. Responsable Imatge m\u00e8dica digital i formaci\u00f3, Fundaci\u00f3 TIC Salut Social.<\/p>\n\n<p><strong>12:15 h \u2013 Atenci\u00f3 personalitzada.<\/strong><\/p>\n\n<p>Sra. N\u00faria Abd\u00f3n. Responsable Atenci\u00f3 personalitzada, Fundaci\u00f3 TIC Salut Social.<\/p>\n\n<p>Sra. Pilar Mur. Coordinadora del Pla Director d\u2019Oncologia. Servei Catal\u00e0 de la Salut.<\/p>\n\n<p><strong>12:45 h \u2013 Oportunitats i treball en xarxa.<\/strong><\/p>\n\n<p>Sra. Carla \u00c1lvarez. Responsable Programes p\u00fablics, Fundaci\u00f3 TIC Salut Social.<\/p>\n\n<p><strong>13:00 h \u2013 Cloenda.<\/strong><\/p>\n\n<p>Sr. Pol P\u00e9rez. Director \u00c0rea de Sistemes de la Informaci\u00f3. Servei Catal\u00e0 de la Salut.<\/p>\n","protected":false},"featured_media":21388,"menu_order":0,"template":"","meta":{"_acf_changed":false,"inline_featured_image":false},"tipus":[],"topic":[],"class_list":["post-21390","event","type-event","status-publish","has-post-thumbnail","hentry"],"acf":{"imatge":21388,"informacio":{"ubicacio":"Edifici Dr. Josep Salvany 81 Carrer de Roc Boronat 08005 Barcelona","data":"04\/07\/2023","hora":"9:00","preu":"","inscripcions":"https:\/\/www.eventbrite.es\/e\/entradas-transformacio-digital-al-sistema-de-salut-de-catalunya-641220336287?aff=oddtdtcreator"},"programa":{"titol":"","items":false},"documents":false},"yoast_head":"<!-- This site is optimized with the Yoast SEO plugin v27.1.1 - https:\/\/yoast.com\/product\/yoast-seo-wordpress\/ -->\n<title>Transformaci\u00f3 digital al Sistema de Salut de Catalunya - Fundaci\u00f3 TIC Salut i Social<\/title>\n<meta name=\"robots\" content=\"index, follow, max-snippet:-1, max-image-preview:large, max-video-preview:-1\" \/>\n<link rel=\"canonical\" href=\"https:\/\/ticsalutsocial.atoom.space\/en\/event\/transformacio-digital-al-sistema-de-salut-de-catalunya\/\" \/>\n<meta property=\"og:locale\" content=\"en_US\" \/>\n<meta property=\"og:type\" content=\"article\" \/>\n<meta property=\"og:title\" content=\"Transformaci\u00f3 digital al Sistema de Salut de Catalunya - Fundaci\u00f3 TIC Salut i Social\" \/>\n<meta property=\"og:description\" content=\"El 4 de juliol se celebrar\u00e0 la Jornada informativa &#8220;Transformaci\u00f3 digital al Sistema de Salut de Catalunya&#8221;. Una sessi\u00f3 per apropar les l\u00ednies de treball rellevants en mat\u00e8ria de transformaci\u00f3 digital del Sistema de Salut de Catalunya i fomentar sinergies amb el teixit industrial i tecnol\u00f2gic en projectes estrat\u00e8gics finan\u00e7ats amb fons Next Generation Europe. [&hellip;]\" \/>\n<meta property=\"og:url\" content=\"https:\/\/ticsalutsocial.atoom.space\/en\/event\/transformacio-digital-al-sistema-de-salut-de-catalunya\/\" \/>\n<meta property=\"og:site_name\" content=\"Fundaci\u00f3 TIC Salut i Social\" \/>\n<meta property=\"article:modified_time\" content=\"2025-05-06T08:59:09+00:00\" \/>\n<meta property=\"og:image\" content=\"https:\/\/ticsalutsocial.atoom.space\/wp-content\/uploads\/2023\/06\/MicrosoftTeams-image-19.png\" \/>\n\t<meta property=\"og:image:width\" content=\"2041\" \/>\n\t<meta property=\"og:image:height\" content=\"1021\" \/>\n\t<meta property=\"og:image:type\" content=\"image\/png\" \/>\n<meta name=\"twitter:card\" content=\"summary_large_image\" \/>\n<meta name=\"twitter:label1\" content=\"Est. reading time\" \/>\n\t<meta name=\"twitter:data1\" content=\"2 minutes\" \/>\n<script type=\"application\/ld+json\" class=\"yoast-schema-graph\">{\"@context\":\"https:\/\/schema.org\",\"@graph\":[{\"@type\":\"WebPage\",\"@id\":\"https:\/\/ticsalutsocial.atoom.space\/en\/event\/transformacio-digital-al-sistema-de-salut-de-catalunya\/\",\"url\":\"https:\/\/ticsalutsocial.atoom.space\/en\/event\/transformacio-digital-al-sistema-de-salut-de-catalunya\/\",\"name\":\"Transformaci\u00f3 digital al Sistema de Salut de Catalunya - Fundaci\u00f3 TIC Salut i Social\",\"isPartOf\":{\"@id\":\"https:\/\/ticsalutsocial.atoom.space\/en\/#website\"},\"primaryImageOfPage\":{\"@id\":\"https:\/\/ticsalutsocial.atoom.space\/en\/event\/transformacio-digital-al-sistema-de-salut-de-catalunya\/#primaryimage\"},\"image\":{\"@id\":\"https:\/\/ticsalutsocial.atoom.space\/en\/event\/transformacio-digital-al-sistema-de-salut-de-catalunya\/#primaryimage\"},\"thumbnailUrl\":\"https:\/\/ticsalutsocial.atoom.space\/wp-content\/uploads\/2023\/06\/MicrosoftTeams-image-19.png\",\"datePublished\":\"2023-06-09T08:09:19+00:00\",\"dateModified\":\"2025-05-06T08:59:09+00:00\",\"breadcrumb\":{\"@id\":\"https:\/\/ticsalutsocial.atoom.space\/en\/event\/transformacio-digital-al-sistema-de-salut-de-catalunya\/#breadcrumb\"},\"inLanguage\":\"en-US\",\"potentialAction\":[{\"@type\":\"ReadAction\",\"target\":[\"https:\/\/ticsalutsocial.atoom.space\/en\/event\/transformacio-digital-al-sistema-de-salut-de-catalunya\/\"]}]},{\"@type\":\"ImageObject\",\"inLanguage\":\"en-US\",\"@id\":\"https:\/\/ticsalutsocial.atoom.space\/en\/event\/transformacio-digital-al-sistema-de-salut-de-catalunya\/#primaryimage\",\"url\":\"https:\/\/ticsalutsocial.atoom.space\/wp-content\/uploads\/2023\/06\/MicrosoftTeams-image-19.png\",\"contentUrl\":\"https:\/\/ticsalutsocial.atoom.space\/wp-content\/uploads\/2023\/06\/MicrosoftTeams-image-19.png\",\"width\":2041,\"height\":1021},{\"@type\":\"BreadcrumbList\",\"@id\":\"https:\/\/ticsalutsocial.atoom.space\/en\/event\/transformacio-digital-al-sistema-de-salut-de-catalunya\/#breadcrumb\",\"itemListElement\":[{\"@type\":\"ListItem\",\"position\":1,\"name\":\"Inici\",\"item\":\"https:\/\/ticsalutsocial.atoom.space\/en\/\"},{\"@type\":\"ListItem\",\"position\":2,\"name\":\"Transformaci\u00f3 digital al Sistema de Salut de Catalunya\"}]},{\"@type\":\"WebSite\",\"@id\":\"https:\/\/ticsalutsocial.atoom.space\/en\/#website\",\"url\":\"https:\/\/ticsalutsocial.atoom.space\/en\/\",\"name\":\"Fundaci\u00f3 TIC Salut i Social\",\"description\":\"\",\"potentialAction\":[{\"@type\":\"SearchAction\",\"target\":{\"@type\":\"EntryPoint\",\"urlTemplate\":\"https:\/\/ticsalutsocial.atoom.space\/en\/?s={search_term_string}\"},\"query-input\":{\"@type\":\"PropertyValueSpecification\",\"valueRequired\":true,\"valueName\":\"search_term_string\"}}],\"inLanguage\":\"en-US\"}]}<\/script>\n<!-- \/ Yoast SEO plugin. -->","yoast_head_json":{"title":"Transformaci\u00f3 digital al Sistema de Salut de Catalunya - Fundaci\u00f3 TIC Salut i Social","robots":{"index":"index","follow":"follow","max-snippet":"max-snippet:-1","max-image-preview":"max-image-preview:large","max-video-preview":"max-video-preview:-1"},"canonical":"https:\/\/ticsalutsocial.atoom.space\/en\/event\/transformacio-digital-al-sistema-de-salut-de-catalunya\/","og_locale":"en_US","og_type":"article","og_title":"Transformaci\u00f3 digital al Sistema de Salut de Catalunya - Fundaci\u00f3 TIC Salut i Social","og_description":"El 4 de juliol se celebrar\u00e0 la Jornada informativa &#8220;Transformaci\u00f3 digital al Sistema de Salut de Catalunya&#8221;. Una sessi\u00f3 per apropar les l\u00ednies de treball rellevants en mat\u00e8ria de transformaci\u00f3 digital del Sistema de Salut de Catalunya i fomentar sinergies amb el teixit industrial i tecnol\u00f2gic en projectes estrat\u00e8gics finan\u00e7ats amb fons Next Generation Europe. [&hellip;]","og_url":"https:\/\/ticsalutsocial.atoom.space\/en\/event\/transformacio-digital-al-sistema-de-salut-de-catalunya\/","og_site_name":"Fundaci\u00f3 TIC Salut i Social","article_modified_time":"2025-05-06T08:59:09+00:00","og_image":[{"width":2041,"height":1021,"url":"https:\/\/ticsalutsocial.atoom.space\/wp-content\/uploads\/2023\/06\/MicrosoftTeams-image-19.png","type":"image\/png"}],"twitter_card":"summary_large_image","twitter_misc":{"Est. reading time":"2 minutes"},"schema":{"@context":"https:\/\/schema.org","@graph":[{"@type":"WebPage","@id":"https:\/\/ticsalutsocial.atoom.space\/en\/event\/transformacio-digital-al-sistema-de-salut-de-catalunya\/","url":"https:\/\/ticsalutsocial.atoom.space\/en\/event\/transformacio-digital-al-sistema-de-salut-de-catalunya\/","name":"Transformaci\u00f3 digital al Sistema de Salut de Catalunya - Fundaci\u00f3 TIC Salut i Social","isPartOf":{"@id":"https:\/\/ticsalutsocial.atoom.space\/en\/#website"},"primaryImageOfPage":{"@id":"https:\/\/ticsalutsocial.atoom.space\/en\/event\/transformacio-digital-al-sistema-de-salut-de-catalunya\/#primaryimage"},"image":{"@id":"https:\/\/ticsalutsocial.atoom.space\/en\/event\/transformacio-digital-al-sistema-de-salut-de-catalunya\/#primaryimage"},"thumbnailUrl":"https:\/\/ticsalutsocial.atoom.space\/wp-content\/uploads\/2023\/06\/MicrosoftTeams-image-19.png","datePublished":"2023-06-09T08:09:19+00:00","dateModified":"2025-05-06T08:59:09+00:00","breadcrumb":{"@id":"https:\/\/ticsalutsocial.atoom.space\/en\/event\/transformacio-digital-al-sistema-de-salut-de-catalunya\/#breadcrumb"},"inLanguage":"en-US","potentialAction":[{"@type":"ReadAction","target":["https:\/\/ticsalutsocial.atoom.space\/en\/event\/transformacio-digital-al-sistema-de-salut-de-catalunya\/"]}]},{"@type":"ImageObject","inLanguage":"en-US","@id":"https:\/\/ticsalutsocial.atoom.space\/en\/event\/transformacio-digital-al-sistema-de-salut-de-catalunya\/#primaryimage","url":"https:\/\/ticsalutsocial.atoom.space\/wp-content\/uploads\/2023\/06\/MicrosoftTeams-image-19.png","contentUrl":"https:\/\/ticsalutsocial.atoom.space\/wp-content\/uploads\/2023\/06\/MicrosoftTeams-image-19.png","width":2041,"height":1021},{"@type":"BreadcrumbList","@id":"https:\/\/ticsalutsocial.atoom.space\/en\/event\/transformacio-digital-al-sistema-de-salut-de-catalunya\/#breadcrumb","itemListElement":[{"@type":"ListItem","position":1,"name":"Inici","item":"https:\/\/ticsalutsocial.atoom.space\/en\/"},{"@type":"ListItem","position":2,"name":"Transformaci\u00f3 digital al Sistema de Salut de Catalunya"}]},{"@type":"WebSite","@id":"https:\/\/ticsalutsocial.atoom.space\/en\/#website","url":"https:\/\/ticsalutsocial.atoom.space\/en\/","name":"Fundaci\u00f3 TIC Salut i Social","description":"","potentialAction":[{"@type":"SearchAction","target":{"@type":"EntryPoint","urlTemplate":"https:\/\/ticsalutsocial.atoom.space\/en\/?s={search_term_string}"},"query-input":{"@type":"PropertyValueSpecification","valueRequired":true,"valueName":"search_term_string"}}],"inLanguage":"en-US"}]}},"_links":{"self":[{"href":"https:\/\/ticsalutsocial.atoom.space\/en\/wp-json\/wp\/v2\/event\/21390","targetHints":{"allow":["GET"]}}],"collection":[{"href":"https:\/\/ticsalutsocial.atoom.space\/en\/wp-json\/wp\/v2\/event"}],"about":[{"href":"https:\/\/ticsalutsocial.atoom.space\/en\/wp-json\/wp\/v2\/types\/event"}],"wp:featuredmedia":[{"embeddable":true,"href":"https:\/\/ticsalutsocial.atoom.space\/en\/wp-json\/wp\/v2\/media\/21388"}],"wp:attachment":[{"href":"https:\/\/ticsalutsocial.atoom.space\/en\/wp-json\/wp\/v2\/media?parent=21390"}],"wp:term":[{"taxonomy":"tipus","embeddable":true,"href":"https:\/\/ticsalutsocial.atoom.space\/en\/wp-json\/wp\/v2\/tipus?post=21390"},{"taxonomy":"topic","embeddable":true,"href":"https:\/\/ticsalutsocial.atoom.space\/en\/wp-json\/wp\/v2\/topic?post=21390"}],"curies":[{"name":"wp","href":"https:\/\/api.w.org\/{rel}","templated":true}]}}