
{"id":22460,"date":"2023-10-11T09:18:46","date_gmt":"2023-10-11T07:18:46","guid":{"rendered":"https:\/\/ticsalutsocial.atoom.space\/event\/temps-de-collaboratoris-impulsant-la-innovacio-social-digital-en-lambit-local\/"},"modified":"2023-10-11T09:22:02","modified_gmt":"2023-10-11T07:22:02","slug":"temps-de-collaboratoris-impulsant-la-innovacio-social-digital-en-lambit-local","status":"publish","type":"event","link":"https:\/\/ticsalutsocial.atoom.space\/en\/event\/temps-de-collaboratoris-impulsant-la-innovacio-social-digital-en-lambit-local\/","title":{"rendered":"Temps de col\u00b7laboratoris: Impulsant la innovaci\u00f3 social digital en l&#8217;\u00e0mbit local"},"content":{"rendered":"\n<p>El\u00a0<a href=\"https:\/\/colabscatalunya.cat\/\" target=\"_blank\" rel=\"noreferrer noopener\">Col\u00b7laboratori Catalunya<\/a>, amb la col\u00b7laboraci\u00f3 d\u2019\u00c0rees Digitals i Laboratori d\u2019Innovaci\u00f3 Local, totes tres iniciatives impulsades per la Generalitat de Catalunya i la Fundaci\u00f3 i2CAT, la Universitat de Vic i l\u2019Ag\u00e8ncia d\u2019Emprenedoria, Innovaci\u00f3 i Coneixement, organitza la jornada \u201c<strong>Temps de col\u00b7laboratoris: Impulsant la innovaci\u00f3 social digital en l\u2019\u00e0mbit local<\/strong>\u201d el pr\u00f2xim\u00a0<strong>19 d\u2019octubre, de 9\u202fh a 17 h\u00a0<\/strong>a l\u2019<strong>Edifici El Sucre, de Vic<\/strong>, concretament, a la<strong>\u00a0sala Coll Bardolet\u00a0<\/strong>(<a href=\"https:\/\/maps.app.goo.gl\/mJxmWcMCjYADLcJUA\" target=\"_blank\" rel=\"noreferrer noopener\">c\/ Historiador Ramon d\u2019Abadal i de Vinyals, 5, 08500 Vic<\/a>). <\/p>\n\n\n\n<p>L\u2019objectiu de l\u2019acte \u00e9s aprofundir i con\u00e8ixer eines, projectes i metodologies que situen els ciutadans al centre de la innovaci\u00f3 per tractar de forma m\u00e9s eficient els reptes socials actuals.<\/p>\n\n\n\n<hr class=\"wp-block-separator has-alpha-channel-opacity\"\/>\n\n\n\n<h2 class=\"wp-block-heading\"><strong>Programa<\/strong><\/h2>\n\n\n\n<p><strong>09:00 h \u2013 Recepci\u00f3 d\u2019assistents i caf\u00e8 de networking<\/strong><\/p>\n\n\n\n<p><\/p>\n\n\n\n<p><strong>09:30 h \u2013 Benvinguda institucional<\/strong><\/p>\n\n\n\n<ul class=\"wp-block-list\">\n<li><strong>Sra. Liliana Arroyo<\/strong>, directora general de Societat Digital de la Generalitat de Catalunya<\/li>\n<\/ul>\n\n\n\n<p><\/p>\n\n\n\n<p><strong>09.45 h \u2013 L\u2019Efecte Col\u00b7laboratori.\u00a0Presentaci\u00f3 de casos locals\u00a0d\u2019\u00e8xit d\u2019innovaci\u00f3\u00a0social digital\u00a0<\/strong><\/p>\n\n\n\n<ul class=\"wp-block-list\">\n<li><strong>Sra. Mar Beneyto Seoane,&nbsp;<\/strong>professora associada de la UVic i Doctora en Innovaci\u00f3 i Intervenci\u00f3 educativa<\/li>\n\n\n\n<li><strong>Sra. Marina Graells,<\/strong>&nbsp;alcaldessa de Sant Mart\u00ed de Sesgueioles<\/li>\n\n\n\n<li><strong>Sra. Neus Dom\u00e8nech<\/strong>, referent d\u2019Innovaci\u00f3 a Hospital Fundaci\u00f3 Olot<\/li>\n\n\n\n<li><strong>Sr. Marc Vives,<\/strong>&nbsp;director del FarmLab Rupit<\/li>\n\n\n\n<li><strong>Sr.&nbsp;Jordi Belmonte<\/strong>, t\u00e8cnic i representant d\u2019\u00c0uria Fundaci\u00f3<\/li>\n\n\n\n<li><strong>Sra.&nbsp;Ester Comenge<\/strong>, CEO i cofundadora de&nbsp;Burzon Comenge<\/li>\n<\/ul>\n\n\n\n<p><\/p>\n\n\n\n<p><strong>10.20 h \u2013 Din\u00e0mica de networking<\/strong><\/p>\n\n\n\n<p><\/p>\n\n\n\n<p><strong>11.30 h Formacions<\/strong><\/p>\n\n\n\n<ul class=\"wp-block-list\">\n<li>Opci\u00f3 A) Tecnologies digitals avan\u00e7ades<\/li>\n\n\n\n<li>Opci\u00f3 B) Innovaci\u00f3 social digital<\/li>\n<\/ul>\n\n\n\n<p><\/p>\n\n\n\n<p><strong>13:00 h \u2013 Dinar de networking i paraules institucionals<\/strong><\/p>\n\n\n\n<p><\/p>\n\n\n\n<p><strong>14:30 h \u2013 Visites a equipaments d\u2019innovaci\u00f3 de Vic<\/strong><\/p>\n\n\n\n<ul class=\"wp-block-list\">\n<li>Medialab de la Biblioteca Pilarin Bay\u00e9s, on es presentaran els laboratoris ciutadans engegats des de l\u2019Osona Lab City<\/li>\n\n\n\n<li>Presentaci\u00f3 de cas&nbsp;<em>Osona Makers<\/em>, una comunitat establerta a&nbsp;l\u2019Altell Maker&nbsp;de Can Pau Raba<\/li>\n\n\n\n<li>Exposici\u00f3 \u201cIA: aix\u00f2 no \u00e9s art\u201d, a l\u2019ACVIC, Centre d\u2019Arts Contempor\u00e0nies<\/li>\n<\/ul>\n\n\n\n<p><\/p>\n\n\n\n<p><strong>17:00 h \u2013 Fi de la jornada<\/strong><\/p>\n","protected":false},"featured_media":22455,"menu_order":0,"template":"","meta":{"_acf_changed":false,"inline_featured_image":false},"tipus":[],"topic":[],"class_list":["post-22460","event","type-event","status-publish","has-post-thumbnail","hentry"],"acf":{"informacio":{"ubicacio":"Edifici El Sucre de Vic, sala Coll Bardolet","data":"19\/10\/2023","hora":"","preu":"","inscripcions":"https:\/\/docs.google.com\/forms\/d\/e\/1FAIpQLSdATb3CgRKVDJDRkdo_GAcngGYfsqrVflj-wlnxuqJ9taKTMw\/viewform"},"programa":{"titol":"","items":false},"imatge":22455},"yoast_head":"<!-- This site is optimized with the Yoast SEO plugin v27.1.1 - https:\/\/yoast.com\/product\/yoast-seo-wordpress\/ -->\n<title>Temps de col\u00b7laboratoris: Impulsant la innovaci\u00f3 social digital en l&#039;\u00e0mbit local - Fundaci\u00f3 TIC Salut i Social<\/title>\n<meta name=\"robots\" content=\"index, follow, max-snippet:-1, max-image-preview:large, max-video-preview:-1\" \/>\n<link rel=\"canonical\" href=\"https:\/\/ticsalutsocial.atoom.space\/en\/event\/temps-de-collaboratoris-impulsant-la-innovacio-social-digital-en-lambit-local\/\" \/>\n<meta property=\"og:locale\" content=\"en_US\" \/>\n<meta property=\"og:type\" content=\"article\" \/>\n<meta property=\"og:title\" content=\"Temps de col\u00b7laboratoris: Impulsant la innovaci\u00f3 social digital en l&#039;\u00e0mbit local - Fundaci\u00f3 TIC Salut i Social\" \/>\n<meta property=\"og:description\" content=\"El\u00a0Col\u00b7laboratori Catalunya, amb la col\u00b7laboraci\u00f3 d\u2019\u00c0rees Digitals i Laboratori d\u2019Innovaci\u00f3 Local, totes tres iniciatives impulsades per la Generalitat de Catalunya i la Fundaci\u00f3 i2CAT, la Universitat de Vic i l\u2019Ag\u00e8ncia d\u2019Emprenedoria, Innovaci\u00f3 i Coneixement, organitza la jornada \u201cTemps de col\u00b7laboratoris: Impulsant la innovaci\u00f3 social digital en l\u2019\u00e0mbit local\u201d el pr\u00f2xim\u00a019 d\u2019octubre, de 9\u202fh a 17 [&hellip;]\" \/>\n<meta property=\"og:url\" content=\"https:\/\/ticsalutsocial.atoom.space\/en\/event\/temps-de-collaboratoris-impulsant-la-innovacio-social-digital-en-lambit-local\/\" \/>\n<meta property=\"og:site_name\" content=\"Fundaci\u00f3 TIC Salut i Social\" \/>\n<meta property=\"article:modified_time\" content=\"2023-10-11T07:22:02+00:00\" \/>\n<meta property=\"og:image\" content=\"https:\/\/ticsalutsocial.atoom.space\/wp-content\/uploads\/2023\/10\/Banner_Temps-de-collaboratori_Vic-1.png\" \/>\n\t<meta property=\"og:image:width\" content=\"2160\" \/>\n\t<meta property=\"og:image:height\" content=\"1080\" \/>\n\t<meta property=\"og:image:type\" content=\"image\/png\" \/>\n<meta name=\"twitter:card\" content=\"summary_large_image\" \/>\n<meta name=\"twitter:label1\" content=\"Est. reading time\" \/>\n\t<meta name=\"twitter:data1\" content=\"2 minutes\" \/>\n<script type=\"application\/ld+json\" class=\"yoast-schema-graph\">{\"@context\":\"https:\/\/schema.org\",\"@graph\":[{\"@type\":\"WebPage\",\"@id\":\"https:\/\/ticsalutsocial.atoom.space\/en\/event\/temps-de-collaboratoris-impulsant-la-innovacio-social-digital-en-lambit-local\/\",\"url\":\"https:\/\/ticsalutsocial.atoom.space\/en\/event\/temps-de-collaboratoris-impulsant-la-innovacio-social-digital-en-lambit-local\/\",\"name\":\"Temps de col\u00b7laboratoris: Impulsant la innovaci\u00f3 social digital en l'\u00e0mbit local - Fundaci\u00f3 TIC Salut i Social\",\"isPartOf\":{\"@id\":\"https:\/\/ticsalutsocial.atoom.space\/en\/#website\"},\"primaryImageOfPage\":{\"@id\":\"https:\/\/ticsalutsocial.atoom.space\/en\/event\/temps-de-collaboratoris-impulsant-la-innovacio-social-digital-en-lambit-local\/#primaryimage\"},\"image\":{\"@id\":\"https:\/\/ticsalutsocial.atoom.space\/en\/event\/temps-de-collaboratoris-impulsant-la-innovacio-social-digital-en-lambit-local\/#primaryimage\"},\"thumbnailUrl\":\"https:\/\/ticsalutsocial.atoom.space\/wp-content\/uploads\/2023\/10\/Banner_Temps-de-collaboratori_Vic-1.png\",\"datePublished\":\"2023-10-11T07:18:46+00:00\",\"dateModified\":\"2023-10-11T07:22:02+00:00\",\"breadcrumb\":{\"@id\":\"https:\/\/ticsalutsocial.atoom.space\/en\/event\/temps-de-collaboratoris-impulsant-la-innovacio-social-digital-en-lambit-local\/#breadcrumb\"},\"inLanguage\":\"en-US\",\"potentialAction\":[{\"@type\":\"ReadAction\",\"target\":[\"https:\/\/ticsalutsocial.atoom.space\/en\/event\/temps-de-collaboratoris-impulsant-la-innovacio-social-digital-en-lambit-local\/\"]}]},{\"@type\":\"ImageObject\",\"inLanguage\":\"en-US\",\"@id\":\"https:\/\/ticsalutsocial.atoom.space\/en\/event\/temps-de-collaboratoris-impulsant-la-innovacio-social-digital-en-lambit-local\/#primaryimage\",\"url\":\"https:\/\/ticsalutsocial.atoom.space\/wp-content\/uploads\/2023\/10\/Banner_Temps-de-collaboratori_Vic-1.png\",\"contentUrl\":\"https:\/\/ticsalutsocial.atoom.space\/wp-content\/uploads\/2023\/10\/Banner_Temps-de-collaboratori_Vic-1.png\",\"width\":2160,\"height\":1080},{\"@type\":\"BreadcrumbList\",\"@id\":\"https:\/\/ticsalutsocial.atoom.space\/en\/event\/temps-de-collaboratoris-impulsant-la-innovacio-social-digital-en-lambit-local\/#breadcrumb\",\"itemListElement\":[{\"@type\":\"ListItem\",\"position\":1,\"name\":\"Inici\",\"item\":\"https:\/\/ticsalutsocial.atoom.space\/en\/\"},{\"@type\":\"ListItem\",\"position\":2,\"name\":\"Temps de col\u00b7laboratoris: Impulsant la innovaci\u00f3 social digital en l&#8217;\u00e0mbit local\"}]},{\"@type\":\"WebSite\",\"@id\":\"https:\/\/ticsalutsocial.atoom.space\/en\/#website\",\"url\":\"https:\/\/ticsalutsocial.atoom.space\/en\/\",\"name\":\"Fundaci\u00f3 TIC Salut i Social\",\"description\":\"\",\"potentialAction\":[{\"@type\":\"SearchAction\",\"target\":{\"@type\":\"EntryPoint\",\"urlTemplate\":\"https:\/\/ticsalutsocial.atoom.space\/en\/?s={search_term_string}\"},\"query-input\":{\"@type\":\"PropertyValueSpecification\",\"valueRequired\":true,\"valueName\":\"search_term_string\"}}],\"inLanguage\":\"en-US\"}]}<\/script>\n<!-- \/ Yoast SEO plugin. -->","yoast_head_json":{"title":"Temps de col\u00b7laboratoris: Impulsant la innovaci\u00f3 social digital en l'\u00e0mbit local - Fundaci\u00f3 TIC Salut i Social","robots":{"index":"index","follow":"follow","max-snippet":"max-snippet:-1","max-image-preview":"max-image-preview:large","max-video-preview":"max-video-preview:-1"},"canonical":"https:\/\/ticsalutsocial.atoom.space\/en\/event\/temps-de-collaboratoris-impulsant-la-innovacio-social-digital-en-lambit-local\/","og_locale":"en_US","og_type":"article","og_title":"Temps de col\u00b7laboratoris: Impulsant la innovaci\u00f3 social digital en l'\u00e0mbit local - Fundaci\u00f3 TIC Salut i Social","og_description":"El\u00a0Col\u00b7laboratori Catalunya, amb la col\u00b7laboraci\u00f3 d\u2019\u00c0rees Digitals i Laboratori d\u2019Innovaci\u00f3 Local, totes tres iniciatives impulsades per la Generalitat de Catalunya i la Fundaci\u00f3 i2CAT, la Universitat de Vic i l\u2019Ag\u00e8ncia d\u2019Emprenedoria, Innovaci\u00f3 i Coneixement, organitza la jornada \u201cTemps de col\u00b7laboratoris: Impulsant la innovaci\u00f3 social digital en l\u2019\u00e0mbit local\u201d el pr\u00f2xim\u00a019 d\u2019octubre, de 9\u202fh a 17 [&hellip;]","og_url":"https:\/\/ticsalutsocial.atoom.space\/en\/event\/temps-de-collaboratoris-impulsant-la-innovacio-social-digital-en-lambit-local\/","og_site_name":"Fundaci\u00f3 TIC Salut i Social","article_modified_time":"2023-10-11T07:22:02+00:00","og_image":[{"width":2160,"height":1080,"url":"https:\/\/ticsalutsocial.atoom.space\/wp-content\/uploads\/2023\/10\/Banner_Temps-de-collaboratori_Vic-1.png","type":"image\/png"}],"twitter_card":"summary_large_image","twitter_misc":{"Est. reading time":"2 minutes"},"schema":{"@context":"https:\/\/schema.org","@graph":[{"@type":"WebPage","@id":"https:\/\/ticsalutsocial.atoom.space\/en\/event\/temps-de-collaboratoris-impulsant-la-innovacio-social-digital-en-lambit-local\/","url":"https:\/\/ticsalutsocial.atoom.space\/en\/event\/temps-de-collaboratoris-impulsant-la-innovacio-social-digital-en-lambit-local\/","name":"Temps de col\u00b7laboratoris: Impulsant la innovaci\u00f3 social digital en l'\u00e0mbit local - Fundaci\u00f3 TIC Salut i Social","isPartOf":{"@id":"https:\/\/ticsalutsocial.atoom.space\/en\/#website"},"primaryImageOfPage":{"@id":"https:\/\/ticsalutsocial.atoom.space\/en\/event\/temps-de-collaboratoris-impulsant-la-innovacio-social-digital-en-lambit-local\/#primaryimage"},"image":{"@id":"https:\/\/ticsalutsocial.atoom.space\/en\/event\/temps-de-collaboratoris-impulsant-la-innovacio-social-digital-en-lambit-local\/#primaryimage"},"thumbnailUrl":"https:\/\/ticsalutsocial.atoom.space\/wp-content\/uploads\/2023\/10\/Banner_Temps-de-collaboratori_Vic-1.png","datePublished":"2023-10-11T07:18:46+00:00","dateModified":"2023-10-11T07:22:02+00:00","breadcrumb":{"@id":"https:\/\/ticsalutsocial.atoom.space\/en\/event\/temps-de-collaboratoris-impulsant-la-innovacio-social-digital-en-lambit-local\/#breadcrumb"},"inLanguage":"en-US","potentialAction":[{"@type":"ReadAction","target":["https:\/\/ticsalutsocial.atoom.space\/en\/event\/temps-de-collaboratoris-impulsant-la-innovacio-social-digital-en-lambit-local\/"]}]},{"@type":"ImageObject","inLanguage":"en-US","@id":"https:\/\/ticsalutsocial.atoom.space\/en\/event\/temps-de-collaboratoris-impulsant-la-innovacio-social-digital-en-lambit-local\/#primaryimage","url":"https:\/\/ticsalutsocial.atoom.space\/wp-content\/uploads\/2023\/10\/Banner_Temps-de-collaboratori_Vic-1.png","contentUrl":"https:\/\/ticsalutsocial.atoom.space\/wp-content\/uploads\/2023\/10\/Banner_Temps-de-collaboratori_Vic-1.png","width":2160,"height":1080},{"@type":"BreadcrumbList","@id":"https:\/\/ticsalutsocial.atoom.space\/en\/event\/temps-de-collaboratoris-impulsant-la-innovacio-social-digital-en-lambit-local\/#breadcrumb","itemListElement":[{"@type":"ListItem","position":1,"name":"Inici","item":"https:\/\/ticsalutsocial.atoom.space\/en\/"},{"@type":"ListItem","position":2,"name":"Temps de col\u00b7laboratoris: Impulsant la innovaci\u00f3 social digital en l&#8217;\u00e0mbit local"}]},{"@type":"WebSite","@id":"https:\/\/ticsalutsocial.atoom.space\/en\/#website","url":"https:\/\/ticsalutsocial.atoom.space\/en\/","name":"Fundaci\u00f3 TIC Salut i Social","description":"","potentialAction":[{"@type":"SearchAction","target":{"@type":"EntryPoint","urlTemplate":"https:\/\/ticsalutsocial.atoom.space\/en\/?s={search_term_string}"},"query-input":{"@type":"PropertyValueSpecification","valueRequired":true,"valueName":"search_term_string"}}],"inLanguage":"en-US"}]}},"_links":{"self":[{"href":"https:\/\/ticsalutsocial.atoom.space\/en\/wp-json\/wp\/v2\/event\/22460","targetHints":{"allow":["GET"]}}],"collection":[{"href":"https:\/\/ticsalutsocial.atoom.space\/en\/wp-json\/wp\/v2\/event"}],"about":[{"href":"https:\/\/ticsalutsocial.atoom.space\/en\/wp-json\/wp\/v2\/types\/event"}],"wp:featuredmedia":[{"embeddable":true,"href":"https:\/\/ticsalutsocial.atoom.space\/en\/wp-json\/wp\/v2\/media\/22455"}],"wp:attachment":[{"href":"https:\/\/ticsalutsocial.atoom.space\/en\/wp-json\/wp\/v2\/media?parent=22460"}],"wp:term":[{"taxonomy":"tipus","embeddable":true,"href":"https:\/\/ticsalutsocial.atoom.space\/en\/wp-json\/wp\/v2\/tipus?post=22460"},{"taxonomy":"topic","embeddable":true,"href":"https:\/\/ticsalutsocial.atoom.space\/en\/wp-json\/wp\/v2\/topic?post=22460"}],"curies":[{"name":"wp","href":"https:\/\/api.w.org\/{rel}","templated":true}]}}