
{"id":24825,"date":"2024-01-22T12:48:41","date_gmt":"2024-01-22T10:48:41","guid":{"rendered":"https:\/\/ticsalutsocial.atoom.space\/?post_type=event&#038;p=24825"},"modified":"2024-05-07T10:03:26","modified_gmt":"2024-05-07T08:03:26","slug":"xvi-congres-societat-catalana-danatomia-patologica","status":"publish","type":"event","link":"https:\/\/ticsalutsocial.atoom.space\/en\/event\/xvi-congres-societat-catalana-danatomia-patologica\/","title":{"rendered":"XVI Congress of the Catalan Society of Pathological Anatomy"},"content":{"rendered":"\n<p>The Catalan Society of Pathological Anatomy is organizing the &#8220;XVI Congress of the Catalan Society of Pathological Anatomy&#8221; on May 24 and 25. The congress will take place at the Faculty of Medicine of Reus (c\/ Sant Lloren\u00e7, 21 Reus).<\/p>\n\n\n\n<p>The director of the Foundation, Joan Guanyabens, participates in the Pathology and AI symposium, in the talk &#8220;How will medicine be in the future?&#8221; on May 25 at 11:15am.<\/p>\n\n\n\n<p>Carlos Gallego, director of the Foundation&#8217;s Digital Transformation, will be the speaker of the presentation &#8220;CatSalut&#8217;s strategy for the deployment of digital pathology in Catalonia&#8221;, on May 25 at 9:00am.<\/p>\n\n\n\n<p>See all event information <a href=\"http:\/\/webs.academia.cat\/societats\/anatomia\/?p=page\/html\/detallactivitat\/id\/25396\">here<\/a>.<\/p>\n","protected":false},"featured_media":24823,"menu_order":0,"template":"","meta":{"_acf_changed":false,"inline_featured_image":false},"tipus":[],"topic":[],"class_list":["post-24825","event","type-event","status-publish","has-post-thumbnail","hentry"],"acf":{"imatge":24823,"informacio":{"ubicacio":"Facultat de Medicina de Reus (c\/ Sant Lloren\u00e7, 21 Reus)","data":"24\/05\/2024","hora":"","preu":"","inscripcions":"https:\/\/inscripcions.academia.cat\/form.php?id=2463"},"programa":{"titol":"","items":false},"documents":false},"yoast_head":"<!-- This site is optimized with the Yoast SEO plugin v27.1.1 - https:\/\/yoast.com\/product\/yoast-seo-wordpress\/ -->\n<title>XVI Congress of the Catalan Society of Pathological Anatomy - Fundaci\u00f3 TIC Salut i Social<\/title>\n<meta name=\"description\" content=\"XVI Congr\u00e9s Societat Catalana d&#039;Anatomia Patol\u00f2gica els dies 24 i 25 de maig a la Facultat de Medicina de Reus (c\/ Sant Lloren\u00e7, 21 Reus).\" \/>\n<meta name=\"robots\" content=\"index, follow, max-snippet:-1, max-image-preview:large, max-video-preview:-1\" \/>\n<link rel=\"canonical\" href=\"https:\/\/ticsalutsocial.atoom.space\/en\/event\/xvi-congres-societat-catalana-danatomia-patologica\/\" \/>\n<meta property=\"og:locale\" content=\"en_US\" \/>\n<meta property=\"og:type\" content=\"article\" \/>\n<meta property=\"og:title\" content=\"XVI Congress of the Catalan Society of Pathological Anatomy - Fundaci\u00f3 TIC Salut i Social\" \/>\n<meta property=\"og:description\" content=\"XVI Congr\u00e9s Societat Catalana d&#039;Anatomia Patol\u00f2gica els dies 24 i 25 de maig a la Facultat de Medicina de Reus (c\/ Sant Lloren\u00e7, 21 Reus).\" \/>\n<meta property=\"og:url\" content=\"https:\/\/ticsalutsocial.atoom.space\/en\/event\/xvi-congres-societat-catalana-danatomia-patologica\/\" \/>\n<meta property=\"og:site_name\" content=\"Fundaci\u00f3 TIC Salut i Social\" \/>\n<meta property=\"article:modified_time\" content=\"2024-05-07T08:03:26+00:00\" \/>\n<meta property=\"og:image\" content=\"https:\/\/ticsalutsocial.atoom.space\/wp-content\/uploads\/2024\/01\/banner_congres_2024.jpg\" \/>\n\t<meta property=\"og:image:width\" content=\"400\" \/>\n\t<meta property=\"og:image:height\" content=\"556\" \/>\n\t<meta property=\"og:image:type\" content=\"image\/jpeg\" \/>\n<meta name=\"twitter:card\" content=\"summary_large_image\" \/>\n<meta name=\"twitter:label1\" content=\"Est. reading time\" \/>\n\t<meta name=\"twitter:data1\" content=\"1 minute\" \/>\n<script type=\"application\/ld+json\" class=\"yoast-schema-graph\">{\"@context\":\"https:\/\/schema.org\",\"@graph\":[{\"@type\":\"WebPage\",\"@id\":\"https:\/\/ticsalutsocial.atoom.space\/en\/event\/xvi-congres-societat-catalana-danatomia-patologica\/\",\"url\":\"https:\/\/ticsalutsocial.atoom.space\/en\/event\/xvi-congres-societat-catalana-danatomia-patologica\/\",\"name\":\"XVI Congress of the Catalan Society of Pathological Anatomy - Fundaci\u00f3 TIC Salut i Social\",\"isPartOf\":{\"@id\":\"https:\/\/ticsalutsocial.atoom.space\/en\/#website\"},\"primaryImageOfPage\":{\"@id\":\"https:\/\/ticsalutsocial.atoom.space\/en\/event\/xvi-congres-societat-catalana-danatomia-patologica\/#primaryimage\"},\"image\":{\"@id\":\"https:\/\/ticsalutsocial.atoom.space\/en\/event\/xvi-congres-societat-catalana-danatomia-patologica\/#primaryimage\"},\"thumbnailUrl\":\"https:\/\/ticsalutsocial.atoom.space\/wp-content\/uploads\/2024\/01\/banner_congres_2024.jpg\",\"datePublished\":\"2024-01-22T10:48:41+00:00\",\"dateModified\":\"2024-05-07T08:03:26+00:00\",\"description\":\"XVI Congr\u00e9s Societat Catalana d'Anatomia Patol\u00f2gica els dies 24 i 25 de maig a la Facultat de Medicina de Reus (c\/ Sant Lloren\u00e7, 21 Reus).\",\"breadcrumb\":{\"@id\":\"https:\/\/ticsalutsocial.atoom.space\/en\/event\/xvi-congres-societat-catalana-danatomia-patologica\/#breadcrumb\"},\"inLanguage\":\"en-US\",\"potentialAction\":[{\"@type\":\"ReadAction\",\"target\":[\"https:\/\/ticsalutsocial.atoom.space\/en\/event\/xvi-congres-societat-catalana-danatomia-patologica\/\"]}]},{\"@type\":\"ImageObject\",\"inLanguage\":\"en-US\",\"@id\":\"https:\/\/ticsalutsocial.atoom.space\/en\/event\/xvi-congres-societat-catalana-danatomia-patologica\/#primaryimage\",\"url\":\"https:\/\/ticsalutsocial.atoom.space\/wp-content\/uploads\/2024\/01\/banner_congres_2024.jpg\",\"contentUrl\":\"https:\/\/ticsalutsocial.atoom.space\/wp-content\/uploads\/2024\/01\/banner_congres_2024.jpg\",\"width\":400,\"height\":556,\"caption\":\"XVI Congr\u00e9s Societat Catalana d'Anatomia Patol\u00f2gica\"},{\"@type\":\"BreadcrumbList\",\"@id\":\"https:\/\/ticsalutsocial.atoom.space\/en\/event\/xvi-congres-societat-catalana-danatomia-patologica\/#breadcrumb\",\"itemListElement\":[{\"@type\":\"ListItem\",\"position\":1,\"name\":\"Inici\",\"item\":\"https:\/\/ticsalutsocial.atoom.space\/en\/\"},{\"@type\":\"ListItem\",\"position\":2,\"name\":\"XVI Congress of the Catalan Society of Pathological Anatomy\"}]},{\"@type\":\"WebSite\",\"@id\":\"https:\/\/ticsalutsocial.atoom.space\/en\/#website\",\"url\":\"https:\/\/ticsalutsocial.atoom.space\/en\/\",\"name\":\"Fundaci\u00f3 TIC Salut i Social\",\"description\":\"\",\"potentialAction\":[{\"@type\":\"SearchAction\",\"target\":{\"@type\":\"EntryPoint\",\"urlTemplate\":\"https:\/\/ticsalutsocial.atoom.space\/en\/?s={search_term_string}\"},\"query-input\":{\"@type\":\"PropertyValueSpecification\",\"valueRequired\":true,\"valueName\":\"search_term_string\"}}],\"inLanguage\":\"en-US\"}]}<\/script>\n<!-- \/ Yoast SEO plugin. -->","yoast_head_json":{"title":"XVI Congress of the Catalan Society of Pathological Anatomy - Fundaci\u00f3 TIC Salut i Social","description":"XVI Congr\u00e9s Societat Catalana d'Anatomia Patol\u00f2gica els dies 24 i 25 de maig a la Facultat de Medicina de Reus (c\/ Sant Lloren\u00e7, 21 Reus).","robots":{"index":"index","follow":"follow","max-snippet":"max-snippet:-1","max-image-preview":"max-image-preview:large","max-video-preview":"max-video-preview:-1"},"canonical":"https:\/\/ticsalutsocial.atoom.space\/en\/event\/xvi-congres-societat-catalana-danatomia-patologica\/","og_locale":"en_US","og_type":"article","og_title":"XVI Congress of the Catalan Society of Pathological Anatomy - Fundaci\u00f3 TIC Salut i Social","og_description":"XVI Congr\u00e9s Societat Catalana d'Anatomia Patol\u00f2gica els dies 24 i 25 de maig a la Facultat de Medicina de Reus (c\/ Sant Lloren\u00e7, 21 Reus).","og_url":"https:\/\/ticsalutsocial.atoom.space\/en\/event\/xvi-congres-societat-catalana-danatomia-patologica\/","og_site_name":"Fundaci\u00f3 TIC Salut i Social","article_modified_time":"2024-05-07T08:03:26+00:00","og_image":[{"width":400,"height":556,"url":"https:\/\/ticsalutsocial.atoom.space\/wp-content\/uploads\/2024\/01\/banner_congres_2024.jpg","type":"image\/jpeg"}],"twitter_card":"summary_large_image","twitter_misc":{"Est. reading time":"1 minute"},"schema":{"@context":"https:\/\/schema.org","@graph":[{"@type":"WebPage","@id":"https:\/\/ticsalutsocial.atoom.space\/en\/event\/xvi-congres-societat-catalana-danatomia-patologica\/","url":"https:\/\/ticsalutsocial.atoom.space\/en\/event\/xvi-congres-societat-catalana-danatomia-patologica\/","name":"XVI Congress of the Catalan Society of Pathological Anatomy - Fundaci\u00f3 TIC Salut i Social","isPartOf":{"@id":"https:\/\/ticsalutsocial.atoom.space\/en\/#website"},"primaryImageOfPage":{"@id":"https:\/\/ticsalutsocial.atoom.space\/en\/event\/xvi-congres-societat-catalana-danatomia-patologica\/#primaryimage"},"image":{"@id":"https:\/\/ticsalutsocial.atoom.space\/en\/event\/xvi-congres-societat-catalana-danatomia-patologica\/#primaryimage"},"thumbnailUrl":"https:\/\/ticsalutsocial.atoom.space\/wp-content\/uploads\/2024\/01\/banner_congres_2024.jpg","datePublished":"2024-01-22T10:48:41+00:00","dateModified":"2024-05-07T08:03:26+00:00","description":"XVI Congr\u00e9s Societat Catalana d'Anatomia Patol\u00f2gica els dies 24 i 25 de maig a la Facultat de Medicina de Reus (c\/ Sant Lloren\u00e7, 21 Reus).","breadcrumb":{"@id":"https:\/\/ticsalutsocial.atoom.space\/en\/event\/xvi-congres-societat-catalana-danatomia-patologica\/#breadcrumb"},"inLanguage":"en-US","potentialAction":[{"@type":"ReadAction","target":["https:\/\/ticsalutsocial.atoom.space\/en\/event\/xvi-congres-societat-catalana-danatomia-patologica\/"]}]},{"@type":"ImageObject","inLanguage":"en-US","@id":"https:\/\/ticsalutsocial.atoom.space\/en\/event\/xvi-congres-societat-catalana-danatomia-patologica\/#primaryimage","url":"https:\/\/ticsalutsocial.atoom.space\/wp-content\/uploads\/2024\/01\/banner_congres_2024.jpg","contentUrl":"https:\/\/ticsalutsocial.atoom.space\/wp-content\/uploads\/2024\/01\/banner_congres_2024.jpg","width":400,"height":556,"caption":"XVI Congr\u00e9s Societat Catalana d'Anatomia Patol\u00f2gica"},{"@type":"BreadcrumbList","@id":"https:\/\/ticsalutsocial.atoom.space\/en\/event\/xvi-congres-societat-catalana-danatomia-patologica\/#breadcrumb","itemListElement":[{"@type":"ListItem","position":1,"name":"Inici","item":"https:\/\/ticsalutsocial.atoom.space\/en\/"},{"@type":"ListItem","position":2,"name":"XVI Congress of the Catalan Society of Pathological Anatomy"}]},{"@type":"WebSite","@id":"https:\/\/ticsalutsocial.atoom.space\/en\/#website","url":"https:\/\/ticsalutsocial.atoom.space\/en\/","name":"Fundaci\u00f3 TIC Salut i Social","description":"","potentialAction":[{"@type":"SearchAction","target":{"@type":"EntryPoint","urlTemplate":"https:\/\/ticsalutsocial.atoom.space\/en\/?s={search_term_string}"},"query-input":{"@type":"PropertyValueSpecification","valueRequired":true,"valueName":"search_term_string"}}],"inLanguage":"en-US"}]}},"_links":{"self":[{"href":"https:\/\/ticsalutsocial.atoom.space\/en\/wp-json\/wp\/v2\/event\/24825","targetHints":{"allow":["GET"]}}],"collection":[{"href":"https:\/\/ticsalutsocial.atoom.space\/en\/wp-json\/wp\/v2\/event"}],"about":[{"href":"https:\/\/ticsalutsocial.atoom.space\/en\/wp-json\/wp\/v2\/types\/event"}],"wp:featuredmedia":[{"embeddable":true,"href":"https:\/\/ticsalutsocial.atoom.space\/en\/wp-json\/wp\/v2\/media\/24823"}],"wp:attachment":[{"href":"https:\/\/ticsalutsocial.atoom.space\/en\/wp-json\/wp\/v2\/media?parent=24825"}],"wp:term":[{"taxonomy":"tipus","embeddable":true,"href":"https:\/\/ticsalutsocial.atoom.space\/en\/wp-json\/wp\/v2\/tipus?post=24825"},{"taxonomy":"topic","embeddable":true,"href":"https:\/\/ticsalutsocial.atoom.space\/en\/wp-json\/wp\/v2\/topic?post=24825"}],"curies":[{"name":"wp","href":"https:\/\/api.w.org\/{rel}","templated":true}]}}