
{"id":29186,"date":"2024-11-20T17:19:42","date_gmt":"2024-11-20T15:19:42","guid":{"rendered":"https:\/\/ticsalutsocial.atoom.space\/event\/integracio-dels-drons-en-salut-a-catalunya-experiencies-de-logistica-sanitaria-i-nous-casos-daplicacio-clinica-i-demergencies-sanitaries\/"},"modified":"2024-11-27T10:59:00","modified_gmt":"2024-11-27T08:59:00","slug":"integracio-dels-drons-en-salut-a-catalunya-experiencies-de-logistica-sanitaria-i-nous-casos-daplicacio-clinica-i-demergencies-sanitaries","status":"publish","type":"event","link":"https:\/\/ticsalutsocial.atoom.space\/en\/event\/integracio-dels-drons-en-salut-a-catalunya-experiencies-de-logistica-sanitaria-i-nous-casos-daplicacio-clinica-i-demergencies-sanitaries\/","title":{"rendered":"Integraci\u00f3 dels drons en salut a Catalunya: experi\u00e8ncies de log\u00edstica sanit\u00e0ria i nous casos d\u2019aplicaci\u00f3 cl\u00ednica i d\u2019emerg\u00e8ncies sanit\u00e0ries"},"content":{"rendered":"\n<p>L&#8217;objectiu de l&#8217;acte \u00e9s presentar els resultats de les darreres proves pilot que hem impulsat en l\u2019\u00e0mbit dels drons en salut a Catalunya i el nou projecte de sis mesos de durada que iniciarem a principis d\u2019any amb el Banc de Sang i Teixits. At\u00e8s el context actual, tamb\u00e9 volem aprofitar la jornada per abordar les possibles aplicacions dels drons en l\u2019\u00e0mbit d\u2019emerg\u00e8ncies de salut.<\/p>\n\n\n\n<p><\/p>\n\n\n\n<p><strong>Agenda:<\/strong><\/p>\n\n\n\n<p><strong>Benvinguda<\/strong><br>Joan Guanyabens, Director de la Fundaci\u00f3 TIC Salut Social<\/p>\n\n\n\n<p><strong>Estrat\u00e8gia per a la integraci\u00f3 de drons en l\u2019\u00e0mbit de la salut a Catalunya<\/strong><br>N\u00faria Abd\u00f3n, responsable d\u2019Atenci\u00f3 Digital Personalitzada de la Fundaci\u00f3 TIC Salut Social i coordinadora del grup de treball de drons<\/p>\n\n\n\n<p><strong>Projectes d&#8217;innovaci\u00f3 i casos d&#8217;\u00fas amb drons a la Generalitat de Catalunya <br><\/strong>Llu\u00eds Sancliment, responsable d\u2019Innovaci\u00f3 del CTTI<\/p>\n\n\n\n<p><strong>Resultats de la prova pilot de&nbsp;transport de mostres biol\u00f2giques a la Garrotxa<\/strong><br>N\u00faria Abd\u00f3n, responsable d\u2019Atenci\u00f3 Digital Personalitzada de la Fundaci\u00f3 TIC Salut Social i coordinadora del grup de treball de drons<br>Paula Gassiot, adjunta del laboratori Cl\u00ednic de la Fundaci\u00f3 Hospital d\u2019Olot Comarcal de la Garrotxa<\/p>\n\n\n\n<p><strong>Prova pilot de transport de mostres biol\u00f2giques a l\u2019\u00c0rea Metropolitana Nord<\/strong><br>N\u00faria S\u00e1nchez, Cap de la Unitat Economicofinancera d\u2019Atenci\u00f3 Prim\u00e0ria i a la Comunitat del Vall\u00e8s Occidental i Vall\u00e8s Oriental<br>Susana Malumbres, Cap de Secci\u00f3 Bioqu\u00edmica-Core del Laboratori Cl\u00ednic Metropolitana Nord<br>Sara Iglesias, Adjunta a Direcci\u00f3 del SAP Vall\u00e8s Oriental<\/p>\n\n\n\n<p><strong><strong>Prova Pilot d\u2019implantaci\u00f3 d\u2019un servei de transport de bosses de sang amb drons a la zona de Lleida<\/strong><\/strong><br>Llu\u00eds Sancliment, responsable d\u2019Innovaci\u00f3 del CTTI<\/p>\n\n\n\n<p><strong>Disseny de l\u2019avaluaci\u00f3 de l\u2019aplicaci\u00f3 cl\u00ednica dels drons en pacients amb afectacions dany cerebral<\/strong><br>Neus Dom\u00e8nech, responsable d\u2019Innovaci\u00f3 a la Fundaci\u00f3 Hospital d\u2019Olot Comarcal de la Garrotxa<\/p>\n\n\n\n<p><strong>Utilitat i beneficis dels drons en salut davant situacions d\u2019emerg\u00e8ncies<\/strong><br>Joan Carles G\u00f3mez, cap de l&#8217;\u00c0rea de Serveis especialitzats del SEM<\/p>\n\n\n\n<p><strong>Cloenda<\/strong><br>Jordi Gabald\u00e0, Director de l&#8217;\u00c0rea TIC de Salut del CTTI<\/p>\n\n\n\n<p><\/p>\n\n\n\n<p><a href=\"https:\/\/www.eventbrite.es\/e\/entradas-integracio-dels-drons-en-salut-a-catalunya-1086741044719?aff=oddtdtcreator\" target=\"_blank\" rel=\"noreferrer noopener\">Cal inscripci\u00f3 pr\u00e8via tant per la modalitat presencial com per streaming en aquest enlla\u00e7<\/a><\/p>\n","protected":false},"featured_media":29184,"menu_order":0,"template":"","meta":{"_acf_changed":true,"inline_featured_image":false},"tipus":[],"topic":[116],"class_list":["post-29186","event","type-event","status-publish","has-post-thumbnail","hentry","topic-events"],"acf":{"imatge":29184,"informacio":{"ubicacio":"Sala d\u2019Actes del Departament de Salut (Pavell\u00f3 Ave Maria, Travessera de les Corts, 131, 159, Barcelona). Tamb\u00e9 es retransmetr\u00e0 per streaming.","data":"29\/11\/2024","hora":"10:00 h - 11:45 h","preu":"","inscripcions":"https:\/\/www.eventbrite.es\/e\/entradas-integracio-dels-drons-en-salut-a-catalunya-1086741044719?aff=oddtdtcreator"},"programa":{"titol":"","items":false}},"yoast_head":"<!-- This site is optimized with the Yoast SEO plugin v27.1.1 - https:\/\/yoast.com\/product\/yoast-seo-wordpress\/ -->\n<title>Integraci\u00f3 dels drons en salut a Catalunya: experi\u00e8ncies de log\u00edstica sanit\u00e0ria i nous casos d\u2019aplicaci\u00f3 cl\u00ednica i d\u2019emerg\u00e8ncies sanit\u00e0ries - Fundaci\u00f3 TIC Salut i Social<\/title>\n<meta name=\"description\" content=\"L&#039;objectiu de l&#039;acte \u00e9s presentar els resultats de les darreres proves pilot que hem impulsat en l\u2019\u00e0mbit dels drons en salut a Catalunya\" \/>\n<meta name=\"robots\" content=\"index, follow, max-snippet:-1, max-image-preview:large, max-video-preview:-1\" \/>\n<link rel=\"canonical\" href=\"https:\/\/ticsalutsocial.atoom.space\/en\/event\/integracio-dels-drons-en-salut-a-catalunya-experiencies-de-logistica-sanitaria-i-nous-casos-daplicacio-clinica-i-demergencies-sanitaries\/\" \/>\n<meta property=\"og:locale\" content=\"en_US\" \/>\n<meta property=\"og:type\" content=\"article\" \/>\n<meta property=\"og:title\" content=\"Integraci\u00f3 dels drons en salut a Catalunya: experi\u00e8ncies de log\u00edstica sanit\u00e0ria i nous casos d\u2019aplicaci\u00f3 cl\u00ednica i d\u2019emerg\u00e8ncies sanit\u00e0ries - Fundaci\u00f3 TIC Salut i Social\" \/>\n<meta property=\"og:description\" content=\"L&#039;objectiu de l&#039;acte \u00e9s presentar els resultats de les darreres proves pilot que hem impulsat en l\u2019\u00e0mbit dels drons en salut a Catalunya\" \/>\n<meta property=\"og:url\" content=\"https:\/\/ticsalutsocial.atoom.space\/en\/event\/integracio-dels-drons-en-salut-a-catalunya-experiencies-de-logistica-sanitaria-i-nous-casos-daplicacio-clinica-i-demergencies-sanitaries\/\" \/>\n<meta property=\"og:site_name\" content=\"Fundaci\u00f3 TIC Salut i Social\" \/>\n<meta property=\"article:modified_time\" content=\"2024-11-27T08:59:00+00:00\" \/>\n<meta property=\"og:image\" content=\"https:\/\/ticsalutsocial.atoom.space\/wp-content\/uploads\/2024\/11\/Integracio-dels-drons-en-salut.jpg\" \/>\n\t<meta property=\"og:image:width\" content=\"1280\" \/>\n\t<meta property=\"og:image:height\" content=\"960\" \/>\n\t<meta property=\"og:image:type\" content=\"image\/jpeg\" \/>\n<meta name=\"twitter:card\" content=\"summary_large_image\" \/>\n<meta name=\"twitter:label1\" content=\"Est. reading time\" \/>\n\t<meta name=\"twitter:data1\" content=\"2 minutes\" \/>\n<script type=\"application\/ld+json\" class=\"yoast-schema-graph\">{\"@context\":\"https:\/\/schema.org\",\"@graph\":[{\"@type\":\"WebPage\",\"@id\":\"https:\/\/ticsalutsocial.atoom.space\/en\/event\/integracio-dels-drons-en-salut-a-catalunya-experiencies-de-logistica-sanitaria-i-nous-casos-daplicacio-clinica-i-demergencies-sanitaries\/\",\"url\":\"https:\/\/ticsalutsocial.atoom.space\/en\/event\/integracio-dels-drons-en-salut-a-catalunya-experiencies-de-logistica-sanitaria-i-nous-casos-daplicacio-clinica-i-demergencies-sanitaries\/\",\"name\":\"Integraci\u00f3 dels drons en salut a Catalunya: experi\u00e8ncies de log\u00edstica sanit\u00e0ria i nous casos d\u2019aplicaci\u00f3 cl\u00ednica i d\u2019emerg\u00e8ncies sanit\u00e0ries - Fundaci\u00f3 TIC Salut i Social\",\"isPartOf\":{\"@id\":\"https:\/\/ticsalutsocial.atoom.space\/en\/#website\"},\"primaryImageOfPage\":{\"@id\":\"https:\/\/ticsalutsocial.atoom.space\/en\/event\/integracio-dels-drons-en-salut-a-catalunya-experiencies-de-logistica-sanitaria-i-nous-casos-daplicacio-clinica-i-demergencies-sanitaries\/#primaryimage\"},\"image\":{\"@id\":\"https:\/\/ticsalutsocial.atoom.space\/en\/event\/integracio-dels-drons-en-salut-a-catalunya-experiencies-de-logistica-sanitaria-i-nous-casos-daplicacio-clinica-i-demergencies-sanitaries\/#primaryimage\"},\"thumbnailUrl\":\"https:\/\/ticsalutsocial.atoom.space\/wp-content\/uploads\/2024\/11\/Integracio-dels-drons-en-salut.jpg\",\"datePublished\":\"2024-11-20T15:19:42+00:00\",\"dateModified\":\"2024-11-27T08:59:00+00:00\",\"description\":\"L'objectiu de l'acte \u00e9s presentar els resultats de les darreres proves pilot que hem impulsat en l\u2019\u00e0mbit dels drons en salut a Catalunya\",\"breadcrumb\":{\"@id\":\"https:\/\/ticsalutsocial.atoom.space\/en\/event\/integracio-dels-drons-en-salut-a-catalunya-experiencies-de-logistica-sanitaria-i-nous-casos-daplicacio-clinica-i-demergencies-sanitaries\/#breadcrumb\"},\"inLanguage\":\"en-US\",\"potentialAction\":[{\"@type\":\"ReadAction\",\"target\":[\"https:\/\/ticsalutsocial.atoom.space\/en\/event\/integracio-dels-drons-en-salut-a-catalunya-experiencies-de-logistica-sanitaria-i-nous-casos-daplicacio-clinica-i-demergencies-sanitaries\/\"]}]},{\"@type\":\"ImageObject\",\"inLanguage\":\"en-US\",\"@id\":\"https:\/\/ticsalutsocial.atoom.space\/en\/event\/integracio-dels-drons-en-salut-a-catalunya-experiencies-de-logistica-sanitaria-i-nous-casos-daplicacio-clinica-i-demergencies-sanitaries\/#primaryimage\",\"url\":\"https:\/\/ticsalutsocial.atoom.space\/wp-content\/uploads\/2024\/11\/Integracio-dels-drons-en-salut.jpg\",\"contentUrl\":\"https:\/\/ticsalutsocial.atoom.space\/wp-content\/uploads\/2024\/11\/Integracio-dels-drons-en-salut.jpg\",\"width\":1280,\"height\":960,\"caption\":\"Integracio\u0301 dels drons en salut\"},{\"@type\":\"BreadcrumbList\",\"@id\":\"https:\/\/ticsalutsocial.atoom.space\/en\/event\/integracio-dels-drons-en-salut-a-catalunya-experiencies-de-logistica-sanitaria-i-nous-casos-daplicacio-clinica-i-demergencies-sanitaries\/#breadcrumb\",\"itemListElement\":[{\"@type\":\"ListItem\",\"position\":1,\"name\":\"Inici\",\"item\":\"https:\/\/ticsalutsocial.atoom.space\/en\/\"},{\"@type\":\"ListItem\",\"position\":2,\"name\":\"Integraci\u00f3 dels drons en salut a Catalunya: experi\u00e8ncies de log\u00edstica sanit\u00e0ria i nous casos d\u2019aplicaci\u00f3 cl\u00ednica i d\u2019emerg\u00e8ncies sanit\u00e0ries\"}]},{\"@type\":\"WebSite\",\"@id\":\"https:\/\/ticsalutsocial.atoom.space\/en\/#website\",\"url\":\"https:\/\/ticsalutsocial.atoom.space\/en\/\",\"name\":\"Fundaci\u00f3 TIC Salut i Social\",\"description\":\"\",\"potentialAction\":[{\"@type\":\"SearchAction\",\"target\":{\"@type\":\"EntryPoint\",\"urlTemplate\":\"https:\/\/ticsalutsocial.atoom.space\/en\/?s={search_term_string}\"},\"query-input\":{\"@type\":\"PropertyValueSpecification\",\"valueRequired\":true,\"valueName\":\"search_term_string\"}}],\"inLanguage\":\"en-US\"}]}<\/script>\n<!-- \/ Yoast SEO plugin. -->","yoast_head_json":{"title":"Integraci\u00f3 dels drons en salut a Catalunya: experi\u00e8ncies de log\u00edstica sanit\u00e0ria i nous casos d\u2019aplicaci\u00f3 cl\u00ednica i d\u2019emerg\u00e8ncies sanit\u00e0ries - Fundaci\u00f3 TIC Salut i Social","description":"L'objectiu de l'acte \u00e9s presentar els resultats de les darreres proves pilot que hem impulsat en l\u2019\u00e0mbit dels drons en salut a Catalunya","robots":{"index":"index","follow":"follow","max-snippet":"max-snippet:-1","max-image-preview":"max-image-preview:large","max-video-preview":"max-video-preview:-1"},"canonical":"https:\/\/ticsalutsocial.atoom.space\/en\/event\/integracio-dels-drons-en-salut-a-catalunya-experiencies-de-logistica-sanitaria-i-nous-casos-daplicacio-clinica-i-demergencies-sanitaries\/","og_locale":"en_US","og_type":"article","og_title":"Integraci\u00f3 dels drons en salut a Catalunya: experi\u00e8ncies de log\u00edstica sanit\u00e0ria i nous casos d\u2019aplicaci\u00f3 cl\u00ednica i d\u2019emerg\u00e8ncies sanit\u00e0ries - Fundaci\u00f3 TIC Salut i Social","og_description":"L'objectiu de l'acte \u00e9s presentar els resultats de les darreres proves pilot que hem impulsat en l\u2019\u00e0mbit dels drons en salut a Catalunya","og_url":"https:\/\/ticsalutsocial.atoom.space\/en\/event\/integracio-dels-drons-en-salut-a-catalunya-experiencies-de-logistica-sanitaria-i-nous-casos-daplicacio-clinica-i-demergencies-sanitaries\/","og_site_name":"Fundaci\u00f3 TIC Salut i Social","article_modified_time":"2024-11-27T08:59:00+00:00","og_image":[{"width":1280,"height":960,"url":"https:\/\/ticsalutsocial.atoom.space\/wp-content\/uploads\/2024\/11\/Integracio-dels-drons-en-salut.jpg","type":"image\/jpeg"}],"twitter_card":"summary_large_image","twitter_misc":{"Est. reading time":"2 minutes"},"schema":{"@context":"https:\/\/schema.org","@graph":[{"@type":"WebPage","@id":"https:\/\/ticsalutsocial.atoom.space\/en\/event\/integracio-dels-drons-en-salut-a-catalunya-experiencies-de-logistica-sanitaria-i-nous-casos-daplicacio-clinica-i-demergencies-sanitaries\/","url":"https:\/\/ticsalutsocial.atoom.space\/en\/event\/integracio-dels-drons-en-salut-a-catalunya-experiencies-de-logistica-sanitaria-i-nous-casos-daplicacio-clinica-i-demergencies-sanitaries\/","name":"Integraci\u00f3 dels drons en salut a Catalunya: experi\u00e8ncies de log\u00edstica sanit\u00e0ria i nous casos d\u2019aplicaci\u00f3 cl\u00ednica i d\u2019emerg\u00e8ncies sanit\u00e0ries - Fundaci\u00f3 TIC Salut i Social","isPartOf":{"@id":"https:\/\/ticsalutsocial.atoom.space\/en\/#website"},"primaryImageOfPage":{"@id":"https:\/\/ticsalutsocial.atoom.space\/en\/event\/integracio-dels-drons-en-salut-a-catalunya-experiencies-de-logistica-sanitaria-i-nous-casos-daplicacio-clinica-i-demergencies-sanitaries\/#primaryimage"},"image":{"@id":"https:\/\/ticsalutsocial.atoom.space\/en\/event\/integracio-dels-drons-en-salut-a-catalunya-experiencies-de-logistica-sanitaria-i-nous-casos-daplicacio-clinica-i-demergencies-sanitaries\/#primaryimage"},"thumbnailUrl":"https:\/\/ticsalutsocial.atoom.space\/wp-content\/uploads\/2024\/11\/Integracio-dels-drons-en-salut.jpg","datePublished":"2024-11-20T15:19:42+00:00","dateModified":"2024-11-27T08:59:00+00:00","description":"L'objectiu de l'acte \u00e9s presentar els resultats de les darreres proves pilot que hem impulsat en l\u2019\u00e0mbit dels drons en salut a Catalunya","breadcrumb":{"@id":"https:\/\/ticsalutsocial.atoom.space\/en\/event\/integracio-dels-drons-en-salut-a-catalunya-experiencies-de-logistica-sanitaria-i-nous-casos-daplicacio-clinica-i-demergencies-sanitaries\/#breadcrumb"},"inLanguage":"en-US","potentialAction":[{"@type":"ReadAction","target":["https:\/\/ticsalutsocial.atoom.space\/en\/event\/integracio-dels-drons-en-salut-a-catalunya-experiencies-de-logistica-sanitaria-i-nous-casos-daplicacio-clinica-i-demergencies-sanitaries\/"]}]},{"@type":"ImageObject","inLanguage":"en-US","@id":"https:\/\/ticsalutsocial.atoom.space\/en\/event\/integracio-dels-drons-en-salut-a-catalunya-experiencies-de-logistica-sanitaria-i-nous-casos-daplicacio-clinica-i-demergencies-sanitaries\/#primaryimage","url":"https:\/\/ticsalutsocial.atoom.space\/wp-content\/uploads\/2024\/11\/Integracio-dels-drons-en-salut.jpg","contentUrl":"https:\/\/ticsalutsocial.atoom.space\/wp-content\/uploads\/2024\/11\/Integracio-dels-drons-en-salut.jpg","width":1280,"height":960,"caption":"Integracio\u0301 dels drons en salut"},{"@type":"BreadcrumbList","@id":"https:\/\/ticsalutsocial.atoom.space\/en\/event\/integracio-dels-drons-en-salut-a-catalunya-experiencies-de-logistica-sanitaria-i-nous-casos-daplicacio-clinica-i-demergencies-sanitaries\/#breadcrumb","itemListElement":[{"@type":"ListItem","position":1,"name":"Inici","item":"https:\/\/ticsalutsocial.atoom.space\/en\/"},{"@type":"ListItem","position":2,"name":"Integraci\u00f3 dels drons en salut a Catalunya: experi\u00e8ncies de log\u00edstica sanit\u00e0ria i nous casos d\u2019aplicaci\u00f3 cl\u00ednica i d\u2019emerg\u00e8ncies sanit\u00e0ries"}]},{"@type":"WebSite","@id":"https:\/\/ticsalutsocial.atoom.space\/en\/#website","url":"https:\/\/ticsalutsocial.atoom.space\/en\/","name":"Fundaci\u00f3 TIC Salut i Social","description":"","potentialAction":[{"@type":"SearchAction","target":{"@type":"EntryPoint","urlTemplate":"https:\/\/ticsalutsocial.atoom.space\/en\/?s={search_term_string}"},"query-input":{"@type":"PropertyValueSpecification","valueRequired":true,"valueName":"search_term_string"}}],"inLanguage":"en-US"}]}},"_links":{"self":[{"href":"https:\/\/ticsalutsocial.atoom.space\/en\/wp-json\/wp\/v2\/event\/29186","targetHints":{"allow":["GET"]}}],"collection":[{"href":"https:\/\/ticsalutsocial.atoom.space\/en\/wp-json\/wp\/v2\/event"}],"about":[{"href":"https:\/\/ticsalutsocial.atoom.space\/en\/wp-json\/wp\/v2\/types\/event"}],"wp:featuredmedia":[{"embeddable":true,"href":"https:\/\/ticsalutsocial.atoom.space\/en\/wp-json\/wp\/v2\/media\/29184"}],"wp:attachment":[{"href":"https:\/\/ticsalutsocial.atoom.space\/en\/wp-json\/wp\/v2\/media?parent=29186"}],"wp:term":[{"taxonomy":"tipus","embeddable":true,"href":"https:\/\/ticsalutsocial.atoom.space\/en\/wp-json\/wp\/v2\/tipus?post=29186"},{"taxonomy":"topic","embeddable":true,"href":"https:\/\/ticsalutsocial.atoom.space\/en\/wp-json\/wp\/v2\/topic?post=29186"}],"curies":[{"name":"wp","href":"https:\/\/api.w.org\/{rel}","templated":true}]}}