
{"id":29398,"date":"2024-12-09T13:20:14","date_gmt":"2024-12-09T11:20:14","guid":{"rendered":"https:\/\/ticsalutsocial.atoom.space\/event\/innovacio-en-salut-derivacio-inversa-i-intelligencia-artificial-per-optimitzar-les-urgencies\/"},"modified":"2024-12-09T13:20:14","modified_gmt":"2024-12-09T11:20:14","slug":"innovacio-en-salut-derivacio-inversa-i-intelligencia-artificial-per-optimitzar-les-urgencies","status":"publish","type":"event","link":"https:\/\/ticsalutsocial.atoom.space\/en\/event\/innovacio-en-salut-derivacio-inversa-i-intelligencia-artificial-per-optimitzar-les-urgencies\/","title":{"rendered":"Innovaci\u00f3 en salut: derivaci\u00f3 inversa i intel\u00b7lig\u00e8ncia artificial per optimitzar les urg\u00e8ncies"},"content":{"rendered":"\n<p>Descobreix els resultats del&nbsp;<strong>nou&nbsp;<\/strong><strong>sistema pioner d\u2019intel\u00b7lig\u00e8ncia artificial&nbsp;<\/strong>que utilitzen el Servei d&#8217;Urg\u00e8ncies de l&#8217;Hospital Universitari Arnau de Vilanova i el CUAP Lleida&nbsp;<strong>per&nbsp;<\/strong><strong>optimitzar els recursos sanitaris i millorar l\u2019experi\u00e8ncia del pacient.<\/strong><\/p>\n\n\n\n<p>El sistema basat en intel\u00b7lig\u00e8ncia artificial indica als pacients quin dels dos centres d\u2019urg\u00e8ncies \u00e9s el m\u00e9s adequat per atendre\u2019ls en funci\u00f3 de la gravetat dels seus s\u00edmptomes. L\u2019eina es va testar l\u2019hivern passat amb resultats molt positius.<\/p>\n\n\n\n<p><a href=\"https:\/\/www.eventbrite.com\/e\/entradas-innovacio-en-salut-derivacio-inversa-i-ia-per-optimitzar-les-urgencies-1109083481549?aff=oddtdtcreator\" target=\"_blank\" rel=\"noreferrer noopener\"><strong>Per assistir a l&#8217;esdeveniment en l\u00ednia en directe, cal inscripci\u00f3 pr\u00e8via en aquest enlla\u00e7.<\/strong><\/a><\/p>\n\n\n\n<p><\/p>\n\n\n\n<h3 class=\"wp-block-heading\">Agenda<\/h3>\n\n\n\n<p><strong>12:00h Introducci\u00f3<\/strong><\/p>\n\n\n\n<p>Joan Guanyabens, Director de la Fundaci\u00f3 TIC Salut Social.<\/p>\n\n\n\n<p><strong>12:05: Presentaci\u00f3 del projecte de derivaci\u00f3 inversa amb intel\u00b7lig\u00e8ncia artificial<\/strong><\/p>\n\n\n\n<p>Dr. Oriol Yuguero, cap del Servei d\u2019Urg\u00e8ncies de l\u2019Hospital Universitari Arnau de Vilanova i Investigador Principal del grup de recerca e-RLab de l&#8217;eHealth Center de la UOC.<\/p>\n\n\n\n<p><strong>12:30h Demostraci\u00f3 de l\u2019eina Mediktor<\/strong><\/p>\n\n\n\n<p>Dr. Oscar Garcia-Esquirol, Chief Medical Office i Co-fundador de Mediktor.<\/p>\n\n\n\n<p><strong>12:40h L\u2019avaluaci\u00f3, pilar del projecte i de la salut digital<\/strong><\/p>\n\n\n\n<p>Dra. Marta Aymerich, Directora de l&#8217;eHealth Center de la UOC.<\/p>\n\n\n\n<p><strong>12:50h Torn obert de preguntes<\/strong><\/p>\n\n\n\n<p><strong>13:00h Fi de la sessi\u00f3<\/strong><\/p>\n","protected":false},"featured_media":0,"menu_order":0,"template":"","meta":{"_acf_changed":true,"inline_featured_image":false},"tipus":[719],"topic":[116],"class_list":["post-29398","event","type-event","status-publish","hentry","tipus-artificial-intelligence","topic-events"],"acf":{"imatge":29369,"informacio":{"ubicacio":"En l\u00ednia","data":"13\/12\/2024","hora":"12:00h a 13:00h","preu":"Gratu\u00eft","inscripcions":"https:\/\/www.eventbrite.com\/e\/entradas-innovacio-en-salut-derivacio-inversa-i-ia-per-optimitzar-les-urgencies-1109083481549?aff=oddtdtcreator"},"programa":{"titol":"","items":false}},"yoast_head":"<!-- This site is optimized with the Yoast SEO plugin v27.1.1 - https:\/\/yoast.com\/product\/yoast-seo-wordpress\/ -->\n<title>Innovaci\u00f3 en salut: derivaci\u00f3 inversa i intel\u00b7lig\u00e8ncia artificial per optimitzar les urg\u00e8ncies - Fundaci\u00f3 TIC Salut i Social<\/title>\n<meta name=\"robots\" content=\"index, follow, max-snippet:-1, max-image-preview:large, max-video-preview:-1\" \/>\n<link rel=\"canonical\" href=\"https:\/\/ticsalutsocial.atoom.space\/en\/event\/innovacio-en-salut-derivacio-inversa-i-intelligencia-artificial-per-optimitzar-les-urgencies\/\" \/>\n<meta property=\"og:locale\" content=\"en_US\" \/>\n<meta property=\"og:type\" content=\"article\" \/>\n<meta property=\"og:title\" content=\"Innovaci\u00f3 en salut: derivaci\u00f3 inversa i intel\u00b7lig\u00e8ncia artificial per optimitzar les urg\u00e8ncies - Fundaci\u00f3 TIC Salut i Social\" \/>\n<meta property=\"og:description\" content=\"Descobreix els resultats del&nbsp;nou&nbsp;sistema pioner d\u2019intel\u00b7lig\u00e8ncia artificial&nbsp;que utilitzen el Servei d&#8217;Urg\u00e8ncies de l&#8217;Hospital Universitari Arnau de Vilanova i el CUAP Lleida&nbsp;per&nbsp;optimitzar els recursos sanitaris i millorar l\u2019experi\u00e8ncia del pacient. El sistema basat en intel\u00b7lig\u00e8ncia artificial indica als pacients quin dels dos centres d\u2019urg\u00e8ncies \u00e9s el m\u00e9s adequat per atendre\u2019ls en funci\u00f3 de la gravetat dels [&hellip;]\" \/>\n<meta property=\"og:url\" content=\"https:\/\/ticsalutsocial.atoom.space\/en\/event\/innovacio-en-salut-derivacio-inversa-i-intelligencia-artificial-per-optimitzar-les-urgencies\/\" \/>\n<meta property=\"og:site_name\" content=\"Fundaci\u00f3 TIC Salut i Social\" \/>\n<meta name=\"twitter:card\" content=\"summary_large_image\" \/>\n<meta name=\"twitter:label1\" content=\"Est. reading time\" \/>\n\t<meta name=\"twitter:data1\" content=\"1 minute\" \/>\n<script type=\"application\/ld+json\" class=\"yoast-schema-graph\">{\"@context\":\"https:\/\/schema.org\",\"@graph\":[{\"@type\":\"WebPage\",\"@id\":\"https:\/\/ticsalutsocial.atoom.space\/en\/event\/innovacio-en-salut-derivacio-inversa-i-intelligencia-artificial-per-optimitzar-les-urgencies\/\",\"url\":\"https:\/\/ticsalutsocial.atoom.space\/en\/event\/innovacio-en-salut-derivacio-inversa-i-intelligencia-artificial-per-optimitzar-les-urgencies\/\",\"name\":\"Innovaci\u00f3 en salut: derivaci\u00f3 inversa i intel\u00b7lig\u00e8ncia artificial per optimitzar les urg\u00e8ncies - Fundaci\u00f3 TIC Salut i Social\",\"isPartOf\":{\"@id\":\"https:\/\/ticsalutsocial.atoom.space\/en\/#website\"},\"datePublished\":\"2024-12-09T11:20:14+00:00\",\"breadcrumb\":{\"@id\":\"https:\/\/ticsalutsocial.atoom.space\/en\/event\/innovacio-en-salut-derivacio-inversa-i-intelligencia-artificial-per-optimitzar-les-urgencies\/#breadcrumb\"},\"inLanguage\":\"en-US\",\"potentialAction\":[{\"@type\":\"ReadAction\",\"target\":[\"https:\/\/ticsalutsocial.atoom.space\/en\/event\/innovacio-en-salut-derivacio-inversa-i-intelligencia-artificial-per-optimitzar-les-urgencies\/\"]}]},{\"@type\":\"BreadcrumbList\",\"@id\":\"https:\/\/ticsalutsocial.atoom.space\/en\/event\/innovacio-en-salut-derivacio-inversa-i-intelligencia-artificial-per-optimitzar-les-urgencies\/#breadcrumb\",\"itemListElement\":[{\"@type\":\"ListItem\",\"position\":1,\"name\":\"Inici\",\"item\":\"https:\/\/ticsalutsocial.atoom.space\/en\/\"},{\"@type\":\"ListItem\",\"position\":2,\"name\":\"Innovaci\u00f3 en salut: derivaci\u00f3 inversa i intel\u00b7lig\u00e8ncia artificial per optimitzar les urg\u00e8ncies\"}]},{\"@type\":\"WebSite\",\"@id\":\"https:\/\/ticsalutsocial.atoom.space\/en\/#website\",\"url\":\"https:\/\/ticsalutsocial.atoom.space\/en\/\",\"name\":\"Fundaci\u00f3 TIC Salut i Social\",\"description\":\"\",\"potentialAction\":[{\"@type\":\"SearchAction\",\"target\":{\"@type\":\"EntryPoint\",\"urlTemplate\":\"https:\/\/ticsalutsocial.atoom.space\/en\/?s={search_term_string}\"},\"query-input\":{\"@type\":\"PropertyValueSpecification\",\"valueRequired\":true,\"valueName\":\"search_term_string\"}}],\"inLanguage\":\"en-US\"}]}<\/script>\n<!-- \/ Yoast SEO plugin. -->","yoast_head_json":{"title":"Innovaci\u00f3 en salut: derivaci\u00f3 inversa i intel\u00b7lig\u00e8ncia artificial per optimitzar les urg\u00e8ncies - Fundaci\u00f3 TIC Salut i Social","robots":{"index":"index","follow":"follow","max-snippet":"max-snippet:-1","max-image-preview":"max-image-preview:large","max-video-preview":"max-video-preview:-1"},"canonical":"https:\/\/ticsalutsocial.atoom.space\/en\/event\/innovacio-en-salut-derivacio-inversa-i-intelligencia-artificial-per-optimitzar-les-urgencies\/","og_locale":"en_US","og_type":"article","og_title":"Innovaci\u00f3 en salut: derivaci\u00f3 inversa i intel\u00b7lig\u00e8ncia artificial per optimitzar les urg\u00e8ncies - Fundaci\u00f3 TIC Salut i Social","og_description":"Descobreix els resultats del&nbsp;nou&nbsp;sistema pioner d\u2019intel\u00b7lig\u00e8ncia artificial&nbsp;que utilitzen el Servei d&#8217;Urg\u00e8ncies de l&#8217;Hospital Universitari Arnau de Vilanova i el CUAP Lleida&nbsp;per&nbsp;optimitzar els recursos sanitaris i millorar l\u2019experi\u00e8ncia del pacient. El sistema basat en intel\u00b7lig\u00e8ncia artificial indica als pacients quin dels dos centres d\u2019urg\u00e8ncies \u00e9s el m\u00e9s adequat per atendre\u2019ls en funci\u00f3 de la gravetat dels [&hellip;]","og_url":"https:\/\/ticsalutsocial.atoom.space\/en\/event\/innovacio-en-salut-derivacio-inversa-i-intelligencia-artificial-per-optimitzar-les-urgencies\/","og_site_name":"Fundaci\u00f3 TIC Salut i Social","twitter_card":"summary_large_image","twitter_misc":{"Est. reading time":"1 minute"},"schema":{"@context":"https:\/\/schema.org","@graph":[{"@type":"WebPage","@id":"https:\/\/ticsalutsocial.atoom.space\/en\/event\/innovacio-en-salut-derivacio-inversa-i-intelligencia-artificial-per-optimitzar-les-urgencies\/","url":"https:\/\/ticsalutsocial.atoom.space\/en\/event\/innovacio-en-salut-derivacio-inversa-i-intelligencia-artificial-per-optimitzar-les-urgencies\/","name":"Innovaci\u00f3 en salut: derivaci\u00f3 inversa i intel\u00b7lig\u00e8ncia artificial per optimitzar les urg\u00e8ncies - Fundaci\u00f3 TIC Salut i Social","isPartOf":{"@id":"https:\/\/ticsalutsocial.atoom.space\/en\/#website"},"datePublished":"2024-12-09T11:20:14+00:00","breadcrumb":{"@id":"https:\/\/ticsalutsocial.atoom.space\/en\/event\/innovacio-en-salut-derivacio-inversa-i-intelligencia-artificial-per-optimitzar-les-urgencies\/#breadcrumb"},"inLanguage":"en-US","potentialAction":[{"@type":"ReadAction","target":["https:\/\/ticsalutsocial.atoom.space\/en\/event\/innovacio-en-salut-derivacio-inversa-i-intelligencia-artificial-per-optimitzar-les-urgencies\/"]}]},{"@type":"BreadcrumbList","@id":"https:\/\/ticsalutsocial.atoom.space\/en\/event\/innovacio-en-salut-derivacio-inversa-i-intelligencia-artificial-per-optimitzar-les-urgencies\/#breadcrumb","itemListElement":[{"@type":"ListItem","position":1,"name":"Inici","item":"https:\/\/ticsalutsocial.atoom.space\/en\/"},{"@type":"ListItem","position":2,"name":"Innovaci\u00f3 en salut: derivaci\u00f3 inversa i intel\u00b7lig\u00e8ncia artificial per optimitzar les urg\u00e8ncies"}]},{"@type":"WebSite","@id":"https:\/\/ticsalutsocial.atoom.space\/en\/#website","url":"https:\/\/ticsalutsocial.atoom.space\/en\/","name":"Fundaci\u00f3 TIC Salut i Social","description":"","potentialAction":[{"@type":"SearchAction","target":{"@type":"EntryPoint","urlTemplate":"https:\/\/ticsalutsocial.atoom.space\/en\/?s={search_term_string}"},"query-input":{"@type":"PropertyValueSpecification","valueRequired":true,"valueName":"search_term_string"}}],"inLanguage":"en-US"}]}},"_links":{"self":[{"href":"https:\/\/ticsalutsocial.atoom.space\/en\/wp-json\/wp\/v2\/event\/29398","targetHints":{"allow":["GET"]}}],"collection":[{"href":"https:\/\/ticsalutsocial.atoom.space\/en\/wp-json\/wp\/v2\/event"}],"about":[{"href":"https:\/\/ticsalutsocial.atoom.space\/en\/wp-json\/wp\/v2\/types\/event"}],"wp:attachment":[{"href":"https:\/\/ticsalutsocial.atoom.space\/en\/wp-json\/wp\/v2\/media?parent=29398"}],"wp:term":[{"taxonomy":"tipus","embeddable":true,"href":"https:\/\/ticsalutsocial.atoom.space\/en\/wp-json\/wp\/v2\/tipus?post=29398"},{"taxonomy":"topic","embeddable":true,"href":"https:\/\/ticsalutsocial.atoom.space\/en\/wp-json\/wp\/v2\/topic?post=29398"}],"curies":[{"name":"wp","href":"https:\/\/api.w.org\/{rel}","templated":true}]}}