
{"id":30117,"date":"2025-01-23T13:44:47","date_gmt":"2025-01-23T11:44:47","guid":{"rendered":"https:\/\/ticsalutsocial.atoom.space\/event\/presentacio-plataforma-medicina-de-precisio-omiq-hes\/"},"modified":"2025-01-28T11:08:25","modified_gmt":"2025-01-28T09:08:25","slug":"presentacio-plataforma-medicina-de-precisio-omiq-hes","status":"publish","type":"event","link":"https:\/\/ticsalutsocial.atoom.space\/en\/event\/presentacio-plataforma-medicina-de-precisio-omiq-hes\/","title":{"rendered":"Presentation of the Precision Medicine Platform OMIQ-HES"},"content":{"rendered":"<p>Precision medicine represents a paradigm shift in healthcare. It aims to enable more preventive care as well as more effective and safer diagnoses and treatments. It also facilitates the optimization of healthcare spending, promoting system sustainability.<\/p>\n<p>To implement precision medicine, ICT plays a central role. Providing tools that facilitate the care process by incorporating bioinformatics tools ensures equity and sustainability in the healthcare system. Creating an ecosystem for research and innovation is the goal of the Health System Precision Medicine Platform (OMIQ-HES).<\/p>\n<p>This platform, promoted by the Catalan Health System, has the technological support of Bioinformatics Barcelona (BIB), Genomcore, and Fujitsu.<\/p>\n<p><strong>10:00 Opening<\/strong><br \/>\nAlfredo Garc\u00eda. Director of the Catalan Health Service (Servei Catal\u00e0 de la Salut).<br \/>\nAna Ripoll. President of Bioinformatics Barcelona (BIB).<\/p>\n<p><strong>10:15 Precision medicine in Catalonia<\/strong><br \/>\nJosep M\u00aa Borr\u00e0s. Director of the Cancer Master Plan of Catalonia.<br \/>\nJosep Tabernero. Chair of the Scientific Advisory Committee of the Precision Oncology Program, Catalan Health Service.<br \/>\nAlbert Barber\u00e0. Director of External Strategy at Vall Hebron Institute of Research and Board Member of Bioinformatics Barcelona (BIB).<\/p>\n<p><strong>11:00 Coffee<\/strong><\/p>\n<p><strong>11:30 Presentation of the health system&#8217;s precision medicine platform (OMIQ-HES)<\/strong><br \/>\nPol P\u00e9rez. General Coordinator of the Information and Communication Technologies Area, Catalan Health Service.<br \/>\nCarlos Gallego. Director of the OMIQ-HES Platform.<\/p>\n<p><strong>12:00 The technological and bioinformatics commitment to precision medicine in Catalonia<\/strong><br \/>\nXavier Sol\u00e9. Bioinformatics Specialist at the CORE Molecular Biology Facility, Hospital Cl\u00ednic de Barcelona.<br \/>\nGuerau Fern\u00e1ndez. Adjunct Specialist in the Laboratory Department, Hospital Sant Joan de D\u00e9u de Barcelona, and Head of the Clinical Bioinformatics Unit.<br \/>\nDiana de la Iglesia. Business Development Director for Genomics AI, Fujitsu.<br \/>\nFernando Vali\u00f1o. Government and Healthcare Sales Lead, Microsoft Spain.<br \/>\nOscar Flores. CEO of Genomcore.<\/p>\n<p>Moderated by Ana Ripoll. President of Bioinformatics Barcelona (BIB).<\/p>\n<p><strong>13:00 Closing remarks<\/strong><br \/>\nAlbert Tort. Secretary of Telecommunications and Digital Transformation, Government of Catalonia.<\/p>\n<p><strong>13:15 Courtesy aperitif<\/strong><\/p>\n","protected":false},"featured_media":0,"menu_order":0,"template":"","meta":{"_acf_changed":false,"inline_featured_image":false},"tipus":[],"topic":[116],"class_list":["post-30117","event","type-event","status-publish","hentry","topic-events"],"acf":{"imatge":30033,"informacio":{"ubicacio":"Aula Magna - Casa Convalesc\u00e8ncia","data":"05\/02\/2025","hora":"10:00 - 13:00","preu":"Gratu\u00eft pr\u00e8via inscripci\u00f3","inscripcions":"https:\/\/www.eventbrite.com\/e\/entradas-presentacio-de-la-plataforma-de-medicina-de-precisio-omiq-hes-1216290871739?aff=oddtdtcreator"},"programa":{"titol":"","items":false},"documents":false},"yoast_head":"<!-- This site is optimized with the Yoast SEO plugin v27.1.1 - https:\/\/yoast.com\/product\/yoast-seo-wordpress\/ -->\n<title>Presentation of the Precision Medicine Platform OMIQ-HES - Fundaci\u00f3 TIC Salut i Social<\/title>\n<meta name=\"robots\" content=\"index, follow, max-snippet:-1, max-image-preview:large, max-video-preview:-1\" \/>\n<link rel=\"canonical\" href=\"https:\/\/ticsalutsocial.atoom.space\/en\/event\/presentacio-plataforma-medicina-de-precisio-omiq-hes\/\" \/>\n<meta property=\"og:locale\" content=\"en_US\" \/>\n<meta property=\"og:type\" content=\"article\" \/>\n<meta property=\"og:title\" content=\"Presentation of the Precision Medicine Platform OMIQ-HES - Fundaci\u00f3 TIC Salut i Social\" \/>\n<meta property=\"og:description\" content=\"Precision medicine represents a paradigm shift in healthcare. It aims to enable more preventive care as well as more effective and safer diagnoses and treatments. It also facilitates the optimization of healthcare spending, promoting system sustainability. To implement precision medicine, ICT plays a central role. Providing tools that facilitate the care process by incorporating bioinformatics [&hellip;]\" \/>\n<meta property=\"og:url\" content=\"https:\/\/ticsalutsocial.atoom.space\/en\/event\/presentacio-plataforma-medicina-de-precisio-omiq-hes\/\" \/>\n<meta property=\"og:site_name\" content=\"Fundaci\u00f3 TIC Salut i Social\" \/>\n<meta property=\"article:modified_time\" content=\"2025-01-28T09:08:25+00:00\" \/>\n<meta name=\"twitter:card\" content=\"summary_large_image\" \/>\n<meta name=\"twitter:label1\" content=\"Est. reading time\" \/>\n\t<meta name=\"twitter:data1\" content=\"2 minutes\" \/>\n<script type=\"application\/ld+json\" class=\"yoast-schema-graph\">{\"@context\":\"https:\/\/schema.org\",\"@graph\":[{\"@type\":\"WebPage\",\"@id\":\"https:\/\/ticsalutsocial.atoom.space\/en\/event\/presentacio-plataforma-medicina-de-precisio-omiq-hes\/\",\"url\":\"https:\/\/ticsalutsocial.atoom.space\/en\/event\/presentacio-plataforma-medicina-de-precisio-omiq-hes\/\",\"name\":\"Presentation of the Precision Medicine Platform OMIQ-HES - Fundaci\u00f3 TIC Salut i Social\",\"isPartOf\":{\"@id\":\"https:\/\/ticsalutsocial.atoom.space\/en\/#website\"},\"datePublished\":\"2025-01-23T11:44:47+00:00\",\"dateModified\":\"2025-01-28T09:08:25+00:00\",\"breadcrumb\":{\"@id\":\"https:\/\/ticsalutsocial.atoom.space\/en\/event\/presentacio-plataforma-medicina-de-precisio-omiq-hes\/#breadcrumb\"},\"inLanguage\":\"en-US\",\"potentialAction\":[{\"@type\":\"ReadAction\",\"target\":[\"https:\/\/ticsalutsocial.atoom.space\/en\/event\/presentacio-plataforma-medicina-de-precisio-omiq-hes\/\"]}]},{\"@type\":\"BreadcrumbList\",\"@id\":\"https:\/\/ticsalutsocial.atoom.space\/en\/event\/presentacio-plataforma-medicina-de-precisio-omiq-hes\/#breadcrumb\",\"itemListElement\":[{\"@type\":\"ListItem\",\"position\":1,\"name\":\"Inici\",\"item\":\"https:\/\/ticsalutsocial.atoom.space\/en\/\"},{\"@type\":\"ListItem\",\"position\":2,\"name\":\"Presentation of the Precision Medicine Platform OMIQ-HES\"}]},{\"@type\":\"WebSite\",\"@id\":\"https:\/\/ticsalutsocial.atoom.space\/en\/#website\",\"url\":\"https:\/\/ticsalutsocial.atoom.space\/en\/\",\"name\":\"Fundaci\u00f3 TIC Salut i Social\",\"description\":\"\",\"potentialAction\":[{\"@type\":\"SearchAction\",\"target\":{\"@type\":\"EntryPoint\",\"urlTemplate\":\"https:\/\/ticsalutsocial.atoom.space\/en\/?s={search_term_string}\"},\"query-input\":{\"@type\":\"PropertyValueSpecification\",\"valueRequired\":true,\"valueName\":\"search_term_string\"}}],\"inLanguage\":\"en-US\"}]}<\/script>\n<!-- \/ Yoast SEO plugin. -->","yoast_head_json":{"title":"Presentation of the Precision Medicine Platform OMIQ-HES - Fundaci\u00f3 TIC Salut i Social","robots":{"index":"index","follow":"follow","max-snippet":"max-snippet:-1","max-image-preview":"max-image-preview:large","max-video-preview":"max-video-preview:-1"},"canonical":"https:\/\/ticsalutsocial.atoom.space\/en\/event\/presentacio-plataforma-medicina-de-precisio-omiq-hes\/","og_locale":"en_US","og_type":"article","og_title":"Presentation of the Precision Medicine Platform OMIQ-HES - Fundaci\u00f3 TIC Salut i Social","og_description":"Precision medicine represents a paradigm shift in healthcare. It aims to enable more preventive care as well as more effective and safer diagnoses and treatments. It also facilitates the optimization of healthcare spending, promoting system sustainability. To implement precision medicine, ICT plays a central role. Providing tools that facilitate the care process by incorporating bioinformatics [&hellip;]","og_url":"https:\/\/ticsalutsocial.atoom.space\/en\/event\/presentacio-plataforma-medicina-de-precisio-omiq-hes\/","og_site_name":"Fundaci\u00f3 TIC Salut i Social","article_modified_time":"2025-01-28T09:08:25+00:00","twitter_card":"summary_large_image","twitter_misc":{"Est. reading time":"2 minutes"},"schema":{"@context":"https:\/\/schema.org","@graph":[{"@type":"WebPage","@id":"https:\/\/ticsalutsocial.atoom.space\/en\/event\/presentacio-plataforma-medicina-de-precisio-omiq-hes\/","url":"https:\/\/ticsalutsocial.atoom.space\/en\/event\/presentacio-plataforma-medicina-de-precisio-omiq-hes\/","name":"Presentation of the Precision Medicine Platform OMIQ-HES - Fundaci\u00f3 TIC Salut i Social","isPartOf":{"@id":"https:\/\/ticsalutsocial.atoom.space\/en\/#website"},"datePublished":"2025-01-23T11:44:47+00:00","dateModified":"2025-01-28T09:08:25+00:00","breadcrumb":{"@id":"https:\/\/ticsalutsocial.atoom.space\/en\/event\/presentacio-plataforma-medicina-de-precisio-omiq-hes\/#breadcrumb"},"inLanguage":"en-US","potentialAction":[{"@type":"ReadAction","target":["https:\/\/ticsalutsocial.atoom.space\/en\/event\/presentacio-plataforma-medicina-de-precisio-omiq-hes\/"]}]},{"@type":"BreadcrumbList","@id":"https:\/\/ticsalutsocial.atoom.space\/en\/event\/presentacio-plataforma-medicina-de-precisio-omiq-hes\/#breadcrumb","itemListElement":[{"@type":"ListItem","position":1,"name":"Inici","item":"https:\/\/ticsalutsocial.atoom.space\/en\/"},{"@type":"ListItem","position":2,"name":"Presentation of the Precision Medicine Platform OMIQ-HES"}]},{"@type":"WebSite","@id":"https:\/\/ticsalutsocial.atoom.space\/en\/#website","url":"https:\/\/ticsalutsocial.atoom.space\/en\/","name":"Fundaci\u00f3 TIC Salut i Social","description":"","potentialAction":[{"@type":"SearchAction","target":{"@type":"EntryPoint","urlTemplate":"https:\/\/ticsalutsocial.atoom.space\/en\/?s={search_term_string}"},"query-input":{"@type":"PropertyValueSpecification","valueRequired":true,"valueName":"search_term_string"}}],"inLanguage":"en-US"}]}},"_links":{"self":[{"href":"https:\/\/ticsalutsocial.atoom.space\/en\/wp-json\/wp\/v2\/event\/30117","targetHints":{"allow":["GET"]}}],"collection":[{"href":"https:\/\/ticsalutsocial.atoom.space\/en\/wp-json\/wp\/v2\/event"}],"about":[{"href":"https:\/\/ticsalutsocial.atoom.space\/en\/wp-json\/wp\/v2\/types\/event"}],"wp:attachment":[{"href":"https:\/\/ticsalutsocial.atoom.space\/en\/wp-json\/wp\/v2\/media?parent=30117"}],"wp:term":[{"taxonomy":"tipus","embeddable":true,"href":"https:\/\/ticsalutsocial.atoom.space\/en\/wp-json\/wp\/v2\/tipus?post=30117"},{"taxonomy":"topic","embeddable":true,"href":"https:\/\/ticsalutsocial.atoom.space\/en\/wp-json\/wp\/v2\/topic?post=30117"}],"curies":[{"name":"wp","href":"https:\/\/api.w.org\/{rel}","templated":true}]}}