
{"id":5710,"date":"2018-04-23T09:50:29","date_gmt":"2018-04-23T07:50:29","guid":{"rendered":"https:\/\/ticsalutsocial.atoom.space\/?post_type=event&#038;p=5710"},"modified":"2021-07-21T16:23:57","modified_gmt":"2021-07-21T14:23:57","slug":"jornada-hello-world-consells-practics-per-acreditar-la-teva-app","status":"publish","type":"event","link":"https:\/\/ticsalutsocial.atoom.space\/en\/event\/jornada-hello-world-consells-practics-per-acreditar-la-teva-app\/","title":{"rendered":"Jornada Hello World! Consells pr\u00e0ctics per acreditar la teva app"},"content":{"rendered":"<p>Des de fa un parell d\u2019anys, des de la Fundaci\u00f3 TIC Salut Social estem impulsant un\u00a0<strong>Model d\u2019acreditaci\u00f3 d\u2019apps dins de l\u2019entorn salut i social,\u00a0<\/strong>per tal de poder oferir garanties als usuaris (ciutadans i professionals) en l&#8217;\u00fas d\u2019aplicacions de confian\u00e7a per a millorar l\u2019estat de salut o benestar.<\/p>\n<p>En molts casos\u00a0<strong>moltes de les aplicacions que trobem als mercats no disposen de cap garantia per l\u2019usuari<\/strong>,\u00a0 i \u00e9s per aix\u00f2, que els professionals es troben reticents a l\u2019hora de poder prescriure una app als seus pacients.<\/p>\n<p><strong>L\u2019objectiu de la jornada<\/strong>\u00a0\u00e9s difondre aquests model i els criteris que hem definit, compartir-los amb el p\u00fablic i\u00a0 incentivar aquesta acreditaci\u00f3 d\u2019apps.<\/p>\n<p><strong>La jornada estar\u00e0 distribu\u00efda en dues parts,<\/strong>\u00a0una primera part de pon\u00e8ncies, on s\u2019explicar\u00e0 el model, les persones que hi participen, alguna experi\u00e8ncia d\u2019\u00e8xit i el resultat d\u2019una prova pilot que s\u2019ha fet amb professionals. En una segona part, els participants i oients a la jornada podran anar en diferents espais, per aconseguir assessorament respecte.<br \/>\nLa\u00a0<strong>inscripci\u00f3 \u00e9s gratu\u00efta<\/strong>\u00a0fins a exhaurir l&#8217;aforament.<\/p>\n<p><strong>PROGRAMA<\/strong><\/p>\n<p>Moderador bloc 1: Adri\u00e0 Garcia, responsable de comunicaci\u00f3 Fundaci\u00f3 TIC Salut Social<\/p>\n<p><strong>9:00h<\/strong>\u00a0\u2013\u00a0<strong>Arribada i acreditaci\u00f3 d\u2019assistents.<\/strong>\u00a0Pau Garcia i Miquel Mart\u00ed, \u00e0rea d\u2019Interoperabilitat.<\/p>\n<p><strong>9:30h<\/strong>\u00a0\u2013\u00a0<strong>Inauguraci\u00f3 Jornada.<\/strong>\u00a0Francesc Garcia Cuy\u00e0s,\u00a0<em>director Fundaci\u00f3 TIC Salut Social<\/em><\/p>\n<p><strong>9:40h<\/strong>\u00a0\u2013\u00a0<strong>Taula Experi\u00e8ncia Pilot AppSalut<\/strong><\/p>\n<p>Moderadora: Carme Pratdep\u00e0dua,\u00a0<em>responsable \u00e0rea mHealth<\/em><\/p>\n<p>\u00b7\u00a0\u00a0\u00a0\u00a0\u00a0\u00a0\u00a0\u00a0 Zulema Sainz Beltran (<em>metge de fam\u00edlia al CAP Ildefons de Cornell\u00e0 de Llobregat i referent de recerca del\u00a0<\/em><em>CAP<\/em>)<\/p>\n<p>\u00b7\u00a0\u00a0\u00a0\u00a0\u00a0\u00a0\u00a0\u00a0 Isabel Garcia Mercader (<em>Infermera i adjunta a direcci\u00f3 del CAP Vinyets a Sant Boi de Llobregat<\/em>)<\/p>\n<p>\u00b7\u00a0\u00a0\u00a0\u00a0\u00a0\u00a0\u00a0\u00a0 M\u00f3nica Valverde Castillo (<em>metge de fam\u00edlia i\u00a0adjunta a direcci\u00f3 del CAP Sant Andreu de la Barca<\/em>)<\/p>\n<p><strong>10:00h<\/strong>\u00a0&#8211;\u00a0<strong>Comit\u00e8 d\u2019Experts Funcionals<\/strong>\u00a0<strong>del sistema d\u2019acreditaci\u00f3 d\u2019apps<\/strong><\/p>\n<p>\u00b7\u00a0\u00a0\u00a0\u00a0\u00a0\u00a0\u00a0\u00a0 Dra. Mireia Sans\u00a0 (<em>metge de fam\u00edlia, directora assistencial al CAP Comte Borrell i presidenta de la secci\u00f3 e-Salut del COMB (Col\u00b7legi Oficial de Metges de Barcelona<\/em>)<\/p>\n<p>\u00b7\u00a0\u00a0\u00a0\u00a0\u00a0\u00a0\u00a0\u00a0 Daniel Lara (<em>Responsable de Noves Tecnologies al COPLEFC<\/em>\u00a0<em>(Col\u00b7legi de Col\u00b7legi Oficial de Llicenciats en Educaci\u00f3 F\u00edsica i Ci\u00e8ncies de l&#8217;Activitat F\u00edsica i l&#8217;Esport de Catalunya<\/em>)<\/p>\n<p><strong>10:20h<\/strong>\u00a0&#8211;\u00a0<strong>Comit\u00e8 d\u2019Experts Tecnol\u00f2gics del sistema d\u2019acreditaci\u00f3 d\u2019apps<\/strong>. Juan Cuello, (<em>Responsable de mobilitat de Pasiona<\/em>)<\/p>\n<p><strong>10:30h &#8211; L\u2019accessibilitat a les apps, un element clau a tenir en compte.\u00a0<\/strong>Jordi Serratosa Carbonell (<em>Coordinador m4Social &#8211; Taula d&#8217;entitats del Tercer Sector<\/em>)<\/p>\n<p><strong>10:40h<\/strong>\u00a0\u2013\u00a0<strong>Cas d\u2019\u00e8xit: App Infermera Virtual.<\/strong>\u00a0Marc Fortes (<em>Infermer i director del projecte infermera virtual del COIB (Col\u00b7legi Oficial d\u2019infermeres i infermers de Barcelona<\/em>).<\/p>\n<p><strong>10:50h<\/strong>\u00a0\u2013\u00a0<strong>Cloenda Bloc 1<\/strong>\u00a0\u2013 Jordi Martinez,\u00a0<em>director Innovaci\u00f3 Fundaci\u00f3 TIC Salut Social<\/em><\/p>\n<p>\u00b7\u00a0\u00a0\u00a0\u00a0\u00a0\u00a0\u00a0\u00a0 Explicaci\u00f3 confecci\u00f3 guia per desenvolupar Apps + Col\u00b7laboradors de la guia (Col\u00b7laboradors guia:\u00a0<em>CSV Expertos, iSalus, Pasiona, m4Social, Universitat Polit\u00e8cnica de Catalunya<\/em>)<\/p>\n<p>\u00b7\u00a0\u00a0\u00a0\u00a0\u00a0\u00a0\u00a0\u00a0 Explicaci\u00f3 Din\u00e0mica bloc 2.<\/p>\n<p><strong>COFFEE BREAK<\/strong><\/p>\n<p><strong>11:30h<\/strong>\u00a0\u2013\u00a0<strong>Inici Bloc 2<\/strong>:\u00a0<strong>Consulting corner.<\/strong>\u00a0Jordi Martinez, director Innovaci\u00f3 Fundaci\u00f3 TIC Salut Social.<\/p>\n<p>Experts en diferents \u00e0mbits oferiran consells pr\u00e0ctics per desenvolupar una app en salut, per superar el proc\u00e9s d\u2019acreditaci\u00f3 d\u2019apps i per con\u00e8ixer els est\u00e0ndards en mobilitat<\/p>\n<p>\u00b7\u00a0\u00a0\u00a0\u00a0\u00a0\u00a0\u00a0\u00a0\u00a0<strong>Rac\u00f3 APP Lab \u2013 Consells pr\u00e0ctics per desenvolupar una app d\u2019atenci\u00f3 centrada en la persona.\u00a0<\/strong>Miquel Mart\u00ed (FTSS), Pau Garcia (FTSS), Xavier Duque (pacient) , Marc Gorriz (iSalus), Dylan Rivera (iSalus).<\/p>\n<p>\u00b7\u00a0\u00a0\u00a0\u00a0\u00a0\u00a0\u00a0\u00a0\u00a0<strong>Rac\u00f3 APP Trust \u2013 Consells per superar amb \u00e8xit el proc\u00e9s d\u2019acreditaci\u00f3 de la Fundaci\u00f3 TIC Salut Social.\u00a0<\/strong>Carme Pratdep\u00e0dua (FTSS), Experts Comit\u00e8 d\u2019Experts Funcionals (Mireia Sans, Marc Fortes, Immma Mal\u00e9, Maite Garolera, Miguel \u00c0ngel Mayer, Antonio Torrej\u00f3n) i Comit\u00e8 d\u2019Experts Tecnol\u00f2gics (Juan Cuello, Pasiona).<\/p>\n<p>\u00b7\u00a0\u00a0\u00a0\u00a0\u00a0\u00a0\u00a0\u00a0\u00a0<strong>Rac\u00f3 APP Connect \u2013 Consells per integrar dades de mobilitat seguint els criteris d\u2019interoperabilitat.\u00a0<\/strong>Ariadna Rius (FTSS), David Rodriguez (FTSS)<\/p>\n<p><strong>13:00h \u2013 Conclusions i cloenda.\u00a0<\/strong>Jordi Martinez, director Innovaci\u00f3 Fundaci\u00f3 TIC Salut Social<\/p>\n","protected":false},"featured_media":5707,"menu_order":0,"template":"","meta":{"_acf_changed":false,"inline_featured_image":false},"tipus":[83,655],"topic":[120,124],"class_list":["post-5710","event","type-event","status-publish","has-post-thumbnail","hentry","tipus-interoperability","tipus-digital-assets","topic-dpo","topic-hub"],"acf":{"imatge":5708,"informacio":{"ubicacio":"Parc TecnoCampus 1 Matar\u00f3-Maresme ","data":"11\/05\/2018","hora":"De 9:00h a 13:00h","preu":"Gratu\u00efta","inscripcions":""}},"yoast_head":"<!-- This site is optimized with the Yoast SEO plugin v27.1.1 - https:\/\/yoast.com\/product\/yoast-seo-wordpress\/ -->\n<title>Jornada Hello World! Consells pr\u00e0ctics per acreditar la teva app - Fundaci\u00f3 TIC Salut i Social<\/title>\n<meta name=\"robots\" content=\"index, follow, max-snippet:-1, max-image-preview:large, max-video-preview:-1\" \/>\n<link rel=\"canonical\" href=\"https:\/\/ticsalutsocial.atoom.space\/en\/event\/jornada-hello-world-consells-practics-per-acreditar-la-teva-app\/\" \/>\n<meta property=\"og:locale\" content=\"en_US\" \/>\n<meta property=\"og:type\" content=\"article\" \/>\n<meta property=\"og:title\" content=\"Jornada Hello World! Consells pr\u00e0ctics per acreditar la teva app - Fundaci\u00f3 TIC Salut i Social\" \/>\n<meta property=\"og:description\" content=\"Des de fa un parell d\u2019anys, des de la Fundaci\u00f3 TIC Salut Social estem impulsant un\u00a0Model d\u2019acreditaci\u00f3 d\u2019apps dins de l\u2019entorn salut i social,\u00a0per tal de poder oferir garanties als usuaris (ciutadans i professionals) en l&#8217;\u00fas d\u2019aplicacions de confian\u00e7a per a millorar l\u2019estat de salut o benestar. En molts casos\u00a0moltes de les aplicacions que trobem [&hellip;]\" \/>\n<meta property=\"og:url\" content=\"https:\/\/ticsalutsocial.atoom.space\/en\/event\/jornada-hello-world-consells-practics-per-acreditar-la-teva-app\/\" \/>\n<meta property=\"og:site_name\" content=\"Fundaci\u00f3 TIC Salut i Social\" \/>\n<meta property=\"article:modified_time\" content=\"2021-07-21T14:23:57+00:00\" \/>\n<meta property=\"og:image\" content=\"https:\/\/ticsalutsocial.atoom.space\/wp-content\/uploads\/2018\/04\/save_the_date_02.png\" \/>\n\t<meta property=\"og:image:width\" content=\"910\" \/>\n\t<meta property=\"og:image:height\" content=\"643\" \/>\n\t<meta property=\"og:image:type\" content=\"image\/png\" \/>\n<meta name=\"twitter:card\" content=\"summary_large_image\" \/>\n<meta name=\"twitter:label1\" content=\"Est. reading time\" \/>\n\t<meta name=\"twitter:data1\" content=\"3 minutes\" \/>\n<script type=\"application\/ld+json\" class=\"yoast-schema-graph\">{\"@context\":\"https:\/\/schema.org\",\"@graph\":[{\"@type\":\"WebPage\",\"@id\":\"https:\/\/ticsalutsocial.atoom.space\/en\/event\/jornada-hello-world-consells-practics-per-acreditar-la-teva-app\/\",\"url\":\"https:\/\/ticsalutsocial.atoom.space\/en\/event\/jornada-hello-world-consells-practics-per-acreditar-la-teva-app\/\",\"name\":\"Jornada Hello World! Consells pr\u00e0ctics per acreditar la teva app - Fundaci\u00f3 TIC Salut i Social\",\"isPartOf\":{\"@id\":\"https:\/\/ticsalutsocial.atoom.space\/en\/#website\"},\"primaryImageOfPage\":{\"@id\":\"https:\/\/ticsalutsocial.atoom.space\/en\/event\/jornada-hello-world-consells-practics-per-acreditar-la-teva-app\/#primaryimage\"},\"image\":{\"@id\":\"https:\/\/ticsalutsocial.atoom.space\/en\/event\/jornada-hello-world-consells-practics-per-acreditar-la-teva-app\/#primaryimage\"},\"thumbnailUrl\":\"https:\/\/ticsalutsocial.atoom.space\/wp-content\/uploads\/2018\/04\/save_the_date_02.png\",\"datePublished\":\"2018-04-23T07:50:29+00:00\",\"dateModified\":\"2021-07-21T14:23:57+00:00\",\"breadcrumb\":{\"@id\":\"https:\/\/ticsalutsocial.atoom.space\/en\/event\/jornada-hello-world-consells-practics-per-acreditar-la-teva-app\/#breadcrumb\"},\"inLanguage\":\"en-US\",\"potentialAction\":[{\"@type\":\"ReadAction\",\"target\":[\"https:\/\/ticsalutsocial.atoom.space\/en\/event\/jornada-hello-world-consells-practics-per-acreditar-la-teva-app\/\"]}]},{\"@type\":\"ImageObject\",\"inLanguage\":\"en-US\",\"@id\":\"https:\/\/ticsalutsocial.atoom.space\/en\/event\/jornada-hello-world-consells-practics-per-acreditar-la-teva-app\/#primaryimage\",\"url\":\"https:\/\/ticsalutsocial.atoom.space\/wp-content\/uploads\/2018\/04\/save_the_date_02.png\",\"contentUrl\":\"https:\/\/ticsalutsocial.atoom.space\/wp-content\/uploads\/2018\/04\/save_the_date_02.png\",\"width\":910,\"height\":643},{\"@type\":\"BreadcrumbList\",\"@id\":\"https:\/\/ticsalutsocial.atoom.space\/en\/event\/jornada-hello-world-consells-practics-per-acreditar-la-teva-app\/#breadcrumb\",\"itemListElement\":[{\"@type\":\"ListItem\",\"position\":1,\"name\":\"Inici\",\"item\":\"https:\/\/ticsalutsocial.atoom.space\/en\/\"},{\"@type\":\"ListItem\",\"position\":2,\"name\":\"Jornada Hello World! Consells pr\u00e0ctics per acreditar la teva app\"}]},{\"@type\":\"WebSite\",\"@id\":\"https:\/\/ticsalutsocial.atoom.space\/en\/#website\",\"url\":\"https:\/\/ticsalutsocial.atoom.space\/en\/\",\"name\":\"Fundaci\u00f3 TIC Salut i Social\",\"description\":\"\",\"potentialAction\":[{\"@type\":\"SearchAction\",\"target\":{\"@type\":\"EntryPoint\",\"urlTemplate\":\"https:\/\/ticsalutsocial.atoom.space\/en\/?s={search_term_string}\"},\"query-input\":{\"@type\":\"PropertyValueSpecification\",\"valueRequired\":true,\"valueName\":\"search_term_string\"}}],\"inLanguage\":\"en-US\"}]}<\/script>\n<!-- \/ Yoast SEO plugin. -->","yoast_head_json":{"title":"Jornada Hello World! Consells pr\u00e0ctics per acreditar la teva app - Fundaci\u00f3 TIC Salut i Social","robots":{"index":"index","follow":"follow","max-snippet":"max-snippet:-1","max-image-preview":"max-image-preview:large","max-video-preview":"max-video-preview:-1"},"canonical":"https:\/\/ticsalutsocial.atoom.space\/en\/event\/jornada-hello-world-consells-practics-per-acreditar-la-teva-app\/","og_locale":"en_US","og_type":"article","og_title":"Jornada Hello World! Consells pr\u00e0ctics per acreditar la teva app - Fundaci\u00f3 TIC Salut i Social","og_description":"Des de fa un parell d\u2019anys, des de la Fundaci\u00f3 TIC Salut Social estem impulsant un\u00a0Model d\u2019acreditaci\u00f3 d\u2019apps dins de l\u2019entorn salut i social,\u00a0per tal de poder oferir garanties als usuaris (ciutadans i professionals) en l&#8217;\u00fas d\u2019aplicacions de confian\u00e7a per a millorar l\u2019estat de salut o benestar. En molts casos\u00a0moltes de les aplicacions que trobem [&hellip;]","og_url":"https:\/\/ticsalutsocial.atoom.space\/en\/event\/jornada-hello-world-consells-practics-per-acreditar-la-teva-app\/","og_site_name":"Fundaci\u00f3 TIC Salut i Social","article_modified_time":"2021-07-21T14:23:57+00:00","og_image":[{"width":910,"height":643,"url":"https:\/\/ticsalutsocial.atoom.space\/wp-content\/uploads\/2018\/04\/save_the_date_02.png","type":"image\/png"}],"twitter_card":"summary_large_image","twitter_misc":{"Est. reading time":"3 minutes"},"schema":{"@context":"https:\/\/schema.org","@graph":[{"@type":"WebPage","@id":"https:\/\/ticsalutsocial.atoom.space\/en\/event\/jornada-hello-world-consells-practics-per-acreditar-la-teva-app\/","url":"https:\/\/ticsalutsocial.atoom.space\/en\/event\/jornada-hello-world-consells-practics-per-acreditar-la-teva-app\/","name":"Jornada Hello World! Consells pr\u00e0ctics per acreditar la teva app - Fundaci\u00f3 TIC Salut i Social","isPartOf":{"@id":"https:\/\/ticsalutsocial.atoom.space\/en\/#website"},"primaryImageOfPage":{"@id":"https:\/\/ticsalutsocial.atoom.space\/en\/event\/jornada-hello-world-consells-practics-per-acreditar-la-teva-app\/#primaryimage"},"image":{"@id":"https:\/\/ticsalutsocial.atoom.space\/en\/event\/jornada-hello-world-consells-practics-per-acreditar-la-teva-app\/#primaryimage"},"thumbnailUrl":"https:\/\/ticsalutsocial.atoom.space\/wp-content\/uploads\/2018\/04\/save_the_date_02.png","datePublished":"2018-04-23T07:50:29+00:00","dateModified":"2021-07-21T14:23:57+00:00","breadcrumb":{"@id":"https:\/\/ticsalutsocial.atoom.space\/en\/event\/jornada-hello-world-consells-practics-per-acreditar-la-teva-app\/#breadcrumb"},"inLanguage":"en-US","potentialAction":[{"@type":"ReadAction","target":["https:\/\/ticsalutsocial.atoom.space\/en\/event\/jornada-hello-world-consells-practics-per-acreditar-la-teva-app\/"]}]},{"@type":"ImageObject","inLanguage":"en-US","@id":"https:\/\/ticsalutsocial.atoom.space\/en\/event\/jornada-hello-world-consells-practics-per-acreditar-la-teva-app\/#primaryimage","url":"https:\/\/ticsalutsocial.atoom.space\/wp-content\/uploads\/2018\/04\/save_the_date_02.png","contentUrl":"https:\/\/ticsalutsocial.atoom.space\/wp-content\/uploads\/2018\/04\/save_the_date_02.png","width":910,"height":643},{"@type":"BreadcrumbList","@id":"https:\/\/ticsalutsocial.atoom.space\/en\/event\/jornada-hello-world-consells-practics-per-acreditar-la-teva-app\/#breadcrumb","itemListElement":[{"@type":"ListItem","position":1,"name":"Inici","item":"https:\/\/ticsalutsocial.atoom.space\/en\/"},{"@type":"ListItem","position":2,"name":"Jornada Hello World! Consells pr\u00e0ctics per acreditar la teva app"}]},{"@type":"WebSite","@id":"https:\/\/ticsalutsocial.atoom.space\/en\/#website","url":"https:\/\/ticsalutsocial.atoom.space\/en\/","name":"Fundaci\u00f3 TIC Salut i Social","description":"","potentialAction":[{"@type":"SearchAction","target":{"@type":"EntryPoint","urlTemplate":"https:\/\/ticsalutsocial.atoom.space\/en\/?s={search_term_string}"},"query-input":{"@type":"PropertyValueSpecification","valueRequired":true,"valueName":"search_term_string"}}],"inLanguage":"en-US"}]}},"_links":{"self":[{"href":"https:\/\/ticsalutsocial.atoom.space\/en\/wp-json\/wp\/v2\/event\/5710","targetHints":{"allow":["GET"]}}],"collection":[{"href":"https:\/\/ticsalutsocial.atoom.space\/en\/wp-json\/wp\/v2\/event"}],"about":[{"href":"https:\/\/ticsalutsocial.atoom.space\/en\/wp-json\/wp\/v2\/types\/event"}],"wp:featuredmedia":[{"embeddable":true,"href":"https:\/\/ticsalutsocial.atoom.space\/en\/wp-json\/wp\/v2\/media\/5707"}],"wp:attachment":[{"href":"https:\/\/ticsalutsocial.atoom.space\/en\/wp-json\/wp\/v2\/media?parent=5710"}],"wp:term":[{"taxonomy":"tipus","embeddable":true,"href":"https:\/\/ticsalutsocial.atoom.space\/en\/wp-json\/wp\/v2\/tipus?post=5710"},{"taxonomy":"topic","embeddable":true,"href":"https:\/\/ticsalutsocial.atoom.space\/en\/wp-json\/wp\/v2\/topic?post=5710"}],"curies":[{"name":"wp","href":"https:\/\/api.w.org\/{rel}","templated":true}]}}