
{"id":5729,"date":"2018-05-29T13:02:31","date_gmt":"2018-05-29T11:02:31","guid":{"rendered":"https:\/\/ticsalutsocial.atoom.space\/?post_type=event&#038;p=5729"},"modified":"2021-07-21T16:24:05","modified_gmt":"2021-07-21T14:24:05","slug":"bussejant-entre-dades","status":"publish","type":"event","link":"https:\/\/ticsalutsocial.atoom.space\/en\/event\/bussejant-entre-dades\/","title":{"rendered":"Bussejant entre dades"},"content":{"rendered":"<h2>Bussejant entre dades.<\/h2>\n<h3>Com la intel\u00b7lig\u00e8ncia artificial ens pot ajudar a descobrir i tractar la informaci\u00f3 social i de salut?<\/h3>\n<p>El proper dia 29 de juny organitzem al TecnoCampus de Matar\u00f3, una jornada per analitzar com la intel\u00b7lig\u00e8ncia artificial ens pot ajudar a descobrir i tractar la informaci\u00f3 social i de salut.<\/p>\n<p>Durant la sessi\u00f3, que tindr\u00e0 una durada de 9:00h a 14:00h, presentarem experi\u00e8ncies i compartirem necessitats relatives a l\u2019\u00fas del processament del llenguatge natural (PLN) en l\u2019entorn salut i social.<\/p>\n<p>Aquest camp de la intel\u00b7lig\u00e8ncia es presenta com una eina per a donar resposta als nous reptes de registre, estructuraci\u00f3 i explotaci\u00f3 de la informaci\u00f3.<\/p>\n<p>La jornada comptar\u00e0 amb una pon\u00e8ncia inaugural sobre el PLN en general i dos blocs d\u2019experi\u00e8ncies debat sobre:<\/p>\n<ul>\n<li>La codificaci\u00f3 semi-autom\u00e0tica\/assistida en CIM-10-MC\/SCP.<\/li>\n<li>El descobriment d\u2019informaci\u00f3 en text cl\u00ednic.<\/li>\n<\/ul>\n<p>&nbsp;<\/p>\n<p><strong><u>PROGRAMA OFICIAL DE LA JORNADA<\/u><\/strong><\/p>\n<p><u><\/u>9:00h &#8211;\u00a0<strong>Arribada i acreditaci\u00f3<\/strong><br \/>\n9:20h &#8211;\u00a0<strong>Benvinguda i obertura de la jornada<\/strong>.\u00a0Francesc Garc\u00eda Cuy\u00e0s, Director de la Fundaci\u00f3 TIC Salut Social.<br \/>\n9:30h &#8211;\u00a0<strong>Pon\u00e8ncia monogr\u00e0fica sobre IA i PLN en l\u2019entorn salut<\/strong>.\u00a0Ariadna Rius, Responsable de l\u2019 Oficina d\u2019Est\u00e0ndards i Interoperabilitat de la Fundaci\u00f3 TIC Salut Social.<\/p>\n<p><strong>Inici primera taula \u2013 Codificaci\u00f3 autom\u00e0tica en CIM-10-MC\/SCP<\/strong><\/p>\n<p>9:45h &#8211;\u00a0<strong>Introducci\u00f3 a la CIM-10-MC\/SCP.<\/strong>\u00a0Llu\u00eds Vilardell, Responsable de l\u2019Oficina de Cat\u00e0legs eSalut, Coordinaci\u00f3 General de les TIC<br \/>\n9:55h &#8211;\u00a0<strong>CIM-10-MC\/SCP: Reptes per a l\u2019an\u00e0lisi de dades.<\/strong>\u00a0Xavier Salvador, T\u00e8cnic de la Divisi\u00f3 d&#8217;An\u00e0lisi de la Demanda i d&#8217;Activitat, CatSalut<br \/>\n10:05h &#8211;\u00a0<strong>Processament del llenguatge natural i codificaci\u00f3 autom\u00e0tica a partir de la documentaci\u00f3 cl\u00ednica a l\u2019Hospital Cl\u00ednic. 2010-2018.<\/strong>\u00a0Dr. Artur Conesa, Cap de Documentaci\u00f3 Cl\u00ednica.\u00a0Unitat d\u2019Inform\u00e0tica M\u00e8dica.\u00a0Hospital Cl\u00ednic de Barcelona.<br \/>\n10:15h &#8211;\u00a0<strong>CTMAP: codificaci\u00f3 en CIM-10-MC\/SCP de tot el cicle assistencial.<\/strong>\u00a0Toni Mas, CIO de BITAC.<br \/>\n10:25h &#8211;\u00a0<strong>El Big Data y la ciencia de datos como estrategia para remodelar \u00a0los procesos implicados en los cuidados de salud.<\/strong>\u00a0Enrique Mota, Fundador de Indizen<br \/>\n10:35h &#8211;\u00a0<strong>PLN y 3M: eficiencia en el proceso de codificaci\u00f3n<\/strong>.\u00a0Carmen Revuelta, Responsable de la zona norte 3M Health Information Systems.<br \/>\n10:45h &#8211;\u00a0<strong>AshoCoode: Codificaci\u00f3 autom\u00e0tica en CIE-10-ES y en CIE-10-PCS a partir del Lenguaje Natural Cl\u00ednico.<\/strong>\u00a0Jordi Garc\u00eda Carreras. Ingeniero Superior en Inform\u00e1tica. CIO en ASHO A-2 SL<br \/>\n10:55h &#8211;\u00a0<strong>Estructurant la informaci\u00f3 en entorns cl\u00ednics amb IN2 Health Codification.<\/strong>\u00a0Bernat L\u00f3pez, Manager of Health Sector en IN2.<br \/>\n<strong>11:05h &#8211; Pausa Caf\u00e8 Networking<\/strong><br \/>\n11:35h &#8211;\u00a0Debat primera taula.\u00a0Moderat per Ariadna Rius.<\/p>\n<p><strong>Inici segona taula &#8211; Descobriment d&#8217;informaci\u00f3 en textos<\/strong><\/p>\n<p>12:20h &#8211;<strong>\u00a0IA en la millora de l&#8217;assist\u00e8ncia sanit\u00e0ria: primers passos.<\/strong>\u00a0C\u00e9sar Velasco \u00a0Director d&#8217;Innovaci\u00f3.\u00a0Eva Aur\u00edn, Cap d\u2019Unitat d\u2019Innovaci\u00f3 i Salut Digital.\u00a0Hospital Universitari Vall d\u2019Hebron.<br \/>\n12:30h &#8211; <strong>IOMED. Resoluci\u00f3n de problemas en Sanidad mediante Machine Learning y PLN.<\/strong>\u00a0Javier de Oca Catal\u00e1n CEO de IOMED.<br \/>\n12:40h &#8211; <strong>Folksonomy Text Analytics: transformat caos en coneixement.<\/strong> Ismael Vallv\u00e9, Director d\u2019Innovaci\u00f3 i Marketing de Bismart<br \/>\n12:50h &#8211;\u00a0<strong>Savana: Transforma el texto de tus historias cl\u00ednicas en Big Data<\/strong>.\u00a0Dr. Ignacio Hern\u00e1ndez, Neur\u00f3logo del hospital Ramon y Cajal y Cofundador de Savana y Mendelian<br \/>\n13:00h &#8211;\u00a0<strong>Atomian, una eina que permet extreure coneixement de les hist\u00f2ries cl\u00edniques<\/strong>.\u00a0Miquel Montero, CEO i fundador d\u2019Atomian<br \/>\n13:10h &#8211;\u00a0<strong>Debat segona taula.\u00a0Moderat per Jordi Mart\u00ednez<\/strong>, Director d\u2019Innovaci\u00f3 de la Fundaci\u00f3 TIC Salut Social<br \/>\n13:55h &#8211;\u00a0<strong>Cloenda i tancament de la jornada.<\/strong> Jordi Mart\u00ednez.<\/p>\n<p><a href=\"https:\/\/ticsalutsocial.atoom.space\/wp-content\/uploads\/2018\/05\/programa-bussejant-entre-dades-1.pdf\">Versi\u00f3 en PDF<\/a><\/p>\n","protected":false},"featured_media":5725,"menu_order":0,"template":"","meta":{"_acf_changed":false,"inline_featured_image":false},"tipus":[83],"topic":[116,120],"class_list":["post-5729","event","type-event","status-publish","has-post-thumbnail","hentry","tipus-interoperability","topic-events","topic-dpo"],"acf":{"imatge":5726,"informacio":{"ubicacio":"TecnoCampus de Matar\u00f3, TCM2 Auditori","data":"29\/06\/2018","hora":"De 9:00h a 14:00h","preu":"Gratu\u00efta","inscripcions":""}},"yoast_head":"<!-- This site is optimized with the Yoast SEO plugin v27.1.1 - https:\/\/yoast.com\/product\/yoast-seo-wordpress\/ -->\n<title>Bussejant entre dades - Fundaci\u00f3 TIC Salut i Social<\/title>\n<meta name=\"robots\" content=\"index, follow, max-snippet:-1, max-image-preview:large, max-video-preview:-1\" \/>\n<link rel=\"canonical\" href=\"https:\/\/ticsalutsocial.atoom.space\/en\/event\/bussejant-entre-dades\/\" \/>\n<meta property=\"og:locale\" content=\"en_US\" \/>\n<meta property=\"og:type\" content=\"article\" \/>\n<meta property=\"og:title\" content=\"Bussejant entre dades - Fundaci\u00f3 TIC Salut i Social\" \/>\n<meta property=\"og:description\" content=\"Bussejant entre dades. Com la intel\u00b7lig\u00e8ncia artificial ens pot ajudar a descobrir i tractar la informaci\u00f3 social i de salut? El proper dia 29 de juny organitzem al TecnoCampus de Matar\u00f3, una jornada per analitzar com la intel\u00b7lig\u00e8ncia artificial ens pot ajudar a descobrir i tractar la informaci\u00f3 social i de salut. Durant la sessi\u00f3, [&hellip;]\" \/>\n<meta property=\"og:url\" content=\"https:\/\/ticsalutsocial.atoom.space\/en\/event\/bussejant-entre-dades\/\" \/>\n<meta property=\"og:site_name\" content=\"Fundaci\u00f3 TIC Salut i Social\" \/>\n<meta property=\"article:modified_time\" content=\"2021-07-21T14:24:05+00:00\" \/>\n<meta property=\"og:image\" content=\"https:\/\/ticsalutsocial.atoom.space\/wp-content\/uploads\/2018\/05\/binary.jpg\" \/>\n\t<meta property=\"og:image:width\" content=\"640\" \/>\n\t<meta property=\"og:image:height\" content=\"400\" \/>\n\t<meta property=\"og:image:type\" content=\"image\/jpeg\" \/>\n<meta name=\"twitter:card\" content=\"summary_large_image\" \/>\n<meta name=\"twitter:label1\" content=\"Est. reading time\" \/>\n\t<meta name=\"twitter:data1\" content=\"3 minutes\" \/>\n<script type=\"application\/ld+json\" class=\"yoast-schema-graph\">{\"@context\":\"https:\/\/schema.org\",\"@graph\":[{\"@type\":\"WebPage\",\"@id\":\"https:\/\/ticsalutsocial.atoom.space\/en\/event\/bussejant-entre-dades\/\",\"url\":\"https:\/\/ticsalutsocial.atoom.space\/en\/event\/bussejant-entre-dades\/\",\"name\":\"Bussejant entre dades - Fundaci\u00f3 TIC Salut i Social\",\"isPartOf\":{\"@id\":\"https:\/\/ticsalutsocial.atoom.space\/en\/#website\"},\"primaryImageOfPage\":{\"@id\":\"https:\/\/ticsalutsocial.atoom.space\/en\/event\/bussejant-entre-dades\/#primaryimage\"},\"image\":{\"@id\":\"https:\/\/ticsalutsocial.atoom.space\/en\/event\/bussejant-entre-dades\/#primaryimage\"},\"thumbnailUrl\":\"https:\/\/ticsalutsocial.atoom.space\/wp-content\/uploads\/2018\/05\/binary.jpg\",\"datePublished\":\"2018-05-29T11:02:31+00:00\",\"dateModified\":\"2021-07-21T14:24:05+00:00\",\"breadcrumb\":{\"@id\":\"https:\/\/ticsalutsocial.atoom.space\/en\/event\/bussejant-entre-dades\/#breadcrumb\"},\"inLanguage\":\"en-US\",\"potentialAction\":[{\"@type\":\"ReadAction\",\"target\":[\"https:\/\/ticsalutsocial.atoom.space\/en\/event\/bussejant-entre-dades\/\"]}]},{\"@type\":\"ImageObject\",\"inLanguage\":\"en-US\",\"@id\":\"https:\/\/ticsalutsocial.atoom.space\/en\/event\/bussejant-entre-dades\/#primaryimage\",\"url\":\"https:\/\/ticsalutsocial.atoom.space\/wp-content\/uploads\/2018\/05\/binary.jpg\",\"contentUrl\":\"https:\/\/ticsalutsocial.atoom.space\/wp-content\/uploads\/2018\/05\/binary.jpg\",\"width\":640,\"height\":400},{\"@type\":\"BreadcrumbList\",\"@id\":\"https:\/\/ticsalutsocial.atoom.space\/en\/event\/bussejant-entre-dades\/#breadcrumb\",\"itemListElement\":[{\"@type\":\"ListItem\",\"position\":1,\"name\":\"Inici\",\"item\":\"https:\/\/ticsalutsocial.atoom.space\/en\/\"},{\"@type\":\"ListItem\",\"position\":2,\"name\":\"Bussejant entre dades\"}]},{\"@type\":\"WebSite\",\"@id\":\"https:\/\/ticsalutsocial.atoom.space\/en\/#website\",\"url\":\"https:\/\/ticsalutsocial.atoom.space\/en\/\",\"name\":\"Fundaci\u00f3 TIC Salut i Social\",\"description\":\"\",\"potentialAction\":[{\"@type\":\"SearchAction\",\"target\":{\"@type\":\"EntryPoint\",\"urlTemplate\":\"https:\/\/ticsalutsocial.atoom.space\/en\/?s={search_term_string}\"},\"query-input\":{\"@type\":\"PropertyValueSpecification\",\"valueRequired\":true,\"valueName\":\"search_term_string\"}}],\"inLanguage\":\"en-US\"}]}<\/script>\n<!-- \/ Yoast SEO plugin. -->","yoast_head_json":{"title":"Bussejant entre dades - Fundaci\u00f3 TIC Salut i Social","robots":{"index":"index","follow":"follow","max-snippet":"max-snippet:-1","max-image-preview":"max-image-preview:large","max-video-preview":"max-video-preview:-1"},"canonical":"https:\/\/ticsalutsocial.atoom.space\/en\/event\/bussejant-entre-dades\/","og_locale":"en_US","og_type":"article","og_title":"Bussejant entre dades - Fundaci\u00f3 TIC Salut i Social","og_description":"Bussejant entre dades. Com la intel\u00b7lig\u00e8ncia artificial ens pot ajudar a descobrir i tractar la informaci\u00f3 social i de salut? El proper dia 29 de juny organitzem al TecnoCampus de Matar\u00f3, una jornada per analitzar com la intel\u00b7lig\u00e8ncia artificial ens pot ajudar a descobrir i tractar la informaci\u00f3 social i de salut. Durant la sessi\u00f3, [&hellip;]","og_url":"https:\/\/ticsalutsocial.atoom.space\/en\/event\/bussejant-entre-dades\/","og_site_name":"Fundaci\u00f3 TIC Salut i Social","article_modified_time":"2021-07-21T14:24:05+00:00","og_image":[{"width":640,"height":400,"url":"https:\/\/ticsalutsocial.atoom.space\/wp-content\/uploads\/2018\/05\/binary.jpg","type":"image\/jpeg"}],"twitter_card":"summary_large_image","twitter_misc":{"Est. reading time":"3 minutes"},"schema":{"@context":"https:\/\/schema.org","@graph":[{"@type":"WebPage","@id":"https:\/\/ticsalutsocial.atoom.space\/en\/event\/bussejant-entre-dades\/","url":"https:\/\/ticsalutsocial.atoom.space\/en\/event\/bussejant-entre-dades\/","name":"Bussejant entre dades - Fundaci\u00f3 TIC Salut i Social","isPartOf":{"@id":"https:\/\/ticsalutsocial.atoom.space\/en\/#website"},"primaryImageOfPage":{"@id":"https:\/\/ticsalutsocial.atoom.space\/en\/event\/bussejant-entre-dades\/#primaryimage"},"image":{"@id":"https:\/\/ticsalutsocial.atoom.space\/en\/event\/bussejant-entre-dades\/#primaryimage"},"thumbnailUrl":"https:\/\/ticsalutsocial.atoom.space\/wp-content\/uploads\/2018\/05\/binary.jpg","datePublished":"2018-05-29T11:02:31+00:00","dateModified":"2021-07-21T14:24:05+00:00","breadcrumb":{"@id":"https:\/\/ticsalutsocial.atoom.space\/en\/event\/bussejant-entre-dades\/#breadcrumb"},"inLanguage":"en-US","potentialAction":[{"@type":"ReadAction","target":["https:\/\/ticsalutsocial.atoom.space\/en\/event\/bussejant-entre-dades\/"]}]},{"@type":"ImageObject","inLanguage":"en-US","@id":"https:\/\/ticsalutsocial.atoom.space\/en\/event\/bussejant-entre-dades\/#primaryimage","url":"https:\/\/ticsalutsocial.atoom.space\/wp-content\/uploads\/2018\/05\/binary.jpg","contentUrl":"https:\/\/ticsalutsocial.atoom.space\/wp-content\/uploads\/2018\/05\/binary.jpg","width":640,"height":400},{"@type":"BreadcrumbList","@id":"https:\/\/ticsalutsocial.atoom.space\/en\/event\/bussejant-entre-dades\/#breadcrumb","itemListElement":[{"@type":"ListItem","position":1,"name":"Inici","item":"https:\/\/ticsalutsocial.atoom.space\/en\/"},{"@type":"ListItem","position":2,"name":"Bussejant entre dades"}]},{"@type":"WebSite","@id":"https:\/\/ticsalutsocial.atoom.space\/en\/#website","url":"https:\/\/ticsalutsocial.atoom.space\/en\/","name":"Fundaci\u00f3 TIC Salut i Social","description":"","potentialAction":[{"@type":"SearchAction","target":{"@type":"EntryPoint","urlTemplate":"https:\/\/ticsalutsocial.atoom.space\/en\/?s={search_term_string}"},"query-input":{"@type":"PropertyValueSpecification","valueRequired":true,"valueName":"search_term_string"}}],"inLanguage":"en-US"}]}},"_links":{"self":[{"href":"https:\/\/ticsalutsocial.atoom.space\/en\/wp-json\/wp\/v2\/event\/5729","targetHints":{"allow":["GET"]}}],"collection":[{"href":"https:\/\/ticsalutsocial.atoom.space\/en\/wp-json\/wp\/v2\/event"}],"about":[{"href":"https:\/\/ticsalutsocial.atoom.space\/en\/wp-json\/wp\/v2\/types\/event"}],"wp:featuredmedia":[{"embeddable":true,"href":"https:\/\/ticsalutsocial.atoom.space\/en\/wp-json\/wp\/v2\/media\/5725"}],"wp:attachment":[{"href":"https:\/\/ticsalutsocial.atoom.space\/en\/wp-json\/wp\/v2\/media?parent=5729"}],"wp:term":[{"taxonomy":"tipus","embeddable":true,"href":"https:\/\/ticsalutsocial.atoom.space\/en\/wp-json\/wp\/v2\/tipus?post=5729"},{"taxonomy":"topic","embeddable":true,"href":"https:\/\/ticsalutsocial.atoom.space\/en\/wp-json\/wp\/v2\/topic?post=5729"}],"curies":[{"name":"wp","href":"https:\/\/api.w.org\/{rel}","templated":true}]}}