
{"id":5766,"date":"2018-09-03T10:11:31","date_gmt":"2018-09-03T08:11:31","guid":{"rendered":"https:\/\/ticsalutsocial.atoom.space\/?post_type=event&#038;p=5766"},"modified":"2021-07-21T16:24:35","modified_gmt":"2021-07-21T14:24:35","slug":"limpacte-laboral-de-la-industria-4-0","status":"publish","type":"event","link":"https:\/\/ticsalutsocial.atoom.space\/en\/event\/limpacte-laboral-de-la-industria-4-0\/","title":{"rendered":"L\u2019impacte laboral de la Ind\u00fastria 4.0"},"content":{"rendered":"<p>El <strong>F\u00f2rum d&#8217;Associats Col\u00b7laboradors<\/strong> us convida a la <strong>confer\u00e8ncia del Sr. Joan Miquel Hern\u00e1ndez<\/strong>, Cap de l&#8217;\u00c0rea de Desenvolupament Empresarial de la Direcci\u00f3 General d&#8217;Ind\u00fastria i responsable de <a href=\"http:\/\/empresa.gencat.cat\/ca\/treb_ambits_actuacio\/emo_industria\/observatori\/\">l&#8217;Observatori del Pacte Nacional per a la Ind\u00fastria.<\/a><\/p>\n<p>Catalunya t\u00e9 un potencial considerable per al desplegament de la Ind\u00fastria 4.0 at\u00e8s que \u00e9s un pa\u00eds industrial, amb un sector TIC capa\u00e7 d\u2019acompanyar el conjunt de la ind\u00fastria en el proc\u00e9s de transformaci\u00f3 digital.<\/p>\n","protected":false},"featured_media":0,"menu_order":0,"template":"","meta":{"_acf_changed":false,"inline_featured_image":false},"tipus":[],"topic":[120],"class_list":["post-5766","event","type-event","status-publish","hentry","topic-dpo"],"acf":{"informacio":{"ubicacio":"Sala d'actes La Uni\u00f3","data":"04\/10\/2018","hora":"10:00h - 12:00h","preu":"Gratu\u00eft","inscripcions":""}},"yoast_head":"<!-- This site is optimized with the Yoast SEO plugin v27.1.1 - https:\/\/yoast.com\/product\/yoast-seo-wordpress\/ -->\n<title>L\u2019impacte laboral de la Ind\u00fastria 4.0 - Fundaci\u00f3 TIC Salut i Social<\/title>\n<meta name=\"robots\" content=\"index, follow, max-snippet:-1, max-image-preview:large, max-video-preview:-1\" \/>\n<link rel=\"canonical\" href=\"https:\/\/ticsalutsocial.atoom.space\/en\/event\/limpacte-laboral-de-la-industria-4-0\/\" \/>\n<meta property=\"og:locale\" content=\"en_US\" \/>\n<meta property=\"og:type\" content=\"article\" \/>\n<meta property=\"og:title\" content=\"L\u2019impacte laboral de la Ind\u00fastria 4.0 - Fundaci\u00f3 TIC Salut i Social\" \/>\n<meta property=\"og:description\" content=\"El F\u00f2rum d&#8217;Associats Col\u00b7laboradors us convida a la confer\u00e8ncia del Sr. Joan Miquel Hern\u00e1ndez, Cap de l&#8217;\u00c0rea de Desenvolupament Empresarial de la Direcci\u00f3 General d&#8217;Ind\u00fastria i responsable de l&#8217;Observatori del Pacte Nacional per a la Ind\u00fastria. Catalunya t\u00e9 un potencial considerable per al desplegament de la Ind\u00fastria 4.0 at\u00e8s que \u00e9s un pa\u00eds industrial, amb [&hellip;]\" \/>\n<meta property=\"og:url\" content=\"https:\/\/ticsalutsocial.atoom.space\/en\/event\/limpacte-laboral-de-la-industria-4-0\/\" \/>\n<meta property=\"og:site_name\" content=\"Fundaci\u00f3 TIC Salut i Social\" \/>\n<meta property=\"article:modified_time\" content=\"2021-07-21T14:24:35+00:00\" \/>\n<meta name=\"twitter:card\" content=\"summary_large_image\" \/>\n<script type=\"application\/ld+json\" class=\"yoast-schema-graph\">{\"@context\":\"https:\/\/schema.org\",\"@graph\":[{\"@type\":\"WebPage\",\"@id\":\"https:\/\/ticsalutsocial.atoom.space\/en\/event\/limpacte-laboral-de-la-industria-4-0\/\",\"url\":\"https:\/\/ticsalutsocial.atoom.space\/en\/event\/limpacte-laboral-de-la-industria-4-0\/\",\"name\":\"L\u2019impacte laboral de la Ind\u00fastria 4.0 - Fundaci\u00f3 TIC Salut i Social\",\"isPartOf\":{\"@id\":\"https:\/\/ticsalutsocial.atoom.space\/en\/#website\"},\"datePublished\":\"2018-09-03T08:11:31+00:00\",\"dateModified\":\"2021-07-21T14:24:35+00:00\",\"breadcrumb\":{\"@id\":\"https:\/\/ticsalutsocial.atoom.space\/en\/event\/limpacte-laboral-de-la-industria-4-0\/#breadcrumb\"},\"inLanguage\":\"en-US\",\"potentialAction\":[{\"@type\":\"ReadAction\",\"target\":[\"https:\/\/ticsalutsocial.atoom.space\/en\/event\/limpacte-laboral-de-la-industria-4-0\/\"]}]},{\"@type\":\"BreadcrumbList\",\"@id\":\"https:\/\/ticsalutsocial.atoom.space\/en\/event\/limpacte-laboral-de-la-industria-4-0\/#breadcrumb\",\"itemListElement\":[{\"@type\":\"ListItem\",\"position\":1,\"name\":\"Inici\",\"item\":\"https:\/\/ticsalutsocial.atoom.space\/en\/\"},{\"@type\":\"ListItem\",\"position\":2,\"name\":\"L\u2019impacte laboral de la Ind\u00fastria 4.0\"}]},{\"@type\":\"WebSite\",\"@id\":\"https:\/\/ticsalutsocial.atoom.space\/en\/#website\",\"url\":\"https:\/\/ticsalutsocial.atoom.space\/en\/\",\"name\":\"Fundaci\u00f3 TIC Salut i Social\",\"description\":\"\",\"potentialAction\":[{\"@type\":\"SearchAction\",\"target\":{\"@type\":\"EntryPoint\",\"urlTemplate\":\"https:\/\/ticsalutsocial.atoom.space\/en\/?s={search_term_string}\"},\"query-input\":{\"@type\":\"PropertyValueSpecification\",\"valueRequired\":true,\"valueName\":\"search_term_string\"}}],\"inLanguage\":\"en-US\"}]}<\/script>\n<!-- \/ Yoast SEO plugin. -->","yoast_head_json":{"title":"L\u2019impacte laboral de la Ind\u00fastria 4.0 - Fundaci\u00f3 TIC Salut i Social","robots":{"index":"index","follow":"follow","max-snippet":"max-snippet:-1","max-image-preview":"max-image-preview:large","max-video-preview":"max-video-preview:-1"},"canonical":"https:\/\/ticsalutsocial.atoom.space\/en\/event\/limpacte-laboral-de-la-industria-4-0\/","og_locale":"en_US","og_type":"article","og_title":"L\u2019impacte laboral de la Ind\u00fastria 4.0 - Fundaci\u00f3 TIC Salut i Social","og_description":"El F\u00f2rum d&#8217;Associats Col\u00b7laboradors us convida a la confer\u00e8ncia del Sr. Joan Miquel Hern\u00e1ndez, Cap de l&#8217;\u00c0rea de Desenvolupament Empresarial de la Direcci\u00f3 General d&#8217;Ind\u00fastria i responsable de l&#8217;Observatori del Pacte Nacional per a la Ind\u00fastria. Catalunya t\u00e9 un potencial considerable per al desplegament de la Ind\u00fastria 4.0 at\u00e8s que \u00e9s un pa\u00eds industrial, amb [&hellip;]","og_url":"https:\/\/ticsalutsocial.atoom.space\/en\/event\/limpacte-laboral-de-la-industria-4-0\/","og_site_name":"Fundaci\u00f3 TIC Salut i Social","article_modified_time":"2021-07-21T14:24:35+00:00","twitter_card":"summary_large_image","schema":{"@context":"https:\/\/schema.org","@graph":[{"@type":"WebPage","@id":"https:\/\/ticsalutsocial.atoom.space\/en\/event\/limpacte-laboral-de-la-industria-4-0\/","url":"https:\/\/ticsalutsocial.atoom.space\/en\/event\/limpacte-laboral-de-la-industria-4-0\/","name":"L\u2019impacte laboral de la Ind\u00fastria 4.0 - Fundaci\u00f3 TIC Salut i Social","isPartOf":{"@id":"https:\/\/ticsalutsocial.atoom.space\/en\/#website"},"datePublished":"2018-09-03T08:11:31+00:00","dateModified":"2021-07-21T14:24:35+00:00","breadcrumb":{"@id":"https:\/\/ticsalutsocial.atoom.space\/en\/event\/limpacte-laboral-de-la-industria-4-0\/#breadcrumb"},"inLanguage":"en-US","potentialAction":[{"@type":"ReadAction","target":["https:\/\/ticsalutsocial.atoom.space\/en\/event\/limpacte-laboral-de-la-industria-4-0\/"]}]},{"@type":"BreadcrumbList","@id":"https:\/\/ticsalutsocial.atoom.space\/en\/event\/limpacte-laboral-de-la-industria-4-0\/#breadcrumb","itemListElement":[{"@type":"ListItem","position":1,"name":"Inici","item":"https:\/\/ticsalutsocial.atoom.space\/en\/"},{"@type":"ListItem","position":2,"name":"L\u2019impacte laboral de la Ind\u00fastria 4.0"}]},{"@type":"WebSite","@id":"https:\/\/ticsalutsocial.atoom.space\/en\/#website","url":"https:\/\/ticsalutsocial.atoom.space\/en\/","name":"Fundaci\u00f3 TIC Salut i Social","description":"","potentialAction":[{"@type":"SearchAction","target":{"@type":"EntryPoint","urlTemplate":"https:\/\/ticsalutsocial.atoom.space\/en\/?s={search_term_string}"},"query-input":{"@type":"PropertyValueSpecification","valueRequired":true,"valueName":"search_term_string"}}],"inLanguage":"en-US"}]}},"_links":{"self":[{"href":"https:\/\/ticsalutsocial.atoom.space\/en\/wp-json\/wp\/v2\/event\/5766","targetHints":{"allow":["GET"]}}],"collection":[{"href":"https:\/\/ticsalutsocial.atoom.space\/en\/wp-json\/wp\/v2\/event"}],"about":[{"href":"https:\/\/ticsalutsocial.atoom.space\/en\/wp-json\/wp\/v2\/types\/event"}],"wp:attachment":[{"href":"https:\/\/ticsalutsocial.atoom.space\/en\/wp-json\/wp\/v2\/media?parent=5766"}],"wp:term":[{"taxonomy":"tipus","embeddable":true,"href":"https:\/\/ticsalutsocial.atoom.space\/en\/wp-json\/wp\/v2\/tipus?post=5766"},{"taxonomy":"topic","embeddable":true,"href":"https:\/\/ticsalutsocial.atoom.space\/en\/wp-json\/wp\/v2\/topic?post=5766"}],"curies":[{"name":"wp","href":"https:\/\/api.w.org\/{rel}","templated":true}]}}