
{"id":5786,"date":"2018-10-18T12:36:49","date_gmt":"2018-10-18T10:36:49","guid":{"rendered":"https:\/\/ticsalutsocial.atoom.space\/?post_type=event&#038;p=5786"},"modified":"2021-07-21T16:24:45","modified_gmt":"2021-07-21T14:24:45","slug":"i-jornada-de-tecnologies-de-suport-i-discapacitat","status":"publish","type":"event","link":"https:\/\/ticsalutsocial.atoom.space\/en\/event\/i-jornada-de-tecnologies-de-suport-i-discapacitat\/","title":{"rendered":"I Jornada de Tecnologies de Suport i Discapacitat"},"content":{"rendered":"<h3>Col\u00b7legi Oficial de Psicologia de Catalunya (<a href=\"https:\/\/www.copc.cat\/index\">COPC<\/a>) i Diputaci\u00f3 de Barcelona<\/h3>\n<h3>organitzen la\u00a0I Jornada de Tecnologies de Suport i Discapacitat<\/h3>\n<div>En aquestes jornades, s&#8217;oferir\u00e0 una perspectiva general de les <strong>noves tecnologies<\/strong>\u00a0<strong>per a l&#8217;empoderament i inclusi\u00f3 de les persones amb discapacitat.<\/strong><\/div>\n<div><\/div>\n<div><\/div>\n<div>La innovaci\u00f3 tecnol\u00f2gica destaca com una de les principals fonts de recursos per a l&#8217;empoderament i inclusi\u00f3 de les persones amb discapacitat. En aquestes jornades, adre\u00e7ades a professionals i estudiants, s&#8217;oferir\u00e0 una perspectiva general de les noves tecnologies existents aplicades al col\u00b7lectiu,\u00a0 exposada per experts del sector i els propis usuaris. El plantejament \u00e9s transversal, amb la voluntat de que la major part possible de diversitats funcionals s\u2019hi vegin representades.<\/div>\n<div><\/div>\n<div><\/div>\n<p><strong>Programa<\/strong><\/p>\n<p>9:00-9:30h. Registre i entrega de la documentaci\u00f3<\/p>\n<p>9:30-10:00h.\u00a0Inauguraci\u00f3 de la Jornada a c\u00e0rrec de Laia Rosich, vicedegana del COPC i Eduardo Brignani, coordinador del GT PSI+DI del COPC<\/p>\n<p>10:00-11:15h.\u00a0<strong>TAULA 1: &#8220;INCLUSI\u00d3 EN L&#8217;\u00daS DE LES TIC&#8221;<\/strong><\/p>\n<p><em>\u00a0 \u00a0 \u00a0 &#8220;Aportacions i aplicacions dels centres de recursos educatius&#8221;<\/em><\/p>\n<p>11:15-11:45h. Pausa-caf\u00e8<\/p>\n<p>11:45-13:00h. <strong>&#8220;TAULA 2: &#8220;LES TIC COM A SUPORT PER ALS PROFESSIONALS DE L&#8217;\u00c0MBIT DE LA DISCAPACITAT&#8221;<\/strong><\/p>\n<p>&#8220;Quines eines TIC ajuden al professional en seva tasca i la seva experi\u00e8ncia personal&#8221;<\/p>\n<p>13:00-14:30h. <strong>TAULA 3: &#8220;AMB LES TIC PUC&#8230;&#8221;<\/strong><\/p>\n<ul>\n<li>Persona amb sordceguesa.<\/li>\n<li>Persona amb discapacitat visual<\/li>\n<li>Persona amb discapacitat mot\u00f2rica. ASPACE<\/li>\n<li>Persona amb discapacitat intel\u00b7lectual. Ampans<\/li>\n<\/ul>\n<p>14:30-16:00h. Pausa<\/p>\n<p>16:00-18:00h. <strong>EXPOSICIONS<\/strong><\/p>\n<p><strong>Es far\u00e0 una exposici\u00f3 amb demostracions de les noves tecnologies que es podr\u00e0 visitar durant aquest horari<\/strong><\/p>\n<ul>\n<li><strong>Material Tiflot\u00e8cnic, ADVC Associaci\u00f3 Discapacitat Visual Catalunya<\/strong>. Entitat sense \u00e0nim de lucre que donen serveis a persones amb discapacitat visual per a millorar la seva qualitat de vida i\u00a0exerceixen una tasca de divulgaci\u00f3 de la problem\u00e0tica del col\u00b7lectiu per a aconseguir millorar la seva integraci\u00f3 social.<\/li>\n<li><strong>BJ Adaptaciones<\/strong>. Empresa especialitzada en el disseny, desenvolupament i implementaci\u00f3 de solucions tecnol\u00f2giques personalitzades per a persones amb discapacitat que treballen per contribuir a la millora de la seva qualitat de vida a trav\u00e9s de productes de fabricaci\u00f3 pr\u00f2pia, distribucions o solucions personalitzades.<\/li>\n<\/ul>\n<p>16:30-17.30h. <strong>TALLERS TORN 1<\/strong><\/p>\n<ul>\n<li><em>Taller: &#8220;Taller de stopmotion i beebots&#8221;. <\/em>Con\u00e8ixer en un taller pr\u00e0ctic com la rob\u00f2tica com a eina inclusiva i universal, pot treballar-se amb aplicacions com l&#8217;stopmotion. L&#8217;stopmotion \u00e9s una t\u00e8cnica d&#8217;animaci\u00f3 que consisteix en capturar fotografies consecutives d&#8217;un objecte movent-lo una mica entre fotografia i fotografia de manera que, visualitzant-les r\u00e0pidament, es creu que l&#8217;objecte es mou.<\/li>\n<li><em>Taller: &#8220;Eyeharp un programa per fer m\u00fasica amb la mirada&#8221;. <\/em>L&#8217;Eyeharp \u00e9s un innovador sistema que permet tocar a m\u00fasics amb discapacitats f\u00edsiques gr\u00e0cies al seguiment ocular. Apuntant amb la mirada, el programar interpreta una nota. D&#8217;aquesta manera, l&#8217;usuari pot produir notes soles o encadenades, donant peu a crear melodies.<\/li>\n<\/ul>\n<div class=\"contenido_tinymce\"><\/div>\n<div class=\"contenido_tinymce\"><strong>** Cada participant podr\u00e0 participar en un dels dos tallers de cada torn, que haur\u00e0 d&#8217;escollir previament enviant un emaill a: <a href=\"mailto:jtic@copc.cat\">jticdiscapacitat@copc.cat<\/a>\u00a0indicant nom i cognoms i el taller en el que vol participar **<\/strong><\/div>\n<p>17:30-18.30h.\u00a0\u00a0<strong>TALLERS TORN 2<\/strong><\/p>\n<ul>\n<li><em>Taller: &#8220;Ens comuniquem&#8221;.\u00a0<\/em>Es presentaran una recopilaci\u00f3 de diferents aplicacions que donen resposta a les necessitats comunicatives de les diferents persones amb diverses discapacitats. El taller constar\u00e0 d&#8217;una breu presentaci\u00f3 d&#8217;aquestes, una estona per experimentar amb elles i un col\u00b7loqui final en el que els participants podran aportar recursos que coneguin ells i desenvolupar les conclusions de les aplicacions que hem presentat\u00a0en aquest\u00a0 taller.<\/li>\n<li><em>Taller: &#8220;Tiflologia&#8221;<\/em><\/li>\n<\/ul>\n<p><strong>** Cada participant podr\u00e0 participar en un dels dos tallers de cada torn, que haur\u00e0 d&#8217;escollir previament enviant un emaill a:\u00a0<a href=\"mailto:jtic@copc.cat\">jticdiscapacitat@copc.cat<\/a>\u00a0indicant nom i cognoms i el taller en el que vol participar **<\/strong><\/p>\n<p>18:30-18.45h.\u00a0Cloenda de la Jornada a c\u00e0rrec d&#8217;un especialista en discapacitat i TIC en educaci\u00f3 especial i la inclusi\u00f3<\/p>\n<p><strong>Activitat gratu\u00efta. Per assistir a la Jornada cal fer\u00a0inscripci\u00f3 a trav\u00e9s de la web del <a href=\"https:\/\/www.copc.cat\/cursos\/1057\/Jornada-Tecnologies-de-suport-en-discapacitat\">COPC<\/a><\/strong><\/p>\n","protected":false},"featured_media":5782,"menu_order":0,"template":"","meta":{"_acf_changed":false,"inline_featured_image":false},"tipus":[],"topic":[120,128],"class_list":["post-5786","event","type-event","status-publish","has-post-thumbnail","hentry","topic-dpo","topic-projects"],"acf":{"imatge":5783,"informacio":{"ubicacio":"La Lleialtat Santsenca.","data":"16\/11\/2018","hora":"09:00 - 18:45","preu":"Gratu\u00eft","inscripcions":""}},"yoast_head":"<!-- This site is optimized with the Yoast SEO plugin v27.1.1 - https:\/\/yoast.com\/product\/yoast-seo-wordpress\/ -->\n<title>I Jornada de Tecnologies de Suport i Discapacitat - Fundaci\u00f3 TIC Salut i Social<\/title>\n<meta name=\"robots\" content=\"index, follow, max-snippet:-1, max-image-preview:large, max-video-preview:-1\" \/>\n<link rel=\"canonical\" href=\"https:\/\/ticsalutsocial.atoom.space\/en\/event\/i-jornada-de-tecnologies-de-suport-i-discapacitat\/\" \/>\n<meta property=\"og:locale\" content=\"en_US\" \/>\n<meta property=\"og:type\" content=\"article\" \/>\n<meta property=\"og:title\" content=\"I Jornada de Tecnologies de Suport i Discapacitat - Fundaci\u00f3 TIC Salut i Social\" \/>\n<meta property=\"og:description\" content=\"Col\u00b7legi Oficial de Psicologia de Catalunya (COPC) i Diputaci\u00f3 de Barcelona organitzen la\u00a0I Jornada de Tecnologies de Suport i Discapacitat En aquestes jornades, s&#8217;oferir\u00e0 una perspectiva general de les noves tecnologies\u00a0per a l&#8217;empoderament i inclusi\u00f3 de les persones amb discapacitat. La innovaci\u00f3 tecnol\u00f2gica destaca com una de les principals fonts de recursos per a l&#8217;empoderament [&hellip;]\" \/>\n<meta property=\"og:url\" content=\"https:\/\/ticsalutsocial.atoom.space\/en\/event\/i-jornada-de-tecnologies-de-suport-i-discapacitat\/\" \/>\n<meta property=\"og:site_name\" content=\"Fundaci\u00f3 TIC Salut i Social\" \/>\n<meta property=\"article:modified_time\" content=\"2021-07-21T14:24:45+00:00\" \/>\n<meta property=\"og:image\" content=\"https:\/\/ticsalutsocial.atoom.space\/wp-content\/uploads\/2018\/10\/1111.png\" \/>\n\t<meta property=\"og:image:width\" content=\"390\" \/>\n\t<meta property=\"og:image:height\" content=\"575\" \/>\n\t<meta property=\"og:image:type\" content=\"image\/png\" \/>\n<meta name=\"twitter:card\" content=\"summary_large_image\" \/>\n<meta name=\"twitter:label1\" content=\"Est. reading time\" \/>\n\t<meta name=\"twitter:data1\" content=\"3 minutes\" \/>\n<script type=\"application\/ld+json\" class=\"yoast-schema-graph\">{\"@context\":\"https:\/\/schema.org\",\"@graph\":[{\"@type\":\"WebPage\",\"@id\":\"https:\/\/ticsalutsocial.atoom.space\/en\/event\/i-jornada-de-tecnologies-de-suport-i-discapacitat\/\",\"url\":\"https:\/\/ticsalutsocial.atoom.space\/en\/event\/i-jornada-de-tecnologies-de-suport-i-discapacitat\/\",\"name\":\"I Jornada de Tecnologies de Suport i Discapacitat - Fundaci\u00f3 TIC Salut i Social\",\"isPartOf\":{\"@id\":\"https:\/\/ticsalutsocial.atoom.space\/en\/#website\"},\"primaryImageOfPage\":{\"@id\":\"https:\/\/ticsalutsocial.atoom.space\/en\/event\/i-jornada-de-tecnologies-de-suport-i-discapacitat\/#primaryimage\"},\"image\":{\"@id\":\"https:\/\/ticsalutsocial.atoom.space\/en\/event\/i-jornada-de-tecnologies-de-suport-i-discapacitat\/#primaryimage\"},\"thumbnailUrl\":\"https:\/\/ticsalutsocial.atoom.space\/wp-content\/uploads\/2018\/10\/1111.png\",\"datePublished\":\"2018-10-18T10:36:49+00:00\",\"dateModified\":\"2021-07-21T14:24:45+00:00\",\"breadcrumb\":{\"@id\":\"https:\/\/ticsalutsocial.atoom.space\/en\/event\/i-jornada-de-tecnologies-de-suport-i-discapacitat\/#breadcrumb\"},\"inLanguage\":\"en-US\",\"potentialAction\":[{\"@type\":\"ReadAction\",\"target\":[\"https:\/\/ticsalutsocial.atoom.space\/en\/event\/i-jornada-de-tecnologies-de-suport-i-discapacitat\/\"]}]},{\"@type\":\"ImageObject\",\"inLanguage\":\"en-US\",\"@id\":\"https:\/\/ticsalutsocial.atoom.space\/en\/event\/i-jornada-de-tecnologies-de-suport-i-discapacitat\/#primaryimage\",\"url\":\"https:\/\/ticsalutsocial.atoom.space\/wp-content\/uploads\/2018\/10\/1111.png\",\"contentUrl\":\"https:\/\/ticsalutsocial.atoom.space\/wp-content\/uploads\/2018\/10\/1111.png\",\"width\":390,\"height\":575},{\"@type\":\"BreadcrumbList\",\"@id\":\"https:\/\/ticsalutsocial.atoom.space\/en\/event\/i-jornada-de-tecnologies-de-suport-i-discapacitat\/#breadcrumb\",\"itemListElement\":[{\"@type\":\"ListItem\",\"position\":1,\"name\":\"Inici\",\"item\":\"https:\/\/ticsalutsocial.atoom.space\/en\/\"},{\"@type\":\"ListItem\",\"position\":2,\"name\":\"I Jornada de Tecnologies de Suport i Discapacitat\"}]},{\"@type\":\"WebSite\",\"@id\":\"https:\/\/ticsalutsocial.atoom.space\/en\/#website\",\"url\":\"https:\/\/ticsalutsocial.atoom.space\/en\/\",\"name\":\"Fundaci\u00f3 TIC Salut i Social\",\"description\":\"\",\"potentialAction\":[{\"@type\":\"SearchAction\",\"target\":{\"@type\":\"EntryPoint\",\"urlTemplate\":\"https:\/\/ticsalutsocial.atoom.space\/en\/?s={search_term_string}\"},\"query-input\":{\"@type\":\"PropertyValueSpecification\",\"valueRequired\":true,\"valueName\":\"search_term_string\"}}],\"inLanguage\":\"en-US\"}]}<\/script>\n<!-- \/ Yoast SEO plugin. -->","yoast_head_json":{"title":"I Jornada de Tecnologies de Suport i Discapacitat - Fundaci\u00f3 TIC Salut i Social","robots":{"index":"index","follow":"follow","max-snippet":"max-snippet:-1","max-image-preview":"max-image-preview:large","max-video-preview":"max-video-preview:-1"},"canonical":"https:\/\/ticsalutsocial.atoom.space\/en\/event\/i-jornada-de-tecnologies-de-suport-i-discapacitat\/","og_locale":"en_US","og_type":"article","og_title":"I Jornada de Tecnologies de Suport i Discapacitat - Fundaci\u00f3 TIC Salut i Social","og_description":"Col\u00b7legi Oficial de Psicologia de Catalunya (COPC) i Diputaci\u00f3 de Barcelona organitzen la\u00a0I Jornada de Tecnologies de Suport i Discapacitat En aquestes jornades, s&#8217;oferir\u00e0 una perspectiva general de les noves tecnologies\u00a0per a l&#8217;empoderament i inclusi\u00f3 de les persones amb discapacitat. La innovaci\u00f3 tecnol\u00f2gica destaca com una de les principals fonts de recursos per a l&#8217;empoderament [&hellip;]","og_url":"https:\/\/ticsalutsocial.atoom.space\/en\/event\/i-jornada-de-tecnologies-de-suport-i-discapacitat\/","og_site_name":"Fundaci\u00f3 TIC Salut i Social","article_modified_time":"2021-07-21T14:24:45+00:00","og_image":[{"width":390,"height":575,"url":"https:\/\/ticsalutsocial.atoom.space\/wp-content\/uploads\/2018\/10\/1111.png","type":"image\/png"}],"twitter_card":"summary_large_image","twitter_misc":{"Est. reading time":"3 minutes"},"schema":{"@context":"https:\/\/schema.org","@graph":[{"@type":"WebPage","@id":"https:\/\/ticsalutsocial.atoom.space\/en\/event\/i-jornada-de-tecnologies-de-suport-i-discapacitat\/","url":"https:\/\/ticsalutsocial.atoom.space\/en\/event\/i-jornada-de-tecnologies-de-suport-i-discapacitat\/","name":"I Jornada de Tecnologies de Suport i Discapacitat - Fundaci\u00f3 TIC Salut i Social","isPartOf":{"@id":"https:\/\/ticsalutsocial.atoom.space\/en\/#website"},"primaryImageOfPage":{"@id":"https:\/\/ticsalutsocial.atoom.space\/en\/event\/i-jornada-de-tecnologies-de-suport-i-discapacitat\/#primaryimage"},"image":{"@id":"https:\/\/ticsalutsocial.atoom.space\/en\/event\/i-jornada-de-tecnologies-de-suport-i-discapacitat\/#primaryimage"},"thumbnailUrl":"https:\/\/ticsalutsocial.atoom.space\/wp-content\/uploads\/2018\/10\/1111.png","datePublished":"2018-10-18T10:36:49+00:00","dateModified":"2021-07-21T14:24:45+00:00","breadcrumb":{"@id":"https:\/\/ticsalutsocial.atoom.space\/en\/event\/i-jornada-de-tecnologies-de-suport-i-discapacitat\/#breadcrumb"},"inLanguage":"en-US","potentialAction":[{"@type":"ReadAction","target":["https:\/\/ticsalutsocial.atoom.space\/en\/event\/i-jornada-de-tecnologies-de-suport-i-discapacitat\/"]}]},{"@type":"ImageObject","inLanguage":"en-US","@id":"https:\/\/ticsalutsocial.atoom.space\/en\/event\/i-jornada-de-tecnologies-de-suport-i-discapacitat\/#primaryimage","url":"https:\/\/ticsalutsocial.atoom.space\/wp-content\/uploads\/2018\/10\/1111.png","contentUrl":"https:\/\/ticsalutsocial.atoom.space\/wp-content\/uploads\/2018\/10\/1111.png","width":390,"height":575},{"@type":"BreadcrumbList","@id":"https:\/\/ticsalutsocial.atoom.space\/en\/event\/i-jornada-de-tecnologies-de-suport-i-discapacitat\/#breadcrumb","itemListElement":[{"@type":"ListItem","position":1,"name":"Inici","item":"https:\/\/ticsalutsocial.atoom.space\/en\/"},{"@type":"ListItem","position":2,"name":"I Jornada de Tecnologies de Suport i Discapacitat"}]},{"@type":"WebSite","@id":"https:\/\/ticsalutsocial.atoom.space\/en\/#website","url":"https:\/\/ticsalutsocial.atoom.space\/en\/","name":"Fundaci\u00f3 TIC Salut i Social","description":"","potentialAction":[{"@type":"SearchAction","target":{"@type":"EntryPoint","urlTemplate":"https:\/\/ticsalutsocial.atoom.space\/en\/?s={search_term_string}"},"query-input":{"@type":"PropertyValueSpecification","valueRequired":true,"valueName":"search_term_string"}}],"inLanguage":"en-US"}]}},"_links":{"self":[{"href":"https:\/\/ticsalutsocial.atoom.space\/en\/wp-json\/wp\/v2\/event\/5786","targetHints":{"allow":["GET"]}}],"collection":[{"href":"https:\/\/ticsalutsocial.atoom.space\/en\/wp-json\/wp\/v2\/event"}],"about":[{"href":"https:\/\/ticsalutsocial.atoom.space\/en\/wp-json\/wp\/v2\/types\/event"}],"wp:featuredmedia":[{"embeddable":true,"href":"https:\/\/ticsalutsocial.atoom.space\/en\/wp-json\/wp\/v2\/media\/5782"}],"wp:attachment":[{"href":"https:\/\/ticsalutsocial.atoom.space\/en\/wp-json\/wp\/v2\/media?parent=5786"}],"wp:term":[{"taxonomy":"tipus","embeddable":true,"href":"https:\/\/ticsalutsocial.atoom.space\/en\/wp-json\/wp\/v2\/tipus?post=5786"},{"taxonomy":"topic","embeddable":true,"href":"https:\/\/ticsalutsocial.atoom.space\/en\/wp-json\/wp\/v2\/topic?post=5786"}],"curies":[{"name":"wp","href":"https:\/\/api.w.org\/{rel}","templated":true}]}}