
{"id":5791,"date":"2018-10-23T16:12:42","date_gmt":"2018-10-23T14:12:42","guid":{"rendered":"https:\/\/ticsalutsocial.atoom.space\/?post_type=event&#038;p=5791"},"modified":"2021-07-21T16:24:50","modified_gmt":"2021-07-21T14:24:50","slug":"les-dades-de-laboratori-com-es-comparteixen-al-siscat","status":"publish","type":"event","link":"https:\/\/ticsalutsocial.atoom.space\/en\/event\/les-dades-de-laboratori-com-es-comparteixen-al-siscat\/","title":{"rendered":"Les dades de laboratori: com es comparteixen al SISCAT?"},"content":{"rendered":"<h3>Jornada sobre la terminologia de laboratori LOINC i el seu \u00fas al Sistema Sanitari Catal\u00e0.<\/h3>\n<p>L\u2019objectiu de la jornada \u00e9s presentar l\u2019estat actual de la compartici\u00f3 d\u2019informaci\u00f3 de laboratori entre els centres del SISCAT, aix\u00ed com l\u2019\u00fas que es fa de la terminologia LOINC a nivell Espanyol i internacional.<\/p>\n<p>La jornada va especialment adre\u00e7ada al personal dels serveis de laboratori dels centres, als diferents laboratoris, a metges d\u2019atenci\u00f3 prim\u00e0ria i als perfils TIC d\u2019aquests centres.<\/p>\n<p>Lloc: Sala d\u2019actes de l&#8217;Edifici Salvany (C\/Roc Boronat, 81-95) Barcelona.<\/p>\n<p>Data: 29 de Novembre.<\/p>\n<p>Preu: Gratu\u00efta.<\/p>\n<p><strong>Programa:<\/strong><\/p>\n<ul>\n<li><strong>9:00-9:30h &#8211; Arribada i acreditaci\u00f3<\/strong><\/li>\n<li><strong>9:30-9:45h &#8211;<\/strong> <strong>Benvinguda i obertura de la jornada.<\/strong> Josu\u00e8 Sallent, Director de la Fundaci\u00f3 TIC Salut Social i Llu\u00eds Vilardell, Responsable de Cat\u00e0legs de la Coordinaci\u00f3 TIC<\/li>\n<li><strong>9:45-10:15h &#8211;<\/strong> <strong>Diccionari cl\u00ednic per a iSalut<\/strong>. Ariadna Rius, Responsable de l\u2019Oficina d\u2019Est\u00e0ndards i Interoperabilitat<\/li>\n<li><strong>10:15-10:45h &#8211; HC3 i publicaci\u00f3 de laboratori estructurat.<\/strong> Oscar Solans, Responsable funcional eSalut<\/li>\n<li><strong>10:45-11:00h &#8211; Torn de preguntes 1\u00a0\u00a0\u00a0\u00a0\u00a0<\/strong><\/li>\n<li><strong>11:00-11:30h &#8211; Caf\u00e9 networking\u00a0\u00a0\u00a0<\/strong><\/li>\n<li><strong>11:30-12:30h &#8211; Introduction to LOINC.<\/strong> Daniel Vreeman,\u00a0 Director, LOINC and Health Data Standards, Regenstrief Center for Biomedical Informatics at Regenstrief Institute, Inc<\/li>\n<li><strong>12:30-13:00h &#8211; Experi\u00e8ncies d\u2019estandarditzaci\u00f3 en LOINC al SISCAT.<\/strong> Isabel S\u00e1nchez, Qualitat i consultoria Laboratori de Refer\u00e8ncia de Catalunya<\/li>\n<li><strong>13:00-13:15h &#8211; Iniciatives fora del SISCAT i experi\u00e8ncia de participaci\u00f3 al LOINC comitee.<\/strong> Mireia Rodr\u00edguez, Cofounder and business development manager BITAC<\/li>\n<li><strong>13:15-14:00h &#8211; LOINC in the World and last updates.<\/strong> Daniel Vreeman,\u00a0 Director, LOINC and Health Data Standards, Regenstrief Center for Biomedical Informatics at Regenstrief Institute, Inc<\/li>\n<li><strong>14:00-14:30h &#8211; Torn de preguntes 2 i conclusions<\/strong>. Jordi Mart\u00ednez, Director d\u2019Innovaci\u00f3 de la Fundaci\u00f3 TIC Salut Social<\/li>\n<\/ul>\n","protected":false},"featured_media":5771,"menu_order":0,"template":"","meta":{"_acf_changed":false,"inline_featured_image":false},"tipus":[83],"topic":[120],"class_list":["post-5791","event","type-event","status-publish","has-post-thumbnail","hentry","tipus-interoperability","topic-dpo"],"acf":{"imatge":5772,"informacio":{"ubicacio":"Sala d'actes de l'Edifici Salvany","data":"29\/11\/2018","hora":"","preu":"Gratu\u00efta pr\u00e8via inscripci\u00f3","inscripcions":""}},"yoast_head":"<!-- This site is optimized with the Yoast SEO plugin v27.1.1 - https:\/\/yoast.com\/product\/yoast-seo-wordpress\/ -->\n<title>Les dades de laboratori: com es comparteixen al SISCAT? - Fundaci\u00f3 TIC Salut i Social<\/title>\n<meta name=\"robots\" content=\"index, follow, max-snippet:-1, max-image-preview:large, max-video-preview:-1\" \/>\n<link rel=\"canonical\" href=\"https:\/\/ticsalutsocial.atoom.space\/en\/event\/les-dades-de-laboratori-com-es-comparteixen-al-siscat\/\" \/>\n<meta property=\"og:locale\" content=\"en_US\" \/>\n<meta property=\"og:type\" content=\"article\" \/>\n<meta property=\"og:title\" content=\"Les dades de laboratori: com es comparteixen al SISCAT? - Fundaci\u00f3 TIC Salut i Social\" \/>\n<meta property=\"og:description\" content=\"Jornada sobre la terminologia de laboratori LOINC i el seu \u00fas al Sistema Sanitari Catal\u00e0. L\u2019objectiu de la jornada \u00e9s presentar l\u2019estat actual de la compartici\u00f3 d\u2019informaci\u00f3 de laboratori entre els centres del SISCAT, aix\u00ed com l\u2019\u00fas que es fa de la terminologia LOINC a nivell Espanyol i internacional. La jornada va especialment adre\u00e7ada al [&hellip;]\" \/>\n<meta property=\"og:url\" content=\"https:\/\/ticsalutsocial.atoom.space\/en\/event\/les-dades-de-laboratori-com-es-comparteixen-al-siscat\/\" \/>\n<meta property=\"og:site_name\" content=\"Fundaci\u00f3 TIC Salut i Social\" \/>\n<meta property=\"article:modified_time\" content=\"2021-07-21T14:24:50+00:00\" \/>\n<meta property=\"og:image\" content=\"https:\/\/ticsalutsocial.atoom.space\/wp-content\/uploads\/2018\/09\/captura-3.png\" \/>\n\t<meta property=\"og:image:width\" content=\"796\" \/>\n\t<meta property=\"og:image:height\" content=\"563\" \/>\n\t<meta property=\"og:image:type\" content=\"image\/png\" \/>\n<meta name=\"twitter:card\" content=\"summary_large_image\" \/>\n<meta name=\"twitter:label1\" content=\"Est. reading time\" \/>\n\t<meta name=\"twitter:data1\" content=\"2 minutes\" \/>\n<script type=\"application\/ld+json\" class=\"yoast-schema-graph\">{\"@context\":\"https:\/\/schema.org\",\"@graph\":[{\"@type\":\"WebPage\",\"@id\":\"https:\/\/ticsalutsocial.atoom.space\/en\/event\/les-dades-de-laboratori-com-es-comparteixen-al-siscat\/\",\"url\":\"https:\/\/ticsalutsocial.atoom.space\/en\/event\/les-dades-de-laboratori-com-es-comparteixen-al-siscat\/\",\"name\":\"Les dades de laboratori: com es comparteixen al SISCAT? - Fundaci\u00f3 TIC Salut i Social\",\"isPartOf\":{\"@id\":\"https:\/\/ticsalutsocial.atoom.space\/en\/#website\"},\"primaryImageOfPage\":{\"@id\":\"https:\/\/ticsalutsocial.atoom.space\/en\/event\/les-dades-de-laboratori-com-es-comparteixen-al-siscat\/#primaryimage\"},\"image\":{\"@id\":\"https:\/\/ticsalutsocial.atoom.space\/en\/event\/les-dades-de-laboratori-com-es-comparteixen-al-siscat\/#primaryimage\"},\"thumbnailUrl\":\"https:\/\/ticsalutsocial.atoom.space\/wp-content\/uploads\/2018\/09\/captura-3.png\",\"datePublished\":\"2018-10-23T14:12:42+00:00\",\"dateModified\":\"2021-07-21T14:24:50+00:00\",\"breadcrumb\":{\"@id\":\"https:\/\/ticsalutsocial.atoom.space\/en\/event\/les-dades-de-laboratori-com-es-comparteixen-al-siscat\/#breadcrumb\"},\"inLanguage\":\"en-US\",\"potentialAction\":[{\"@type\":\"ReadAction\",\"target\":[\"https:\/\/ticsalutsocial.atoom.space\/en\/event\/les-dades-de-laboratori-com-es-comparteixen-al-siscat\/\"]}]},{\"@type\":\"ImageObject\",\"inLanguage\":\"en-US\",\"@id\":\"https:\/\/ticsalutsocial.atoom.space\/en\/event\/les-dades-de-laboratori-com-es-comparteixen-al-siscat\/#primaryimage\",\"url\":\"https:\/\/ticsalutsocial.atoom.space\/wp-content\/uploads\/2018\/09\/captura-3.png\",\"contentUrl\":\"https:\/\/ticsalutsocial.atoom.space\/wp-content\/uploads\/2018\/09\/captura-3.png\",\"width\":796,\"height\":563},{\"@type\":\"BreadcrumbList\",\"@id\":\"https:\/\/ticsalutsocial.atoom.space\/en\/event\/les-dades-de-laboratori-com-es-comparteixen-al-siscat\/#breadcrumb\",\"itemListElement\":[{\"@type\":\"ListItem\",\"position\":1,\"name\":\"Inici\",\"item\":\"https:\/\/ticsalutsocial.atoom.space\/en\/\"},{\"@type\":\"ListItem\",\"position\":2,\"name\":\"Les dades de laboratori: com es comparteixen al SISCAT?\"}]},{\"@type\":\"WebSite\",\"@id\":\"https:\/\/ticsalutsocial.atoom.space\/en\/#website\",\"url\":\"https:\/\/ticsalutsocial.atoom.space\/en\/\",\"name\":\"Fundaci\u00f3 TIC Salut i Social\",\"description\":\"\",\"potentialAction\":[{\"@type\":\"SearchAction\",\"target\":{\"@type\":\"EntryPoint\",\"urlTemplate\":\"https:\/\/ticsalutsocial.atoom.space\/en\/?s={search_term_string}\"},\"query-input\":{\"@type\":\"PropertyValueSpecification\",\"valueRequired\":true,\"valueName\":\"search_term_string\"}}],\"inLanguage\":\"en-US\"}]}<\/script>\n<!-- \/ Yoast SEO plugin. -->","yoast_head_json":{"title":"Les dades de laboratori: com es comparteixen al SISCAT? - Fundaci\u00f3 TIC Salut i Social","robots":{"index":"index","follow":"follow","max-snippet":"max-snippet:-1","max-image-preview":"max-image-preview:large","max-video-preview":"max-video-preview:-1"},"canonical":"https:\/\/ticsalutsocial.atoom.space\/en\/event\/les-dades-de-laboratori-com-es-comparteixen-al-siscat\/","og_locale":"en_US","og_type":"article","og_title":"Les dades de laboratori: com es comparteixen al SISCAT? - Fundaci\u00f3 TIC Salut i Social","og_description":"Jornada sobre la terminologia de laboratori LOINC i el seu \u00fas al Sistema Sanitari Catal\u00e0. L\u2019objectiu de la jornada \u00e9s presentar l\u2019estat actual de la compartici\u00f3 d\u2019informaci\u00f3 de laboratori entre els centres del SISCAT, aix\u00ed com l\u2019\u00fas que es fa de la terminologia LOINC a nivell Espanyol i internacional. La jornada va especialment adre\u00e7ada al [&hellip;]","og_url":"https:\/\/ticsalutsocial.atoom.space\/en\/event\/les-dades-de-laboratori-com-es-comparteixen-al-siscat\/","og_site_name":"Fundaci\u00f3 TIC Salut i Social","article_modified_time":"2021-07-21T14:24:50+00:00","og_image":[{"width":796,"height":563,"url":"https:\/\/ticsalutsocial.atoom.space\/wp-content\/uploads\/2018\/09\/captura-3.png","type":"image\/png"}],"twitter_card":"summary_large_image","twitter_misc":{"Est. reading time":"2 minutes"},"schema":{"@context":"https:\/\/schema.org","@graph":[{"@type":"WebPage","@id":"https:\/\/ticsalutsocial.atoom.space\/en\/event\/les-dades-de-laboratori-com-es-comparteixen-al-siscat\/","url":"https:\/\/ticsalutsocial.atoom.space\/en\/event\/les-dades-de-laboratori-com-es-comparteixen-al-siscat\/","name":"Les dades de laboratori: com es comparteixen al SISCAT? - Fundaci\u00f3 TIC Salut i Social","isPartOf":{"@id":"https:\/\/ticsalutsocial.atoom.space\/en\/#website"},"primaryImageOfPage":{"@id":"https:\/\/ticsalutsocial.atoom.space\/en\/event\/les-dades-de-laboratori-com-es-comparteixen-al-siscat\/#primaryimage"},"image":{"@id":"https:\/\/ticsalutsocial.atoom.space\/en\/event\/les-dades-de-laboratori-com-es-comparteixen-al-siscat\/#primaryimage"},"thumbnailUrl":"https:\/\/ticsalutsocial.atoom.space\/wp-content\/uploads\/2018\/09\/captura-3.png","datePublished":"2018-10-23T14:12:42+00:00","dateModified":"2021-07-21T14:24:50+00:00","breadcrumb":{"@id":"https:\/\/ticsalutsocial.atoom.space\/en\/event\/les-dades-de-laboratori-com-es-comparteixen-al-siscat\/#breadcrumb"},"inLanguage":"en-US","potentialAction":[{"@type":"ReadAction","target":["https:\/\/ticsalutsocial.atoom.space\/en\/event\/les-dades-de-laboratori-com-es-comparteixen-al-siscat\/"]}]},{"@type":"ImageObject","inLanguage":"en-US","@id":"https:\/\/ticsalutsocial.atoom.space\/en\/event\/les-dades-de-laboratori-com-es-comparteixen-al-siscat\/#primaryimage","url":"https:\/\/ticsalutsocial.atoom.space\/wp-content\/uploads\/2018\/09\/captura-3.png","contentUrl":"https:\/\/ticsalutsocial.atoom.space\/wp-content\/uploads\/2018\/09\/captura-3.png","width":796,"height":563},{"@type":"BreadcrumbList","@id":"https:\/\/ticsalutsocial.atoom.space\/en\/event\/les-dades-de-laboratori-com-es-comparteixen-al-siscat\/#breadcrumb","itemListElement":[{"@type":"ListItem","position":1,"name":"Inici","item":"https:\/\/ticsalutsocial.atoom.space\/en\/"},{"@type":"ListItem","position":2,"name":"Les dades de laboratori: com es comparteixen al SISCAT?"}]},{"@type":"WebSite","@id":"https:\/\/ticsalutsocial.atoom.space\/en\/#website","url":"https:\/\/ticsalutsocial.atoom.space\/en\/","name":"Fundaci\u00f3 TIC Salut i Social","description":"","potentialAction":[{"@type":"SearchAction","target":{"@type":"EntryPoint","urlTemplate":"https:\/\/ticsalutsocial.atoom.space\/en\/?s={search_term_string}"},"query-input":{"@type":"PropertyValueSpecification","valueRequired":true,"valueName":"search_term_string"}}],"inLanguage":"en-US"}]}},"_links":{"self":[{"href":"https:\/\/ticsalutsocial.atoom.space\/en\/wp-json\/wp\/v2\/event\/5791","targetHints":{"allow":["GET"]}}],"collection":[{"href":"https:\/\/ticsalutsocial.atoom.space\/en\/wp-json\/wp\/v2\/event"}],"about":[{"href":"https:\/\/ticsalutsocial.atoom.space\/en\/wp-json\/wp\/v2\/types\/event"}],"wp:featuredmedia":[{"embeddable":true,"href":"https:\/\/ticsalutsocial.atoom.space\/en\/wp-json\/wp\/v2\/media\/5771"}],"wp:attachment":[{"href":"https:\/\/ticsalutsocial.atoom.space\/en\/wp-json\/wp\/v2\/media?parent=5791"}],"wp:term":[{"taxonomy":"tipus","embeddable":true,"href":"https:\/\/ticsalutsocial.atoom.space\/en\/wp-json\/wp\/v2\/tipus?post=5791"},{"taxonomy":"topic","embeddable":true,"href":"https:\/\/ticsalutsocial.atoom.space\/en\/wp-json\/wp\/v2\/topic?post=5791"}],"curies":[{"name":"wp","href":"https:\/\/api.w.org\/{rel}","templated":true}]}}