
{"id":5803,"date":"2018-10-31T14:29:27","date_gmt":"2018-10-31T12:29:27","guid":{"rendered":"https:\/\/ticsalutsocial.atoom.space\/?post_type=event&#038;p=5803"},"modified":"2021-07-21T16:24:59","modified_gmt":"2021-07-21T14:24:59","slug":"dia-internacional-de-la-radiologia-imatge-cardiaca","status":"publish","type":"event","link":"https:\/\/ticsalutsocial.atoom.space\/en\/event\/dia-internacional-de-la-radiologia-imatge-cardiaca\/","title":{"rendered":"Dia internacional de la Radiologia: Imatge card\u00edaca"},"content":{"rendered":"<p><strong>Jornada:<\/strong>\u00a0<strong>Dia internacional de la Radiologia: Imatge card\u00edaca<\/strong><\/p>\n<p><em>Gesti\u00f3 de dosi al pacient: qu\u00e8 hem de saber?<\/em><\/p>\n<p><strong>Introducci\u00f3<\/strong><\/p>\n<p>El proper dia 8 de novembre de 2018 la Societat Catalana de Radiologia us convida a una jornada doble.<\/p>\n<p>En primer lloc i en motiu de la celebraci\u00f3 del dia internacional de la Radiologia, aquest any 2018 dedicat a la imatge card\u00edaca. Presentarem una taula rodona on els professionals discutiran sobre les avantatges i innovacions en les diferents t\u00e8cniques d&#8217; imatge, fent tamb\u00e9 \u00e8mfasi especialment en els riscos i seguretat (control de dosi a pacient).<\/p>\n<p>La segona part de la jornada ser\u00e0 conjunta amb la Societat Catalana de F\u00edsica M\u00e8dica. Mitjan\u00e7ant una confer\u00e8ncia divulgativa i tallers interactius s&#8217; analitzaran aquells punts cabdals que cal tenir en compte al tractar la gesti\u00f3 de la dosi administrada a pacient amb radiacions ionitzants.<\/p>\n<p><strong>Inter\u00e8s<\/strong><\/p>\n<p>Fer divulgaci\u00f3 al col.lectiu sanitari (radi\u00f2legs, radiof\u00edsics, cardi\u00f2legs, t\u00e8cnics, infermers i gestors) la import\u00e0ncia tant dels aven\u00e7os en imatge card\u00edaca com de la gesti\u00f3 de la dosi i la seva comprensi\u00f3<\/p>\n<p><strong>Dirigit a:<\/strong><\/p>\n<ul>\n<li>Radi\u00f2legs Generals (que exerceixen en ambulatoris i hospitals) i metges residents de radiologia.<\/li>\n<li>T\u00e8cnics en Diagn\u00f2stic per Imatge<\/li>\n<li>Supervisors de Serveis de Radiologia.<\/li>\n<li>Infermeria de l&#8217;\u00e0rea de radiodiagn\u00f2stic.<\/li>\n<li>Cardi\u00f2legs<\/li>\n<li>Responsables de qualitat dels hospitals<\/li>\n<li>Gestors<\/li>\n<li>Radiof\u00edsics<\/li>\n<\/ul>\n<p><strong>Direcci\u00f3 del Curs:<\/strong><\/p>\n<ul>\n<li>M\u00aa Teresa Maristany Daunert<\/li>\n<li>Agust\u00ed Ruiz Mart\u00ednez<\/li>\n<li>Diego Jurado Bruggeman<\/li>\n<li>Josep Munuera del Cerro<\/li>\n<\/ul>\n<p><strong>Informaci\u00f3 General:<\/strong><\/p>\n<p><strong>Data: <\/strong>\u00a0\u00a0Dijous, 8 novembre 2018.<\/p>\n<p><strong>Horari:<\/strong> \u00a09:00 a 13:30 hores.<\/p>\n<p><strong>Seu:<\/strong><\/p>\n<p><em>Sala Oriol Bohigas <\/em><\/p>\n<p><em>Ateneu Barcelon\u00e9s<\/em><\/p>\n<p>Carrer de la Canuda, 6, 08002 Barcelona<\/p>\n<p><strong>Ponents:<\/strong><\/p>\n<ul>\n<li><em>Flavio Zuccarino.\u00a0<\/em><strong>Servei Diagn\u00f2stic per la Imatge Hospital del Mar i Sant Joan de D\u00e9u<\/strong><\/li>\n<li><em>Alberto Hidalgo.\u00a0<\/em><strong>Servei Diagn\u00f2stic per la Imatge Hospital Santa creu i Sant Pau<\/strong><\/li>\n<li><em>Diego Jurado Bruggeman.\u00a0<\/em><strong>Servei de F\u00edsica M\u00e8dica i Protecci\u00f3 Radiol\u00f2gica.\u00a0<\/strong><strong>Institut Catal\u00e0 d&#8217;Oncologia<\/strong><\/li>\n<li><em>Agust\u00ed Ruiz Mart\u00ednez.\u00a0<\/em><strong>Servei de F\u00edsica M\u00e8dica i Protecci\u00f3 Radiol\u00f2gica.\u00a0<\/strong><strong>Hospital de Sant Pau<\/strong><\/li>\n<li><em>Juan Jos\u00e9 Morant.\u00a0<\/em><strong>Unitat de Protecci\u00f3 Radiol\u00f2gica.\u00a0<\/strong><strong>Universitat Rovira i Virgili<\/strong><\/li>\n<li><em>Carlos Gallego.\u00a0<\/em><strong>Responsable del sistema d\u2019 imatge M\u00e8dica digital de Catalunya.\u00a0<\/strong><strong>Departament de Salut.<\/strong><\/li>\n<\/ul>\n<p>La Jornada \u00e9s gratu\u00efta. Per la inscripci\u00f3 nom\u00e9s s&#8217;han d&#8217;enviar les dades especificades a continuaci\u00f3 a\u00a0<span id=\"cloakcdc67d68b5459387730314eabdd5f9e8\"><a href=\"mailto:secretaria@radiolegscat.cat\" target=\"_blank\" rel=\"noopener\">secretaria@radiolegscat.cat<\/a><\/span>.<\/p>\n<p>Cognoms<\/p>\n<p>Nom<\/p>\n<p>N.I.F.<\/p>\n<p>C.P.<\/p>\n<p>Poblaci\u00f3<\/p>\n<p>Tel.<\/p>\n<p>Correu electr\u00f2nic<\/p>\n<p>Centre de treball<\/p>\n<p>Categoria professional<\/p>\n","protected":false},"featured_media":5800,"menu_order":0,"template":"","meta":{"_acf_changed":false,"inline_featured_image":false},"tipus":[],"topic":[120],"class_list":["post-5803","event","type-event","status-publish","has-post-thumbnail","hentry","topic-dpo"],"acf":{"imatge":5801,"informacio":{"ubicacio":"Sala Oriol Bohigas.  Ateneu Barcelon\u00e9s","data":"08\/11\/2018","hora":"9:30h a 13:30h","preu":"Gratu\u00efta pr\u00e8via inscripci\u00f3","inscripcions":""}},"yoast_head":"<!-- This site is optimized with the Yoast SEO plugin v27.1.1 - https:\/\/yoast.com\/product\/yoast-seo-wordpress\/ -->\n<title>Dia internacional de la Radiologia: Imatge card\u00edaca - Fundaci\u00f3 TIC Salut i Social<\/title>\n<meta name=\"robots\" content=\"index, follow, max-snippet:-1, max-image-preview:large, max-video-preview:-1\" \/>\n<link rel=\"canonical\" href=\"https:\/\/ticsalutsocial.atoom.space\/en\/event\/dia-internacional-de-la-radiologia-imatge-cardiaca\/\" \/>\n<meta property=\"og:locale\" content=\"en_US\" \/>\n<meta property=\"og:type\" content=\"article\" \/>\n<meta property=\"og:title\" content=\"Dia internacional de la Radiologia: Imatge card\u00edaca - Fundaci\u00f3 TIC Salut i Social\" \/>\n<meta property=\"og:description\" content=\"Jornada:\u00a0Dia internacional de la Radiologia: Imatge card\u00edaca Gesti\u00f3 de dosi al pacient: qu\u00e8 hem de saber? Introducci\u00f3 El proper dia 8 de novembre de 2018 la Societat Catalana de Radiologia us convida a una jornada doble. En primer lloc i en motiu de la celebraci\u00f3 del dia internacional de la Radiologia, aquest any 2018 dedicat [&hellip;]\" \/>\n<meta property=\"og:url\" content=\"https:\/\/ticsalutsocial.atoom.space\/en\/event\/dia-internacional-de-la-radiologia-imatge-cardiaca\/\" \/>\n<meta property=\"og:site_name\" content=\"Fundaci\u00f3 TIC Salut i Social\" \/>\n<meta property=\"article:modified_time\" content=\"2021-07-21T14:24:59+00:00\" \/>\n<meta property=\"og:image\" content=\"https:\/\/ticsalutsocial.atoom.space\/wp-content\/uploads\/2018\/10\/photo-1512615199361-5c7a110a8d11.jpg\" \/>\n\t<meta property=\"og:image:width\" content=\"1050\" \/>\n\t<meta property=\"og:image:height\" content=\"701\" \/>\n\t<meta property=\"og:image:type\" content=\"image\/jpeg\" \/>\n<meta name=\"twitter:card\" content=\"summary_large_image\" \/>\n<meta name=\"twitter:label1\" content=\"Est. reading time\" \/>\n\t<meta name=\"twitter:data1\" content=\"2 minutes\" \/>\n<script type=\"application\/ld+json\" class=\"yoast-schema-graph\">{\"@context\":\"https:\/\/schema.org\",\"@graph\":[{\"@type\":\"WebPage\",\"@id\":\"https:\/\/ticsalutsocial.atoom.space\/en\/event\/dia-internacional-de-la-radiologia-imatge-cardiaca\/\",\"url\":\"https:\/\/ticsalutsocial.atoom.space\/en\/event\/dia-internacional-de-la-radiologia-imatge-cardiaca\/\",\"name\":\"Dia internacional de la Radiologia: Imatge card\u00edaca - Fundaci\u00f3 TIC Salut i Social\",\"isPartOf\":{\"@id\":\"https:\/\/ticsalutsocial.atoom.space\/en\/#website\"},\"primaryImageOfPage\":{\"@id\":\"https:\/\/ticsalutsocial.atoom.space\/en\/event\/dia-internacional-de-la-radiologia-imatge-cardiaca\/#primaryimage\"},\"image\":{\"@id\":\"https:\/\/ticsalutsocial.atoom.space\/en\/event\/dia-internacional-de-la-radiologia-imatge-cardiaca\/#primaryimage\"},\"thumbnailUrl\":\"https:\/\/ticsalutsocial.atoom.space\/wp-content\/uploads\/2018\/10\/photo-1512615199361-5c7a110a8d11.jpg\",\"datePublished\":\"2018-10-31T12:29:27+00:00\",\"dateModified\":\"2021-07-21T14:24:59+00:00\",\"breadcrumb\":{\"@id\":\"https:\/\/ticsalutsocial.atoom.space\/en\/event\/dia-internacional-de-la-radiologia-imatge-cardiaca\/#breadcrumb\"},\"inLanguage\":\"en-US\",\"potentialAction\":[{\"@type\":\"ReadAction\",\"target\":[\"https:\/\/ticsalutsocial.atoom.space\/en\/event\/dia-internacional-de-la-radiologia-imatge-cardiaca\/\"]}]},{\"@type\":\"ImageObject\",\"inLanguage\":\"en-US\",\"@id\":\"https:\/\/ticsalutsocial.atoom.space\/en\/event\/dia-internacional-de-la-radiologia-imatge-cardiaca\/#primaryimage\",\"url\":\"https:\/\/ticsalutsocial.atoom.space\/wp-content\/uploads\/2018\/10\/photo-1512615199361-5c7a110a8d11.jpg\",\"contentUrl\":\"https:\/\/ticsalutsocial.atoom.space\/wp-content\/uploads\/2018\/10\/photo-1512615199361-5c7a110a8d11.jpg\",\"width\":1050,\"height\":701},{\"@type\":\"BreadcrumbList\",\"@id\":\"https:\/\/ticsalutsocial.atoom.space\/en\/event\/dia-internacional-de-la-radiologia-imatge-cardiaca\/#breadcrumb\",\"itemListElement\":[{\"@type\":\"ListItem\",\"position\":1,\"name\":\"Inici\",\"item\":\"https:\/\/ticsalutsocial.atoom.space\/en\/\"},{\"@type\":\"ListItem\",\"position\":2,\"name\":\"Dia internacional de la Radiologia: Imatge card\u00edaca\"}]},{\"@type\":\"WebSite\",\"@id\":\"https:\/\/ticsalutsocial.atoom.space\/en\/#website\",\"url\":\"https:\/\/ticsalutsocial.atoom.space\/en\/\",\"name\":\"Fundaci\u00f3 TIC Salut i Social\",\"description\":\"\",\"potentialAction\":[{\"@type\":\"SearchAction\",\"target\":{\"@type\":\"EntryPoint\",\"urlTemplate\":\"https:\/\/ticsalutsocial.atoom.space\/en\/?s={search_term_string}\"},\"query-input\":{\"@type\":\"PropertyValueSpecification\",\"valueRequired\":true,\"valueName\":\"search_term_string\"}}],\"inLanguage\":\"en-US\"}]}<\/script>\n<!-- \/ Yoast SEO plugin. -->","yoast_head_json":{"title":"Dia internacional de la Radiologia: Imatge card\u00edaca - Fundaci\u00f3 TIC Salut i Social","robots":{"index":"index","follow":"follow","max-snippet":"max-snippet:-1","max-image-preview":"max-image-preview:large","max-video-preview":"max-video-preview:-1"},"canonical":"https:\/\/ticsalutsocial.atoom.space\/en\/event\/dia-internacional-de-la-radiologia-imatge-cardiaca\/","og_locale":"en_US","og_type":"article","og_title":"Dia internacional de la Radiologia: Imatge card\u00edaca - Fundaci\u00f3 TIC Salut i Social","og_description":"Jornada:\u00a0Dia internacional de la Radiologia: Imatge card\u00edaca Gesti\u00f3 de dosi al pacient: qu\u00e8 hem de saber? Introducci\u00f3 El proper dia 8 de novembre de 2018 la Societat Catalana de Radiologia us convida a una jornada doble. En primer lloc i en motiu de la celebraci\u00f3 del dia internacional de la Radiologia, aquest any 2018 dedicat [&hellip;]","og_url":"https:\/\/ticsalutsocial.atoom.space\/en\/event\/dia-internacional-de-la-radiologia-imatge-cardiaca\/","og_site_name":"Fundaci\u00f3 TIC Salut i Social","article_modified_time":"2021-07-21T14:24:59+00:00","og_image":[{"width":1050,"height":701,"url":"https:\/\/ticsalutsocial.atoom.space\/wp-content\/uploads\/2018\/10\/photo-1512615199361-5c7a110a8d11.jpg","type":"image\/jpeg"}],"twitter_card":"summary_large_image","twitter_misc":{"Est. reading time":"2 minutes"},"schema":{"@context":"https:\/\/schema.org","@graph":[{"@type":"WebPage","@id":"https:\/\/ticsalutsocial.atoom.space\/en\/event\/dia-internacional-de-la-radiologia-imatge-cardiaca\/","url":"https:\/\/ticsalutsocial.atoom.space\/en\/event\/dia-internacional-de-la-radiologia-imatge-cardiaca\/","name":"Dia internacional de la Radiologia: Imatge card\u00edaca - Fundaci\u00f3 TIC Salut i Social","isPartOf":{"@id":"https:\/\/ticsalutsocial.atoom.space\/en\/#website"},"primaryImageOfPage":{"@id":"https:\/\/ticsalutsocial.atoom.space\/en\/event\/dia-internacional-de-la-radiologia-imatge-cardiaca\/#primaryimage"},"image":{"@id":"https:\/\/ticsalutsocial.atoom.space\/en\/event\/dia-internacional-de-la-radiologia-imatge-cardiaca\/#primaryimage"},"thumbnailUrl":"https:\/\/ticsalutsocial.atoom.space\/wp-content\/uploads\/2018\/10\/photo-1512615199361-5c7a110a8d11.jpg","datePublished":"2018-10-31T12:29:27+00:00","dateModified":"2021-07-21T14:24:59+00:00","breadcrumb":{"@id":"https:\/\/ticsalutsocial.atoom.space\/en\/event\/dia-internacional-de-la-radiologia-imatge-cardiaca\/#breadcrumb"},"inLanguage":"en-US","potentialAction":[{"@type":"ReadAction","target":["https:\/\/ticsalutsocial.atoom.space\/en\/event\/dia-internacional-de-la-radiologia-imatge-cardiaca\/"]}]},{"@type":"ImageObject","inLanguage":"en-US","@id":"https:\/\/ticsalutsocial.atoom.space\/en\/event\/dia-internacional-de-la-radiologia-imatge-cardiaca\/#primaryimage","url":"https:\/\/ticsalutsocial.atoom.space\/wp-content\/uploads\/2018\/10\/photo-1512615199361-5c7a110a8d11.jpg","contentUrl":"https:\/\/ticsalutsocial.atoom.space\/wp-content\/uploads\/2018\/10\/photo-1512615199361-5c7a110a8d11.jpg","width":1050,"height":701},{"@type":"BreadcrumbList","@id":"https:\/\/ticsalutsocial.atoom.space\/en\/event\/dia-internacional-de-la-radiologia-imatge-cardiaca\/#breadcrumb","itemListElement":[{"@type":"ListItem","position":1,"name":"Inici","item":"https:\/\/ticsalutsocial.atoom.space\/en\/"},{"@type":"ListItem","position":2,"name":"Dia internacional de la Radiologia: Imatge card\u00edaca"}]},{"@type":"WebSite","@id":"https:\/\/ticsalutsocial.atoom.space\/en\/#website","url":"https:\/\/ticsalutsocial.atoom.space\/en\/","name":"Fundaci\u00f3 TIC Salut i Social","description":"","potentialAction":[{"@type":"SearchAction","target":{"@type":"EntryPoint","urlTemplate":"https:\/\/ticsalutsocial.atoom.space\/en\/?s={search_term_string}"},"query-input":{"@type":"PropertyValueSpecification","valueRequired":true,"valueName":"search_term_string"}}],"inLanguage":"en-US"}]}},"_links":{"self":[{"href":"https:\/\/ticsalutsocial.atoom.space\/en\/wp-json\/wp\/v2\/event\/5803","targetHints":{"allow":["GET"]}}],"collection":[{"href":"https:\/\/ticsalutsocial.atoom.space\/en\/wp-json\/wp\/v2\/event"}],"about":[{"href":"https:\/\/ticsalutsocial.atoom.space\/en\/wp-json\/wp\/v2\/types\/event"}],"wp:featuredmedia":[{"embeddable":true,"href":"https:\/\/ticsalutsocial.atoom.space\/en\/wp-json\/wp\/v2\/media\/5800"}],"wp:attachment":[{"href":"https:\/\/ticsalutsocial.atoom.space\/en\/wp-json\/wp\/v2\/media?parent=5803"}],"wp:term":[{"taxonomy":"tipus","embeddable":true,"href":"https:\/\/ticsalutsocial.atoom.space\/en\/wp-json\/wp\/v2\/tipus?post=5803"},{"taxonomy":"topic","embeddable":true,"href":"https:\/\/ticsalutsocial.atoom.space\/en\/wp-json\/wp\/v2\/topic?post=5803"}],"curies":[{"name":"wp","href":"https:\/\/api.w.org\/{rel}","templated":true}]}}