
{"version":"1.0","provider_name":"Fundaci\u00f3 TIC Salut i Social","provider_url":"https:\/\/ticsalutsocial.atoom.space\/es\/","author_name":"Victor","author_url":"https:\/\/ticsalutsocial.atoom.space\/es\/author\/victor\/","title":"5a. Jornada de verano de la Profesi\u00f3n Farmac\u00e9utica - Fundaci\u00f3 TIC Salut i Social","type":"rich","width":600,"height":338,"html":"<blockquote class=\"wp-embedded-content\" data-secret=\"poR6P5Yteo\"><a href=\"https:\/\/ticsalutsocial.atoom.space\/es\/event\/5a-jornada-destiu-de-la-professio-farmaceutica\/\">5a. Jornada de verano de la Profesi\u00f3n Farmac\u00e9utica<\/a><\/blockquote><iframe sandbox=\"allow-scripts\" security=\"restricted\" src=\"https:\/\/ticsalutsocial.atoom.space\/es\/event\/5a-jornada-destiu-de-la-professio-farmaceutica\/embed\/#?secret=poR6P5Yteo\" width=\"600\" height=\"338\" title=\"\u00ab5a. Jornada de verano de la Profesi\u00f3n Farmac\u00e9utica\u00bb \u2014 Fundaci\u00f3 TIC Salut i Social\" data-secret=\"poR6P5Yteo\" frameborder=\"0\" marginwidth=\"0\" marginheight=\"0\" scrolling=\"no\" class=\"wp-embedded-content\"><\/iframe><script type=\"text\/javascript\">\n\/* <![CDATA[ *\/\n\/*! This file is auto-generated *\/\n!function(d,l){\"use strict\";l.querySelector&&d.addEventListener&&\"undefined\"!=typeof URL&&(d.wp=d.wp||{},d.wp.receiveEmbedMessage||(d.wp.receiveEmbedMessage=function(e){var t=e.data;if((t||t.secret||t.message||t.value)&&!\/[^a-zA-Z0-9]\/.test(t.secret)){for(var s,r,n,a=l.querySelectorAll('iframe[data-secret=\"'+t.secret+'\"]'),o=l.querySelectorAll('blockquote[data-secret=\"'+t.secret+'\"]'),c=new RegExp(\"^https?:$\",\"i\"),i=0;i<o.length;i++)o[i].style.display=\"none\";for(i=0;i<a.length;i++)s=a[i],e.source===s.contentWindow&&(s.removeAttribute(\"style\"),\"height\"===t.message?(1e3<(r=parseInt(t.value,10))?r=1e3:~~r<200&&(r=200),s.height=r):\"link\"===t.message&&(r=new URL(s.getAttribute(\"src\")),n=new URL(t.value),c.test(n.protocol))&&n.host===r.host&&l.activeElement===s&&(d.top.location.href=t.value))}},d.addEventListener(\"message\",d.wp.receiveEmbedMessage,!1),l.addEventListener(\"DOMContentLoaded\",function(){for(var e,t,s=l.querySelectorAll(\"iframe.wp-embedded-content\"),r=0;r<s.length;r++)(t=(e=s[r]).getAttribute(\"data-secret\"))||(t=Math.random().toString(36).substring(2,12),e.src+=\"#?secret=\"+t,e.setAttribute(\"data-secret\",t)),e.contentWindow.postMessage({message:\"ready\",secret:t},\"*\")},!1)))}(window,document);\n\/\/# sourceURL=https:\/\/ticsalutsocial.atoom.space\/wp-includes\/js\/wp-embed.min.js\n\/* ]]> *\/\n<\/script>\n","thumbnail_url":"https:\/\/ticsalutsocial.atoom.space\/wp-content\/uploads\/2024\/06\/jornada_farma.png","thumbnail_width":476,"thumbnail_height":543,"description":"Este a\u00f1o se reanuda la organizaci\u00f3n de la\u00a0Jornada de Verano de la Profesi\u00f3n Farmac\u00e9utica, que en su 5a. edici\u00f3n tendr\u00e1 lugar en Puigcerd\u00e0 el viernes 19 de julio de 2024, en el marco de la Universidad de Verano Ramon Llull. Esta Jornada, abierta a los farmac\u00e9uticos y farmac\u00e9uticas de las diversas vertientes del ejercicio profesional, [&hellip;]"}