
{"version":"1.0","provider_name":"Fundaci\u00f3 TIC Salut i Social","provider_url":"https:\/\/ticsalutsocial.atoom.space\/es\/","author_name":"Victor","author_url":"https:\/\/ticsalutsocial.atoom.space\/es\/author\/victor\/","title":"XXVI Congreso Nacional de Inform\u00e1tica de la Salud 2023 - Fundaci\u00f3 TIC Salut i Social","type":"rich","width":600,"height":338,"html":"<blockquote class=\"wp-embedded-content\" data-secret=\"6Q4IcMfvnh\"><a href=\"https:\/\/ticsalutsocial.atoom.space\/es\/event\/congreso-nacional-informatica-salud\/\"><strong>XXVI Congreso Nacional de Inform\u00e1tica de la Salud 2023<\/strong><\/a><\/blockquote><iframe sandbox=\"allow-scripts\" security=\"restricted\" src=\"https:\/\/ticsalutsocial.atoom.space\/es\/event\/congreso-nacional-informatica-salud\/embed\/#?secret=6Q4IcMfvnh\" width=\"600\" height=\"338\" title=\"\u00ab&lt;strong&gt;XXVI Congreso Nacional de Inform\u00e1tica de la Salud 2023&lt;\/strong&gt;\u00bb \u2014 Fundaci\u00f3 TIC Salut i Social\" data-secret=\"6Q4IcMfvnh\" frameborder=\"0\" marginwidth=\"0\" marginheight=\"0\" scrolling=\"no\" class=\"wp-embedded-content\"><\/iframe><script type=\"text\/javascript\">\n\/* <![CDATA[ *\/\n\/*! This file is auto-generated *\/\n!function(d,l){\"use strict\";l.querySelector&&d.addEventListener&&\"undefined\"!=typeof URL&&(d.wp=d.wp||{},d.wp.receiveEmbedMessage||(d.wp.receiveEmbedMessage=function(e){var t=e.data;if((t||t.secret||t.message||t.value)&&!\/[^a-zA-Z0-9]\/.test(t.secret)){for(var s,r,n,a=l.querySelectorAll('iframe[data-secret=\"'+t.secret+'\"]'),o=l.querySelectorAll('blockquote[data-secret=\"'+t.secret+'\"]'),c=new RegExp(\"^https?:$\",\"i\"),i=0;i<o.length;i++)o[i].style.display=\"none\";for(i=0;i<a.length;i++)s=a[i],e.source===s.contentWindow&&(s.removeAttribute(\"style\"),\"height\"===t.message?(1e3<(r=parseInt(t.value,10))?r=1e3:~~r<200&&(r=200),s.height=r):\"link\"===t.message&&(r=new URL(s.getAttribute(\"src\")),n=new URL(t.value),c.test(n.protocol))&&n.host===r.host&&l.activeElement===s&&(d.top.location.href=t.value))}},d.addEventListener(\"message\",d.wp.receiveEmbedMessage,!1),l.addEventListener(\"DOMContentLoaded\",function(){for(var e,t,s=l.querySelectorAll(\"iframe.wp-embedded-content\"),r=0;r<s.length;r++)(t=(e=s[r]).getAttribute(\"data-secret\"))||(t=Math.random().toString(36).substring(2,12),e.src+=\"#?secret=\"+t,e.setAttribute(\"data-secret\",t)),e.contentWindow.postMessage({message:\"ready\",secret:t},\"*\")},!1)))}(window,document);\n\/\/# sourceURL=https:\/\/ticsalutsocial.atoom.space\/wp-includes\/js\/wp-embed.min.js\n\/* ]]> *\/\n<\/script>\n","thumbnail_url":"https:\/\/ticsalutsocial.atoom.space\/wp-content\/uploads\/2023\/01\/Portada-Inforsalud-23.jpg","thumbnail_width":756,"thumbnail_height":909,"description":"La realizaci\u00f3n de la Estrategia de Salud Digital del SNS constituye, al am\u00adparo de los recursos de los fondos NG-EU, una oportunidad \u00fanica para el desarrollo de la Salud Digital en Espa\u00f1a. Tal como enuncia la propia Estrategia, \u00e9sta pretende ser \u201cun marco com\u00fan para construir un Siste\u00adma Nacional de Salud robusto, eficaz, resiliente, inclusivo [&hellip;]"}