
{"version":"1.0","provider_name":"Fundaci\u00f3 TIC Salut i Social","provider_url":"https:\/\/ticsalutsocial.atoom.space\/es\/","author_name":"Victor","author_url":"https:\/\/ticsalutsocial.atoom.space\/es\/author\/victor\/","title":"Herramientas digitales: oportunidades en salud y retos jur\u00eddicos - Fundaci\u00f3 TIC Salut i Social","type":"rich","width":600,"height":338,"html":"<blockquote class=\"wp-embedded-content\" data-secret=\"rwlJ7UUv1m\"><a href=\"https:\/\/ticsalutsocial.atoom.space\/es\/event\/eines-digitals-oportunitats-en-salut-i-reptes-juridics\/\">Herramientas digitales: oportunidades en salud y retos jur\u00eddicos<\/a><\/blockquote><iframe sandbox=\"allow-scripts\" security=\"restricted\" src=\"https:\/\/ticsalutsocial.atoom.space\/es\/event\/eines-digitals-oportunitats-en-salut-i-reptes-juridics\/embed\/#?secret=rwlJ7UUv1m\" width=\"600\" height=\"338\" title=\"\u00abHerramientas digitales: oportunidades en salud y retos jur\u00eddicos\u00bb \u2014 Fundaci\u00f3 TIC Salut i Social\" data-secret=\"rwlJ7UUv1m\" frameborder=\"0\" marginwidth=\"0\" marginheight=\"0\" scrolling=\"no\" class=\"wp-embedded-content\"><\/iframe><script type=\"text\/javascript\">\n\/* <![CDATA[ *\/\n\/*! This file is auto-generated *\/\n!function(d,l){\"use strict\";l.querySelector&&d.addEventListener&&\"undefined\"!=typeof URL&&(d.wp=d.wp||{},d.wp.receiveEmbedMessage||(d.wp.receiveEmbedMessage=function(e){var t=e.data;if((t||t.secret||t.message||t.value)&&!\/[^a-zA-Z0-9]\/.test(t.secret)){for(var s,r,n,a=l.querySelectorAll('iframe[data-secret=\"'+t.secret+'\"]'),o=l.querySelectorAll('blockquote[data-secret=\"'+t.secret+'\"]'),c=new RegExp(\"^https?:$\",\"i\"),i=0;i<o.length;i++)o[i].style.display=\"none\";for(i=0;i<a.length;i++)s=a[i],e.source===s.contentWindow&&(s.removeAttribute(\"style\"),\"height\"===t.message?(1e3<(r=parseInt(t.value,10))?r=1e3:~~r<200&&(r=200),s.height=r):\"link\"===t.message&&(r=new URL(s.getAttribute(\"src\")),n=new URL(t.value),c.test(n.protocol))&&n.host===r.host&&l.activeElement===s&&(d.top.location.href=t.value))}},d.addEventListener(\"message\",d.wp.receiveEmbedMessage,!1),l.addEventListener(\"DOMContentLoaded\",function(){for(var e,t,s=l.querySelectorAll(\"iframe.wp-embedded-content\"),r=0;r<s.length;r++)(t=(e=s[r]).getAttribute(\"data-secret\"))||(t=Math.random().toString(36).substring(2,12),e.src+=\"#?secret=\"+t,e.setAttribute(\"data-secret\",t)),e.contentWindow.postMessage({message:\"ready\",secret:t},\"*\")},!1)))}(window,document);\n\/\/# sourceURL=https:\/\/ticsalutsocial.atoom.space\/wp-includes\/js\/wp-embed.min.js\n\/* ]]> *\/\n<\/script>\n","description":"El pr\u00f3ximo 26 de septiembre el CSC organiza en su sede una sesi\u00f3n informativa que puede ser de vuestro inter\u00e9s. El objetivo de la jornada es abordar el debate sobre el equilibrio entre la implementaci\u00f3n digital y el cumplimiento normativo. A partir de las 12:00 en Av. Tibidabo, 21, Sarri\u00e0-Sant Gervasi, 08022 Barcelona PROGRAMA 12:00 [&hellip;]"}