
{"version":"1.0","provider_name":"Fundaci\u00f3 TIC Salut i Social","provider_url":"https:\/\/ticsalutsocial.atoom.space\/es\/","author_name":"Victor","author_url":"https:\/\/ticsalutsocial.atoom.space\/es\/author\/victor\/","title":"Transformaci\u00f3n digital en el Sistema de Salud de Catalu\u00f1a - Fundaci\u00f3 TIC Salut i Social","type":"rich","width":600,"height":338,"html":"<blockquote class=\"wp-embedded-content\" data-secret=\"Poe82aPKKJ\"><a href=\"https:\/\/ticsalutsocial.atoom.space\/es\/event\/transformacio-digital-al-sistema-de-salut-de-catalunya\/\">Transformaci\u00f3n digital en el Sistema de Salud de Catalu\u00f1a<\/a><\/blockquote><iframe sandbox=\"allow-scripts\" security=\"restricted\" src=\"https:\/\/ticsalutsocial.atoom.space\/es\/event\/transformacio-digital-al-sistema-de-salut-de-catalunya\/embed\/#?secret=Poe82aPKKJ\" width=\"600\" height=\"338\" title=\"\u00abTransformaci\u00f3n digital en el Sistema de Salud de Catalu\u00f1a\u00bb \u2014 Fundaci\u00f3 TIC Salut i Social\" data-secret=\"Poe82aPKKJ\" frameborder=\"0\" marginwidth=\"0\" marginheight=\"0\" scrolling=\"no\" class=\"wp-embedded-content\"><\/iframe><script type=\"text\/javascript\">\n\/* <![CDATA[ *\/\n\/*! This file is auto-generated *\/\n!function(d,l){\"use strict\";l.querySelector&&d.addEventListener&&\"undefined\"!=typeof URL&&(d.wp=d.wp||{},d.wp.receiveEmbedMessage||(d.wp.receiveEmbedMessage=function(e){var t=e.data;if((t||t.secret||t.message||t.value)&&!\/[^a-zA-Z0-9]\/.test(t.secret)){for(var s,r,n,a=l.querySelectorAll('iframe[data-secret=\"'+t.secret+'\"]'),o=l.querySelectorAll('blockquote[data-secret=\"'+t.secret+'\"]'),c=new RegExp(\"^https?:$\",\"i\"),i=0;i<o.length;i++)o[i].style.display=\"none\";for(i=0;i<a.length;i++)s=a[i],e.source===s.contentWindow&&(s.removeAttribute(\"style\"),\"height\"===t.message?(1e3<(r=parseInt(t.value,10))?r=1e3:~~r<200&&(r=200),s.height=r):\"link\"===t.message&&(r=new URL(s.getAttribute(\"src\")),n=new URL(t.value),c.test(n.protocol))&&n.host===r.host&&l.activeElement===s&&(d.top.location.href=t.value))}},d.addEventListener(\"message\",d.wp.receiveEmbedMessage,!1),l.addEventListener(\"DOMContentLoaded\",function(){for(var e,t,s=l.querySelectorAll(\"iframe.wp-embedded-content\"),r=0;r<s.length;r++)(t=(e=s[r]).getAttribute(\"data-secret\"))||(t=Math.random().toString(36).substring(2,12),e.src+=\"#?secret=\"+t,e.setAttribute(\"data-secret\",t)),e.contentWindow.postMessage({message:\"ready\",secret:t},\"*\")},!1)))}(window,document);\n\/\/# sourceURL=https:\/\/ticsalutsocial.atoom.space\/wp-includes\/js\/wp-embed.min.js\n\/* ]]> *\/\n<\/script>\n","thumbnail_url":"https:\/\/ticsalutsocial.atoom.space\/wp-content\/uploads\/2023\/06\/MicrosoftTeams-image-21.png","thumbnail_width":2042,"thumbnail_height":1021,"description":"El 4 de juliol se celebrar\u00e0 la Jornada informativa \u00abTransformaci\u00f3 digital al Sistema de Salut de Catalunya\u00bb. Una sessi\u00f3 per apropar les l\u00ednies de treball rellevants en mat\u00e8ria de transformaci\u00f3 digital del Sistema de Salut de Catalunya i fomentar sinergies amb el teixit industrial i tecnol\u00f2gic en projectes estrat\u00e8gics finan\u00e7ats amb fons Next Generation Europe. [&hellip;]"}