
{"version":"1.0","provider_name":"Fundaci\u00f3 TIC Salut i Social","provider_url":"https:\/\/ticsalutsocial.atoom.space\/es\/","author_name":"Ana Belen","author_url":"https:\/\/ticsalutsocial.atoom.space\/es\/author\/ana-belen\/","title":"Usabilitat drons pel transport de mostres biol\u00f2giques - Fundaci\u00f3 TIC Salut i Social","type":"rich","width":600,"height":338,"html":"<blockquote class=\"wp-embedded-content\" data-secret=\"t9pAqzro86\"><a href=\"https:\/\/ticsalutsocial.atoom.space\/es\/event\/usabilitat-drons-pel-transport-de-mostres-biologiques\/\">Usabilitat drons pel transport de mostres biol\u00f2giques<\/a><\/blockquote><iframe sandbox=\"allow-scripts\" security=\"restricted\" src=\"https:\/\/ticsalutsocial.atoom.space\/es\/event\/usabilitat-drons-pel-transport-de-mostres-biologiques\/embed\/#?secret=t9pAqzro86\" width=\"600\" height=\"338\" title=\"\u00abUsabilitat drons pel transport de mostres biol\u00f2giques\u00bb \u2014 Fundaci\u00f3 TIC Salut i Social\" data-secret=\"t9pAqzro86\" frameborder=\"0\" marginwidth=\"0\" marginheight=\"0\" scrolling=\"no\" class=\"wp-embedded-content\"><\/iframe><script type=\"text\/javascript\">\n\/* <![CDATA[ *\/\n\/*! This file is auto-generated *\/\n!function(d,l){\"use strict\";l.querySelector&&d.addEventListener&&\"undefined\"!=typeof URL&&(d.wp=d.wp||{},d.wp.receiveEmbedMessage||(d.wp.receiveEmbedMessage=function(e){var t=e.data;if((t||t.secret||t.message||t.value)&&!\/[^a-zA-Z0-9]\/.test(t.secret)){for(var s,r,n,a=l.querySelectorAll('iframe[data-secret=\"'+t.secret+'\"]'),o=l.querySelectorAll('blockquote[data-secret=\"'+t.secret+'\"]'),c=new RegExp(\"^https?:$\",\"i\"),i=0;i<o.length;i++)o[i].style.display=\"none\";for(i=0;i<a.length;i++)s=a[i],e.source===s.contentWindow&&(s.removeAttribute(\"style\"),\"height\"===t.message?(1e3<(r=parseInt(t.value,10))?r=1e3:~~r<200&&(r=200),s.height=r):\"link\"===t.message&&(r=new URL(s.getAttribute(\"src\")),n=new URL(t.value),c.test(n.protocol))&&n.host===r.host&&l.activeElement===s&&(d.top.location.href=t.value))}},d.addEventListener(\"message\",d.wp.receiveEmbedMessage,!1),l.addEventListener(\"DOMContentLoaded\",function(){for(var e,t,s=l.querySelectorAll(\"iframe.wp-embedded-content\"),r=0;r<s.length;r++)(t=(e=s[r]).getAttribute(\"data-secret\"))||(t=Math.random().toString(36).substring(2,12),e.src+=\"#?secret=\"+t,e.setAttribute(\"data-secret\",t)),e.contentWindow.postMessage({message:\"ready\",secret:t},\"*\")},!1)))}(window,document);\n\/\/# sourceURL=https:\/\/ticsalutsocial.atoom.space\/wp-includes\/js\/wp-embed.min.js\n\/* ]]> *\/\n<\/script>\n","thumbnail_url":"https:\/\/ticsalutsocial.atoom.space\/wp-content\/uploads\/2023\/04\/Captura-de-pantalla-2023-04-18-a-las-10.07.09.png","thumbnail_width":1625,"thumbnail_height":906,"description":"El dijous 4 de maig organitzem el primer cas d\u2019usabilitat de drons pel transport de mostres biol\u00f2giques a Olot. Per posar en context aquesta primera experi\u00e8ncia del sistema sanitari catal\u00e0 es far\u00e0 una jornada dedicada a aquestes noves oportunitats que ens ofereix aquesta tecnologia. Inicialment, hi haur\u00e0 una taula rodona sobre \u201cDrons, la disrupci\u00f3 sanit\u00e0ria\u201d [&hellip;]"}