
{"version":"1.0","provider_name":"Fundaci\u00f3 TIC Salut i Social","provider_url":"https:\/\/ticsalutsocial.atoom.space\/es\/","author_name":"Victor","author_url":"https:\/\/ticsalutsocial.atoom.space\/es\/author\/victor\/","title":"D\u00eda Mundial de la Protecci\u00f3n de Datos - Fundaci\u00f3 TIC Salut i Social","type":"rich","width":600,"height":338,"html":"<blockquote class=\"wp-embedded-content\" data-secret=\"phEfsw8CDG\"><a href=\"https:\/\/ticsalutsocial.atoom.space\/es\/noticia\/dia-mundial-de-la-proteccio-de-dades\/\">D\u00eda Mundial de la Protecci\u00f3n de Datos<\/a><\/blockquote><iframe sandbox=\"allow-scripts\" security=\"restricted\" src=\"https:\/\/ticsalutsocial.atoom.space\/es\/noticia\/dia-mundial-de-la-proteccio-de-dades\/embed\/#?secret=phEfsw8CDG\" width=\"600\" height=\"338\" title=\"\u00abD\u00eda Mundial de la Protecci\u00f3n de Datos\u00bb \u2014 Fundaci\u00f3 TIC Salut i Social\" data-secret=\"phEfsw8CDG\" frameborder=\"0\" marginwidth=\"0\" marginheight=\"0\" scrolling=\"no\" class=\"wp-embedded-content\"><\/iframe><script type=\"text\/javascript\">\n\/* <![CDATA[ *\/\n\/*! This file is auto-generated *\/\n!function(d,l){\"use strict\";l.querySelector&&d.addEventListener&&\"undefined\"!=typeof URL&&(d.wp=d.wp||{},d.wp.receiveEmbedMessage||(d.wp.receiveEmbedMessage=function(e){var t=e.data;if((t||t.secret||t.message||t.value)&&!\/[^a-zA-Z0-9]\/.test(t.secret)){for(var s,r,n,a=l.querySelectorAll('iframe[data-secret=\"'+t.secret+'\"]'),o=l.querySelectorAll('blockquote[data-secret=\"'+t.secret+'\"]'),c=new RegExp(\"^https?:$\",\"i\"),i=0;i<o.length;i++)o[i].style.display=\"none\";for(i=0;i<a.length;i++)s=a[i],e.source===s.contentWindow&&(s.removeAttribute(\"style\"),\"height\"===t.message?(1e3<(r=parseInt(t.value,10))?r=1e3:~~r<200&&(r=200),s.height=r):\"link\"===t.message&&(r=new URL(s.getAttribute(\"src\")),n=new URL(t.value),c.test(n.protocol))&&n.host===r.host&&l.activeElement===s&&(d.top.location.href=t.value))}},d.addEventListener(\"message\",d.wp.receiveEmbedMessage,!1),l.addEventListener(\"DOMContentLoaded\",function(){for(var e,t,s=l.querySelectorAll(\"iframe.wp-embedded-content\"),r=0;r<s.length;r++)(t=(e=s[r]).getAttribute(\"data-secret\"))||(t=Math.random().toString(36).substring(2,12),e.src+=\"#?secret=\"+t,e.setAttribute(\"data-secret\",t)),e.contentWindow.postMessage({message:\"ready\",secret:t},\"*\")},!1)))}(window,document);\n\/\/# sourceURL=https:\/\/ticsalutsocial.atoom.space\/wp-includes\/js\/wp-embed.min.js\n\/* ]]> *\/\n<\/script>\n","thumbnail_url":"https:\/\/ticsalutsocial.atoom.space\/wp-content\/uploads\/2024\/01\/MicrosoftTeams-image-65-scaled.jpg","thumbnail_width":2560,"thumbnail_height":1706,"description":"El 28 de enero se conmemora el D\u00eda Mundial de la Protecci\u00f3n de Datos. Tambi\u00e9n conocido fuera de Europa como D\u00eda de la Privacidad. Esta fecha coincide con el aniversario de la ratificaci\u00f3n del Convenio Global 108 para la protecci\u00f3n de datos, que ha perfilado los criterios para regular cuestiones relacionadas con la privacidad en [&hellip;]"}