
{"version":"1.0","provider_name":"Fundaci\u00f3 TIC Salut i Social","provider_url":"https:\/\/ticsalutsocial.atoom.space\/es\/","author_name":"whiterabbit","author_url":"https:\/\/ticsalutsocial.atoom.space\/es\/author\/whiterabbit\/","title":"Formaci\u00f3n y sensibilizaci\u00f3n con videos inmersivos - Fundaci\u00f3 TIC Salut i Social","type":"rich","width":600,"height":338,"html":"<blockquote class=\"wp-embedded-content\" data-secret=\"EBvE3KO3cP\"><a href=\"https:\/\/ticsalutsocial.atoom.space\/es\/noticia\/formacion-y-sensibilizacion-con-videos-inmersivos\/\">Formaci\u00f3n y sensibilizaci\u00f3n con videos inmersivos<\/a><\/blockquote><iframe sandbox=\"allow-scripts\" security=\"restricted\" src=\"https:\/\/ticsalutsocial.atoom.space\/es\/noticia\/formacion-y-sensibilizacion-con-videos-inmersivos\/embed\/#?secret=EBvE3KO3cP\" width=\"600\" height=\"338\" title=\"\u00abFormaci\u00f3n y sensibilizaci\u00f3n con videos inmersivos\u00bb \u2014 Fundaci\u00f3 TIC Salut i Social\" data-secret=\"EBvE3KO3cP\" frameborder=\"0\" marginwidth=\"0\" marginheight=\"0\" scrolling=\"no\" class=\"wp-embedded-content\"><\/iframe><script type=\"text\/javascript\">\n\/* <![CDATA[ *\/\n\/*! This file is auto-generated *\/\n!function(d,l){\"use strict\";l.querySelector&&d.addEventListener&&\"undefined\"!=typeof URL&&(d.wp=d.wp||{},d.wp.receiveEmbedMessage||(d.wp.receiveEmbedMessage=function(e){var t=e.data;if((t||t.secret||t.message||t.value)&&!\/[^a-zA-Z0-9]\/.test(t.secret)){for(var s,r,n,a=l.querySelectorAll('iframe[data-secret=\"'+t.secret+'\"]'),o=l.querySelectorAll('blockquote[data-secret=\"'+t.secret+'\"]'),c=new RegExp(\"^https?:$\",\"i\"),i=0;i<o.length;i++)o[i].style.display=\"none\";for(i=0;i<a.length;i++)s=a[i],e.source===s.contentWindow&&(s.removeAttribute(\"style\"),\"height\"===t.message?(1e3<(r=parseInt(t.value,10))?r=1e3:~~r<200&&(r=200),s.height=r):\"link\"===t.message&&(r=new URL(s.getAttribute(\"src\")),n=new URL(t.value),c.test(n.protocol))&&n.host===r.host&&l.activeElement===s&&(d.top.location.href=t.value))}},d.addEventListener(\"message\",d.wp.receiveEmbedMessage,!1),l.addEventListener(\"DOMContentLoaded\",function(){for(var e,t,s=l.querySelectorAll(\"iframe.wp-embedded-content\"),r=0;r<s.length;r++)(t=(e=s[r]).getAttribute(\"data-secret\"))||(t=Math.random().toString(36).substring(2,12),e.src+=\"#?secret=\"+t,e.setAttribute(\"data-secret\",t)),e.contentWindow.postMessage({message:\"ready\",secret:t},\"*\")},!1)))}(window,document);\n\/\/# sourceURL=https:\/\/ticsalutsocial.atoom.space\/wp-includes\/js\/wp-embed.min.js\n\/* ]]> *\/\n<\/script>\n","thumbnail_url":"https:\/\/ticsalutsocial.atoom.space\/wp-content\/uploads\/2019\/02\/kushagra-kevat-751139-unsplash-scaled.jpg","thumbnail_width":2560,"thumbnail_height":1707,"description":"La Fundaci\u00f3n TIC Salut Social ultima una nueva l\u00ednea de trabajo destinada a la realizaci\u00f3n de p\u00edldoras audiovisuales inmersivas en formato 360\u00b0 que podr\u00e1n ser reproducidas en dispositivos de realidad virtual o, en su defecto, en plataformas audiovisuales con opci\u00f3n de reproducci\u00f3n interactiva. El objetivo de este proyecto es mejorar las habilidades de profesionales del [&hellip;]"}