
{"id":13547,"date":"2022-07-26T11:20:16","date_gmt":"2022-07-26T09:20:16","guid":{"rendered":"https:\/\/ticsalutsocial.atoom.space\/app\/socialdiabetes\/"},"modified":"2024-02-29T13:22:09","modified_gmt":"2024-02-29T11:22:09","slug":"socialdiabetes","status":"publish","type":"app","link":"https:\/\/ticsalutsocial.atoom.space\/es\/app\/socialdiabetes\/","title":{"rendered":"SocialDiabetes"},"content":{"rendered":"","protected":false},"template":"","categoria_app":[846],"especialitat":[863,932],"especialitat_social":[],"public":[878,936],"class_list":["post-13547","app","type-app","status-publish","hentry","ambit-salud","categoria_app-apps-certificades-es","dispositiu_mdic-dispositivo-medico","dispositiu_mdic-producto-sanitario","dispositiu_mdic-clase-iib","especialitat-endocrinologia-es","especialitat-diabetes-es","public-pacient-es","public-profesionales-de-la-salud-es"],"acf":{"icona":"https:\/\/ticsalutsocial.atoom.space\/wp-content\/uploads\/2021\/07\/social-diabetes-logo.png","descripcio":"Esta app permite autogestionar la diabetes, facilitando el c\u00e1lculo de la dosis de insulina requerida y proporcionando un mejor control gluc\u00e9mico.","contenido":{"definicio":"<p>SocialDiabetes te ayuda a mejorar el control del tratamiento de la diabetes con la comodidad de llevar los registros directamente en tu smartphone.<\/p>\n<p>La app permite la autogesti\u00f3n de la diabetes, facilitando el c\u00e1lculo de la dosis de insulina requerida, registrando informaci\u00f3n relevante para el tratamiento y, en definitiva, proporcionando un mejor control gluc\u00e9mico. Permite registrar informaci\u00f3n como la glucosa en sangre, insulina, hidratos de carbono, medicamentos o actividad f\u00edsica.<\/p>\n<p>Adem\u00e1s, permite visializar los niveles de glucemia y la insulina activa, observar la evoluci\u00f3n de la diabetes y los factores que afectan a los niveles de glucemia, etc.<\/p>\n","captures":["https:\/\/ticsalutsocial.atoom.space\/wp-content\/uploads\/2022\/07\/socialdiabetsi3.jpg","https:\/\/ticsalutsocial.atoom.space\/wp-content\/uploads\/2022\/07\/socialdiabetsi2.png","https:\/\/ticsalutsocial.atoom.space\/wp-content\/uploads\/2022\/07\/socialdiabetsi1.jpg"],"informacio":"","informacio_list":{"desenvolupador":"SocialDiabetes S.L.","cost":"Gratuita, ofrece compras dentro de la app","versio_revisada":"4.11.30 (iOS) y 4.17.67 (Android)","data_revisio":"17\/03\/2022","narc_referencia":"Fundaci\u00f3n TIC Salud Social \/ Fundaci\u00f3n iSYS \/ Consejer\u00eda Salud y Consumo Ibiza y Formentera","especialitat":"Endocrinolog\u00eda \/ Diabetes","adrecat_a":"Paciente"},"links_descarrega":{"googleplay":"https:\/\/play.google.com\/store\/apps\/details?id=com.socialdiabetes.android&hl=ca&gl=US","appstore":"https:\/\/apps.apple.com\/es\/app\/socialdiabetes-app-de-diabetes\/id727118400"},"etiqueta_short":false,"etiqueta_long":false,"prospecte":""},"public":"<p>Pacient<\/p>\n"},"yoast_head":"<!-- This site is optimized with the Yoast SEO plugin v27.1.1 - https:\/\/yoast.com\/product\/yoast-seo-wordpress\/ -->\n<title>SocialDiabetes - Fundaci\u00f3 TIC Salut i Social<\/title>\n<meta name=\"robots\" content=\"index, follow, max-snippet:-1, max-image-preview:large, max-video-preview:-1\" \/>\n<link rel=\"canonical\" href=\"https:\/\/ticsalutsocial.atoom.space\/es\/app\/socialdiabetes\/\" \/>\n<meta property=\"og:locale\" content=\"es_ES\" \/>\n<meta property=\"og:type\" content=\"article\" \/>\n<meta property=\"og:title\" content=\"SocialDiabetes - Fundaci\u00f3 TIC Salut i Social\" \/>\n<meta property=\"og:url\" content=\"https:\/\/ticsalutsocial.atoom.space\/es\/app\/socialdiabetes\/\" \/>\n<meta property=\"og:site_name\" content=\"Fundaci\u00f3 TIC Salut i Social\" \/>\n<meta property=\"article:modified_time\" content=\"2024-02-29T11:22:09+00:00\" \/>\n<meta name=\"twitter:card\" content=\"summary_large_image\" \/>\n<script type=\"application\/ld+json\" class=\"yoast-schema-graph\">{\"@context\":\"https:\/\/schema.org\",\"@graph\":[{\"@type\":\"WebPage\",\"@id\":\"https:\/\/ticsalutsocial.atoom.space\/es\/app\/socialdiabetes\/\",\"url\":\"https:\/\/ticsalutsocial.atoom.space\/es\/app\/socialdiabetes\/\",\"name\":\"SocialDiabetes - Fundaci\u00f3 TIC Salut i Social\",\"isPartOf\":{\"@id\":\"https:\/\/ticsalutsocial.atoom.space\/es\/#website\"},\"datePublished\":\"2022-07-26T09:20:16+00:00\",\"dateModified\":\"2024-02-29T11:22:09+00:00\",\"breadcrumb\":{\"@id\":\"https:\/\/ticsalutsocial.atoom.space\/es\/app\/socialdiabetes\/#breadcrumb\"},\"inLanguage\":\"es\",\"potentialAction\":[{\"@type\":\"ReadAction\",\"target\":[\"https:\/\/ticsalutsocial.atoom.space\/es\/app\/socialdiabetes\/\"]}]},{\"@type\":\"BreadcrumbList\",\"@id\":\"https:\/\/ticsalutsocial.atoom.space\/es\/app\/socialdiabetes\/#breadcrumb\",\"itemListElement\":[{\"@type\":\"ListItem\",\"position\":1,\"name\":\"Inici\",\"item\":\"https:\/\/ticsalutsocial.atoom.space\/es\/\"},{\"@type\":\"ListItem\",\"position\":2,\"name\":\"SocialDiabetes\"}]},{\"@type\":\"WebSite\",\"@id\":\"https:\/\/ticsalutsocial.atoom.space\/es\/#website\",\"url\":\"https:\/\/ticsalutsocial.atoom.space\/es\/\",\"name\":\"Fundaci\u00f3 TIC Salut i Social\",\"description\":\"\",\"potentialAction\":[{\"@type\":\"SearchAction\",\"target\":{\"@type\":\"EntryPoint\",\"urlTemplate\":\"https:\/\/ticsalutsocial.atoom.space\/es\/?s={search_term_string}\"},\"query-input\":{\"@type\":\"PropertyValueSpecification\",\"valueRequired\":true,\"valueName\":\"search_term_string\"}}],\"inLanguage\":\"es\"}]}<\/script>\n<!-- \/ Yoast SEO plugin. -->","yoast_head_json":{"title":"SocialDiabetes - Fundaci\u00f3 TIC Salut i Social","robots":{"index":"index","follow":"follow","max-snippet":"max-snippet:-1","max-image-preview":"max-image-preview:large","max-video-preview":"max-video-preview:-1"},"canonical":"https:\/\/ticsalutsocial.atoom.space\/es\/app\/socialdiabetes\/","og_locale":"es_ES","og_type":"article","og_title":"SocialDiabetes - Fundaci\u00f3 TIC Salut i Social","og_url":"https:\/\/ticsalutsocial.atoom.space\/es\/app\/socialdiabetes\/","og_site_name":"Fundaci\u00f3 TIC Salut i Social","article_modified_time":"2024-02-29T11:22:09+00:00","twitter_card":"summary_large_image","schema":{"@context":"https:\/\/schema.org","@graph":[{"@type":"WebPage","@id":"https:\/\/ticsalutsocial.atoom.space\/es\/app\/socialdiabetes\/","url":"https:\/\/ticsalutsocial.atoom.space\/es\/app\/socialdiabetes\/","name":"SocialDiabetes - Fundaci\u00f3 TIC Salut i Social","isPartOf":{"@id":"https:\/\/ticsalutsocial.atoom.space\/es\/#website"},"datePublished":"2022-07-26T09:20:16+00:00","dateModified":"2024-02-29T11:22:09+00:00","breadcrumb":{"@id":"https:\/\/ticsalutsocial.atoom.space\/es\/app\/socialdiabetes\/#breadcrumb"},"inLanguage":"es","potentialAction":[{"@type":"ReadAction","target":["https:\/\/ticsalutsocial.atoom.space\/es\/app\/socialdiabetes\/"]}]},{"@type":"BreadcrumbList","@id":"https:\/\/ticsalutsocial.atoom.space\/es\/app\/socialdiabetes\/#breadcrumb","itemListElement":[{"@type":"ListItem","position":1,"name":"Inici","item":"https:\/\/ticsalutsocial.atoom.space\/es\/"},{"@type":"ListItem","position":2,"name":"SocialDiabetes"}]},{"@type":"WebSite","@id":"https:\/\/ticsalutsocial.atoom.space\/es\/#website","url":"https:\/\/ticsalutsocial.atoom.space\/es\/","name":"Fundaci\u00f3 TIC Salut i Social","description":"","potentialAction":[{"@type":"SearchAction","target":{"@type":"EntryPoint","urlTemplate":"https:\/\/ticsalutsocial.atoom.space\/es\/?s={search_term_string}"},"query-input":{"@type":"PropertyValueSpecification","valueRequired":true,"valueName":"search_term_string"}}],"inLanguage":"es"}]}},"_links":{"self":[{"href":"https:\/\/ticsalutsocial.atoom.space\/es\/wp-json\/wp\/v2\/app\/13547","targetHints":{"allow":["GET"]}}],"collection":[{"href":"https:\/\/ticsalutsocial.atoom.space\/es\/wp-json\/wp\/v2\/app"}],"about":[{"href":"https:\/\/ticsalutsocial.atoom.space\/es\/wp-json\/wp\/v2\/types\/app"}],"wp:attachment":[{"href":"https:\/\/ticsalutsocial.atoom.space\/es\/wp-json\/wp\/v2\/media?parent=13547"}],"wp:term":[{"taxonomy":"categoria_app","embeddable":true,"href":"https:\/\/ticsalutsocial.atoom.space\/es\/wp-json\/wp\/v2\/categoria_app?post=13547"},{"taxonomy":"especialitat","embeddable":true,"href":"https:\/\/ticsalutsocial.atoom.space\/es\/wp-json\/wp\/v2\/especialitat?post=13547"},{"taxonomy":"especialitat_social","embeddable":true,"href":"https:\/\/ticsalutsocial.atoom.space\/es\/wp-json\/wp\/v2\/especialitat_social?post=13547"},{"taxonomy":"public","embeddable":true,"href":"https:\/\/ticsalutsocial.atoom.space\/es\/wp-json\/wp\/v2\/public?post=13547"}],"curies":[{"name":"wp","href":"https:\/\/api.w.org\/{rel}","templated":true}]}}