
{"id":18446,"date":"2023-02-02T13:13:06","date_gmt":"2023-02-02T11:13:06","guid":{"rendered":"https:\/\/ticsalutsocial.atoom.space\/?post_type=app&#038;p=18446"},"modified":"2024-02-28T15:37:45","modified_gmt":"2024-02-28T13:37:45","slug":"terapia-para-parkinson","status":"publish","type":"app","link":"https:\/\/ticsalutsocial.atoom.space\/es\/app\/terapia-para-parkinson\/","title":{"rendered":"Terapia para Parkinson"},"content":{"rendered":"","protected":false},"template":"","categoria_app":[847],"especialitat":[942],"especialitat_social":[],"public":[875,878],"class_list":["post-18446","app","type-app","status-publish","hentry","ambit-salud","categoria_app-altres-apps-es","especialitat-neurologia-es","public-personal-cuidador","public-pacient-es"],"acf":{"contenido":{"definicio":"<p>Telerehabilitaci\u00f3n personalizada con un terapeuta especializado en la enfermedad de Parkinson en psicolog\u00eda, fisioterapia, logopedia, etc.<\/p>\n<p>Es una sesi\u00f3n individual de rehabilitaci\u00f3n en directo y al tama\u00f1o de cada persona. Una vez elegida la terapia, el usuario podr\u00e1 escoger la fecha y la hora que mejor le convenga para hacerla. Oferta de lanzamiento: la primera sesi\u00f3n de cada terapia es GRATUITA.<\/p>\n<p>Si eres afectado de Parkinson, ya sea de diagn\u00f3stico reciente o en una fase m\u00e1s avanzada, el servicio de telerrehabilitaci\u00f3n se adapta a tus necesidades. Tambi\u00e9n, si es cuidador o familiar de una persona afectada de Parkinson acceder\u00e1 a terapias dirigidas a cuidadores y familiares de personas afectadas.<\/p>\n<p>Rehabilitaci\u00f3n grupal: sesiones de fisioterapia y logopedia establecidas para un d\u00eda o dos de la semana en grupos muy reducidos con afectaci\u00f3n homog\u00e9nea de la enfermedad de Parkinson. En cada sesi\u00f3n, tanto el terapeuta como los asistentes se ver\u00e1n desde el dispositivo con el objetivo de favorecer la correcta realizaci\u00f3n de los ejercicios.<\/p>\n","captures":["https:\/\/ticsalutsocial.atoom.space\/wp-content\/uploads\/2023\/02\/unnamed-1-26.webp","https:\/\/ticsalutsocial.atoom.space\/wp-content\/uploads\/2023\/02\/unnamed-2-25.webp","https:\/\/ticsalutsocial.atoom.space\/wp-content\/uploads\/2023\/02\/unnamed-3-23.webp","https:\/\/ticsalutsocial.atoom.space\/wp-content\/uploads\/2023\/02\/unnamed-4-21.webp","https:\/\/ticsalutsocial.atoom.space\/wp-content\/uploads\/2023\/02\/unnamed-5-16.webp","https:\/\/ticsalutsocial.atoom.space\/wp-content\/uploads\/2023\/02\/unnamed-6-11.webp"],"informacio":"","informacio_list":{"desenvolupador":"Asociaci\u00f3n Parkinson Madrid","cost":"Gratuita la primera sesi\u00f3n","versio_revisada":"2.06\u00a0(Android)","data_revisio":"10\/03\/2022 (Google Play)","narc_referencia":"Fundaci\u00f3 iSYS","especialitat":"Neurolog\u00eda - Enfermedad de Parkinson","adrecat_a":"Pacientes, Cuidadores"},"links_descarrega":{"googleplay":"https:\/\/play.google.com\/store\/apps\/details?id=net.parkinsonmadrid.appareasocios&hl=es&gl=ES","appstore":""},"etiqueta_short":false,"etiqueta_long":false,"prospecte":""},"icona":"https:\/\/ticsalutsocial.atoom.space\/wp-content\/uploads\/2023\/02\/unnamed-31.webp","descripcio":"Telerehabilitaci\u00f3n personalizada con un terapeuta especializado en la enfermedad de Parkinson en psicolog\u00eda, fisioterapia, logopedia, etc. Ofrece sesiones individuales o grupales de rehabilitaci\u00f3n en directo.","public":"<p>Pacientes, Cuidadores<\/p>\n"},"yoast_head":"<!-- This site is optimized with the Yoast SEO plugin v27.1.1 - https:\/\/yoast.com\/product\/yoast-seo-wordpress\/ -->\n<title>Terapia para Parkinson - Fundaci\u00f3 TIC Salut i Social<\/title>\n<meta name=\"robots\" content=\"index, follow, max-snippet:-1, max-image-preview:large, max-video-preview:-1\" \/>\n<link rel=\"canonical\" href=\"https:\/\/ticsalutsocial.atoom.space\/es\/app\/terapia-para-parkinson\/\" \/>\n<meta property=\"og:locale\" content=\"es_ES\" \/>\n<meta property=\"og:type\" content=\"article\" \/>\n<meta property=\"og:title\" content=\"Terapia para Parkinson - Fundaci\u00f3 TIC Salut i Social\" \/>\n<meta property=\"og:url\" content=\"https:\/\/ticsalutsocial.atoom.space\/es\/app\/terapia-para-parkinson\/\" \/>\n<meta property=\"og:site_name\" content=\"Fundaci\u00f3 TIC Salut i Social\" \/>\n<meta property=\"article:modified_time\" content=\"2024-02-28T13:37:45+00:00\" \/>\n<meta name=\"twitter:card\" content=\"summary_large_image\" \/>\n<script type=\"application\/ld+json\" class=\"yoast-schema-graph\">{\"@context\":\"https:\/\/schema.org\",\"@graph\":[{\"@type\":\"WebPage\",\"@id\":\"https:\/\/ticsalutsocial.atoom.space\/es\/app\/terapia-para-parkinson\/\",\"url\":\"https:\/\/ticsalutsocial.atoom.space\/es\/app\/terapia-para-parkinson\/\",\"name\":\"Terapia para Parkinson - Fundaci\u00f3 TIC Salut i Social\",\"isPartOf\":{\"@id\":\"https:\/\/ticsalutsocial.atoom.space\/es\/#website\"},\"datePublished\":\"2023-02-02T11:13:06+00:00\",\"dateModified\":\"2024-02-28T13:37:45+00:00\",\"breadcrumb\":{\"@id\":\"https:\/\/ticsalutsocial.atoom.space\/es\/app\/terapia-para-parkinson\/#breadcrumb\"},\"inLanguage\":\"es\",\"potentialAction\":[{\"@type\":\"ReadAction\",\"target\":[\"https:\/\/ticsalutsocial.atoom.space\/es\/app\/terapia-para-parkinson\/\"]}]},{\"@type\":\"BreadcrumbList\",\"@id\":\"https:\/\/ticsalutsocial.atoom.space\/es\/app\/terapia-para-parkinson\/#breadcrumb\",\"itemListElement\":[{\"@type\":\"ListItem\",\"position\":1,\"name\":\"Inici\",\"item\":\"https:\/\/ticsalutsocial.atoom.space\/es\/\"},{\"@type\":\"ListItem\",\"position\":2,\"name\":\"Terapia para Parkinson\"}]},{\"@type\":\"WebSite\",\"@id\":\"https:\/\/ticsalutsocial.atoom.space\/es\/#website\",\"url\":\"https:\/\/ticsalutsocial.atoom.space\/es\/\",\"name\":\"Fundaci\u00f3 TIC Salut i Social\",\"description\":\"\",\"potentialAction\":[{\"@type\":\"SearchAction\",\"target\":{\"@type\":\"EntryPoint\",\"urlTemplate\":\"https:\/\/ticsalutsocial.atoom.space\/es\/?s={search_term_string}\"},\"query-input\":{\"@type\":\"PropertyValueSpecification\",\"valueRequired\":true,\"valueName\":\"search_term_string\"}}],\"inLanguage\":\"es\"}]}<\/script>\n<!-- \/ Yoast SEO plugin. -->","yoast_head_json":{"title":"Terapia para Parkinson - Fundaci\u00f3 TIC Salut i Social","robots":{"index":"index","follow":"follow","max-snippet":"max-snippet:-1","max-image-preview":"max-image-preview:large","max-video-preview":"max-video-preview:-1"},"canonical":"https:\/\/ticsalutsocial.atoom.space\/es\/app\/terapia-para-parkinson\/","og_locale":"es_ES","og_type":"article","og_title":"Terapia para Parkinson - Fundaci\u00f3 TIC Salut i Social","og_url":"https:\/\/ticsalutsocial.atoom.space\/es\/app\/terapia-para-parkinson\/","og_site_name":"Fundaci\u00f3 TIC Salut i Social","article_modified_time":"2024-02-28T13:37:45+00:00","twitter_card":"summary_large_image","schema":{"@context":"https:\/\/schema.org","@graph":[{"@type":"WebPage","@id":"https:\/\/ticsalutsocial.atoom.space\/es\/app\/terapia-para-parkinson\/","url":"https:\/\/ticsalutsocial.atoom.space\/es\/app\/terapia-para-parkinson\/","name":"Terapia para Parkinson - Fundaci\u00f3 TIC Salut i Social","isPartOf":{"@id":"https:\/\/ticsalutsocial.atoom.space\/es\/#website"},"datePublished":"2023-02-02T11:13:06+00:00","dateModified":"2024-02-28T13:37:45+00:00","breadcrumb":{"@id":"https:\/\/ticsalutsocial.atoom.space\/es\/app\/terapia-para-parkinson\/#breadcrumb"},"inLanguage":"es","potentialAction":[{"@type":"ReadAction","target":["https:\/\/ticsalutsocial.atoom.space\/es\/app\/terapia-para-parkinson\/"]}]},{"@type":"BreadcrumbList","@id":"https:\/\/ticsalutsocial.atoom.space\/es\/app\/terapia-para-parkinson\/#breadcrumb","itemListElement":[{"@type":"ListItem","position":1,"name":"Inici","item":"https:\/\/ticsalutsocial.atoom.space\/es\/"},{"@type":"ListItem","position":2,"name":"Terapia para Parkinson"}]},{"@type":"WebSite","@id":"https:\/\/ticsalutsocial.atoom.space\/es\/#website","url":"https:\/\/ticsalutsocial.atoom.space\/es\/","name":"Fundaci\u00f3 TIC Salut i Social","description":"","potentialAction":[{"@type":"SearchAction","target":{"@type":"EntryPoint","urlTemplate":"https:\/\/ticsalutsocial.atoom.space\/es\/?s={search_term_string}"},"query-input":{"@type":"PropertyValueSpecification","valueRequired":true,"valueName":"search_term_string"}}],"inLanguage":"es"}]}},"_links":{"self":[{"href":"https:\/\/ticsalutsocial.atoom.space\/es\/wp-json\/wp\/v2\/app\/18446","targetHints":{"allow":["GET"]}}],"collection":[{"href":"https:\/\/ticsalutsocial.atoom.space\/es\/wp-json\/wp\/v2\/app"}],"about":[{"href":"https:\/\/ticsalutsocial.atoom.space\/es\/wp-json\/wp\/v2\/types\/app"}],"wp:attachment":[{"href":"https:\/\/ticsalutsocial.atoom.space\/es\/wp-json\/wp\/v2\/media?parent=18446"}],"wp:term":[{"taxonomy":"categoria_app","embeddable":true,"href":"https:\/\/ticsalutsocial.atoom.space\/es\/wp-json\/wp\/v2\/categoria_app?post=18446"},{"taxonomy":"especialitat","embeddable":true,"href":"https:\/\/ticsalutsocial.atoom.space\/es\/wp-json\/wp\/v2\/especialitat?post=18446"},{"taxonomy":"especialitat_social","embeddable":true,"href":"https:\/\/ticsalutsocial.atoom.space\/es\/wp-json\/wp\/v2\/especialitat_social?post=18446"},{"taxonomy":"public","embeddable":true,"href":"https:\/\/ticsalutsocial.atoom.space\/es\/wp-json\/wp\/v2\/public?post=18446"}],"curies":[{"name":"wp","href":"https:\/\/api.w.org\/{rel}","templated":true}]}}