
{"id":18566,"date":"2023-02-01T11:28:01","date_gmt":"2023-02-01T09:28:01","guid":{"rendered":"https:\/\/ticsalutsocial.atoom.space\/app\/gestioemocional-cat\/"},"modified":"2024-02-28T17:40:12","modified_gmt":"2024-02-28T15:40:12","slug":"gestioemocional-cat","status":"publish","type":"app","link":"https:\/\/ticsalutsocial.atoom.space\/es\/app\/gestioemocional-cat\/","title":{"rendered":"GestioEmocional.cat"},"content":{"rendered":"","protected":false},"template":"","categoria_app":[847],"especialitat":[871],"especialitat_social":[],"public":[874,878],"class_list":["post-18566","app","type-app","status-publish","hentry","ambit-salud","categoria_app-altres-apps-es","especialitat-salud-mental","public-ciudadania","public-pacient-es"],"acf":{"icona":"https:\/\/ticsalutsocial.atoom.space\/wp-content\/uploads\/2023\/02\/unnamed-13.webp","contenido":{"definicio":"<div class=\"t8iiQe GmeDHf\">\n<p>GestioEmocional.cat es una aplicaci\u00f3n desarrollada por el Sistema de Salud de Catalu\u00f1a, que tiene por objetivo la evaluaci\u00f3n y mejora de la salud emocional de los usuarios y usuarias. Est\u00e1 dirigida a tres segmentos de poblaci\u00f3n:<br \/>\n&#8211; Personas mayores de 18 a\u00f1os.<br \/>\n-Ni\u00f1os y adolescentes (acompa\u00f1ados de madre, padre o tutor o tutora legal).<br \/>\n-Profesionales sanitarios. A trav\u00e9s de GestioEmocional.cat, las personas usuarias pueden evaluar su estado emocional, acceder a herramientas para aprender a gestionar sus emociones y obtener recursos profesionales.<\/p>\n<p>&nbsp;<\/p>\n<p>EVALUACI\u00d3N DEL ESTADO EMOCIONAL<\/p>\n<p>En GestioEmocional.cat, las personas usuarias pueden realizar un control y seguimiento de su salud emocional a trav\u00e9s de un cuestionario desarrollado por profesionales especialistas de la salud mental, en el que encontrar\u00e1n preguntas que deben responder de forma an\u00f3nima.<\/p>\n<p>En caso de que se detecte la necesidad de ayuda, deben rellenar un formulario para que un profesional de la salud mental pueda valorar su salud emocional. Todos los datos que aporten ser\u00e1n tratados de forma completamente confidencial.<\/p>\n<p>HERRAMIENTAS PARA LA GESTI\u00d3N EMOCIONAL<br \/>\nEsta secci\u00f3n est\u00e1 formada por dos apartados: S\u00edntomas y Ejercicios. En <em>S\u00edntomas<\/em> hay varias preguntas relacionadas con el nivel de malestar emocional de la persona usuaria, la cual debe valorar las respuestas indicando un n\u00famero del 1 al 10. Por otra parte, si esta persona es mayor de 16 a\u00f1os, en <em>Herramientas<\/em> podr\u00e1 disfrutar, por ejemplo, de t\u00e9cnicas para ayudar a dormir mejor, im\u00e1genes relajantes o ejercicios para calmar los sentidos.<\/p>\n<p>RECURSOS PROFESIONALES<\/p>\n<p>En esta secci\u00f3n existen n\u00fameros de tel\u00e9fono de inter\u00e9s, como el de Informaci\u00f3n Sanitaria, el de Emergencias M\u00e9dicas o el de Coronavirus Vall d&#8217;Hebron.<\/p>\n<\/div>\n","captures":["https:\/\/ticsalutsocial.atoom.space\/wp-content\/uploads\/2023\/02\/unnamed-1-7.webp","https:\/\/ticsalutsocial.atoom.space\/wp-content\/uploads\/2023\/02\/unnamed-2-7.webp","https:\/\/ticsalutsocial.atoom.space\/wp-content\/uploads\/2023\/02\/unnamed-3-7.webp","https:\/\/ticsalutsocial.atoom.space\/wp-content\/uploads\/2023\/02\/unnamed-4-7.webp","https:\/\/ticsalutsocial.atoom.space\/wp-content\/uploads\/2023\/02\/unnamed-5-5.webp","https:\/\/ticsalutsocial.atoom.space\/wp-content\/uploads\/2023\/02\/unnamed-6-3.webp","https:\/\/ticsalutsocial.atoom.space\/wp-content\/uploads\/2023\/02\/unnamed-7-2.webp","https:\/\/ticsalutsocial.atoom.space\/wp-content\/uploads\/2023\/02\/unnamed-8-1.webp"],"informacio":"","informacio_list":{"desenvolupador":"Generalitat de Catalunya","cost":"Gratuita","versio_revisada":"1.0.0 (iOS), 1.0.0 (Android)","data_revisio":"02\/06\/2021 (Google Play), 02\/06\/2021 (App Store)","narc_referencia":"Hospital Vall d'Hebron \/ Servicio Catal\u00e1n de la Salud","especialitat":"Salud Mental","adrecat_a":"Ciudadanos, Pacientes"},"links_descarrega":{"googleplay":"https:\/\/play.google.com\/store\/apps\/details?id=cat.gencat.mobi.gestioemocional&gl=ES","appstore":"https:\/\/apps.apple.com\/es\/app\/gestioemocional-cat\/id1513629981?l=ca"},"etiqueta_short":false,"etiqueta_long":false,"prospecte":""},"descripcio":"GestioEmocional.cat es una aplicaci\u00f3n desarrollada por el Sistema de Salud de Catalu\u00f1a, que tiene por objetivo la evaluaci\u00f3n y mejora de la salud emocional de los usuarios y usuarias.","public":"<p>Ciudadanos, pacientes<\/p>\n"},"yoast_head":"<!-- This site is optimized with the Yoast SEO plugin v27.1.1 - https:\/\/yoast.com\/product\/yoast-seo-wordpress\/ -->\n<title>GestioEmocional.cat - Fundaci\u00f3 TIC Salut i Social<\/title>\n<meta name=\"robots\" content=\"index, follow, max-snippet:-1, max-image-preview:large, max-video-preview:-1\" \/>\n<link rel=\"canonical\" href=\"https:\/\/ticsalutsocial.atoom.space\/es\/app\/gestioemocional-cat\/\" \/>\n<meta property=\"og:locale\" content=\"es_ES\" \/>\n<meta property=\"og:type\" content=\"article\" \/>\n<meta property=\"og:title\" content=\"GestioEmocional.cat - Fundaci\u00f3 TIC Salut i Social\" \/>\n<meta property=\"og:url\" content=\"https:\/\/ticsalutsocial.atoom.space\/es\/app\/gestioemocional-cat\/\" \/>\n<meta property=\"og:site_name\" content=\"Fundaci\u00f3 TIC Salut i Social\" \/>\n<meta property=\"article:modified_time\" content=\"2024-02-28T15:40:12+00:00\" \/>\n<meta name=\"twitter:card\" content=\"summary_large_image\" \/>\n<script type=\"application\/ld+json\" class=\"yoast-schema-graph\">{\"@context\":\"https:\/\/schema.org\",\"@graph\":[{\"@type\":\"WebPage\",\"@id\":\"https:\/\/ticsalutsocial.atoom.space\/es\/app\/gestioemocional-cat\/\",\"url\":\"https:\/\/ticsalutsocial.atoom.space\/es\/app\/gestioemocional-cat\/\",\"name\":\"GestioEmocional.cat - Fundaci\u00f3 TIC Salut i Social\",\"isPartOf\":{\"@id\":\"https:\/\/ticsalutsocial.atoom.space\/es\/#website\"},\"datePublished\":\"2023-02-01T09:28:01+00:00\",\"dateModified\":\"2024-02-28T15:40:12+00:00\",\"breadcrumb\":{\"@id\":\"https:\/\/ticsalutsocial.atoom.space\/es\/app\/gestioemocional-cat\/#breadcrumb\"},\"inLanguage\":\"es\",\"potentialAction\":[{\"@type\":\"ReadAction\",\"target\":[\"https:\/\/ticsalutsocial.atoom.space\/es\/app\/gestioemocional-cat\/\"]}]},{\"@type\":\"BreadcrumbList\",\"@id\":\"https:\/\/ticsalutsocial.atoom.space\/es\/app\/gestioemocional-cat\/#breadcrumb\",\"itemListElement\":[{\"@type\":\"ListItem\",\"position\":1,\"name\":\"Inici\",\"item\":\"https:\/\/ticsalutsocial.atoom.space\/es\/\"},{\"@type\":\"ListItem\",\"position\":2,\"name\":\"GestioEmocional.cat\"}]},{\"@type\":\"WebSite\",\"@id\":\"https:\/\/ticsalutsocial.atoom.space\/es\/#website\",\"url\":\"https:\/\/ticsalutsocial.atoom.space\/es\/\",\"name\":\"Fundaci\u00f3 TIC Salut i Social\",\"description\":\"\",\"potentialAction\":[{\"@type\":\"SearchAction\",\"target\":{\"@type\":\"EntryPoint\",\"urlTemplate\":\"https:\/\/ticsalutsocial.atoom.space\/es\/?s={search_term_string}\"},\"query-input\":{\"@type\":\"PropertyValueSpecification\",\"valueRequired\":true,\"valueName\":\"search_term_string\"}}],\"inLanguage\":\"es\"}]}<\/script>\n<!-- \/ Yoast SEO plugin. -->","yoast_head_json":{"title":"GestioEmocional.cat - Fundaci\u00f3 TIC Salut i Social","robots":{"index":"index","follow":"follow","max-snippet":"max-snippet:-1","max-image-preview":"max-image-preview:large","max-video-preview":"max-video-preview:-1"},"canonical":"https:\/\/ticsalutsocial.atoom.space\/es\/app\/gestioemocional-cat\/","og_locale":"es_ES","og_type":"article","og_title":"GestioEmocional.cat - Fundaci\u00f3 TIC Salut i Social","og_url":"https:\/\/ticsalutsocial.atoom.space\/es\/app\/gestioemocional-cat\/","og_site_name":"Fundaci\u00f3 TIC Salut i Social","article_modified_time":"2024-02-28T15:40:12+00:00","twitter_card":"summary_large_image","schema":{"@context":"https:\/\/schema.org","@graph":[{"@type":"WebPage","@id":"https:\/\/ticsalutsocial.atoom.space\/es\/app\/gestioemocional-cat\/","url":"https:\/\/ticsalutsocial.atoom.space\/es\/app\/gestioemocional-cat\/","name":"GestioEmocional.cat - Fundaci\u00f3 TIC Salut i Social","isPartOf":{"@id":"https:\/\/ticsalutsocial.atoom.space\/es\/#website"},"datePublished":"2023-02-01T09:28:01+00:00","dateModified":"2024-02-28T15:40:12+00:00","breadcrumb":{"@id":"https:\/\/ticsalutsocial.atoom.space\/es\/app\/gestioemocional-cat\/#breadcrumb"},"inLanguage":"es","potentialAction":[{"@type":"ReadAction","target":["https:\/\/ticsalutsocial.atoom.space\/es\/app\/gestioemocional-cat\/"]}]},{"@type":"BreadcrumbList","@id":"https:\/\/ticsalutsocial.atoom.space\/es\/app\/gestioemocional-cat\/#breadcrumb","itemListElement":[{"@type":"ListItem","position":1,"name":"Inici","item":"https:\/\/ticsalutsocial.atoom.space\/es\/"},{"@type":"ListItem","position":2,"name":"GestioEmocional.cat"}]},{"@type":"WebSite","@id":"https:\/\/ticsalutsocial.atoom.space\/es\/#website","url":"https:\/\/ticsalutsocial.atoom.space\/es\/","name":"Fundaci\u00f3 TIC Salut i Social","description":"","potentialAction":[{"@type":"SearchAction","target":{"@type":"EntryPoint","urlTemplate":"https:\/\/ticsalutsocial.atoom.space\/es\/?s={search_term_string}"},"query-input":{"@type":"PropertyValueSpecification","valueRequired":true,"valueName":"search_term_string"}}],"inLanguage":"es"}]}},"_links":{"self":[{"href":"https:\/\/ticsalutsocial.atoom.space\/es\/wp-json\/wp\/v2\/app\/18566","targetHints":{"allow":["GET"]}}],"collection":[{"href":"https:\/\/ticsalutsocial.atoom.space\/es\/wp-json\/wp\/v2\/app"}],"about":[{"href":"https:\/\/ticsalutsocial.atoom.space\/es\/wp-json\/wp\/v2\/types\/app"}],"wp:attachment":[{"href":"https:\/\/ticsalutsocial.atoom.space\/es\/wp-json\/wp\/v2\/media?parent=18566"}],"wp:term":[{"taxonomy":"categoria_app","embeddable":true,"href":"https:\/\/ticsalutsocial.atoom.space\/es\/wp-json\/wp\/v2\/categoria_app?post=18566"},{"taxonomy":"especialitat","embeddable":true,"href":"https:\/\/ticsalutsocial.atoom.space\/es\/wp-json\/wp\/v2\/especialitat?post=18566"},{"taxonomy":"especialitat_social","embeddable":true,"href":"https:\/\/ticsalutsocial.atoom.space\/es\/wp-json\/wp\/v2\/especialitat_social?post=18566"},{"taxonomy":"public","embeddable":true,"href":"https:\/\/ticsalutsocial.atoom.space\/es\/wp-json\/wp\/v2\/public?post=18566"}],"curies":[{"name":"wp","href":"https:\/\/api.w.org\/{rel}","templated":true}]}}