
{"id":13778,"date":"2022-06-21T10:23:24","date_gmt":"2022-06-21T08:23:24","guid":{"rendered":"https:\/\/ticsalutsocial.atoom.space\/event\/ia-aplicada-als-ambits-de-la-salut-mobilitat-i-turisme-resultats-i-bones-practiques\/"},"modified":"2022-06-21T10:23:24","modified_gmt":"2022-06-21T08:23:24","slug":"ia-aplicada-als-ambits-de-la-salut-mobilitat-i-turisme-resultats-i-bones-practiques","status":"publish","type":"event","link":"https:\/\/ticsalutsocial.atoom.space\/es\/event\/ia-aplicada-als-ambits-de-la-salut-mobilitat-i-turisme-resultats-i-bones-practiques\/","title":{"rendered":"IA aplicada als \u00e0mbits de la Salut, Mobilitat i Turisme: Resultats i bones pr\u00e0ctiques"},"content":{"rendered":"\n<p>El CIDAI t\u00e9 com a objectiu generar, validar i transferir tecnologies d\u2019IA d\u2019alt valor afegit per fomentar la innovaci\u00f3 en els sectors econ\u00f2mics estrat\u00e8gics de Catalunya, inclosa l\u2019administraci\u00f3 p\u00fablica i el tercer sector.<\/p>\n\n\n\n<p>En aquesta sessi\u00f3, el CIDAI ensenyar\u00e0 els resultats i coneixements adquirits durant l\u2019execuci\u00f3 de tres projectes d\u2019alt impacte iniciat el 2021 i que han finalitzat al mes de maig.<\/p>\n\n\n\n<h2 class=\"has-text-align-left wp-block-heading\"><strong>PROGRAMA<\/strong><\/h2>\n\n\n\n<p><strong>10:00h&nbsp;Benvinguda institucional<\/strong><\/p>\n\n\n\n<ul class=\"wp-block-list\"><li><ul><li><strong>Daniel Marco<\/strong>, director general d\u2019Innovaci\u00f3 i Economia Digital,\u00a0<strong>Departament de la Vicepresid\u00e8ncia i de Pol\u00edtiques Digitals i Territori.<\/strong><\/li><\/ul><\/li><li><strong>F\u00e9lix Ortega<\/strong>, director general de<strong>\u00a0Barcelona Activa.<\/strong><\/li><li><strong>Joan Mas i Albaig\u00e8s,\u00a0<\/strong>director del\u00a0<strong>CIDAI<\/strong>\u00a0i cap de l\u2019\u00c0rea Digital d\u2019<strong>Eurecat.<\/strong><\/li><\/ul>\n\n\n\n<p><strong>10:05h Presenta l\u2019esdeveniment:&nbsp;<\/strong><strong>Joan Mas i Albaig\u00e8s,&nbsp;<\/strong>director del&nbsp;<strong>CIDAI<\/strong>&nbsp;i cap de l\u2019\u00c0rea Digital d\u2019<strong>Eurecat.<\/strong><\/p>\n\n\n\n<p><strong>10:10h Projecte d\u2019alt Impacte en l\u2019\u00e0mbit de la Salut<\/strong>: Tres casos d\u2019aplicaci\u00f3 d\u2019Intel\u00b7lig\u00e8ncia Artificial com a suport al diagn\u00f2stic per imatge m\u00e8dica, lli\u00e7ons apreses.<\/p>\n\n\n\n<ul class=\"wp-block-list\"><li><ul><li><strong>Vicent Ribas<\/strong>\u00a0\u2013 Responsable de Data Anal\u00edtics in Medicine d\u2019<strong>Eurecat.<\/strong><\/li><li><strong>Carles Sanches<\/strong>\u00a0\u2013 PostDoc Researcher a\u00a0<strong>Computer Vision Center (CVC).<\/strong><\/li><li><strong>Jose Ignacio Baranda<\/strong>\u00a0\u2013 Health Project Manager a\u00a0<strong>NTT Data<\/strong>.<\/li><li><strong>Felip Miralles<\/strong>\u00a0\u2013 Director de Digital Health d\u2019<strong>Eurecat.<\/strong><\/li><\/ul><\/li><\/ul>\n\n\n\n<p><strong>11:10h Pausa<\/strong><\/p>\n\n\n\n<p><strong>11:20h Projecte d\u2019alt Impacte en l\u2019\u00e0mbit de la Mobilitat:<\/strong>&nbsp;Avaluaci\u00f3 de riscs d\u2019accidents de tr\u00e0nsit en vies urbanes i interurbanes de Catalunya.<\/p>\n\n\n\n<ul class=\"wp-block-list\"><li><ul><li><strong>Angel Martin<\/strong>\u00a0\u2013 AI Innovation a\u00a0<strong>Fundaci\u00f3 i2CAT.<\/strong><\/li><li><strong>Ivan Huerta<\/strong>\u00a0\u2013 Senior R&amp;D engineer in Artificial Intelligence a\u00a0<strong>Fundaci\u00f3 i2CAT.<\/strong><\/li><li><strong>Elli Kartsakli<\/strong>\u00a0\u2013 Senior Researcher a\u00a0<strong>Barcelona Supercomputing Center (BSC).<\/strong><\/li><li><strong>Jordi Casals<\/strong>\u00a0\u2013 R&amp;D Data Scientist a\u00a0<strong>Eurecat.<\/strong><\/li><li><strong>Albert Herrando<\/strong>\u00a0\u2013 Data Science Specialist al<strong>\u00a0Centre de Telecomunicacions i Tecnologies de la Informaci\u00f3 (CTTI).<\/strong><\/li><\/ul><\/li><\/ul>\n\n\n\n<p><strong>12:20h Pausa<\/strong><\/p>\n\n\n\n<p><strong>12:30h Projecte d\u2019Alt impacte en l\u2019\u00e0mbit del Turisme<\/strong>: Intel\u00b7lig\u00e8ncia Artificial aplicada al turisme. Descobrir els canvis de patrons de consum i de visita dels turistes<\/p>\n\n\n\n<ul class=\"wp-block-list\"><li><ul><li><strong>Joan Borr\u00e0s Nogu\u00e9s<\/strong>\u00a0\u2013 Data Scientist a\u00a0<strong>Eurecat.<\/strong><\/li><li><strong>Karina Gibert<\/strong>\u00a0\u2013 Directora i Catedr\u00e0tica de Intel\u00b7lig\u00e8ncia Artificial i Ci\u00e8ncia de les Dades a\u00a0<strong>IDEAI UPC.<\/strong><\/li><li><strong>Vicente Gardulski<\/strong>\u00a0\u2013 Senior Qualified Consultant a\u00a0<strong>SDG Group.<\/strong><\/li><\/ul><\/li><\/ul>\n\n\n\n<p><strong>13:30h Cloenda<\/strong><\/p>\n","protected":false},"featured_media":11791,"menu_order":0,"template":"","meta":{"_acf_changed":false,"inline_featured_image":false},"tipus":[718],"topic":[14],"class_list":["post-13778","event","type-event","status-publish","has-post-thumbnail","hentry","tipus-intelligencia-artificial","topic-jornades"],"acf":{"informacio":{"ubicacio":"Cibern\u00e0rium, Barcelona","data":"06\/07\/2022","hora":"10:00h","preu":"","inscripcions":"https:\/\/cidai.eu\/presentacio-ia-aplicada-salut-mobilitat-turisme\/"},"programa":{"titol":"","items":false}},"yoast_head":"<!-- This site is optimized with the Yoast SEO plugin v27.1.1 - https:\/\/yoast.com\/product\/yoast-seo-wordpress\/ -->\n<title>IA aplicada als \u00e0mbits de la Salut, Mobilitat i Turisme: Resultats i bones pr\u00e0ctiques - Fundaci\u00f3 TIC Salut i Social<\/title>\n<meta name=\"robots\" content=\"index, follow, max-snippet:-1, max-image-preview:large, max-video-preview:-1\" \/>\n<link rel=\"canonical\" href=\"https:\/\/ticsalutsocial.atoom.space\/es\/event\/ia-aplicada-als-ambits-de-la-salut-mobilitat-i-turisme-resultats-i-bones-practiques\/\" \/>\n<meta property=\"og:locale\" content=\"es_ES\" \/>\n<meta property=\"og:type\" content=\"article\" \/>\n<meta property=\"og:title\" content=\"IA aplicada als \u00e0mbits de la Salut, Mobilitat i Turisme: Resultats i bones pr\u00e0ctiques - Fundaci\u00f3 TIC Salut i Social\" \/>\n<meta property=\"og:description\" content=\"El CIDAI t\u00e9 com a objectiu generar, validar i transferir tecnologies d\u2019IA d\u2019alt valor afegit per fomentar la innovaci\u00f3 en els sectors econ\u00f2mics estrat\u00e8gics de Catalunya, inclosa l\u2019administraci\u00f3 p\u00fablica i el tercer sector. En aquesta sessi\u00f3, el CIDAI ensenyar\u00e0 els resultats i coneixements adquirits durant l\u2019execuci\u00f3 de tres projectes d\u2019alt impacte iniciat el 2021 i [&hellip;]\" \/>\n<meta property=\"og:url\" content=\"https:\/\/ticsalutsocial.atoom.space\/es\/event\/ia-aplicada-als-ambits-de-la-salut-mobilitat-i-turisme-resultats-i-bones-practiques\/\" \/>\n<meta property=\"og:site_name\" content=\"Fundaci\u00f3 TIC Salut i Social\" \/>\n<meta property=\"og:image\" content=\"https:\/\/ticsalutsocial.atoom.space\/wp-content\/uploads\/2022\/06\/imatge_web_cibernarium_Cat-2.jpg\" \/>\n\t<meta property=\"og:image:width\" content=\"1194\" \/>\n\t<meta property=\"og:image:height\" content=\"709\" \/>\n\t<meta property=\"og:image:type\" content=\"image\/jpeg\" \/>\n<meta name=\"twitter:card\" content=\"summary_large_image\" \/>\n<meta name=\"twitter:label1\" content=\"Tiempo de lectura\" \/>\n\t<meta name=\"twitter:data1\" content=\"2 minutos\" \/>\n<script type=\"application\/ld+json\" class=\"yoast-schema-graph\">{\"@context\":\"https:\/\/schema.org\",\"@graph\":[{\"@type\":\"WebPage\",\"@id\":\"https:\/\/ticsalutsocial.atoom.space\/es\/event\/ia-aplicada-als-ambits-de-la-salut-mobilitat-i-turisme-resultats-i-bones-practiques\/\",\"url\":\"https:\/\/ticsalutsocial.atoom.space\/es\/event\/ia-aplicada-als-ambits-de-la-salut-mobilitat-i-turisme-resultats-i-bones-practiques\/\",\"name\":\"IA aplicada als \u00e0mbits de la Salut, Mobilitat i Turisme: Resultats i bones pr\u00e0ctiques - Fundaci\u00f3 TIC Salut i Social\",\"isPartOf\":{\"@id\":\"https:\/\/ticsalutsocial.atoom.space\/es\/#website\"},\"primaryImageOfPage\":{\"@id\":\"https:\/\/ticsalutsocial.atoom.space\/es\/event\/ia-aplicada-als-ambits-de-la-salut-mobilitat-i-turisme-resultats-i-bones-practiques\/#primaryimage\"},\"image\":{\"@id\":\"https:\/\/ticsalutsocial.atoom.space\/es\/event\/ia-aplicada-als-ambits-de-la-salut-mobilitat-i-turisme-resultats-i-bones-practiques\/#primaryimage\"},\"thumbnailUrl\":\"https:\/\/ticsalutsocial.atoom.space\/wp-content\/uploads\/2022\/06\/imatge_web_cibernarium_Cat-2.jpg\",\"datePublished\":\"2022-06-21T08:23:24+00:00\",\"breadcrumb\":{\"@id\":\"https:\/\/ticsalutsocial.atoom.space\/es\/event\/ia-aplicada-als-ambits-de-la-salut-mobilitat-i-turisme-resultats-i-bones-practiques\/#breadcrumb\"},\"inLanguage\":\"es\",\"potentialAction\":[{\"@type\":\"ReadAction\",\"target\":[\"https:\/\/ticsalutsocial.atoom.space\/es\/event\/ia-aplicada-als-ambits-de-la-salut-mobilitat-i-turisme-resultats-i-bones-practiques\/\"]}]},{\"@type\":\"ImageObject\",\"inLanguage\":\"es\",\"@id\":\"https:\/\/ticsalutsocial.atoom.space\/es\/event\/ia-aplicada-als-ambits-de-la-salut-mobilitat-i-turisme-resultats-i-bones-practiques\/#primaryimage\",\"url\":\"https:\/\/ticsalutsocial.atoom.space\/wp-content\/uploads\/2022\/06\/imatge_web_cibernarium_Cat-2.jpg\",\"contentUrl\":\"https:\/\/ticsalutsocial.atoom.space\/wp-content\/uploads\/2022\/06\/imatge_web_cibernarium_Cat-2.jpg\",\"width\":1194,\"height\":709},{\"@type\":\"BreadcrumbList\",\"@id\":\"https:\/\/ticsalutsocial.atoom.space\/es\/event\/ia-aplicada-als-ambits-de-la-salut-mobilitat-i-turisme-resultats-i-bones-practiques\/#breadcrumb\",\"itemListElement\":[{\"@type\":\"ListItem\",\"position\":1,\"name\":\"Inici\",\"item\":\"https:\/\/ticsalutsocial.atoom.space\/es\/\"},{\"@type\":\"ListItem\",\"position\":2,\"name\":\"IA aplicada als \u00e0mbits de la Salut, Mobilitat i Turisme: Resultats i bones pr\u00e0ctiques\"}]},{\"@type\":\"WebSite\",\"@id\":\"https:\/\/ticsalutsocial.atoom.space\/es\/#website\",\"url\":\"https:\/\/ticsalutsocial.atoom.space\/es\/\",\"name\":\"Fundaci\u00f3 TIC Salut i Social\",\"description\":\"\",\"potentialAction\":[{\"@type\":\"SearchAction\",\"target\":{\"@type\":\"EntryPoint\",\"urlTemplate\":\"https:\/\/ticsalutsocial.atoom.space\/es\/?s={search_term_string}\"},\"query-input\":{\"@type\":\"PropertyValueSpecification\",\"valueRequired\":true,\"valueName\":\"search_term_string\"}}],\"inLanguage\":\"es\"}]}<\/script>\n<!-- \/ Yoast SEO plugin. -->","yoast_head_json":{"title":"IA aplicada als \u00e0mbits de la Salut, Mobilitat i Turisme: Resultats i bones pr\u00e0ctiques - Fundaci\u00f3 TIC Salut i Social","robots":{"index":"index","follow":"follow","max-snippet":"max-snippet:-1","max-image-preview":"max-image-preview:large","max-video-preview":"max-video-preview:-1"},"canonical":"https:\/\/ticsalutsocial.atoom.space\/es\/event\/ia-aplicada-als-ambits-de-la-salut-mobilitat-i-turisme-resultats-i-bones-practiques\/","og_locale":"es_ES","og_type":"article","og_title":"IA aplicada als \u00e0mbits de la Salut, Mobilitat i Turisme: Resultats i bones pr\u00e0ctiques - Fundaci\u00f3 TIC Salut i Social","og_description":"El CIDAI t\u00e9 com a objectiu generar, validar i transferir tecnologies d\u2019IA d\u2019alt valor afegit per fomentar la innovaci\u00f3 en els sectors econ\u00f2mics estrat\u00e8gics de Catalunya, inclosa l\u2019administraci\u00f3 p\u00fablica i el tercer sector. En aquesta sessi\u00f3, el CIDAI ensenyar\u00e0 els resultats i coneixements adquirits durant l\u2019execuci\u00f3 de tres projectes d\u2019alt impacte iniciat el 2021 i [&hellip;]","og_url":"https:\/\/ticsalutsocial.atoom.space\/es\/event\/ia-aplicada-als-ambits-de-la-salut-mobilitat-i-turisme-resultats-i-bones-practiques\/","og_site_name":"Fundaci\u00f3 TIC Salut i Social","og_image":[{"width":1194,"height":709,"url":"https:\/\/ticsalutsocial.atoom.space\/wp-content\/uploads\/2022\/06\/imatge_web_cibernarium_Cat-2.jpg","type":"image\/jpeg"}],"twitter_card":"summary_large_image","twitter_misc":{"Tiempo de lectura":"2 minutos"},"schema":{"@context":"https:\/\/schema.org","@graph":[{"@type":"WebPage","@id":"https:\/\/ticsalutsocial.atoom.space\/es\/event\/ia-aplicada-als-ambits-de-la-salut-mobilitat-i-turisme-resultats-i-bones-practiques\/","url":"https:\/\/ticsalutsocial.atoom.space\/es\/event\/ia-aplicada-als-ambits-de-la-salut-mobilitat-i-turisme-resultats-i-bones-practiques\/","name":"IA aplicada als \u00e0mbits de la Salut, Mobilitat i Turisme: Resultats i bones pr\u00e0ctiques - Fundaci\u00f3 TIC Salut i Social","isPartOf":{"@id":"https:\/\/ticsalutsocial.atoom.space\/es\/#website"},"primaryImageOfPage":{"@id":"https:\/\/ticsalutsocial.atoom.space\/es\/event\/ia-aplicada-als-ambits-de-la-salut-mobilitat-i-turisme-resultats-i-bones-practiques\/#primaryimage"},"image":{"@id":"https:\/\/ticsalutsocial.atoom.space\/es\/event\/ia-aplicada-als-ambits-de-la-salut-mobilitat-i-turisme-resultats-i-bones-practiques\/#primaryimage"},"thumbnailUrl":"https:\/\/ticsalutsocial.atoom.space\/wp-content\/uploads\/2022\/06\/imatge_web_cibernarium_Cat-2.jpg","datePublished":"2022-06-21T08:23:24+00:00","breadcrumb":{"@id":"https:\/\/ticsalutsocial.atoom.space\/es\/event\/ia-aplicada-als-ambits-de-la-salut-mobilitat-i-turisme-resultats-i-bones-practiques\/#breadcrumb"},"inLanguage":"es","potentialAction":[{"@type":"ReadAction","target":["https:\/\/ticsalutsocial.atoom.space\/es\/event\/ia-aplicada-als-ambits-de-la-salut-mobilitat-i-turisme-resultats-i-bones-practiques\/"]}]},{"@type":"ImageObject","inLanguage":"es","@id":"https:\/\/ticsalutsocial.atoom.space\/es\/event\/ia-aplicada-als-ambits-de-la-salut-mobilitat-i-turisme-resultats-i-bones-practiques\/#primaryimage","url":"https:\/\/ticsalutsocial.atoom.space\/wp-content\/uploads\/2022\/06\/imatge_web_cibernarium_Cat-2.jpg","contentUrl":"https:\/\/ticsalutsocial.atoom.space\/wp-content\/uploads\/2022\/06\/imatge_web_cibernarium_Cat-2.jpg","width":1194,"height":709},{"@type":"BreadcrumbList","@id":"https:\/\/ticsalutsocial.atoom.space\/es\/event\/ia-aplicada-als-ambits-de-la-salut-mobilitat-i-turisme-resultats-i-bones-practiques\/#breadcrumb","itemListElement":[{"@type":"ListItem","position":1,"name":"Inici","item":"https:\/\/ticsalutsocial.atoom.space\/es\/"},{"@type":"ListItem","position":2,"name":"IA aplicada als \u00e0mbits de la Salut, Mobilitat i Turisme: Resultats i bones pr\u00e0ctiques"}]},{"@type":"WebSite","@id":"https:\/\/ticsalutsocial.atoom.space\/es\/#website","url":"https:\/\/ticsalutsocial.atoom.space\/es\/","name":"Fundaci\u00f3 TIC Salut i Social","description":"","potentialAction":[{"@type":"SearchAction","target":{"@type":"EntryPoint","urlTemplate":"https:\/\/ticsalutsocial.atoom.space\/es\/?s={search_term_string}"},"query-input":{"@type":"PropertyValueSpecification","valueRequired":true,"valueName":"search_term_string"}}],"inLanguage":"es"}]}},"_links":{"self":[{"href":"https:\/\/ticsalutsocial.atoom.space\/es\/wp-json\/wp\/v2\/event\/13778","targetHints":{"allow":["GET"]}}],"collection":[{"href":"https:\/\/ticsalutsocial.atoom.space\/es\/wp-json\/wp\/v2\/event"}],"about":[{"href":"https:\/\/ticsalutsocial.atoom.space\/es\/wp-json\/wp\/v2\/types\/event"}],"wp:featuredmedia":[{"embeddable":true,"href":"https:\/\/ticsalutsocial.atoom.space\/es\/wp-json\/wp\/v2\/media\/11791"}],"wp:attachment":[{"href":"https:\/\/ticsalutsocial.atoom.space\/es\/wp-json\/wp\/v2\/media?parent=13778"}],"wp:term":[{"taxonomy":"tipus","embeddable":true,"href":"https:\/\/ticsalutsocial.atoom.space\/es\/wp-json\/wp\/v2\/tipus?post=13778"},{"taxonomy":"topic","embeddable":true,"href":"https:\/\/ticsalutsocial.atoom.space\/es\/wp-json\/wp\/v2\/topic?post=13778"}],"curies":[{"name":"wp","href":"https:\/\/api.w.org\/{rel}","templated":true}]}}