
{"id":14287,"date":"2022-09-30T13:23:36","date_gmt":"2022-09-30T11:23:36","guid":{"rendered":"https:\/\/ticsalutsocial.atoom.space\/event\/mental-health-innovation-day-la-cita-de-la-innovacio-en-salut-mental-a-barcelona\/"},"modified":"2022-09-30T13:26:40","modified_gmt":"2022-09-30T11:26:40","slug":"mental-health-innovation-day-la-cita-de-la-innovacio-en-salut-mental-a-barcelona","status":"publish","type":"event","link":"https:\/\/ticsalutsocial.atoom.space\/es\/event\/mental-health-innovation-day-la-cita-de-la-innovacio-en-salut-mental-a-barcelona\/","title":{"rendered":"Mental Health Innovation Day: la cita de la innovaci\u00f3 en salut mental a Barcelona"},"content":{"rendered":"\n<p>Amb l\u2019objectiu de ser una porta a la tecnologia i coneixement innovador i pioner en salut mental impulsat pels grups membres, la Xarxa TECSAM organitza el&nbsp;<strong><a href=\"https:\/\/docs.google.com\/forms\/d\/e\/1FAIpQLSfKISIEfASmTxAIGx0PXB19jUbUrDsU7_56ePToBr2UaiDN3Q\/viewform?usp=sf_link\" target=\"_blank\" rel=\"noreferrer noopener\">I Mental Health Innovation Day<\/a><\/strong>&nbsp;el&nbsp;<strong>dimarts dia 25 d\u2019octubre.&nbsp;&nbsp;<\/strong><\/p>\n\n\n\n<p>Aquesta jornada presencial i oberta a tot l\u2019ecosistema d\u2019innovaci\u00f3 en salut mental donar\u00e0 espai als diferents grups de recerca de la Xarxa, tant de l\u2019\u00e0mbit cl\u00ednic com tecnol\u00f2gic, a presentar els&nbsp;<strong>projectes m\u00e9s destacats desenvolupats enguany<\/strong>, i ser\u00e0 un&nbsp;<strong>punt de trobada i contacte entre tots els stakeholders del sector de la salut mental i la innovaci\u00f3.&nbsp;<\/strong><\/p>\n\n\n\n<p>Es tracta d\u2019una iniciativa que pret\u00e9n dinamitzar tot l\u2019ecosistema i incentivar la creaci\u00f3 de sinergies i contactes entre els diferents agents implicats, aix\u00ed com&nbsp;<strong>atraure potencials inversors interessants en fer possible l\u2019aven\u00e7 i la transfer\u00e8ncia de resultats de recerca al mercat i la societat.&nbsp;<\/strong><\/p>\n\n\n\n<p><strong>Pon\u00e8ncies i showcase<\/strong>&nbsp;<\/p>\n\n\n\n<p>La primera part de l\u2019esdeveniment pret\u00e9n donar visibilitat a la innovaci\u00f3 en salut mental generada en el si de la Xarxa a trav\u00e9s de&nbsp;<strong>pon\u00e8ncies impartides per investigadors experts i un espai de showcase que servir\u00e0 com a aparador de les solucions impulsades pels grups.&nbsp;<\/strong><\/p>\n\n\n\n<p>El showcase de solucions disruptives, que tindr\u00e0 lloc durant la segona part de la jornada, permetr\u00e0 als grups participants presentar i promoure els seus projectes al p\u00fablic mitjan\u00e7ant&nbsp;<strong>demostracions en directe, stands i espais on els i les assistents podran interaccionar amb el producte.&nbsp;&nbsp;<\/strong><\/p>\n\n\n\n<p>A trav\u00e9s d\u2019ulleres de realitat virtual, iPads, aplicacions m\u00f2bils i m\u00e9s, els i les assistents tindran l\u2019<strong>oportunitat de formar part d\u2019un espai \u00fanic i vibrant i con\u00e8ixer en primera persona el funcionament de la tecnologia desenvolupada pels grups de recerca.&nbsp;<\/strong><\/p>\n\n\n\n<p>Aix\u00ed mateix, aquesta jornada tamb\u00e9 inclour\u00e0&nbsp;<strong>la presentaci\u00f3 dels 4 projectes guanyadors del&nbsp;<a href=\"https:\/\/tecsam.org\/innovationcontest\/\" target=\"_blank\" rel=\"noreferrer noopener\">I Concurs d\u2019Innovaci\u00f3 en Salut Mental<\/a><\/strong>, una oportunitat pels guardonats de donar-se a con\u00e8ixer, generar inter\u00e8s i captar possibles inversors.&nbsp;<\/p>\n\n\n\n<p>El Mental Health Innovation Day vol ser m\u00e9s que un mecanisme per donar visibilitat a les solucions innovadores desenvolupades pels grups de recerca, i servir tamb\u00e9 per&nbsp;<strong>mobilitzar tot l\u2019ecosistema d\u2019innovaci\u00f3 en salut mental<\/strong>&nbsp;i fer-lo part\u00edcip de l\u2019objectiu primer de la Xarxa: la valoritzaci\u00f3 i transfer\u00e8ncia dels resultats de la recerca en salut mental per millorar la qualitat de vida de les persones afectades.&nbsp;<\/p>\n\n\n\n<p>La trobada se celebrar\u00e0 presencialment a Barcelona (espai a confirmar) i amb acc\u00e9s limitat pr\u00e8via inscripci\u00f3 en&nbsp;<strong><a href=\"https:\/\/docs.google.com\/forms\/d\/e\/1FAIpQLSfKISIEfASmTxAIGx0PXB19jUbUrDsU7_56ePToBr2UaiDN3Q\/viewform?usp=sf_link\" target=\"_blank\" rel=\"noreferrer noopener\">aquest formulari<\/a><\/strong>.&nbsp;<\/p>\n","protected":false},"featured_media":14286,"menu_order":0,"template":"","meta":{"_acf_changed":false,"inline_featured_image":false},"tipus":[],"topic":[14,117,121],"class_list":["post-14287","event","type-event","status-publish","has-post-thumbnail","hentry","topic-jornades","topic-jornadas","topic-dpd-es"],"acf":{"imatge":14286,"informacio":{"ubicacio":"Parc Cient\u00edfic de Barcelona","data":"25\/10\/2022","hora":"8:30-13:30","preu":"Gratu\u00eft","inscripcions":"https:\/\/tecsam.org\/2022\/09\/08\/mental-health-innovation-day-la-cita-de-la-innovacio-en-salut-mental-a-barcelona\/"},"programa":{"titol":"","items":false},"documents":false},"yoast_head":"<!-- This site is optimized with the Yoast SEO plugin v27.1.1 - https:\/\/yoast.com\/product\/yoast-seo-wordpress\/ -->\n<title>Mental Health Innovation Day: la cita de la innovaci\u00f3 en salut mental a Barcelona - Fundaci\u00f3 TIC Salut i Social<\/title>\n<meta name=\"robots\" content=\"index, follow, max-snippet:-1, max-image-preview:large, max-video-preview:-1\" \/>\n<link rel=\"canonical\" href=\"https:\/\/ticsalutsocial.atoom.space\/es\/event\/mental-health-innovation-day-la-cita-de-la-innovacio-en-salut-mental-a-barcelona\/\" \/>\n<meta property=\"og:locale\" content=\"es_ES\" \/>\n<meta property=\"og:type\" content=\"article\" \/>\n<meta property=\"og:title\" content=\"Mental Health Innovation Day: la cita de la innovaci\u00f3 en salut mental a Barcelona - Fundaci\u00f3 TIC Salut i Social\" \/>\n<meta property=\"og:description\" content=\"Amb l\u2019objectiu de ser una porta a la tecnologia i coneixement innovador i pioner en salut mental impulsat pels grups membres, la Xarxa TECSAM organitza el&nbsp;I Mental Health Innovation Day&nbsp;el&nbsp;dimarts dia 25 d\u2019octubre.&nbsp;&nbsp; Aquesta jornada presencial i oberta a tot l\u2019ecosistema d\u2019innovaci\u00f3 en salut mental donar\u00e0 espai als diferents grups de recerca de la Xarxa, [&hellip;]\" \/>\n<meta property=\"og:url\" content=\"https:\/\/ticsalutsocial.atoom.space\/es\/event\/mental-health-innovation-day-la-cita-de-la-innovacio-en-salut-mental-a-barcelona\/\" \/>\n<meta property=\"og:site_name\" content=\"Fundaci\u00f3 TIC Salut i Social\" \/>\n<meta property=\"article:modified_time\" content=\"2022-09-30T11:26:40+00:00\" \/>\n<meta property=\"og:image\" content=\"https:\/\/ticsalutsocial.atoom.space\/wp-content\/uploads\/2022\/09\/Mental-Health-Innovation-Day-1-1568x1109-1.png\" \/>\n\t<meta property=\"og:image:width\" content=\"1568\" \/>\n\t<meta property=\"og:image:height\" content=\"1109\" \/>\n\t<meta property=\"og:image:type\" content=\"image\/png\" \/>\n<meta name=\"twitter:card\" content=\"summary_large_image\" \/>\n<meta name=\"twitter:label1\" content=\"Tiempo de lectura\" \/>\n\t<meta name=\"twitter:data1\" content=\"2 minutos\" \/>\n<script type=\"application\/ld+json\" class=\"yoast-schema-graph\">{\"@context\":\"https:\/\/schema.org\",\"@graph\":[{\"@type\":\"WebPage\",\"@id\":\"https:\/\/ticsalutsocial.atoom.space\/es\/event\/mental-health-innovation-day-la-cita-de-la-innovacio-en-salut-mental-a-barcelona\/\",\"url\":\"https:\/\/ticsalutsocial.atoom.space\/es\/event\/mental-health-innovation-day-la-cita-de-la-innovacio-en-salut-mental-a-barcelona\/\",\"name\":\"Mental Health Innovation Day: la cita de la innovaci\u00f3 en salut mental a Barcelona - Fundaci\u00f3 TIC Salut i Social\",\"isPartOf\":{\"@id\":\"https:\/\/ticsalutsocial.atoom.space\/es\/#website\"},\"primaryImageOfPage\":{\"@id\":\"https:\/\/ticsalutsocial.atoom.space\/es\/event\/mental-health-innovation-day-la-cita-de-la-innovacio-en-salut-mental-a-barcelona\/#primaryimage\"},\"image\":{\"@id\":\"https:\/\/ticsalutsocial.atoom.space\/es\/event\/mental-health-innovation-day-la-cita-de-la-innovacio-en-salut-mental-a-barcelona\/#primaryimage\"},\"thumbnailUrl\":\"https:\/\/ticsalutsocial.atoom.space\/wp-content\/uploads\/2022\/09\/Mental-Health-Innovation-Day-1-1568x1109-1.png\",\"datePublished\":\"2022-09-30T11:23:36+00:00\",\"dateModified\":\"2022-09-30T11:26:40+00:00\",\"breadcrumb\":{\"@id\":\"https:\/\/ticsalutsocial.atoom.space\/es\/event\/mental-health-innovation-day-la-cita-de-la-innovacio-en-salut-mental-a-barcelona\/#breadcrumb\"},\"inLanguage\":\"es\",\"potentialAction\":[{\"@type\":\"ReadAction\",\"target\":[\"https:\/\/ticsalutsocial.atoom.space\/es\/event\/mental-health-innovation-day-la-cita-de-la-innovacio-en-salut-mental-a-barcelona\/\"]}]},{\"@type\":\"ImageObject\",\"inLanguage\":\"es\",\"@id\":\"https:\/\/ticsalutsocial.atoom.space\/es\/event\/mental-health-innovation-day-la-cita-de-la-innovacio-en-salut-mental-a-barcelona\/#primaryimage\",\"url\":\"https:\/\/ticsalutsocial.atoom.space\/wp-content\/uploads\/2022\/09\/Mental-Health-Innovation-Day-1-1568x1109-1.png\",\"contentUrl\":\"https:\/\/ticsalutsocial.atoom.space\/wp-content\/uploads\/2022\/09\/Mental-Health-Innovation-Day-1-1568x1109-1.png\",\"width\":1568,\"height\":1109},{\"@type\":\"BreadcrumbList\",\"@id\":\"https:\/\/ticsalutsocial.atoom.space\/es\/event\/mental-health-innovation-day-la-cita-de-la-innovacio-en-salut-mental-a-barcelona\/#breadcrumb\",\"itemListElement\":[{\"@type\":\"ListItem\",\"position\":1,\"name\":\"Inici\",\"item\":\"https:\/\/ticsalutsocial.atoom.space\/es\/\"},{\"@type\":\"ListItem\",\"position\":2,\"name\":\"Mental Health Innovation Day: la cita de la innovaci\u00f3 en salut mental a Barcelona\"}]},{\"@type\":\"WebSite\",\"@id\":\"https:\/\/ticsalutsocial.atoom.space\/es\/#website\",\"url\":\"https:\/\/ticsalutsocial.atoom.space\/es\/\",\"name\":\"Fundaci\u00f3 TIC Salut i Social\",\"description\":\"\",\"potentialAction\":[{\"@type\":\"SearchAction\",\"target\":{\"@type\":\"EntryPoint\",\"urlTemplate\":\"https:\/\/ticsalutsocial.atoom.space\/es\/?s={search_term_string}\"},\"query-input\":{\"@type\":\"PropertyValueSpecification\",\"valueRequired\":true,\"valueName\":\"search_term_string\"}}],\"inLanguage\":\"es\"}]}<\/script>\n<!-- \/ Yoast SEO plugin. -->","yoast_head_json":{"title":"Mental Health Innovation Day: la cita de la innovaci\u00f3 en salut mental a Barcelona - Fundaci\u00f3 TIC Salut i Social","robots":{"index":"index","follow":"follow","max-snippet":"max-snippet:-1","max-image-preview":"max-image-preview:large","max-video-preview":"max-video-preview:-1"},"canonical":"https:\/\/ticsalutsocial.atoom.space\/es\/event\/mental-health-innovation-day-la-cita-de-la-innovacio-en-salut-mental-a-barcelona\/","og_locale":"es_ES","og_type":"article","og_title":"Mental Health Innovation Day: la cita de la innovaci\u00f3 en salut mental a Barcelona - Fundaci\u00f3 TIC Salut i Social","og_description":"Amb l\u2019objectiu de ser una porta a la tecnologia i coneixement innovador i pioner en salut mental impulsat pels grups membres, la Xarxa TECSAM organitza el&nbsp;I Mental Health Innovation Day&nbsp;el&nbsp;dimarts dia 25 d\u2019octubre.&nbsp;&nbsp; Aquesta jornada presencial i oberta a tot l\u2019ecosistema d\u2019innovaci\u00f3 en salut mental donar\u00e0 espai als diferents grups de recerca de la Xarxa, [&hellip;]","og_url":"https:\/\/ticsalutsocial.atoom.space\/es\/event\/mental-health-innovation-day-la-cita-de-la-innovacio-en-salut-mental-a-barcelona\/","og_site_name":"Fundaci\u00f3 TIC Salut i Social","article_modified_time":"2022-09-30T11:26:40+00:00","og_image":[{"width":1568,"height":1109,"url":"https:\/\/ticsalutsocial.atoom.space\/wp-content\/uploads\/2022\/09\/Mental-Health-Innovation-Day-1-1568x1109-1.png","type":"image\/png"}],"twitter_card":"summary_large_image","twitter_misc":{"Tiempo de lectura":"2 minutos"},"schema":{"@context":"https:\/\/schema.org","@graph":[{"@type":"WebPage","@id":"https:\/\/ticsalutsocial.atoom.space\/es\/event\/mental-health-innovation-day-la-cita-de-la-innovacio-en-salut-mental-a-barcelona\/","url":"https:\/\/ticsalutsocial.atoom.space\/es\/event\/mental-health-innovation-day-la-cita-de-la-innovacio-en-salut-mental-a-barcelona\/","name":"Mental Health Innovation Day: la cita de la innovaci\u00f3 en salut mental a Barcelona - Fundaci\u00f3 TIC Salut i Social","isPartOf":{"@id":"https:\/\/ticsalutsocial.atoom.space\/es\/#website"},"primaryImageOfPage":{"@id":"https:\/\/ticsalutsocial.atoom.space\/es\/event\/mental-health-innovation-day-la-cita-de-la-innovacio-en-salut-mental-a-barcelona\/#primaryimage"},"image":{"@id":"https:\/\/ticsalutsocial.atoom.space\/es\/event\/mental-health-innovation-day-la-cita-de-la-innovacio-en-salut-mental-a-barcelona\/#primaryimage"},"thumbnailUrl":"https:\/\/ticsalutsocial.atoom.space\/wp-content\/uploads\/2022\/09\/Mental-Health-Innovation-Day-1-1568x1109-1.png","datePublished":"2022-09-30T11:23:36+00:00","dateModified":"2022-09-30T11:26:40+00:00","breadcrumb":{"@id":"https:\/\/ticsalutsocial.atoom.space\/es\/event\/mental-health-innovation-day-la-cita-de-la-innovacio-en-salut-mental-a-barcelona\/#breadcrumb"},"inLanguage":"es","potentialAction":[{"@type":"ReadAction","target":["https:\/\/ticsalutsocial.atoom.space\/es\/event\/mental-health-innovation-day-la-cita-de-la-innovacio-en-salut-mental-a-barcelona\/"]}]},{"@type":"ImageObject","inLanguage":"es","@id":"https:\/\/ticsalutsocial.atoom.space\/es\/event\/mental-health-innovation-day-la-cita-de-la-innovacio-en-salut-mental-a-barcelona\/#primaryimage","url":"https:\/\/ticsalutsocial.atoom.space\/wp-content\/uploads\/2022\/09\/Mental-Health-Innovation-Day-1-1568x1109-1.png","contentUrl":"https:\/\/ticsalutsocial.atoom.space\/wp-content\/uploads\/2022\/09\/Mental-Health-Innovation-Day-1-1568x1109-1.png","width":1568,"height":1109},{"@type":"BreadcrumbList","@id":"https:\/\/ticsalutsocial.atoom.space\/es\/event\/mental-health-innovation-day-la-cita-de-la-innovacio-en-salut-mental-a-barcelona\/#breadcrumb","itemListElement":[{"@type":"ListItem","position":1,"name":"Inici","item":"https:\/\/ticsalutsocial.atoom.space\/es\/"},{"@type":"ListItem","position":2,"name":"Mental Health Innovation Day: la cita de la innovaci\u00f3 en salut mental a Barcelona"}]},{"@type":"WebSite","@id":"https:\/\/ticsalutsocial.atoom.space\/es\/#website","url":"https:\/\/ticsalutsocial.atoom.space\/es\/","name":"Fundaci\u00f3 TIC Salut i Social","description":"","potentialAction":[{"@type":"SearchAction","target":{"@type":"EntryPoint","urlTemplate":"https:\/\/ticsalutsocial.atoom.space\/es\/?s={search_term_string}"},"query-input":{"@type":"PropertyValueSpecification","valueRequired":true,"valueName":"search_term_string"}}],"inLanguage":"es"}]}},"_links":{"self":[{"href":"https:\/\/ticsalutsocial.atoom.space\/es\/wp-json\/wp\/v2\/event\/14287","targetHints":{"allow":["GET"]}}],"collection":[{"href":"https:\/\/ticsalutsocial.atoom.space\/es\/wp-json\/wp\/v2\/event"}],"about":[{"href":"https:\/\/ticsalutsocial.atoom.space\/es\/wp-json\/wp\/v2\/types\/event"}],"wp:featuredmedia":[{"embeddable":true,"href":"https:\/\/ticsalutsocial.atoom.space\/es\/wp-json\/wp\/v2\/media\/14286"}],"wp:attachment":[{"href":"https:\/\/ticsalutsocial.atoom.space\/es\/wp-json\/wp\/v2\/media?parent=14287"}],"wp:term":[{"taxonomy":"tipus","embeddable":true,"href":"https:\/\/ticsalutsocial.atoom.space\/es\/wp-json\/wp\/v2\/tipus?post=14287"},{"taxonomy":"topic","embeddable":true,"href":"https:\/\/ticsalutsocial.atoom.space\/es\/wp-json\/wp\/v2\/topic?post=14287"}],"curies":[{"name":"wp","href":"https:\/\/api.w.org\/{rel}","templated":true}]}}