
{"id":15862,"date":"2023-01-25T11:25:51","date_gmt":"2023-01-25T09:25:51","guid":{"rendered":"https:\/\/ticsalutsocial.atoom.space\/?post_type=event&#038;p=15862"},"modified":"2023-01-25T11:30:06","modified_gmt":"2023-01-25T09:30:06","slug":"xx-forum-de-seguretat-i-proteccio-de-dades-de-salut","status":"publish","type":"event","link":"https:\/\/ticsalutsocial.atoom.space\/es\/event\/xx-forum-de-seguretat-i-proteccio-de-dades-de-salut\/","title":{"rendered":"<a>XX Foro de Seguridad y Protecci\u00f3n de Datos de Salud<\/a>"},"content":{"rendered":"\n<p>La <strong>Sociedad Espa\u00f1ola de Inform\u00e1tica de la Salud (SEIS)<\/strong> estableci\u00f3 el <strong>Foro de Seguri\u00addad y Protecci\u00f3n de Datos de Salud<\/strong> para generar un lugar de encuentro para todos los profesionales del sector sanitario (m\u00e9dicos, personal de enfermer\u00eda, farmac\u00e9uti\u00adcos, investigadores, abogados, profesionales de las Tecnolog\u00edas de la Informaci\u00f3n y la Comunicaci\u00f3n (TIC) , gestores, directivos, universitarios, etc.), las autoridades en materia de protecci\u00f3n de datos y ciberseguridad as\u00ed como los principales l\u00edderes del sector tecnol\u00f3gico al objeto de compartir experiencias y conocimiento en aras de promover una utilizaci\u00f3n segura de las TIC que contribuya a una atenci\u00f3n sanitaria de calidad, eficiente y especialmente respetuosa con los derechos de los ciudadanos.<\/p>\n\n\n\n<p>La herramienta m\u00e1s importante con la que cuenta el <strong>Foro de Seguridad y Protecci\u00f3n de Datos de Salud<\/strong> para cumplir este objetivo es su reuni\u00f3n anual, que en 2023 al\u00adcanzar\u00e1 ya su XX edici\u00f3n y que se celebrar\u00e1 los d\u00edas 15 y 16 de febrero en el Hospital Universitario Son Espases en Palma \u2013 Mallorca.<\/p>\n","protected":false},"featured_media":15860,"menu_order":0,"template":"","meta":{"_acf_changed":false,"inline_featured_image":false},"tipus":[],"topic":[],"class_list":["post-15862","event","type-event","status-publish","has-post-thumbnail","hentry"],"acf":{"imatge":15860,"informacio":{"ubicacio":"Hospital Universitario Son Espases. Carretera de Valldemossa, 79, 07120 Palma, Illes Balears","data":"15\/02\/2023","hora":"","preu":"","inscripcions":"https:\/\/seis.es\/foropd2023\/?_mrMailingList=213&_mrSubscriber=6895&utm_campaign=&utm_medium=email&utm_source=mailing213"},"programa":{"titol":"","items":false},"documents":false},"yoast_head":"<!-- This site is optimized with the Yoast SEO plugin v27.1.1 - https:\/\/yoast.com\/product\/yoast-seo-wordpress\/ -->\n<title>XX Foro de Seguridad y Protecci\u00f3n de Datos de Salud - Fundaci\u00f3 TIC Salut i Social<\/title>\n<meta name=\"description\" content=\"Reuni\u00f3n anual, que en 2023 al\u00adcanzar\u00e1 ya su XX edici\u00f3n y que se celebrar\u00e1 los d\u00edas 15 y 16 de febrero en el Hospital Universitario Son Espases en Palma \u2013 Mallorca.\" \/>\n<meta name=\"robots\" content=\"index, follow, max-snippet:-1, max-image-preview:large, max-video-preview:-1\" \/>\n<link rel=\"canonical\" href=\"https:\/\/ticsalutsocial.atoom.space\/es\/event\/xx-forum-de-seguretat-i-proteccio-de-dades-de-salut\/\" \/>\n<meta property=\"og:locale\" content=\"es_ES\" \/>\n<meta property=\"og:type\" content=\"article\" \/>\n<meta property=\"og:title\" content=\"XX Foro de Seguridad y Protecci\u00f3n de Datos de Salud - Fundaci\u00f3 TIC Salut i Social\" \/>\n<meta property=\"og:description\" content=\"Reuni\u00f3n anual, que en 2023 al\u00adcanzar\u00e1 ya su XX edici\u00f3n y que se celebrar\u00e1 los d\u00edas 15 y 16 de febrero en el Hospital Universitario Son Espases en Palma \u2013 Mallorca.\" \/>\n<meta property=\"og:url\" content=\"https:\/\/ticsalutsocial.atoom.space\/es\/event\/xx-forum-de-seguretat-i-proteccio-de-dades-de-salut\/\" \/>\n<meta property=\"og:site_name\" content=\"Fundaci\u00f3 TIC Salut i Social\" \/>\n<meta property=\"article:modified_time\" content=\"2023-01-25T09:30:06+00:00\" \/>\n<meta property=\"og:image\" content=\"https:\/\/ticsalutsocial.atoom.space\/wp-content\/uploads\/2023\/01\/ForoDatos23.jpg\" \/>\n\t<meta property=\"og:image:width\" content=\"756\" \/>\n\t<meta property=\"og:image:height\" content=\"909\" \/>\n\t<meta property=\"og:image:type\" content=\"image\/jpeg\" \/>\n<meta name=\"twitter:card\" content=\"summary_large_image\" \/>\n<meta name=\"twitter:label1\" content=\"Tiempo de lectura\" \/>\n\t<meta name=\"twitter:data1\" content=\"1 minuto\" \/>\n<script type=\"application\/ld+json\" class=\"yoast-schema-graph\">{\"@context\":\"https:\/\/schema.org\",\"@graph\":[{\"@type\":\"WebPage\",\"@id\":\"https:\/\/ticsalutsocial.atoom.space\/es\/event\/xx-forum-de-seguretat-i-proteccio-de-dades-de-salut\/\",\"url\":\"https:\/\/ticsalutsocial.atoom.space\/es\/event\/xx-forum-de-seguretat-i-proteccio-de-dades-de-salut\/\",\"name\":\"XX Foro de Seguridad y Protecci\u00f3n de Datos de Salud - Fundaci\u00f3 TIC Salut i Social\",\"isPartOf\":{\"@id\":\"https:\/\/ticsalutsocial.atoom.space\/es\/#website\"},\"primaryImageOfPage\":{\"@id\":\"https:\/\/ticsalutsocial.atoom.space\/es\/event\/xx-forum-de-seguretat-i-proteccio-de-dades-de-salut\/#primaryimage\"},\"image\":{\"@id\":\"https:\/\/ticsalutsocial.atoom.space\/es\/event\/xx-forum-de-seguretat-i-proteccio-de-dades-de-salut\/#primaryimage\"},\"thumbnailUrl\":\"https:\/\/ticsalutsocial.atoom.space\/wp-content\/uploads\/2023\/01\/ForoDatos23.jpg\",\"datePublished\":\"2023-01-25T09:25:51+00:00\",\"dateModified\":\"2023-01-25T09:30:06+00:00\",\"description\":\"Reuni\u00f3n anual, que en 2023 al\u00adcanzar\u00e1 ya su XX edici\u00f3n y que se celebrar\u00e1 los d\u00edas 15 y 16 de febrero en el Hospital Universitario Son Espases en Palma \u2013 Mallorca.\",\"breadcrumb\":{\"@id\":\"https:\/\/ticsalutsocial.atoom.space\/es\/event\/xx-forum-de-seguretat-i-proteccio-de-dades-de-salut\/#breadcrumb\"},\"inLanguage\":\"es\",\"potentialAction\":[{\"@type\":\"ReadAction\",\"target\":[\"https:\/\/ticsalutsocial.atoom.space\/es\/event\/xx-forum-de-seguretat-i-proteccio-de-dades-de-salut\/\"]}]},{\"@type\":\"ImageObject\",\"inLanguage\":\"es\",\"@id\":\"https:\/\/ticsalutsocial.atoom.space\/es\/event\/xx-forum-de-seguretat-i-proteccio-de-dades-de-salut\/#primaryimage\",\"url\":\"https:\/\/ticsalutsocial.atoom.space\/wp-content\/uploads\/2023\/01\/ForoDatos23.jpg\",\"contentUrl\":\"https:\/\/ticsalutsocial.atoom.space\/wp-content\/uploads\/2023\/01\/ForoDatos23.jpg\",\"width\":756,\"height\":909},{\"@type\":\"BreadcrumbList\",\"@id\":\"https:\/\/ticsalutsocial.atoom.space\/es\/event\/xx-forum-de-seguretat-i-proteccio-de-dades-de-salut\/#breadcrumb\",\"itemListElement\":[{\"@type\":\"ListItem\",\"position\":1,\"name\":\"Inici\",\"item\":\"https:\/\/ticsalutsocial.atoom.space\/es\/\"},{\"@type\":\"ListItem\",\"position\":2,\"name\":\"XX Foro de Seguridad y Protecci\u00f3n de Datos de Salud\"}]},{\"@type\":\"WebSite\",\"@id\":\"https:\/\/ticsalutsocial.atoom.space\/es\/#website\",\"url\":\"https:\/\/ticsalutsocial.atoom.space\/es\/\",\"name\":\"Fundaci\u00f3 TIC Salut i Social\",\"description\":\"\",\"potentialAction\":[{\"@type\":\"SearchAction\",\"target\":{\"@type\":\"EntryPoint\",\"urlTemplate\":\"https:\/\/ticsalutsocial.atoom.space\/es\/?s={search_term_string}\"},\"query-input\":{\"@type\":\"PropertyValueSpecification\",\"valueRequired\":true,\"valueName\":\"search_term_string\"}}],\"inLanguage\":\"es\"}]}<\/script>\n<!-- \/ Yoast SEO plugin. -->","yoast_head_json":{"title":"XX Foro de Seguridad y Protecci\u00f3n de Datos de Salud - Fundaci\u00f3 TIC Salut i Social","description":"Reuni\u00f3n anual, que en 2023 al\u00adcanzar\u00e1 ya su XX edici\u00f3n y que se celebrar\u00e1 los d\u00edas 15 y 16 de febrero en el Hospital Universitario Son Espases en Palma \u2013 Mallorca.","robots":{"index":"index","follow":"follow","max-snippet":"max-snippet:-1","max-image-preview":"max-image-preview:large","max-video-preview":"max-video-preview:-1"},"canonical":"https:\/\/ticsalutsocial.atoom.space\/es\/event\/xx-forum-de-seguretat-i-proteccio-de-dades-de-salut\/","og_locale":"es_ES","og_type":"article","og_title":"XX Foro de Seguridad y Protecci\u00f3n de Datos de Salud - Fundaci\u00f3 TIC Salut i Social","og_description":"Reuni\u00f3n anual, que en 2023 al\u00adcanzar\u00e1 ya su XX edici\u00f3n y que se celebrar\u00e1 los d\u00edas 15 y 16 de febrero en el Hospital Universitario Son Espases en Palma \u2013 Mallorca.","og_url":"https:\/\/ticsalutsocial.atoom.space\/es\/event\/xx-forum-de-seguretat-i-proteccio-de-dades-de-salut\/","og_site_name":"Fundaci\u00f3 TIC Salut i Social","article_modified_time":"2023-01-25T09:30:06+00:00","og_image":[{"width":756,"height":909,"url":"https:\/\/ticsalutsocial.atoom.space\/wp-content\/uploads\/2023\/01\/ForoDatos23.jpg","type":"image\/jpeg"}],"twitter_card":"summary_large_image","twitter_misc":{"Tiempo de lectura":"1 minuto"},"schema":{"@context":"https:\/\/schema.org","@graph":[{"@type":"WebPage","@id":"https:\/\/ticsalutsocial.atoom.space\/es\/event\/xx-forum-de-seguretat-i-proteccio-de-dades-de-salut\/","url":"https:\/\/ticsalutsocial.atoom.space\/es\/event\/xx-forum-de-seguretat-i-proteccio-de-dades-de-salut\/","name":"XX Foro de Seguridad y Protecci\u00f3n de Datos de Salud - Fundaci\u00f3 TIC Salut i Social","isPartOf":{"@id":"https:\/\/ticsalutsocial.atoom.space\/es\/#website"},"primaryImageOfPage":{"@id":"https:\/\/ticsalutsocial.atoom.space\/es\/event\/xx-forum-de-seguretat-i-proteccio-de-dades-de-salut\/#primaryimage"},"image":{"@id":"https:\/\/ticsalutsocial.atoom.space\/es\/event\/xx-forum-de-seguretat-i-proteccio-de-dades-de-salut\/#primaryimage"},"thumbnailUrl":"https:\/\/ticsalutsocial.atoom.space\/wp-content\/uploads\/2023\/01\/ForoDatos23.jpg","datePublished":"2023-01-25T09:25:51+00:00","dateModified":"2023-01-25T09:30:06+00:00","description":"Reuni\u00f3n anual, que en 2023 al\u00adcanzar\u00e1 ya su XX edici\u00f3n y que se celebrar\u00e1 los d\u00edas 15 y 16 de febrero en el Hospital Universitario Son Espases en Palma \u2013 Mallorca.","breadcrumb":{"@id":"https:\/\/ticsalutsocial.atoom.space\/es\/event\/xx-forum-de-seguretat-i-proteccio-de-dades-de-salut\/#breadcrumb"},"inLanguage":"es","potentialAction":[{"@type":"ReadAction","target":["https:\/\/ticsalutsocial.atoom.space\/es\/event\/xx-forum-de-seguretat-i-proteccio-de-dades-de-salut\/"]}]},{"@type":"ImageObject","inLanguage":"es","@id":"https:\/\/ticsalutsocial.atoom.space\/es\/event\/xx-forum-de-seguretat-i-proteccio-de-dades-de-salut\/#primaryimage","url":"https:\/\/ticsalutsocial.atoom.space\/wp-content\/uploads\/2023\/01\/ForoDatos23.jpg","contentUrl":"https:\/\/ticsalutsocial.atoom.space\/wp-content\/uploads\/2023\/01\/ForoDatos23.jpg","width":756,"height":909},{"@type":"BreadcrumbList","@id":"https:\/\/ticsalutsocial.atoom.space\/es\/event\/xx-forum-de-seguretat-i-proteccio-de-dades-de-salut\/#breadcrumb","itemListElement":[{"@type":"ListItem","position":1,"name":"Inici","item":"https:\/\/ticsalutsocial.atoom.space\/es\/"},{"@type":"ListItem","position":2,"name":"XX Foro de Seguridad y Protecci\u00f3n de Datos de Salud"}]},{"@type":"WebSite","@id":"https:\/\/ticsalutsocial.atoom.space\/es\/#website","url":"https:\/\/ticsalutsocial.atoom.space\/es\/","name":"Fundaci\u00f3 TIC Salut i Social","description":"","potentialAction":[{"@type":"SearchAction","target":{"@type":"EntryPoint","urlTemplate":"https:\/\/ticsalutsocial.atoom.space\/es\/?s={search_term_string}"},"query-input":{"@type":"PropertyValueSpecification","valueRequired":true,"valueName":"search_term_string"}}],"inLanguage":"es"}]}},"_links":{"self":[{"href":"https:\/\/ticsalutsocial.atoom.space\/es\/wp-json\/wp\/v2\/event\/15862","targetHints":{"allow":["GET"]}}],"collection":[{"href":"https:\/\/ticsalutsocial.atoom.space\/es\/wp-json\/wp\/v2\/event"}],"about":[{"href":"https:\/\/ticsalutsocial.atoom.space\/es\/wp-json\/wp\/v2\/types\/event"}],"wp:featuredmedia":[{"embeddable":true,"href":"https:\/\/ticsalutsocial.atoom.space\/es\/wp-json\/wp\/v2\/media\/15860"}],"wp:attachment":[{"href":"https:\/\/ticsalutsocial.atoom.space\/es\/wp-json\/wp\/v2\/media?parent=15862"}],"wp:term":[{"taxonomy":"tipus","embeddable":true,"href":"https:\/\/ticsalutsocial.atoom.space\/es\/wp-json\/wp\/v2\/tipus?post=15862"},{"taxonomy":"topic","embeddable":true,"href":"https:\/\/ticsalutsocial.atoom.space\/es\/wp-json\/wp\/v2\/topic?post=15862"}],"curies":[{"name":"wp","href":"https:\/\/api.w.org\/{rel}","templated":true}]}}