
{"id":20645,"date":"2023-04-14T10:48:34","date_gmt":"2023-04-14T08:48:34","guid":{"rendered":"https:\/\/ticsalutsocial.atoom.space\/?post_type=event&#038;p=20645"},"modified":"2023-04-14T10:48:53","modified_gmt":"2023-04-14T08:48:53","slug":"jornada-acelera-pyme-oportunitats-de-financament-de-la-digitalitzacio-en-salut","status":"publish","type":"event","link":"https:\/\/ticsalutsocial.atoom.space\/es\/event\/jornada-acelera-pyme-oportunitats-de-financament-de-la-digitalitzacio-en-salut\/","title":{"rendered":"Jornada Acelera Pyme: Oportunitats de finan\u00e7ament de la digitalitzaci\u00f3 en salut"},"content":{"rendered":"\n<p>En aquest seminari en l\u00ednia es destacaran els&nbsp;<strong>principals instruments de finan\u00e7ament i ajuts per a la transformaci\u00f3 digital<\/strong>&nbsp;de les&nbsp;<strong>empreses de l\u2019\u00e0mbit de la salut.<\/strong><\/p>\n\n\n\n<p>Aix\u00ed mateix, es mostraran les diferents&nbsp;<strong>oportunitats de digitalitzaci\u00f3 i innovaci\u00f3 tecnol\u00f2gica<\/strong>&nbsp;perqu\u00e8 les organitzacions esdevinguin m\u00e9s sostenibles i competitives: com l\u2019aplicaci\u00f3 de la ci\u00e8ncia de dades, la intel\u00b7lig\u00e8ncia artificial, la internet de les coses, la rob\u00f2tica, la impressi\u00f3 funcional o l\u2019economia circular, entre altres tecnologies que es destacaran, permeten&nbsp;<strong>adoptar nous models d\u2019atenci\u00f3 i transformar la salut.<\/strong><\/p>\n\n\n\n<p>La sessi\u00f3 tamb\u00e9 presentar\u00e0 l\u2019<strong>Oficina Acelera Pyme-Eurecat<\/strong>\u00a0i els\u00a0<strong>nous serveis gratu\u00efts<\/strong>\u00a0que es posen a disposici\u00f3 de les organitzacions per\u00a0<strong>iniciar i avan\u00e7ar en el proc\u00e9s de transformaci\u00f3 digital.\u00a0<\/strong><\/p>\n","protected":false},"featured_media":0,"menu_order":0,"template":"","meta":{"_acf_changed":false,"inline_featured_image":false},"tipus":[],"topic":[],"class_list":["post-20645","event","type-event","status-publish","hentry"],"acf":{"imatge":20643,"informacio":{"ubicacio":"Online","data":"20\/04\/2023","hora":"13:00h","preu":"","inscripcions":"https:\/\/www.tfaforms.com\/4931986"},"programa":{"titol":"Programaci\u00f3","items":[{"titol":"13.00 h \u2013 Benvinguda a la sessi\u00f3","contingut":"A c\u00e0rrec de M\u00f2nica Aguilar, s\u00f2cia directora d\u2019AVS Consulting"},{"titol":"13.05 h \u2013 Presentaci\u00f3 del programa Acelera Pyme","contingut":"A c\u00e0rrec d\u2019Albert Mart\u00ednez Castellarnau, consultor de Transformaci\u00f3 Digital d\u2019Eurecat"},{"titol":"13.10 h \u2013 Transformaci\u00f3 de la salut mitjan\u00e7ant innovaci\u00f3 tecnol\u00f2gica i digitalitzaci\u00f3","contingut":"A c\u00e0rrec de Felip Miralles, PhD, director de Tecnologia de Salut d\u2019Eurecat"},{"titol":"13.25 h \u2013 Instruments de finan\u00e7ament","contingut":"A c\u00e0rrec de Daniel Casado, consultor en Innovaci\u00f3 i Estrat\u00e8gia d\u2019Eurecat:<br \/>\r\n<br \/>\r\nBreu introducci\u00f3 a l\u2019ecosistema d\u2019ajuts per a la innovaci\u00f3.<br \/>\r\nEines de finan\u00e7ament per a la transformaci\u00f3 digital de negocis (Kit Digital, Cupons Acci\u00f3, CDTI PID-Red Cervera)."},{"titol":"13.45 h \u2013 Torn obert de preguntes","contingut":""},{"titol":"14.00 h \u2013 Fi de la sessi\u00f3","contingut":""}]}},"yoast_head":"<!-- This site is optimized with the Yoast SEO plugin v27.1.1 - https:\/\/yoast.com\/product\/yoast-seo-wordpress\/ -->\n<title>Jornada Acelera Pyme: Oportunitats de finan\u00e7ament de la digitalitzaci\u00f3 en salut - Fundaci\u00f3 TIC Salut i Social<\/title>\n<meta name=\"robots\" content=\"index, follow, max-snippet:-1, max-image-preview:large, max-video-preview:-1\" \/>\n<link rel=\"canonical\" href=\"https:\/\/ticsalutsocial.atoom.space\/es\/event\/jornada-acelera-pyme-oportunitats-de-financament-de-la-digitalitzacio-en-salut\/\" \/>\n<meta property=\"og:locale\" content=\"es_ES\" \/>\n<meta property=\"og:type\" content=\"article\" \/>\n<meta property=\"og:title\" content=\"Jornada Acelera Pyme: Oportunitats de finan\u00e7ament de la digitalitzaci\u00f3 en salut - Fundaci\u00f3 TIC Salut i Social\" \/>\n<meta property=\"og:description\" content=\"En aquest seminari en l\u00ednia es destacaran els&nbsp;principals instruments de finan\u00e7ament i ajuts per a la transformaci\u00f3 digital&nbsp;de les&nbsp;empreses de l\u2019\u00e0mbit de la salut. Aix\u00ed mateix, es mostraran les diferents&nbsp;oportunitats de digitalitzaci\u00f3 i innovaci\u00f3 tecnol\u00f2gica&nbsp;perqu\u00e8 les organitzacions esdevinguin m\u00e9s sostenibles i competitives: com l\u2019aplicaci\u00f3 de la ci\u00e8ncia de dades, la intel\u00b7lig\u00e8ncia artificial, la internet de [&hellip;]\" \/>\n<meta property=\"og:url\" content=\"https:\/\/ticsalutsocial.atoom.space\/es\/event\/jornada-acelera-pyme-oportunitats-de-financament-de-la-digitalitzacio-en-salut\/\" \/>\n<meta property=\"og:site_name\" content=\"Fundaci\u00f3 TIC Salut i Social\" \/>\n<meta property=\"article:modified_time\" content=\"2023-04-14T08:48:53+00:00\" \/>\n<meta name=\"twitter:card\" content=\"summary_large_image\" \/>\n<meta name=\"twitter:label1\" content=\"Tiempo de lectura\" \/>\n\t<meta name=\"twitter:data1\" content=\"1 minuto\" \/>\n<script type=\"application\/ld+json\" class=\"yoast-schema-graph\">{\"@context\":\"https:\/\/schema.org\",\"@graph\":[{\"@type\":\"WebPage\",\"@id\":\"https:\/\/ticsalutsocial.atoom.space\/es\/event\/jornada-acelera-pyme-oportunitats-de-financament-de-la-digitalitzacio-en-salut\/\",\"url\":\"https:\/\/ticsalutsocial.atoom.space\/es\/event\/jornada-acelera-pyme-oportunitats-de-financament-de-la-digitalitzacio-en-salut\/\",\"name\":\"Jornada Acelera Pyme: Oportunitats de finan\u00e7ament de la digitalitzaci\u00f3 en salut - Fundaci\u00f3 TIC Salut i Social\",\"isPartOf\":{\"@id\":\"https:\/\/ticsalutsocial.atoom.space\/es\/#website\"},\"datePublished\":\"2023-04-14T08:48:34+00:00\",\"dateModified\":\"2023-04-14T08:48:53+00:00\",\"breadcrumb\":{\"@id\":\"https:\/\/ticsalutsocial.atoom.space\/es\/event\/jornada-acelera-pyme-oportunitats-de-financament-de-la-digitalitzacio-en-salut\/#breadcrumb\"},\"inLanguage\":\"es\",\"potentialAction\":[{\"@type\":\"ReadAction\",\"target\":[\"https:\/\/ticsalutsocial.atoom.space\/es\/event\/jornada-acelera-pyme-oportunitats-de-financament-de-la-digitalitzacio-en-salut\/\"]}]},{\"@type\":\"BreadcrumbList\",\"@id\":\"https:\/\/ticsalutsocial.atoom.space\/es\/event\/jornada-acelera-pyme-oportunitats-de-financament-de-la-digitalitzacio-en-salut\/#breadcrumb\",\"itemListElement\":[{\"@type\":\"ListItem\",\"position\":1,\"name\":\"Inici\",\"item\":\"https:\/\/ticsalutsocial.atoom.space\/es\/\"},{\"@type\":\"ListItem\",\"position\":2,\"name\":\"Jornada Acelera Pyme: Oportunitats de finan\u00e7ament de la digitalitzaci\u00f3 en salut\"}]},{\"@type\":\"WebSite\",\"@id\":\"https:\/\/ticsalutsocial.atoom.space\/es\/#website\",\"url\":\"https:\/\/ticsalutsocial.atoom.space\/es\/\",\"name\":\"Fundaci\u00f3 TIC Salut i Social\",\"description\":\"\",\"potentialAction\":[{\"@type\":\"SearchAction\",\"target\":{\"@type\":\"EntryPoint\",\"urlTemplate\":\"https:\/\/ticsalutsocial.atoom.space\/es\/?s={search_term_string}\"},\"query-input\":{\"@type\":\"PropertyValueSpecification\",\"valueRequired\":true,\"valueName\":\"search_term_string\"}}],\"inLanguage\":\"es\"}]}<\/script>\n<!-- \/ Yoast SEO plugin. -->","yoast_head_json":{"title":"Jornada Acelera Pyme: Oportunitats de finan\u00e7ament de la digitalitzaci\u00f3 en salut - Fundaci\u00f3 TIC Salut i Social","robots":{"index":"index","follow":"follow","max-snippet":"max-snippet:-1","max-image-preview":"max-image-preview:large","max-video-preview":"max-video-preview:-1"},"canonical":"https:\/\/ticsalutsocial.atoom.space\/es\/event\/jornada-acelera-pyme-oportunitats-de-financament-de-la-digitalitzacio-en-salut\/","og_locale":"es_ES","og_type":"article","og_title":"Jornada Acelera Pyme: Oportunitats de finan\u00e7ament de la digitalitzaci\u00f3 en salut - Fundaci\u00f3 TIC Salut i Social","og_description":"En aquest seminari en l\u00ednia es destacaran els&nbsp;principals instruments de finan\u00e7ament i ajuts per a la transformaci\u00f3 digital&nbsp;de les&nbsp;empreses de l\u2019\u00e0mbit de la salut. Aix\u00ed mateix, es mostraran les diferents&nbsp;oportunitats de digitalitzaci\u00f3 i innovaci\u00f3 tecnol\u00f2gica&nbsp;perqu\u00e8 les organitzacions esdevinguin m\u00e9s sostenibles i competitives: com l\u2019aplicaci\u00f3 de la ci\u00e8ncia de dades, la intel\u00b7lig\u00e8ncia artificial, la internet de [&hellip;]","og_url":"https:\/\/ticsalutsocial.atoom.space\/es\/event\/jornada-acelera-pyme-oportunitats-de-financament-de-la-digitalitzacio-en-salut\/","og_site_name":"Fundaci\u00f3 TIC Salut i Social","article_modified_time":"2023-04-14T08:48:53+00:00","twitter_card":"summary_large_image","twitter_misc":{"Tiempo de lectura":"1 minuto"},"schema":{"@context":"https:\/\/schema.org","@graph":[{"@type":"WebPage","@id":"https:\/\/ticsalutsocial.atoom.space\/es\/event\/jornada-acelera-pyme-oportunitats-de-financament-de-la-digitalitzacio-en-salut\/","url":"https:\/\/ticsalutsocial.atoom.space\/es\/event\/jornada-acelera-pyme-oportunitats-de-financament-de-la-digitalitzacio-en-salut\/","name":"Jornada Acelera Pyme: Oportunitats de finan\u00e7ament de la digitalitzaci\u00f3 en salut - Fundaci\u00f3 TIC Salut i Social","isPartOf":{"@id":"https:\/\/ticsalutsocial.atoom.space\/es\/#website"},"datePublished":"2023-04-14T08:48:34+00:00","dateModified":"2023-04-14T08:48:53+00:00","breadcrumb":{"@id":"https:\/\/ticsalutsocial.atoom.space\/es\/event\/jornada-acelera-pyme-oportunitats-de-financament-de-la-digitalitzacio-en-salut\/#breadcrumb"},"inLanguage":"es","potentialAction":[{"@type":"ReadAction","target":["https:\/\/ticsalutsocial.atoom.space\/es\/event\/jornada-acelera-pyme-oportunitats-de-financament-de-la-digitalitzacio-en-salut\/"]}]},{"@type":"BreadcrumbList","@id":"https:\/\/ticsalutsocial.atoom.space\/es\/event\/jornada-acelera-pyme-oportunitats-de-financament-de-la-digitalitzacio-en-salut\/#breadcrumb","itemListElement":[{"@type":"ListItem","position":1,"name":"Inici","item":"https:\/\/ticsalutsocial.atoom.space\/es\/"},{"@type":"ListItem","position":2,"name":"Jornada Acelera Pyme: Oportunitats de finan\u00e7ament de la digitalitzaci\u00f3 en salut"}]},{"@type":"WebSite","@id":"https:\/\/ticsalutsocial.atoom.space\/es\/#website","url":"https:\/\/ticsalutsocial.atoom.space\/es\/","name":"Fundaci\u00f3 TIC Salut i Social","description":"","potentialAction":[{"@type":"SearchAction","target":{"@type":"EntryPoint","urlTemplate":"https:\/\/ticsalutsocial.atoom.space\/es\/?s={search_term_string}"},"query-input":{"@type":"PropertyValueSpecification","valueRequired":true,"valueName":"search_term_string"}}],"inLanguage":"es"}]}},"_links":{"self":[{"href":"https:\/\/ticsalutsocial.atoom.space\/es\/wp-json\/wp\/v2\/event\/20645","targetHints":{"allow":["GET"]}}],"collection":[{"href":"https:\/\/ticsalutsocial.atoom.space\/es\/wp-json\/wp\/v2\/event"}],"about":[{"href":"https:\/\/ticsalutsocial.atoom.space\/es\/wp-json\/wp\/v2\/types\/event"}],"wp:attachment":[{"href":"https:\/\/ticsalutsocial.atoom.space\/es\/wp-json\/wp\/v2\/media?parent=20645"}],"wp:term":[{"taxonomy":"tipus","embeddable":true,"href":"https:\/\/ticsalutsocial.atoom.space\/es\/wp-json\/wp\/v2\/tipus?post=20645"},{"taxonomy":"topic","embeddable":true,"href":"https:\/\/ticsalutsocial.atoom.space\/es\/wp-json\/wp\/v2\/topic?post=20645"}],"curies":[{"name":"wp","href":"https:\/\/api.w.org\/{rel}","templated":true}]}}