
{"id":20725,"date":"2023-04-18T10:11:45","date_gmt":"2023-04-18T08:11:45","guid":{"rendered":"https:\/\/ticsalutsocial.atoom.space\/event\/usabilitat-drons-pel-transport-de-mostres-biologiques\/"},"modified":"2023-04-18T10:12:27","modified_gmt":"2023-04-18T08:12:27","slug":"usabilitat-drons-pel-transport-de-mostres-biologiques","status":"publish","type":"event","link":"https:\/\/ticsalutsocial.atoom.space\/es\/event\/usabilitat-drons-pel-transport-de-mostres-biologiques\/","title":{"rendered":"Usabilitat drons pel transport de mostres biol\u00f2giques"},"content":{"rendered":"\n<p>El dijous 4 de maig organitzem el primer cas d\u2019usabilitat de drons pel transport de mostres biol\u00f2giques a Olot. Per posar en context aquesta primera experi\u00e8ncia del sistema sanitari catal\u00e0 es far\u00e0 una jornada dedicada a aquestes noves oportunitats que ens ofereix aquesta tecnologia.<\/p>\n\n\n\n<p>Inicialment, hi haur\u00e0 una taula rodona sobre \u201cDrons, la disrupci\u00f3 sanit\u00e0ria\u201d que comptar\u00e0 amb la participaci\u00f3 de Toni Gilabert, Director de l\u2019\u00c0rea d\u2019Innovaci\u00f3 i Partenariat del CSC, Paula Gassiot adjunta al laboratori cl\u00ednic de la Fundaci\u00f3 Hospital d\u2019Olot i Comarcal de la Garrotxa, Ferran Lumbierres, Cap d\u2019Enginyeria d\u2019AldoraTech, i un representant de Cellnex Foundation. Moderar\u00e0 la taula Maria Emilia Gil, Directora T\u00e8cnica de la Fundaci\u00f3 Uni\u00f3. Seguidament hi haur\u00e0 la demostraci\u00f3 in situ de la tecnologia.<\/p>\n\n\n\n<p>La prova pilot consistir\u00e0 en transportar mostres de sang i orina des del CAP d\u2019Olot fins al laboratori cl\u00ednic de l\u2019Hospital d\u2019Olot (2,5 quil\u00f2metres de dist\u00e0ncia). Un cop finalitzat el trajecte es valorar\u00e0 la viabilitat del projecte tenint en compte la qualitat de les mostres, els costos i l\u2019impacte mediambiental.<\/p>\n\n\n\n<p>Per assistir a la jornada cal inscripci\u00f3 pr\u00e8via a <a href=\"https:\/\/hospiolot.com\/inscripcions-usabilitat-de-drons\/\">hospiolot.com<\/a>. En cas de condicions meteorol\u00f2giques adverses s&#8217;informar\u00e0 de l&#8217;ajornament de l&#8217;esdeveniment 4 dies abans.<\/p>\n\n\n\n<p><\/p>\n","protected":false},"featured_media":20724,"menu_order":0,"template":"","meta":{"_acf_changed":false,"inline_featured_image":false},"tipus":[],"topic":[127],"class_list":["post-20725","event","type-event","status-publish","has-post-thumbnail","hentry","topic-proyectos"],"acf":{"imatge":20724,"informacio":{"ubicacio":"Sala d'actes de l'Hospital d'Olot. Avinguda Pa\u00efsos Catalans","data":"04\/05\/2023","hora":"09:15","preu":"Gratu\u00eft","inscripcions":"https:\/\/hospiolot.com\/inscripcions-usabilitat-de-drons\/"},"programa":{"titol":"","items":false}},"yoast_head":"<!-- This site is optimized with the Yoast SEO plugin v27.1.1 - https:\/\/yoast.com\/product\/yoast-seo-wordpress\/ -->\n<title>Usabilitat drons pel transport de mostres biol\u00f2giques - Fundaci\u00f3 TIC Salut i Social<\/title>\n<meta name=\"robots\" content=\"index, follow, max-snippet:-1, max-image-preview:large, max-video-preview:-1\" \/>\n<link rel=\"canonical\" href=\"https:\/\/ticsalutsocial.atoom.space\/es\/event\/usabilitat-drons-pel-transport-de-mostres-biologiques\/\" \/>\n<meta property=\"og:locale\" content=\"es_ES\" \/>\n<meta property=\"og:type\" content=\"article\" \/>\n<meta property=\"og:title\" content=\"Usabilitat drons pel transport de mostres biol\u00f2giques - Fundaci\u00f3 TIC Salut i Social\" \/>\n<meta property=\"og:description\" content=\"El dijous 4 de maig organitzem el primer cas d\u2019usabilitat de drons pel transport de mostres biol\u00f2giques a Olot. Per posar en context aquesta primera experi\u00e8ncia del sistema sanitari catal\u00e0 es far\u00e0 una jornada dedicada a aquestes noves oportunitats que ens ofereix aquesta tecnologia. Inicialment, hi haur\u00e0 una taula rodona sobre \u201cDrons, la disrupci\u00f3 sanit\u00e0ria\u201d [&hellip;]\" \/>\n<meta property=\"og:url\" content=\"https:\/\/ticsalutsocial.atoom.space\/es\/event\/usabilitat-drons-pel-transport-de-mostres-biologiques\/\" \/>\n<meta property=\"og:site_name\" content=\"Fundaci\u00f3 TIC Salut i Social\" \/>\n<meta property=\"article:modified_time\" content=\"2023-04-18T08:12:27+00:00\" \/>\n<meta property=\"og:image\" content=\"https:\/\/ticsalutsocial.atoom.space\/wp-content\/uploads\/2023\/04\/Captura-de-pantalla-2023-04-18-a-las-10.07.09.png\" \/>\n\t<meta property=\"og:image:width\" content=\"1625\" \/>\n\t<meta property=\"og:image:height\" content=\"906\" \/>\n\t<meta property=\"og:image:type\" content=\"image\/png\" \/>\n<meta name=\"twitter:card\" content=\"summary_large_image\" \/>\n<meta name=\"twitter:label1\" content=\"Tiempo de lectura\" \/>\n\t<meta name=\"twitter:data1\" content=\"1 minuto\" \/>\n<script type=\"application\/ld+json\" class=\"yoast-schema-graph\">{\"@context\":\"https:\/\/schema.org\",\"@graph\":[{\"@type\":\"WebPage\",\"@id\":\"https:\/\/ticsalutsocial.atoom.space\/es\/event\/usabilitat-drons-pel-transport-de-mostres-biologiques\/\",\"url\":\"https:\/\/ticsalutsocial.atoom.space\/es\/event\/usabilitat-drons-pel-transport-de-mostres-biologiques\/\",\"name\":\"Usabilitat drons pel transport de mostres biol\u00f2giques - Fundaci\u00f3 TIC Salut i Social\",\"isPartOf\":{\"@id\":\"https:\/\/ticsalutsocial.atoom.space\/es\/#website\"},\"primaryImageOfPage\":{\"@id\":\"https:\/\/ticsalutsocial.atoom.space\/es\/event\/usabilitat-drons-pel-transport-de-mostres-biologiques\/#primaryimage\"},\"image\":{\"@id\":\"https:\/\/ticsalutsocial.atoom.space\/es\/event\/usabilitat-drons-pel-transport-de-mostres-biologiques\/#primaryimage\"},\"thumbnailUrl\":\"https:\/\/ticsalutsocial.atoom.space\/wp-content\/uploads\/2023\/04\/Captura-de-pantalla-2023-04-18-a-las-10.07.09.png\",\"datePublished\":\"2023-04-18T08:11:45+00:00\",\"dateModified\":\"2023-04-18T08:12:27+00:00\",\"breadcrumb\":{\"@id\":\"https:\/\/ticsalutsocial.atoom.space\/es\/event\/usabilitat-drons-pel-transport-de-mostres-biologiques\/#breadcrumb\"},\"inLanguage\":\"es\",\"potentialAction\":[{\"@type\":\"ReadAction\",\"target\":[\"https:\/\/ticsalutsocial.atoom.space\/es\/event\/usabilitat-drons-pel-transport-de-mostres-biologiques\/\"]}]},{\"@type\":\"ImageObject\",\"inLanguage\":\"es\",\"@id\":\"https:\/\/ticsalutsocial.atoom.space\/es\/event\/usabilitat-drons-pel-transport-de-mostres-biologiques\/#primaryimage\",\"url\":\"https:\/\/ticsalutsocial.atoom.space\/wp-content\/uploads\/2023\/04\/Captura-de-pantalla-2023-04-18-a-las-10.07.09.png\",\"contentUrl\":\"https:\/\/ticsalutsocial.atoom.space\/wp-content\/uploads\/2023\/04\/Captura-de-pantalla-2023-04-18-a-las-10.07.09.png\",\"width\":1625,\"height\":906,\"caption\":\"Usabilitat drons\"},{\"@type\":\"BreadcrumbList\",\"@id\":\"https:\/\/ticsalutsocial.atoom.space\/es\/event\/usabilitat-drons-pel-transport-de-mostres-biologiques\/#breadcrumb\",\"itemListElement\":[{\"@type\":\"ListItem\",\"position\":1,\"name\":\"Inici\",\"item\":\"https:\/\/ticsalutsocial.atoom.space\/es\/\"},{\"@type\":\"ListItem\",\"position\":2,\"name\":\"Usabilitat drons pel transport de mostres biol\u00f2giques\"}]},{\"@type\":\"WebSite\",\"@id\":\"https:\/\/ticsalutsocial.atoom.space\/es\/#website\",\"url\":\"https:\/\/ticsalutsocial.atoom.space\/es\/\",\"name\":\"Fundaci\u00f3 TIC Salut i Social\",\"description\":\"\",\"potentialAction\":[{\"@type\":\"SearchAction\",\"target\":{\"@type\":\"EntryPoint\",\"urlTemplate\":\"https:\/\/ticsalutsocial.atoom.space\/es\/?s={search_term_string}\"},\"query-input\":{\"@type\":\"PropertyValueSpecification\",\"valueRequired\":true,\"valueName\":\"search_term_string\"}}],\"inLanguage\":\"es\"}]}<\/script>\n<!-- \/ Yoast SEO plugin. -->","yoast_head_json":{"title":"Usabilitat drons pel transport de mostres biol\u00f2giques - Fundaci\u00f3 TIC Salut i Social","robots":{"index":"index","follow":"follow","max-snippet":"max-snippet:-1","max-image-preview":"max-image-preview:large","max-video-preview":"max-video-preview:-1"},"canonical":"https:\/\/ticsalutsocial.atoom.space\/es\/event\/usabilitat-drons-pel-transport-de-mostres-biologiques\/","og_locale":"es_ES","og_type":"article","og_title":"Usabilitat drons pel transport de mostres biol\u00f2giques - Fundaci\u00f3 TIC Salut i Social","og_description":"El dijous 4 de maig organitzem el primer cas d\u2019usabilitat de drons pel transport de mostres biol\u00f2giques a Olot. Per posar en context aquesta primera experi\u00e8ncia del sistema sanitari catal\u00e0 es far\u00e0 una jornada dedicada a aquestes noves oportunitats que ens ofereix aquesta tecnologia. Inicialment, hi haur\u00e0 una taula rodona sobre \u201cDrons, la disrupci\u00f3 sanit\u00e0ria\u201d [&hellip;]","og_url":"https:\/\/ticsalutsocial.atoom.space\/es\/event\/usabilitat-drons-pel-transport-de-mostres-biologiques\/","og_site_name":"Fundaci\u00f3 TIC Salut i Social","article_modified_time":"2023-04-18T08:12:27+00:00","og_image":[{"width":1625,"height":906,"url":"https:\/\/ticsalutsocial.atoom.space\/wp-content\/uploads\/2023\/04\/Captura-de-pantalla-2023-04-18-a-las-10.07.09.png","type":"image\/png"}],"twitter_card":"summary_large_image","twitter_misc":{"Tiempo de lectura":"1 minuto"},"schema":{"@context":"https:\/\/schema.org","@graph":[{"@type":"WebPage","@id":"https:\/\/ticsalutsocial.atoom.space\/es\/event\/usabilitat-drons-pel-transport-de-mostres-biologiques\/","url":"https:\/\/ticsalutsocial.atoom.space\/es\/event\/usabilitat-drons-pel-transport-de-mostres-biologiques\/","name":"Usabilitat drons pel transport de mostres biol\u00f2giques - Fundaci\u00f3 TIC Salut i Social","isPartOf":{"@id":"https:\/\/ticsalutsocial.atoom.space\/es\/#website"},"primaryImageOfPage":{"@id":"https:\/\/ticsalutsocial.atoom.space\/es\/event\/usabilitat-drons-pel-transport-de-mostres-biologiques\/#primaryimage"},"image":{"@id":"https:\/\/ticsalutsocial.atoom.space\/es\/event\/usabilitat-drons-pel-transport-de-mostres-biologiques\/#primaryimage"},"thumbnailUrl":"https:\/\/ticsalutsocial.atoom.space\/wp-content\/uploads\/2023\/04\/Captura-de-pantalla-2023-04-18-a-las-10.07.09.png","datePublished":"2023-04-18T08:11:45+00:00","dateModified":"2023-04-18T08:12:27+00:00","breadcrumb":{"@id":"https:\/\/ticsalutsocial.atoom.space\/es\/event\/usabilitat-drons-pel-transport-de-mostres-biologiques\/#breadcrumb"},"inLanguage":"es","potentialAction":[{"@type":"ReadAction","target":["https:\/\/ticsalutsocial.atoom.space\/es\/event\/usabilitat-drons-pel-transport-de-mostres-biologiques\/"]}]},{"@type":"ImageObject","inLanguage":"es","@id":"https:\/\/ticsalutsocial.atoom.space\/es\/event\/usabilitat-drons-pel-transport-de-mostres-biologiques\/#primaryimage","url":"https:\/\/ticsalutsocial.atoom.space\/wp-content\/uploads\/2023\/04\/Captura-de-pantalla-2023-04-18-a-las-10.07.09.png","contentUrl":"https:\/\/ticsalutsocial.atoom.space\/wp-content\/uploads\/2023\/04\/Captura-de-pantalla-2023-04-18-a-las-10.07.09.png","width":1625,"height":906,"caption":"Usabilitat drons"},{"@type":"BreadcrumbList","@id":"https:\/\/ticsalutsocial.atoom.space\/es\/event\/usabilitat-drons-pel-transport-de-mostres-biologiques\/#breadcrumb","itemListElement":[{"@type":"ListItem","position":1,"name":"Inici","item":"https:\/\/ticsalutsocial.atoom.space\/es\/"},{"@type":"ListItem","position":2,"name":"Usabilitat drons pel transport de mostres biol\u00f2giques"}]},{"@type":"WebSite","@id":"https:\/\/ticsalutsocial.atoom.space\/es\/#website","url":"https:\/\/ticsalutsocial.atoom.space\/es\/","name":"Fundaci\u00f3 TIC Salut i Social","description":"","potentialAction":[{"@type":"SearchAction","target":{"@type":"EntryPoint","urlTemplate":"https:\/\/ticsalutsocial.atoom.space\/es\/?s={search_term_string}"},"query-input":{"@type":"PropertyValueSpecification","valueRequired":true,"valueName":"search_term_string"}}],"inLanguage":"es"}]}},"_links":{"self":[{"href":"https:\/\/ticsalutsocial.atoom.space\/es\/wp-json\/wp\/v2\/event\/20725","targetHints":{"allow":["GET"]}}],"collection":[{"href":"https:\/\/ticsalutsocial.atoom.space\/es\/wp-json\/wp\/v2\/event"}],"about":[{"href":"https:\/\/ticsalutsocial.atoom.space\/es\/wp-json\/wp\/v2\/types\/event"}],"wp:featuredmedia":[{"embeddable":true,"href":"https:\/\/ticsalutsocial.atoom.space\/es\/wp-json\/wp\/v2\/media\/20724"}],"wp:attachment":[{"href":"https:\/\/ticsalutsocial.atoom.space\/es\/wp-json\/wp\/v2\/media?parent=20725"}],"wp:term":[{"taxonomy":"tipus","embeddable":true,"href":"https:\/\/ticsalutsocial.atoom.space\/es\/wp-json\/wp\/v2\/tipus?post=20725"},{"taxonomy":"topic","embeddable":true,"href":"https:\/\/ticsalutsocial.atoom.space\/es\/wp-json\/wp\/v2\/topic?post=20725"}],"curies":[{"name":"wp","href":"https:\/\/api.w.org\/{rel}","templated":true}]}}