
{"id":21033,"date":"2023-05-09T09:59:57","date_gmt":"2023-05-09T07:59:57","guid":{"rendered":"https:\/\/ticsalutsocial.atoom.space\/event\/12a-jornada-dinfermeria-a-osona-innovacio-tecnologica-per-les-cures-infermeres\/"},"modified":"2023-05-09T11:08:27","modified_gmt":"2023-05-09T09:08:27","slug":"12a-jornada-dinfermeria-a-osona-innovacio-tecnologica-per-les-cures-infermeres","status":"publish","type":"event","link":"https:\/\/ticsalutsocial.atoom.space\/es\/event\/12a-jornada-dinfermeria-a-osona-innovacio-tecnologica-per-les-cures-infermeres\/","title":{"rendered":"12a Jornada d\u2019Infermeria a Osona: Innovaci\u00f3 tecnol\u00f2gica per les cures infermeres"},"content":{"rendered":"\n<p>La delegaci\u00f3 territorial del COIB a Osona i la Facultat de Ci\u00e8ncies de la Salut i el Benestar (FCSB) de la Universitat de Vic \u2013 Universitat Central de Catalunya,&nbsp;amb la col\u00b7laboraci\u00f3 de l&#8217;associaci\u00f3 Osona contra el c\u00e0ncer, organitzen la 12a Jornada d&#8217;Infermeria a Osona dins del marc de celebraci\u00f3 del Dia Internacional de les Infermeres.<\/p>\n\n\n\n<p>La jornada es podr\u00e0 seguir en l\u00ednia <a href=\"https:\/\/youtube.com\/live\/C9oyNQ_NATk?feature=share\" target=\"_blank\" rel=\"noreferrer noopener\">aqu\u00ed<\/a>.<\/p>\n\n\n\n<hr class=\"wp-block-separator has-alpha-channel-opacity\"\/>\n\n\n\n<h2 class=\"wp-block-heading has-text-align-left\"><strong>Programa\u00a0<\/strong><\/h2>\n\n\n\n<p><strong>9&nbsp;h Benvinguda<\/strong><\/p>\n\n\n\n<ul class=\"wp-block-list\">\n<li>Dra. M\u00edriam Torres Moreno. Degana de la Facultat de Ci\u00e8ncies de la Salut i el Benestar (FCSB) de la Universitat de Vic \u2013 Universitat Central de Catalunya.<\/li>\n\n\n\n<li>Eva Rovira i Palau. Coordinadora del Grau en Infermeria de la FCSB de la Universitat de Vic \u2013 Universitat Central de Catalunya.<\/li>\n\n\n\n<li>Dra. Paola Galbany i Estragu\u00e9s. Presidenta del Col\u00b7legi Oficial d\u2019Infermeres i Infermers de Barcelona (COIB).<\/li>\n<\/ul>\n\n\n\n<p><\/p>\n\n\n\n<p><strong>9.15 h Pon\u00e8ncia inicial<\/strong><\/p>\n\n\n\n<p><strong>Noves tecnologies: seran la disrupci\u00f3 per un nou model de cures?<\/strong><\/p>\n\n\n\n<ul class=\"wp-block-list\">\n<li>Neus Dom\u00e8nech Oller. Referent d\u2019Innovaci\u00f3 de la Fundaci\u00f3 Hospital d\u2019Olot i Comarcal de la Garrotxa.<\/li>\n<\/ul>\n\n\n\n<p><\/p>\n\n\n\n<p><strong>10 h \u00a0Taula rodona<\/strong><\/p>\n\n\n\n<p><strong>Experi\u00e8ncies assistencials innovadores<\/strong><\/p>\n\n\n\n<ul class=\"wp-block-list\">\n<li>Projecte Simoons. Laura Mill\u00e1n. Infermera. Educadora en Simulaci\u00f3 i Experta en accessos venosos. Hospital Vall d&#8217;Hebron.&nbsp;<\/li>\n\n\n\n<li>Projecte UCIs multisensorials. Hospital Universitari Bellvitge. Rafael Justel, Cap d\u2019Area de Critics i Carlos Gonzalez, infermer Gestor de l\u2019\u00c0rea de Cr\u00edtics.<\/li>\n\n\n\n<li>Entulugar, Mindfulplay i REVIVR. \u00das de la realitat virtual i els videojocs per millorar el benestar emocional de les persones. Frank del Aguila.<\/li>\n<\/ul>\n\n\n\n<p>Modera: Dr. Sergi Cazorla Calder\u00f3n. Professor de la FCSB, de la UVic-UCC.<\/p>\n\n\n\n<p><\/p>\n\n\n\n<p><strong>11.15 h Esmorzar<\/strong><\/p>\n\n\n\n<p><\/p>\n\n\n\n<p><strong>11.45 h \u00a0Entrega de premis Osona contra el C\u00e0ncer<\/strong><\/p>\n\n\n\n<ul class=\"wp-block-list\">\n<li>Cristina Herrera. Presidenta Osona Contra el C\u00e0ncer.<\/li>\n<\/ul>\n\n\n\n<p><\/p>\n\n\n\n<p><strong>12 h \u00a0Tesis en 5 minuts<\/strong><\/p>\n\n\n\n<ul class=\"wp-block-list\">\n<li>Pr\u00e0ctica infermera en el maneig del dolor en persones grans amb dem\u00e8ncia<br>Dra. Al\u00edcia Minaya Freire<\/li>\n\n\n\n<li>Avaluaci\u00f3 d\u2019un Programa de Gesti\u00f3 de Casis de Conducta Su\u00efcida<br>Dra. Judit Pons Ba\u00f1os<\/li>\n\n\n\n<li>Desarrollo y validaci\u00f3n de un material multimedia de educaci\u00f3n al paciente con infarto agudo de miocardio para su uso durante el traslado al hospital<br>Dr. Sergi Cazorla Calderon<\/li>\n\n\n\n<li>Infermeres de les Brigades Internacionals destinades a l\u2019Hospital Internacional de Vic: humanisme i comprom\u00eds pol\u00edtic (abril 1938 \u2013 gener 1939)<br>Dra. Cinta Sadurn\u00ed Bassols<\/li>\n\n\n\n<li>L\u2019\u00fas de la reflexi\u00f3 guiada (debriefing) en la simulaci\u00f3 cl\u00ednica de complexitat alta: element clau per a l\u2019adquisici\u00f3 de coneixements i habilitats<br>Dra. Montserrat Faro Basco<\/li>\n<\/ul>\n\n\n\n<p>Modera: Dra. Emi Chirveches. Professora de la FCSB, de la UVic-UCC<\/p>\n\n\n\n<p><\/p>\n\n\n\n<p><strong>12.45 h \u00a0Taula rodona<\/strong><\/p>\n\n\n\n<p><strong>Cibercriminals: segrestant les dades de salut<\/strong><\/p>\n\n\n\n<ul class=\"wp-block-list\">\n<li>Imma Bosch. Directora d\u2019Organitzaci\u00f3 i Transformaci\u00f3 Digital del Consorci Hospitalari de Vic (CHV).<\/li>\n\n\n\n<li>Oriol Casta\u00f1o. Tecn\u00f2leg de la Fundaci\u00f3 TIC Salut Social.<\/li>\n\n\n\n<li>Dra. Ester Busquets. Professora de la FCSB, de la UVic-UCC i Coordinadora de formaci\u00f3 i recerca de la C\u00e0tedra de Bio\u00e8tica Fundaci\u00f3 Grifols UVic-UCC<\/li>\n<\/ul>\n\n\n\n<p>Modera: Vanesa Pedr\u00f3. Infermera assistencial ABS Vall del Ges.<\/p>\n\n\n\n<p><\/p>\n\n\n\n<p><strong>13.45 h \u00a0Conclusions i cloenda<\/strong><\/p>\n\n\n\n<ul class=\"wp-block-list\">\n<li>Eva Rovira i Palau. Coordinadora del Grau en Infermeria de la FCSB de la Universitat de Vic \u2013 Universitat Central de Catalunya.<\/li>\n\n\n\n<li>N\u00faria Puig Bov\u00e9. Delegada del Col\u00b7legi Oficial d\u2019Infermeres i Infermers de Barcelona a Osona.<\/li>\n<\/ul>\n\n\n\n<p><\/p>\n\n\n\n<p>Organitza:<\/p>\n\n\n\n<figure class=\"wp-block-image size-full is-resized\"><img loading=\"lazy\" decoding=\"async\" src=\"https:\/\/ticsalutsocial.atoom.space\/wp-content\/uploads\/2023\/05\/Screenshot_1.png\" alt=\"\" class=\"wp-image-21026\" width=\"145\" height=\"53\" srcset=\"https:\/\/ticsalutsocial.atoom.space\/wp-content\/uploads\/2023\/05\/Screenshot_1.png 549w, https:\/\/ticsalutsocial.atoom.space\/wp-content\/uploads\/2023\/05\/Screenshot_1-300x110.png 300w\" sizes=\"auto, (max-width: 145px) 100vw, 145px\" \/><\/figure>\n\n\n\n<p>Col\u00b7labora:<\/p>\n\n\n\n<figure class=\"wp-block-image size-full is-resized\"><img loading=\"lazy\" decoding=\"async\" src=\"https:\/\/ticsalutsocial.atoom.space\/wp-content\/uploads\/2023\/05\/Screenshot_2.png\" alt=\"\" class=\"wp-image-21029\" width=\"91\" height=\"54\"\/><\/figure>\n","protected":false},"featured_media":21036,"menu_order":0,"template":"","meta":{"_acf_changed":false,"inline_featured_image":false},"tipus":[],"topic":[],"class_list":["post-21033","event","type-event","status-publish","has-post-thumbnail","hentry"],"acf":{"informacio":{"ubicacio":" Universitat de Vic \u2013 Universitat Central de Catalunya (Aula Magna. Campus Torre dels Frares \u2013 C\/Laura, 13, 08500 Vic)","data":"10\/05\/2023","hora":"9:00h","preu":"","inscripcions":"https:\/\/www.coib.cat\/ca-es\/col-legiades\/formacio\/formacio-del-col-legi\/jornades-congressos\/12a-jornada-infermeria-osona-innovacio-tecnologica-per-les-cures-infermeres.html#hiddenAnchor"},"programa":{"titol":"","items":false}},"yoast_head":"<!-- This site is optimized with the Yoast SEO plugin v27.1.1 - https:\/\/yoast.com\/product\/yoast-seo-wordpress\/ -->\n<title>12a Jornada d\u2019Infermeria a Osona: Innovaci\u00f3 tecnol\u00f2gica per les cures infermeres - Fundaci\u00f3 TIC Salut i Social<\/title>\n<meta name=\"robots\" content=\"index, follow, max-snippet:-1, max-image-preview:large, max-video-preview:-1\" \/>\n<link rel=\"canonical\" href=\"https:\/\/ticsalutsocial.atoom.space\/es\/event\/12a-jornada-dinfermeria-a-osona-innovacio-tecnologica-per-les-cures-infermeres\/\" \/>\n<meta property=\"og:locale\" content=\"es_ES\" \/>\n<meta property=\"og:type\" content=\"article\" \/>\n<meta property=\"og:title\" content=\"12a Jornada d\u2019Infermeria a Osona: Innovaci\u00f3 tecnol\u00f2gica per les cures infermeres - Fundaci\u00f3 TIC Salut i Social\" \/>\n<meta property=\"og:description\" content=\"La delegaci\u00f3 territorial del COIB a Osona i la Facultat de Ci\u00e8ncies de la Salut i el Benestar (FCSB) de la Universitat de Vic \u2013 Universitat Central de Catalunya,&nbsp;amb la col\u00b7laboraci\u00f3 de l&#8217;associaci\u00f3 Osona contra el c\u00e0ncer, organitzen la 12a Jornada d&#8217;Infermeria a Osona dins del marc de celebraci\u00f3 del Dia Internacional de les Infermeres. [&hellip;]\" \/>\n<meta property=\"og:url\" content=\"https:\/\/ticsalutsocial.atoom.space\/es\/event\/12a-jornada-dinfermeria-a-osona-innovacio-tecnologica-per-les-cures-infermeres\/\" \/>\n<meta property=\"og:site_name\" content=\"Fundaci\u00f3 TIC Salut i Social\" \/>\n<meta property=\"article:modified_time\" content=\"2023-05-09T09:08:27+00:00\" \/>\n<meta property=\"og:image\" content=\"https:\/\/ticsalutsocial.atoom.space\/wp-content\/uploads\/2023\/05\/pexels-pixabay-40568-scaled.jpg\" \/>\n\t<meta property=\"og:image:width\" content=\"2560\" \/>\n\t<meta property=\"og:image:height\" content=\"1707\" \/>\n\t<meta property=\"og:image:type\" content=\"image\/jpeg\" \/>\n<meta name=\"twitter:card\" content=\"summary_large_image\" \/>\n<meta name=\"twitter:label1\" content=\"Tiempo de lectura\" \/>\n\t<meta name=\"twitter:data1\" content=\"3 minutos\" \/>\n<script type=\"application\/ld+json\" class=\"yoast-schema-graph\">{\"@context\":\"https:\/\/schema.org\",\"@graph\":[{\"@type\":\"WebPage\",\"@id\":\"https:\/\/ticsalutsocial.atoom.space\/es\/event\/12a-jornada-dinfermeria-a-osona-innovacio-tecnologica-per-les-cures-infermeres\/\",\"url\":\"https:\/\/ticsalutsocial.atoom.space\/es\/event\/12a-jornada-dinfermeria-a-osona-innovacio-tecnologica-per-les-cures-infermeres\/\",\"name\":\"12a Jornada d\u2019Infermeria a Osona: Innovaci\u00f3 tecnol\u00f2gica per les cures infermeres - Fundaci\u00f3 TIC Salut i Social\",\"isPartOf\":{\"@id\":\"https:\/\/ticsalutsocial.atoom.space\/es\/#website\"},\"primaryImageOfPage\":{\"@id\":\"https:\/\/ticsalutsocial.atoom.space\/es\/event\/12a-jornada-dinfermeria-a-osona-innovacio-tecnologica-per-les-cures-infermeres\/#primaryimage\"},\"image\":{\"@id\":\"https:\/\/ticsalutsocial.atoom.space\/es\/event\/12a-jornada-dinfermeria-a-osona-innovacio-tecnologica-per-les-cures-infermeres\/#primaryimage\"},\"thumbnailUrl\":\"https:\/\/ticsalutsocial.atoom.space\/wp-content\/uploads\/2023\/05\/pexels-pixabay-40568-scaled.jpg\",\"datePublished\":\"2023-05-09T07:59:57+00:00\",\"dateModified\":\"2023-05-09T09:08:27+00:00\",\"breadcrumb\":{\"@id\":\"https:\/\/ticsalutsocial.atoom.space\/es\/event\/12a-jornada-dinfermeria-a-osona-innovacio-tecnologica-per-les-cures-infermeres\/#breadcrumb\"},\"inLanguage\":\"es\",\"potentialAction\":[{\"@type\":\"ReadAction\",\"target\":[\"https:\/\/ticsalutsocial.atoom.space\/es\/event\/12a-jornada-dinfermeria-a-osona-innovacio-tecnologica-per-les-cures-infermeres\/\"]}]},{\"@type\":\"ImageObject\",\"inLanguage\":\"es\",\"@id\":\"https:\/\/ticsalutsocial.atoom.space\/es\/event\/12a-jornada-dinfermeria-a-osona-innovacio-tecnologica-per-les-cures-infermeres\/#primaryimage\",\"url\":\"https:\/\/ticsalutsocial.atoom.space\/wp-content\/uploads\/2023\/05\/pexels-pixabay-40568-scaled.jpg\",\"contentUrl\":\"https:\/\/ticsalutsocial.atoom.space\/wp-content\/uploads\/2023\/05\/pexels-pixabay-40568-scaled.jpg\",\"width\":2560,\"height\":1707},{\"@type\":\"BreadcrumbList\",\"@id\":\"https:\/\/ticsalutsocial.atoom.space\/es\/event\/12a-jornada-dinfermeria-a-osona-innovacio-tecnologica-per-les-cures-infermeres\/#breadcrumb\",\"itemListElement\":[{\"@type\":\"ListItem\",\"position\":1,\"name\":\"Inici\",\"item\":\"https:\/\/ticsalutsocial.atoom.space\/es\/\"},{\"@type\":\"ListItem\",\"position\":2,\"name\":\"12a Jornada d\u2019Infermeria a Osona: Innovaci\u00f3 tecnol\u00f2gica per les cures infermeres\"}]},{\"@type\":\"WebSite\",\"@id\":\"https:\/\/ticsalutsocial.atoom.space\/es\/#website\",\"url\":\"https:\/\/ticsalutsocial.atoom.space\/es\/\",\"name\":\"Fundaci\u00f3 TIC Salut i Social\",\"description\":\"\",\"potentialAction\":[{\"@type\":\"SearchAction\",\"target\":{\"@type\":\"EntryPoint\",\"urlTemplate\":\"https:\/\/ticsalutsocial.atoom.space\/es\/?s={search_term_string}\"},\"query-input\":{\"@type\":\"PropertyValueSpecification\",\"valueRequired\":true,\"valueName\":\"search_term_string\"}}],\"inLanguage\":\"es\"}]}<\/script>\n<!-- \/ Yoast SEO plugin. -->","yoast_head_json":{"title":"12a Jornada d\u2019Infermeria a Osona: Innovaci\u00f3 tecnol\u00f2gica per les cures infermeres - Fundaci\u00f3 TIC Salut i Social","robots":{"index":"index","follow":"follow","max-snippet":"max-snippet:-1","max-image-preview":"max-image-preview:large","max-video-preview":"max-video-preview:-1"},"canonical":"https:\/\/ticsalutsocial.atoom.space\/es\/event\/12a-jornada-dinfermeria-a-osona-innovacio-tecnologica-per-les-cures-infermeres\/","og_locale":"es_ES","og_type":"article","og_title":"12a Jornada d\u2019Infermeria a Osona: Innovaci\u00f3 tecnol\u00f2gica per les cures infermeres - Fundaci\u00f3 TIC Salut i Social","og_description":"La delegaci\u00f3 territorial del COIB a Osona i la Facultat de Ci\u00e8ncies de la Salut i el Benestar (FCSB) de la Universitat de Vic \u2013 Universitat Central de Catalunya,&nbsp;amb la col\u00b7laboraci\u00f3 de l&#8217;associaci\u00f3 Osona contra el c\u00e0ncer, organitzen la 12a Jornada d&#8217;Infermeria a Osona dins del marc de celebraci\u00f3 del Dia Internacional de les Infermeres. [&hellip;]","og_url":"https:\/\/ticsalutsocial.atoom.space\/es\/event\/12a-jornada-dinfermeria-a-osona-innovacio-tecnologica-per-les-cures-infermeres\/","og_site_name":"Fundaci\u00f3 TIC Salut i Social","article_modified_time":"2023-05-09T09:08:27+00:00","og_image":[{"width":2560,"height":1707,"url":"https:\/\/ticsalutsocial.atoom.space\/wp-content\/uploads\/2023\/05\/pexels-pixabay-40568-scaled.jpg","type":"image\/jpeg"}],"twitter_card":"summary_large_image","twitter_misc":{"Tiempo de lectura":"3 minutos"},"schema":{"@context":"https:\/\/schema.org","@graph":[{"@type":"WebPage","@id":"https:\/\/ticsalutsocial.atoom.space\/es\/event\/12a-jornada-dinfermeria-a-osona-innovacio-tecnologica-per-les-cures-infermeres\/","url":"https:\/\/ticsalutsocial.atoom.space\/es\/event\/12a-jornada-dinfermeria-a-osona-innovacio-tecnologica-per-les-cures-infermeres\/","name":"12a Jornada d\u2019Infermeria a Osona: Innovaci\u00f3 tecnol\u00f2gica per les cures infermeres - Fundaci\u00f3 TIC Salut i Social","isPartOf":{"@id":"https:\/\/ticsalutsocial.atoom.space\/es\/#website"},"primaryImageOfPage":{"@id":"https:\/\/ticsalutsocial.atoom.space\/es\/event\/12a-jornada-dinfermeria-a-osona-innovacio-tecnologica-per-les-cures-infermeres\/#primaryimage"},"image":{"@id":"https:\/\/ticsalutsocial.atoom.space\/es\/event\/12a-jornada-dinfermeria-a-osona-innovacio-tecnologica-per-les-cures-infermeres\/#primaryimage"},"thumbnailUrl":"https:\/\/ticsalutsocial.atoom.space\/wp-content\/uploads\/2023\/05\/pexels-pixabay-40568-scaled.jpg","datePublished":"2023-05-09T07:59:57+00:00","dateModified":"2023-05-09T09:08:27+00:00","breadcrumb":{"@id":"https:\/\/ticsalutsocial.atoom.space\/es\/event\/12a-jornada-dinfermeria-a-osona-innovacio-tecnologica-per-les-cures-infermeres\/#breadcrumb"},"inLanguage":"es","potentialAction":[{"@type":"ReadAction","target":["https:\/\/ticsalutsocial.atoom.space\/es\/event\/12a-jornada-dinfermeria-a-osona-innovacio-tecnologica-per-les-cures-infermeres\/"]}]},{"@type":"ImageObject","inLanguage":"es","@id":"https:\/\/ticsalutsocial.atoom.space\/es\/event\/12a-jornada-dinfermeria-a-osona-innovacio-tecnologica-per-les-cures-infermeres\/#primaryimage","url":"https:\/\/ticsalutsocial.atoom.space\/wp-content\/uploads\/2023\/05\/pexels-pixabay-40568-scaled.jpg","contentUrl":"https:\/\/ticsalutsocial.atoom.space\/wp-content\/uploads\/2023\/05\/pexels-pixabay-40568-scaled.jpg","width":2560,"height":1707},{"@type":"BreadcrumbList","@id":"https:\/\/ticsalutsocial.atoom.space\/es\/event\/12a-jornada-dinfermeria-a-osona-innovacio-tecnologica-per-les-cures-infermeres\/#breadcrumb","itemListElement":[{"@type":"ListItem","position":1,"name":"Inici","item":"https:\/\/ticsalutsocial.atoom.space\/es\/"},{"@type":"ListItem","position":2,"name":"12a Jornada d\u2019Infermeria a Osona: Innovaci\u00f3 tecnol\u00f2gica per les cures infermeres"}]},{"@type":"WebSite","@id":"https:\/\/ticsalutsocial.atoom.space\/es\/#website","url":"https:\/\/ticsalutsocial.atoom.space\/es\/","name":"Fundaci\u00f3 TIC Salut i Social","description":"","potentialAction":[{"@type":"SearchAction","target":{"@type":"EntryPoint","urlTemplate":"https:\/\/ticsalutsocial.atoom.space\/es\/?s={search_term_string}"},"query-input":{"@type":"PropertyValueSpecification","valueRequired":true,"valueName":"search_term_string"}}],"inLanguage":"es"}]}},"_links":{"self":[{"href":"https:\/\/ticsalutsocial.atoom.space\/es\/wp-json\/wp\/v2\/event\/21033","targetHints":{"allow":["GET"]}}],"collection":[{"href":"https:\/\/ticsalutsocial.atoom.space\/es\/wp-json\/wp\/v2\/event"}],"about":[{"href":"https:\/\/ticsalutsocial.atoom.space\/es\/wp-json\/wp\/v2\/types\/event"}],"wp:featuredmedia":[{"embeddable":true,"href":"https:\/\/ticsalutsocial.atoom.space\/es\/wp-json\/wp\/v2\/media\/21036"}],"wp:attachment":[{"href":"https:\/\/ticsalutsocial.atoom.space\/es\/wp-json\/wp\/v2\/media?parent=21033"}],"wp:term":[{"taxonomy":"tipus","embeddable":true,"href":"https:\/\/ticsalutsocial.atoom.space\/es\/wp-json\/wp\/v2\/tipus?post=21033"},{"taxonomy":"topic","embeddable":true,"href":"https:\/\/ticsalutsocial.atoom.space\/es\/wp-json\/wp\/v2\/topic?post=21033"}],"curies":[{"name":"wp","href":"https:\/\/api.w.org\/{rel}","templated":true}]}}