
{"id":21100,"date":"2023-05-17T11:12:07","date_gmt":"2023-05-17T09:12:07","guid":{"rendered":"https:\/\/ticsalutsocial.atoom.space\/?post_type=event&#038;p=21100"},"modified":"2023-05-17T11:21:39","modified_gmt":"2023-05-17T09:21:39","slug":"xxix-trobada-del-sector-de-la-tecnologia-sanitaria","status":"publish","type":"event","link":"https:\/\/ticsalutsocial.atoom.space\/es\/event\/xxix-trobada-del-sector-de-la-tecnologia-sanitaria\/","title":{"rendered":"XXIX Encuentro del Sector de la Tecnolog\u00eda Sanitaria"},"content":{"rendered":"\r\n<p>El pr\u00f3ximo 7 de junio de 2023 se celebra la XXIX Edici\u00f3n del tradicional Encuentro del Sector de la Tecnolog\u00eda Sanitaria que organiza Fenin anualmente en colaboraci\u00f3n con la escuela de negocios ESADE.\u00a0 Tendr\u00e1 lugar en el Auditorio Rafael del Pino de Madrid.<\/p>\r\n<p>El t\u00edtulo de este a\u00f1o es \u201cASPECTOS CLAVES DE LA TECNOLOG\u00cdA SANITARIA Y SU CONTRATACI\u00d3N\u201d. Tienen previsto contar con la participaci\u00f3n de ponentes de la m\u00e1xima calidad.\u00a0<\/p>\r\n\r\n\r\n\r\n<p>\r\n\r\n<\/p>\r\n<hr class=\"wp-block-separator has-alpha-channel-opacity\" \/>\r\n<p>\r\n\r\n<\/p>\r\n<p>Ya puedes consultar la agenda completa:<\/p>\r\n<p>\r\n\r\n<\/p>\r\n<p><strong>10.00h Registro<\/strong><\/p>\r\n<p><br \/><strong>10.30h BIENVENIDA<\/strong><\/p>\r\n<ul>\r\n<li>Jos\u00e9 Manuel Mi\u00f1ones*, Ministro de Sanidad<\/li>\r\n<li>Mario Lara, director de Esade Madrid<\/li>\r\n<li>Jorge Huertas, presidente de Fenin<\/li>\r\n<\/ul>\r\n<p><br \/><strong>11.00h PONENCIA INAUGURAL &#8211; Innovaci\u00f3n en tecnolog\u00eda sanitaria<\/strong><\/p>\r\n<ul>\r\n<li>Ignacio Hern\u00e1ndez Medrano, fundador y director m\u00e9dico de Savana<\/li>\r\n<\/ul>\r\n<p>&nbsp;<\/p>\r\n<p><strong>11.45h Pausa \/ Caf\u00e9<\/strong><\/p>\r\n<p><br \/><strong>12.15h CONFERENCIA- Entorno econ\u00f3mico y condicionantes para el sector sanitario<\/strong><\/p>\r\n<ul>\r\n<li>Pedro Aznar, profesor titular, Departamento de Econom\u00eda de Esade. Director del programa Global Governance<\/li>\r\n<\/ul>\r\n<p>&nbsp;<\/p>\r\n<p><strong>13.00h MESA REDONDA &#8211; Compra eficiente de la tecnolog\u00eda sanitaria<\/strong><\/p>\r\n<ul>\r\n<li>Moderador: Pablo Crespo, director de operaciones de Fenin<\/li>\r\n<li>Modoaldo Garrido, gerente del Hospital de Alcorc\u00f3n<\/li>\r\n<li>M\u00aa del Carmen Rodriguez, directora gerente del \u00c1rea de Gesti\u00f3n Sanitaria del Campo de Gibraltar Este<\/li>\r\n<li>Mar\u00eda Inmaculata Ramos, directora Distrito Sanitario Monforte de Lemos-Area Sanitaria Lugo, A Mari\u00f1a e Monforte de Lemos, Sergas.<\/li>\r\n<\/ul>\r\n<p><br \/><strong>14.15h Almuerzo<\/strong><\/p>\r\n<p><br \/><strong>15.30h ENTREGA DE LOS PREMIOS VOLUNTADES<\/strong><\/p>\r\n<p><br \/><strong>16.00h MESA REDONDA &#8211; Tendencias, sostenibilidad y proyectos de compra de tecnolog\u00eda sanitaria. <\/strong><\/p>\r\n<ul>\r\n<li>Moderador: Manel Peir\u00f3, director del Institute for Healthcare Management de Esade<\/li>\r\n<li>Neus Colet, directora, Direcci\u00f3n General de Contrataci\u00f3n P\u00fablica, Departament d\u2019Economia i Hisenda, Generalitat de Catalunya<\/li>\r\n<li>Francisco Solano Cobos, responsable de prospectiva, Subdirecci\u00f3n de Servicios T\u00e9cnicos y Planificaci\u00f3n, Agencia de medio ambiente y agua de Andaluc\u00eda<\/li>\r\n<li>Xavier Vi\u00f1olas, director del Servicio de Cardiolog\u00eda del Hospital de la Santa Creu i Sant Pau<\/li>\r\n<\/ul>\r\n<p>&nbsp;<\/p>\r\n<p><strong>17.00h CLAUSURA<\/strong><\/p>\r\n<ul>\r\n<li>Margarita Alfonsel, secretaria general de Fenin<\/li>\r\n<\/ul>\r\n<p><\/p>","protected":false},"featured_media":21098,"menu_order":0,"template":"","meta":{"_acf_changed":false,"inline_featured_image":false},"tipus":[],"topic":[],"class_list":["post-21100","event","type-event","status-publish","has-post-thumbnail","hentry"],"acf":{"informacio":{"ubicacio":"Auditorio Rafael del Pino de Madrid","data":"07\/06\/2023","hora":"","preu":"","inscripcions":"https:\/\/docs.google.com\/forms\/d\/e\/1FAIpQLSfaqJn6_2e64g71pmtPVPziKsF70Czn9VgUQ7Rdvq9gTDw2xQ\/viewform"},"programa":{"titol":"","items":false},"documents":false},"yoast_head":"<!-- This site is optimized with the Yoast SEO plugin v27.1.1 - https:\/\/yoast.com\/product\/yoast-seo-wordpress\/ -->\n<title>XXIX Encuentro del Sector de la Tecnolog\u00eda Sanitaria - Fundaci\u00f3 TIC Salut i Social<\/title>\n<meta name=\"robots\" content=\"index, follow, max-snippet:-1, max-image-preview:large, max-video-preview:-1\" \/>\n<link rel=\"canonical\" href=\"https:\/\/ticsalutsocial.atoom.space\/es\/event\/xxix-trobada-del-sector-de-la-tecnologia-sanitaria\/\" \/>\n<meta property=\"og:locale\" content=\"es_ES\" \/>\n<meta property=\"og:type\" content=\"article\" \/>\n<meta property=\"og:title\" content=\"XXIX Encuentro del Sector de la Tecnolog\u00eda Sanitaria - Fundaci\u00f3 TIC Salut i Social\" \/>\n<meta property=\"og:description\" content=\"El pr\u00f3ximo 7 de junio de 2023 se celebra la XXIX Edici\u00f3n del tradicional Encuentro del Sector de la Tecnolog\u00eda Sanitaria que organiza Fenin anualmente en colaboraci\u00f3n con la escuela de negocios ESADE.\u00a0 Tendr\u00e1 lugar en el Auditorio Rafael del Pino de Madrid. El t\u00edtulo de este a\u00f1o es \u201cASPECTOS CLAVES DE LA TECNOLOG\u00cdA SANITARIA [&hellip;]\" \/>\n<meta property=\"og:url\" content=\"https:\/\/ticsalutsocial.atoom.space\/es\/event\/xxix-trobada-del-sector-de-la-tecnologia-sanitaria\/\" \/>\n<meta property=\"og:site_name\" content=\"Fundaci\u00f3 TIC Salut i Social\" \/>\n<meta property=\"article:modified_time\" content=\"2023-05-17T09:21:39+00:00\" \/>\n<meta property=\"og:image\" content=\"https:\/\/ticsalutsocial.atoom.space\/wp-content\/uploads\/2023\/05\/detail_230317_Esade-Fenin_2023_Twitter_v3.jpg\" \/>\n\t<meta property=\"og:image:width\" content=\"1012\" \/>\n\t<meta property=\"og:image:height\" content=\"506\" \/>\n\t<meta property=\"og:image:type\" content=\"image\/jpeg\" \/>\n<meta name=\"twitter:card\" content=\"summary_large_image\" \/>\n<meta name=\"twitter:label1\" content=\"Tiempo de lectura\" \/>\n\t<meta name=\"twitter:data1\" content=\"2 minutos\" \/>\n<script type=\"application\/ld+json\" class=\"yoast-schema-graph\">{\"@context\":\"https:\/\/schema.org\",\"@graph\":[{\"@type\":\"WebPage\",\"@id\":\"https:\/\/ticsalutsocial.atoom.space\/es\/event\/xxix-trobada-del-sector-de-la-tecnologia-sanitaria\/\",\"url\":\"https:\/\/ticsalutsocial.atoom.space\/es\/event\/xxix-trobada-del-sector-de-la-tecnologia-sanitaria\/\",\"name\":\"XXIX Encuentro del Sector de la Tecnolog\u00eda Sanitaria - Fundaci\u00f3 TIC Salut i Social\",\"isPartOf\":{\"@id\":\"https:\/\/ticsalutsocial.atoom.space\/es\/#website\"},\"primaryImageOfPage\":{\"@id\":\"https:\/\/ticsalutsocial.atoom.space\/es\/event\/xxix-trobada-del-sector-de-la-tecnologia-sanitaria\/#primaryimage\"},\"image\":{\"@id\":\"https:\/\/ticsalutsocial.atoom.space\/es\/event\/xxix-trobada-del-sector-de-la-tecnologia-sanitaria\/#primaryimage\"},\"thumbnailUrl\":\"https:\/\/ticsalutsocial.atoom.space\/wp-content\/uploads\/2023\/05\/detail_230317_Esade-Fenin_2023_Twitter_v3.jpg\",\"datePublished\":\"2023-05-17T09:12:07+00:00\",\"dateModified\":\"2023-05-17T09:21:39+00:00\",\"breadcrumb\":{\"@id\":\"https:\/\/ticsalutsocial.atoom.space\/es\/event\/xxix-trobada-del-sector-de-la-tecnologia-sanitaria\/#breadcrumb\"},\"inLanguage\":\"es\",\"potentialAction\":[{\"@type\":\"ReadAction\",\"target\":[\"https:\/\/ticsalutsocial.atoom.space\/es\/event\/xxix-trobada-del-sector-de-la-tecnologia-sanitaria\/\"]}]},{\"@type\":\"ImageObject\",\"inLanguage\":\"es\",\"@id\":\"https:\/\/ticsalutsocial.atoom.space\/es\/event\/xxix-trobada-del-sector-de-la-tecnologia-sanitaria\/#primaryimage\",\"url\":\"https:\/\/ticsalutsocial.atoom.space\/wp-content\/uploads\/2023\/05\/detail_230317_Esade-Fenin_2023_Twitter_v3.jpg\",\"contentUrl\":\"https:\/\/ticsalutsocial.atoom.space\/wp-content\/uploads\/2023\/05\/detail_230317_Esade-Fenin_2023_Twitter_v3.jpg\",\"width\":1012,\"height\":506},{\"@type\":\"BreadcrumbList\",\"@id\":\"https:\/\/ticsalutsocial.atoom.space\/es\/event\/xxix-trobada-del-sector-de-la-tecnologia-sanitaria\/#breadcrumb\",\"itemListElement\":[{\"@type\":\"ListItem\",\"position\":1,\"name\":\"Inici\",\"item\":\"https:\/\/ticsalutsocial.atoom.space\/es\/\"},{\"@type\":\"ListItem\",\"position\":2,\"name\":\"XXIX Encuentro del Sector de la Tecnolog\u00eda Sanitaria\"}]},{\"@type\":\"WebSite\",\"@id\":\"https:\/\/ticsalutsocial.atoom.space\/es\/#website\",\"url\":\"https:\/\/ticsalutsocial.atoom.space\/es\/\",\"name\":\"Fundaci\u00f3 TIC Salut i Social\",\"description\":\"\",\"potentialAction\":[{\"@type\":\"SearchAction\",\"target\":{\"@type\":\"EntryPoint\",\"urlTemplate\":\"https:\/\/ticsalutsocial.atoom.space\/es\/?s={search_term_string}\"},\"query-input\":{\"@type\":\"PropertyValueSpecification\",\"valueRequired\":true,\"valueName\":\"search_term_string\"}}],\"inLanguage\":\"es\"}]}<\/script>\n<!-- \/ Yoast SEO plugin. -->","yoast_head_json":{"title":"XXIX Encuentro del Sector de la Tecnolog\u00eda Sanitaria - Fundaci\u00f3 TIC Salut i Social","robots":{"index":"index","follow":"follow","max-snippet":"max-snippet:-1","max-image-preview":"max-image-preview:large","max-video-preview":"max-video-preview:-1"},"canonical":"https:\/\/ticsalutsocial.atoom.space\/es\/event\/xxix-trobada-del-sector-de-la-tecnologia-sanitaria\/","og_locale":"es_ES","og_type":"article","og_title":"XXIX Encuentro del Sector de la Tecnolog\u00eda Sanitaria - Fundaci\u00f3 TIC Salut i Social","og_description":"El pr\u00f3ximo 7 de junio de 2023 se celebra la XXIX Edici\u00f3n del tradicional Encuentro del Sector de la Tecnolog\u00eda Sanitaria que organiza Fenin anualmente en colaboraci\u00f3n con la escuela de negocios ESADE.\u00a0 Tendr\u00e1 lugar en el Auditorio Rafael del Pino de Madrid. El t\u00edtulo de este a\u00f1o es \u201cASPECTOS CLAVES DE LA TECNOLOG\u00cdA SANITARIA [&hellip;]","og_url":"https:\/\/ticsalutsocial.atoom.space\/es\/event\/xxix-trobada-del-sector-de-la-tecnologia-sanitaria\/","og_site_name":"Fundaci\u00f3 TIC Salut i Social","article_modified_time":"2023-05-17T09:21:39+00:00","og_image":[{"width":1012,"height":506,"url":"https:\/\/ticsalutsocial.atoom.space\/wp-content\/uploads\/2023\/05\/detail_230317_Esade-Fenin_2023_Twitter_v3.jpg","type":"image\/jpeg"}],"twitter_card":"summary_large_image","twitter_misc":{"Tiempo de lectura":"2 minutos"},"schema":{"@context":"https:\/\/schema.org","@graph":[{"@type":"WebPage","@id":"https:\/\/ticsalutsocial.atoom.space\/es\/event\/xxix-trobada-del-sector-de-la-tecnologia-sanitaria\/","url":"https:\/\/ticsalutsocial.atoom.space\/es\/event\/xxix-trobada-del-sector-de-la-tecnologia-sanitaria\/","name":"XXIX Encuentro del Sector de la Tecnolog\u00eda Sanitaria - Fundaci\u00f3 TIC Salut i Social","isPartOf":{"@id":"https:\/\/ticsalutsocial.atoom.space\/es\/#website"},"primaryImageOfPage":{"@id":"https:\/\/ticsalutsocial.atoom.space\/es\/event\/xxix-trobada-del-sector-de-la-tecnologia-sanitaria\/#primaryimage"},"image":{"@id":"https:\/\/ticsalutsocial.atoom.space\/es\/event\/xxix-trobada-del-sector-de-la-tecnologia-sanitaria\/#primaryimage"},"thumbnailUrl":"https:\/\/ticsalutsocial.atoom.space\/wp-content\/uploads\/2023\/05\/detail_230317_Esade-Fenin_2023_Twitter_v3.jpg","datePublished":"2023-05-17T09:12:07+00:00","dateModified":"2023-05-17T09:21:39+00:00","breadcrumb":{"@id":"https:\/\/ticsalutsocial.atoom.space\/es\/event\/xxix-trobada-del-sector-de-la-tecnologia-sanitaria\/#breadcrumb"},"inLanguage":"es","potentialAction":[{"@type":"ReadAction","target":["https:\/\/ticsalutsocial.atoom.space\/es\/event\/xxix-trobada-del-sector-de-la-tecnologia-sanitaria\/"]}]},{"@type":"ImageObject","inLanguage":"es","@id":"https:\/\/ticsalutsocial.atoom.space\/es\/event\/xxix-trobada-del-sector-de-la-tecnologia-sanitaria\/#primaryimage","url":"https:\/\/ticsalutsocial.atoom.space\/wp-content\/uploads\/2023\/05\/detail_230317_Esade-Fenin_2023_Twitter_v3.jpg","contentUrl":"https:\/\/ticsalutsocial.atoom.space\/wp-content\/uploads\/2023\/05\/detail_230317_Esade-Fenin_2023_Twitter_v3.jpg","width":1012,"height":506},{"@type":"BreadcrumbList","@id":"https:\/\/ticsalutsocial.atoom.space\/es\/event\/xxix-trobada-del-sector-de-la-tecnologia-sanitaria\/#breadcrumb","itemListElement":[{"@type":"ListItem","position":1,"name":"Inici","item":"https:\/\/ticsalutsocial.atoom.space\/es\/"},{"@type":"ListItem","position":2,"name":"XXIX Encuentro del Sector de la Tecnolog\u00eda Sanitaria"}]},{"@type":"WebSite","@id":"https:\/\/ticsalutsocial.atoom.space\/es\/#website","url":"https:\/\/ticsalutsocial.atoom.space\/es\/","name":"Fundaci\u00f3 TIC Salut i Social","description":"","potentialAction":[{"@type":"SearchAction","target":{"@type":"EntryPoint","urlTemplate":"https:\/\/ticsalutsocial.atoom.space\/es\/?s={search_term_string}"},"query-input":{"@type":"PropertyValueSpecification","valueRequired":true,"valueName":"search_term_string"}}],"inLanguage":"es"}]}},"_links":{"self":[{"href":"https:\/\/ticsalutsocial.atoom.space\/es\/wp-json\/wp\/v2\/event\/21100","targetHints":{"allow":["GET"]}}],"collection":[{"href":"https:\/\/ticsalutsocial.atoom.space\/es\/wp-json\/wp\/v2\/event"}],"about":[{"href":"https:\/\/ticsalutsocial.atoom.space\/es\/wp-json\/wp\/v2\/types\/event"}],"wp:featuredmedia":[{"embeddable":true,"href":"https:\/\/ticsalutsocial.atoom.space\/es\/wp-json\/wp\/v2\/media\/21098"}],"wp:attachment":[{"href":"https:\/\/ticsalutsocial.atoom.space\/es\/wp-json\/wp\/v2\/media?parent=21100"}],"wp:term":[{"taxonomy":"tipus","embeddable":true,"href":"https:\/\/ticsalutsocial.atoom.space\/es\/wp-json\/wp\/v2\/tipus?post=21100"},{"taxonomy":"topic","embeddable":true,"href":"https:\/\/ticsalutsocial.atoom.space\/es\/wp-json\/wp\/v2\/topic?post=21100"}],"curies":[{"name":"wp","href":"https:\/\/api.w.org\/{rel}","templated":true}]}}