
{"id":21777,"date":"2023-07-25T11:03:06","date_gmt":"2023-07-25T09:03:06","guid":{"rendered":"https:\/\/ticsalutsocial.atoom.space\/event\/la-intelligencia-artificial-generativa-al-sector-de-la-salut-oportunitats-i-amenaces-professionals-i-organitzatives\/"},"modified":"2023-09-12T13:11:05","modified_gmt":"2023-09-12T11:11:05","slug":"la-intelligencia-artificial-generativa-al-sector-de-la-salut-oportunitats-i-amenaces-professionals-i-organitzatives","status":"publish","type":"event","link":"https:\/\/ticsalutsocial.atoom.space\/es\/event\/la-intelligencia-artificial-generativa-al-sector-de-la-salut-oportunitats-i-amenaces-professionals-i-organitzatives\/","title":{"rendered":"La Intel\u00b7lig\u00e8ncia Artificial Generativa al sector de la salut: oportunitats i amenaces professionals i organitzatives"},"content":{"rendered":"\r\n<p>El Programa Salut\/IA, en col\u00b7laboraci\u00f3 amb la Fundaci\u00f3 TIC Salut Social, organitzen una jornada per donar a con\u00e8ixer la Intel\u00b7lig\u00e8ncia Artificial Generativa (IAG) als i les professionals del sector de la salut, fent una an\u00e0lisi sistem\u00e0tica del panorama actual i de qu\u00e8 pot suposar la IAG a l\u2019\u00e0mbit de la salut.<\/p>\r\n\r\n\r\n\r\n<p>Els objectius de la jornada s\u00f3n:<\/p>\r\n\r\n\r\n\r\n<ul class=\"wp-block-list\">\r\n<li>Valorar, amb una mirada cap al futur, com es pot treure el m\u00e0xim partit de la tecnologia d\u2019IAG en la millora dels serveis i dels productes sanitaris.<\/li>\r\n\r\n\r\n\r\n<li>Preparar-se per l\u2019\u00fas segur i responsable de la IAG, que d\u2019una banda garanteixi la seguretat del pacient i la protecci\u00f3 de les seves dades, per\u00f2 que a la vegada configuri un entorn \u00e0gil, capa\u00e7 de seguir el ritme del desenvolupament de la IA.<\/li>\r\n\r\n\r\n\r\n<li>Con\u00e8ixer qui est\u00e0 pilotant les iniciatives d\u2019IAG en l\u2019\u00e0mbit sanitari i promoure el lideratge de la innovaci\u00f3 basada en IAG a Catalunya.<\/li>\r\n<\/ul>\r\n\r\n\r\n\r\n<p>&nbsp;<\/p>\r\n<p>L\u2019acte es far\u00e0 a la<strong>\u00a0Sala d\u2019Actes del Departament de Salut\u00a0<\/strong>(Travessera de les Corts, 131-159, Pavell\u00f3 Ave Maria, Barcelona)<strong>\u00a0i tamb\u00e9 es podr\u00e0 seguir per streaming<\/strong>.<\/p>\r\n<p><a href=\"https:\/\/www.eventbrite.es\/e\/entradas-la-intelligencia-artificial-generativa-al-sector-de-la-salut-687180133277\" target=\"_blank\" rel=\"noopener\">Inscriu-te de forma gratu\u00efta en aquest enlla\u00e7 per seguir-lo en remot o de forma presencial.\u00a0<\/a><\/p>\r\n<p>\r\n\r\n<\/p>\r\n<p>&nbsp;<\/p>\r\n<p>\r\n\r\n<\/p>\r\n<h1 class=\"wp-block-heading has-text-align-left\">Agenda<\/h1>\r\n<p>\r\n\r\n<\/p>\r\n<p><br \/><strong><span style=\"color: #000080;\">16:00h Obertura<\/span><\/strong><br \/><strong>Joan Guanyabens<\/strong>, Director de la Fundaci\u00f3 TIC Salut Social.<br \/><br \/><\/p>\r\n<p><span style=\"color: #000080;\"><strong>16:10h Estat de l&#8217;art de la Intel\u00b7lig\u00e8ncia Artificial Generativa<\/strong><\/span><br \/>Jordi Vitri\u00e0, Catedr\u00e0tic de Llenguatges i Sistemes Inform\u00e0tics de la Universitat de Barcelona.<br \/><br \/><\/p>\r\n<p><span style=\"color: #000080;\"><strong>16:30h Impacte en l&#8217;\u00e0mbit de la salut<\/strong><\/span><br \/><strong>Ignacio Fuentes<\/strong>, Director executiu de MIT Jameel Clinic.<br \/><br \/><strong><span style=\"color: #000080;\">16:50h Control i regulaci\u00f3<\/span><\/strong><br \/><strong>Noem\u00ed C\u00edvicos<\/strong>, Directora General de Salut Digital i Sistemes de la Informaci\u00f3 per al SNS al Ministeri de Sanitat.<br \/><strong>M\u00f2nica Navarro<\/strong>, Professora Agregada de la Facultat de Dret de la Universitat de Barcelona.<br \/><strong>Moderadora: Liliana Arroyo<\/strong>, Directora General de Societat Digital del Departament d&#8217;Empresa i Treball.<br \/><br \/><strong><span style=\"color: #000080;\">17:20h Taula rodona: \u00c8tica i responsabilitat en la seva aplicaci\u00f3<\/span><\/strong><br \/><strong>Josep Munuera<\/strong>, Director de Radiodiagn\u00f2stic de l&#8217;Hospital de la Santa Creu i Sant Pau.<br \/><strong>Albert Sabater<\/strong>, Director de la C\u00e0tedra Observatori d&#8217;\u00c8tica en Intel\u00b7lig\u00e8ncia Artificial de Catalunya (OEIAC).<br \/><strong>Manel Sanrom\u00e0<\/strong>, President de CIVICAi.<br \/><strong>Moderadora: Susanna Auss\u00f3<\/strong>, Responsable d&#8217;Intel\u00b7lig\u00e8ncia Artificial de la Fundaci\u00f3 TIC Salut Social.<br \/><br \/><span style=\"color: #000080;\"><strong>17:55h Conclusions<\/strong><\/span><br \/><strong>Jos\u00e9 Ibeas<\/strong>, Director del Programa Salut\/lA.<\/p>\r\n<p><span style=\"color: #000080;\"><strong>18:00h Clausura<\/strong><\/span><br \/><strong>Pol P\u00e9rez Sust<\/strong>, Director de l&#8217;\u00c0rea de Sistemes de la Informaci\u00f3 al Servei Catal\u00e0 de la Salut.<\/p>\r\n<p><\/p>\r\n<p><\/p>\r\n<ul class=\"wp-block-list\"><\/ul>\r\n<p><\/p>\r\n<p><\/p>\r\n<p><\/p>\r\n<p><\/p>\r\n<p><\/p>\r\n<p><\/p>\r\n<p><\/p>","protected":false},"featured_media":21806,"menu_order":0,"template":"","meta":{"_acf_changed":false,"inline_featured_image":false},"tipus":[879],"topic":[117],"class_list":["post-21777","event","type-event","status-publish","has-post-thumbnail","hentry","tipus-inteligencia-artificial","topic-jornadas"],"acf":{"imatge":21806,"informacio":{"ubicacio":" Sala d\u2019Actes del Departament de Salut (Travessera de les Corts, 131-159, Pavell\u00f3 Ave Maria, Barcelona)","data":"13\/09\/2023","hora":"16:00h - 18:00h","preu":"Gratu\u00eft","inscripcions":"https:\/\/www.eventbrite.es\/e\/entradas-la-intelligencia-artificial-generativa-al-sector-de-la-salut-687180133277"},"programa":{"titol":"","items":false}},"yoast_head":"<!-- This site is optimized with the Yoast SEO plugin v27.1.1 - https:\/\/yoast.com\/product\/yoast-seo-wordpress\/ -->\n<title>La Intel\u00b7lig\u00e8ncia Artificial Generativa al sector de la salut: oportunitats i amenaces professionals i organitzatives - Fundaci\u00f3 TIC Salut i Social<\/title>\n<meta name=\"robots\" content=\"index, follow, max-snippet:-1, max-image-preview:large, max-video-preview:-1\" \/>\n<link rel=\"canonical\" href=\"https:\/\/ticsalutsocial.atoom.space\/es\/event\/la-intelligencia-artificial-generativa-al-sector-de-la-salut-oportunitats-i-amenaces-professionals-i-organitzatives\/\" \/>\n<meta property=\"og:locale\" content=\"es_ES\" \/>\n<meta property=\"og:type\" content=\"article\" \/>\n<meta property=\"og:title\" content=\"La Intel\u00b7lig\u00e8ncia Artificial Generativa al sector de la salut: oportunitats i amenaces professionals i organitzatives - Fundaci\u00f3 TIC Salut i Social\" \/>\n<meta property=\"og:description\" content=\"El Programa Salut\/IA, en col\u00b7laboraci\u00f3 amb la Fundaci\u00f3 TIC Salut Social, organitzen una jornada per donar a con\u00e8ixer la Intel\u00b7lig\u00e8ncia Artificial Generativa (IAG) als i les professionals del sector de la salut, fent una an\u00e0lisi sistem\u00e0tica del panorama actual i de qu\u00e8 pot suposar la IAG a l\u2019\u00e0mbit de la salut. Els objectius de la [&hellip;]\" \/>\n<meta property=\"og:url\" content=\"https:\/\/ticsalutsocial.atoom.space\/es\/event\/la-intelligencia-artificial-generativa-al-sector-de-la-salut-oportunitats-i-amenaces-professionals-i-organitzatives\/\" \/>\n<meta property=\"og:site_name\" content=\"Fundaci\u00f3 TIC Salut i Social\" \/>\n<meta property=\"article:modified_time\" content=\"2023-09-12T11:11:05+00:00\" \/>\n<meta property=\"og:image\" content=\"https:\/\/ticsalutsocial.atoom.space\/wp-content\/uploads\/2023\/07\/Esdeveniment-AIG-13-setembre.png\" \/>\n\t<meta property=\"og:image:width\" content=\"1234\" \/>\n\t<meta property=\"og:image:height\" content=\"581\" \/>\n\t<meta property=\"og:image:type\" content=\"image\/png\" \/>\n<meta name=\"twitter:card\" content=\"summary_large_image\" \/>\n<meta name=\"twitter:label1\" content=\"Tiempo de lectura\" \/>\n\t<meta name=\"twitter:data1\" content=\"2 minutos\" \/>\n<script type=\"application\/ld+json\" class=\"yoast-schema-graph\">{\"@context\":\"https:\/\/schema.org\",\"@graph\":[{\"@type\":\"WebPage\",\"@id\":\"https:\/\/ticsalutsocial.atoom.space\/es\/event\/la-intelligencia-artificial-generativa-al-sector-de-la-salut-oportunitats-i-amenaces-professionals-i-organitzatives\/\",\"url\":\"https:\/\/ticsalutsocial.atoom.space\/es\/event\/la-intelligencia-artificial-generativa-al-sector-de-la-salut-oportunitats-i-amenaces-professionals-i-organitzatives\/\",\"name\":\"La Intel\u00b7lig\u00e8ncia Artificial Generativa al sector de la salut: oportunitats i amenaces professionals i organitzatives - Fundaci\u00f3 TIC Salut i Social\",\"isPartOf\":{\"@id\":\"https:\/\/ticsalutsocial.atoom.space\/es\/#website\"},\"primaryImageOfPage\":{\"@id\":\"https:\/\/ticsalutsocial.atoom.space\/es\/event\/la-intelligencia-artificial-generativa-al-sector-de-la-salut-oportunitats-i-amenaces-professionals-i-organitzatives\/#primaryimage\"},\"image\":{\"@id\":\"https:\/\/ticsalutsocial.atoom.space\/es\/event\/la-intelligencia-artificial-generativa-al-sector-de-la-salut-oportunitats-i-amenaces-professionals-i-organitzatives\/#primaryimage\"},\"thumbnailUrl\":\"https:\/\/ticsalutsocial.atoom.space\/wp-content\/uploads\/2023\/07\/Esdeveniment-AIG-13-setembre.png\",\"datePublished\":\"2023-07-25T09:03:06+00:00\",\"dateModified\":\"2023-09-12T11:11:05+00:00\",\"breadcrumb\":{\"@id\":\"https:\/\/ticsalutsocial.atoom.space\/es\/event\/la-intelligencia-artificial-generativa-al-sector-de-la-salut-oportunitats-i-amenaces-professionals-i-organitzatives\/#breadcrumb\"},\"inLanguage\":\"es\",\"potentialAction\":[{\"@type\":\"ReadAction\",\"target\":[\"https:\/\/ticsalutsocial.atoom.space\/es\/event\/la-intelligencia-artificial-generativa-al-sector-de-la-salut-oportunitats-i-amenaces-professionals-i-organitzatives\/\"]}]},{\"@type\":\"ImageObject\",\"inLanguage\":\"es\",\"@id\":\"https:\/\/ticsalutsocial.atoom.space\/es\/event\/la-intelligencia-artificial-generativa-al-sector-de-la-salut-oportunitats-i-amenaces-professionals-i-organitzatives\/#primaryimage\",\"url\":\"https:\/\/ticsalutsocial.atoom.space\/wp-content\/uploads\/2023\/07\/Esdeveniment-AIG-13-setembre.png\",\"contentUrl\":\"https:\/\/ticsalutsocial.atoom.space\/wp-content\/uploads\/2023\/07\/Esdeveniment-AIG-13-setembre.png\",\"width\":1234,\"height\":581},{\"@type\":\"BreadcrumbList\",\"@id\":\"https:\/\/ticsalutsocial.atoom.space\/es\/event\/la-intelligencia-artificial-generativa-al-sector-de-la-salut-oportunitats-i-amenaces-professionals-i-organitzatives\/#breadcrumb\",\"itemListElement\":[{\"@type\":\"ListItem\",\"position\":1,\"name\":\"Inici\",\"item\":\"https:\/\/ticsalutsocial.atoom.space\/es\/\"},{\"@type\":\"ListItem\",\"position\":2,\"name\":\"La Intel\u00b7lig\u00e8ncia Artificial Generativa al sector de la salut: oportunitats i amenaces professionals i organitzatives\"}]},{\"@type\":\"WebSite\",\"@id\":\"https:\/\/ticsalutsocial.atoom.space\/es\/#website\",\"url\":\"https:\/\/ticsalutsocial.atoom.space\/es\/\",\"name\":\"Fundaci\u00f3 TIC Salut i Social\",\"description\":\"\",\"potentialAction\":[{\"@type\":\"SearchAction\",\"target\":{\"@type\":\"EntryPoint\",\"urlTemplate\":\"https:\/\/ticsalutsocial.atoom.space\/es\/?s={search_term_string}\"},\"query-input\":{\"@type\":\"PropertyValueSpecification\",\"valueRequired\":true,\"valueName\":\"search_term_string\"}}],\"inLanguage\":\"es\"}]}<\/script>\n<!-- \/ Yoast SEO plugin. -->","yoast_head_json":{"title":"La Intel\u00b7lig\u00e8ncia Artificial Generativa al sector de la salut: oportunitats i amenaces professionals i organitzatives - Fundaci\u00f3 TIC Salut i Social","robots":{"index":"index","follow":"follow","max-snippet":"max-snippet:-1","max-image-preview":"max-image-preview:large","max-video-preview":"max-video-preview:-1"},"canonical":"https:\/\/ticsalutsocial.atoom.space\/es\/event\/la-intelligencia-artificial-generativa-al-sector-de-la-salut-oportunitats-i-amenaces-professionals-i-organitzatives\/","og_locale":"es_ES","og_type":"article","og_title":"La Intel\u00b7lig\u00e8ncia Artificial Generativa al sector de la salut: oportunitats i amenaces professionals i organitzatives - Fundaci\u00f3 TIC Salut i Social","og_description":"El Programa Salut\/IA, en col\u00b7laboraci\u00f3 amb la Fundaci\u00f3 TIC Salut Social, organitzen una jornada per donar a con\u00e8ixer la Intel\u00b7lig\u00e8ncia Artificial Generativa (IAG) als i les professionals del sector de la salut, fent una an\u00e0lisi sistem\u00e0tica del panorama actual i de qu\u00e8 pot suposar la IAG a l\u2019\u00e0mbit de la salut. Els objectius de la [&hellip;]","og_url":"https:\/\/ticsalutsocial.atoom.space\/es\/event\/la-intelligencia-artificial-generativa-al-sector-de-la-salut-oportunitats-i-amenaces-professionals-i-organitzatives\/","og_site_name":"Fundaci\u00f3 TIC Salut i Social","article_modified_time":"2023-09-12T11:11:05+00:00","og_image":[{"width":1234,"height":581,"url":"https:\/\/ticsalutsocial.atoom.space\/wp-content\/uploads\/2023\/07\/Esdeveniment-AIG-13-setembre.png","type":"image\/png"}],"twitter_card":"summary_large_image","twitter_misc":{"Tiempo de lectura":"2 minutos"},"schema":{"@context":"https:\/\/schema.org","@graph":[{"@type":"WebPage","@id":"https:\/\/ticsalutsocial.atoom.space\/es\/event\/la-intelligencia-artificial-generativa-al-sector-de-la-salut-oportunitats-i-amenaces-professionals-i-organitzatives\/","url":"https:\/\/ticsalutsocial.atoom.space\/es\/event\/la-intelligencia-artificial-generativa-al-sector-de-la-salut-oportunitats-i-amenaces-professionals-i-organitzatives\/","name":"La Intel\u00b7lig\u00e8ncia Artificial Generativa al sector de la salut: oportunitats i amenaces professionals i organitzatives - Fundaci\u00f3 TIC Salut i Social","isPartOf":{"@id":"https:\/\/ticsalutsocial.atoom.space\/es\/#website"},"primaryImageOfPage":{"@id":"https:\/\/ticsalutsocial.atoom.space\/es\/event\/la-intelligencia-artificial-generativa-al-sector-de-la-salut-oportunitats-i-amenaces-professionals-i-organitzatives\/#primaryimage"},"image":{"@id":"https:\/\/ticsalutsocial.atoom.space\/es\/event\/la-intelligencia-artificial-generativa-al-sector-de-la-salut-oportunitats-i-amenaces-professionals-i-organitzatives\/#primaryimage"},"thumbnailUrl":"https:\/\/ticsalutsocial.atoom.space\/wp-content\/uploads\/2023\/07\/Esdeveniment-AIG-13-setembre.png","datePublished":"2023-07-25T09:03:06+00:00","dateModified":"2023-09-12T11:11:05+00:00","breadcrumb":{"@id":"https:\/\/ticsalutsocial.atoom.space\/es\/event\/la-intelligencia-artificial-generativa-al-sector-de-la-salut-oportunitats-i-amenaces-professionals-i-organitzatives\/#breadcrumb"},"inLanguage":"es","potentialAction":[{"@type":"ReadAction","target":["https:\/\/ticsalutsocial.atoom.space\/es\/event\/la-intelligencia-artificial-generativa-al-sector-de-la-salut-oportunitats-i-amenaces-professionals-i-organitzatives\/"]}]},{"@type":"ImageObject","inLanguage":"es","@id":"https:\/\/ticsalutsocial.atoom.space\/es\/event\/la-intelligencia-artificial-generativa-al-sector-de-la-salut-oportunitats-i-amenaces-professionals-i-organitzatives\/#primaryimage","url":"https:\/\/ticsalutsocial.atoom.space\/wp-content\/uploads\/2023\/07\/Esdeveniment-AIG-13-setembre.png","contentUrl":"https:\/\/ticsalutsocial.atoom.space\/wp-content\/uploads\/2023\/07\/Esdeveniment-AIG-13-setembre.png","width":1234,"height":581},{"@type":"BreadcrumbList","@id":"https:\/\/ticsalutsocial.atoom.space\/es\/event\/la-intelligencia-artificial-generativa-al-sector-de-la-salut-oportunitats-i-amenaces-professionals-i-organitzatives\/#breadcrumb","itemListElement":[{"@type":"ListItem","position":1,"name":"Inici","item":"https:\/\/ticsalutsocial.atoom.space\/es\/"},{"@type":"ListItem","position":2,"name":"La Intel\u00b7lig\u00e8ncia Artificial Generativa al sector de la salut: oportunitats i amenaces professionals i organitzatives"}]},{"@type":"WebSite","@id":"https:\/\/ticsalutsocial.atoom.space\/es\/#website","url":"https:\/\/ticsalutsocial.atoom.space\/es\/","name":"Fundaci\u00f3 TIC Salut i Social","description":"","potentialAction":[{"@type":"SearchAction","target":{"@type":"EntryPoint","urlTemplate":"https:\/\/ticsalutsocial.atoom.space\/es\/?s={search_term_string}"},"query-input":{"@type":"PropertyValueSpecification","valueRequired":true,"valueName":"search_term_string"}}],"inLanguage":"es"}]}},"_links":{"self":[{"href":"https:\/\/ticsalutsocial.atoom.space\/es\/wp-json\/wp\/v2\/event\/21777","targetHints":{"allow":["GET"]}}],"collection":[{"href":"https:\/\/ticsalutsocial.atoom.space\/es\/wp-json\/wp\/v2\/event"}],"about":[{"href":"https:\/\/ticsalutsocial.atoom.space\/es\/wp-json\/wp\/v2\/types\/event"}],"wp:featuredmedia":[{"embeddable":true,"href":"https:\/\/ticsalutsocial.atoom.space\/es\/wp-json\/wp\/v2\/media\/21806"}],"wp:attachment":[{"href":"https:\/\/ticsalutsocial.atoom.space\/es\/wp-json\/wp\/v2\/media?parent=21777"}],"wp:term":[{"taxonomy":"tipus","embeddable":true,"href":"https:\/\/ticsalutsocial.atoom.space\/es\/wp-json\/wp\/v2\/tipus?post=21777"},{"taxonomy":"topic","embeddable":true,"href":"https:\/\/ticsalutsocial.atoom.space\/es\/wp-json\/wp\/v2\/topic?post=21777"}],"curies":[{"name":"wp","href":"https:\/\/api.w.org\/{rel}","templated":true}]}}