
{"id":22549,"date":"2023-10-16T10:10:03","date_gmt":"2023-10-16T08:10:03","guid":{"rendered":"https:\/\/ticsalutsocial.atoom.space\/?post_type=event&#038;p=22549"},"modified":"2023-10-16T10:10:39","modified_gmt":"2023-10-16T08:10:39","slug":"projectes-dinnovacio-en-atencio-integrada-social-i-sanitaria-aiss-2023","status":"publish","type":"event","link":"https:\/\/ticsalutsocial.atoom.space\/es\/event\/projectes-dinnovacio-en-atencio-integrada-social-i-sanitaria-aiss-2023\/","title":{"rendered":"Projectes d&#8217;innovaci\u00f3 en Atenci\u00f3 Integrada Social i Sanit\u00e0ria (AISS) 2023"},"content":{"rendered":"\n<p>El 2 de novembre se celebra la presentaci\u00f3 de <strong>projectes d&#8217;innovaci\u00f3 en Atenci\u00f3 Integrada Social i Sanit\u00e0ria<\/strong>, al Paranimf de l&#8217;Hospital Cl\u00ednic a les 16:00h.<\/p>\n\n\n\n<p>Es presenten projectes amb solucions innovadores per donar resposta a reptes d\u2019integraci\u00f3 funcional de serveis dels \u00e0mbits social i sanitari, en la cura i atenci\u00f3 a les persones. Estan desenvolupats i implantats per equips de professionals multidisciplinaris de l\u2019\u00e0mbit social i sanitari, en el marc del <strong>M\u00e0ster GESAPH<\/strong>. Es lliuraran els premis als millors projectes per part del conseller de Drets Socials i el conseller de Salut, amb el rector de la Universitat de Barcelona, Dr. Joan Gu\u00e0rdia.<\/p>\n\n\n\n<hr class=\"wp-block-separator has-alpha-channel-opacity\"\/>\n\n\n\n<h2 class=\"wp-block-heading\"><strong>Programa<\/strong><\/h2>\n\n\n\n<p><strong>16.00 h: Benvinguda institucional.<\/strong><\/p>\n\n\n\n<ul class=\"wp-block-list\">\n<li><strong>Sr. Guillem \u00cd\u00f1iguez<\/strong>, director general de l\u2019Institut de Formaci\u00f3 Cont\u00ednua de la Universitat de Barcelona (IL3-UB).<\/li>\n<\/ul>\n\n\n\n<ul class=\"wp-block-list\">\n<li><strong>Sra. Marta Villanueva<\/strong>, regidora de Salut, persones amb discapacitat i estrat\u00e8gia contra la soledat de l\u2019Ajuntament de Barcelona.<\/li>\n<\/ul>\n\n\n\n<p><\/p>\n\n\n\n<p><strong>16.15 h: Presentacions dels projectes AISS.<\/strong><\/p>\n\n\n\n<p><strong>17.45 h: Taula col\u00b7loqui: \u201cEl desplegament de projectes en els territoris\u201d.<\/strong> Moderat per: Jos\u00e9 Augusto Garc\u00eda, director general Consorci de Salut i Social de Catalunya.<\/p>\n\n\n\n<ul class=\"wp-block-list\">\n<li><strong>Xavier P\u00e9rez<\/strong>, director gerent de l\u2019Institut Catal\u00e0 de la Salut.<\/li>\n\n\n\n<li><strong>Jaume Duran<\/strong>, director general de la Fundaci\u00f3 Sanit\u00e0ria Mollet.<\/li>\n\n\n\n<li><strong>Joan Maria Adser\u00e0<\/strong>, director general Xarxa Santa Tecla.<\/li>\n\n\n\n<li><strong>Candela Calle<\/strong>, directora general Fundaci\u00f3 Sant Francesc d\u2019Ass\u00eds.<\/li>\n<\/ul>\n\n\n\n<p><\/p>\n\n\n\n<p><strong>19.00 h: Certificacions, premis i cloenda de l\u2019acte<\/strong>, per:<\/p>\n\n\n\n<ul class=\"wp-block-list\">\n<li><strong>Joan Gu\u00e0rdia<\/strong>, rector de la Universitat de Barcelona.<\/li>\n\n\n\n<li><strong>Manel Balcells<\/strong>, conseller de Salut.<\/li>\n\n\n\n<li><strong>Carles Campuzano<\/strong>, conseller de Drets Socials.<\/li>\n<\/ul>\n\n\n\n<p><\/p>\n\n\n\n<p><strong>19.30 h: Copa de Cava.<\/strong><\/p>\n","protected":false},"featured_media":22547,"menu_order":0,"template":"","meta":{"_acf_changed":false,"inline_featured_image":false},"tipus":[],"topic":[],"class_list":["post-22549","event","type-event","status-publish","has-post-thumbnail","hentry"],"acf":{"imatge":22547,"informacio":{"ubicacio":"Paranimf Hospital Cl\u00ednic","data":"02\/11\/2023","hora":"","preu":"","inscripcions":"https:\/\/www.il3.ub.edu\/ca\/esdeveniments\/projectes-dinnovacio-en-atencio-integrada-social-i-sanitaria-aiss-2023?utm_source=director&utm_medium=email&utm_campaign=cat-jornada-projectes-innovacio"},"programa":{"titol":"","items":false}},"yoast_head":"<!-- This site is optimized with the Yoast SEO plugin v27.1.1 - https:\/\/yoast.com\/product\/yoast-seo-wordpress\/ -->\n<title>Projectes d&#039;innovaci\u00f3 en Atenci\u00f3 Integrada Social i Sanit\u00e0ria (AISS) 2023 - Fundaci\u00f3 TIC Salut i Social<\/title>\n<meta name=\"robots\" content=\"index, follow, max-snippet:-1, max-image-preview:large, max-video-preview:-1\" \/>\n<link rel=\"canonical\" href=\"https:\/\/ticsalutsocial.atoom.space\/es\/event\/projectes-dinnovacio-en-atencio-integrada-social-i-sanitaria-aiss-2023\/\" \/>\n<meta property=\"og:locale\" content=\"es_ES\" \/>\n<meta property=\"og:type\" content=\"article\" \/>\n<meta property=\"og:title\" content=\"Projectes d&#039;innovaci\u00f3 en Atenci\u00f3 Integrada Social i Sanit\u00e0ria (AISS) 2023 - Fundaci\u00f3 TIC Salut i Social\" \/>\n<meta property=\"og:description\" content=\"El 2 de novembre se celebra la presentaci\u00f3 de projectes d&#8217;innovaci\u00f3 en Atenci\u00f3 Integrada Social i Sanit\u00e0ria, al Paranimf de l&#8217;Hospital Cl\u00ednic a les 16:00h. Es presenten projectes amb solucions innovadores per donar resposta a reptes d\u2019integraci\u00f3 funcional de serveis dels \u00e0mbits social i sanitari, en la cura i atenci\u00f3 a les persones. Estan desenvolupats [&hellip;]\" \/>\n<meta property=\"og:url\" content=\"https:\/\/ticsalutsocial.atoom.space\/es\/event\/projectes-dinnovacio-en-atencio-integrada-social-i-sanitaria-aiss-2023\/\" \/>\n<meta property=\"og:site_name\" content=\"Fundaci\u00f3 TIC Salut i Social\" \/>\n<meta property=\"article:modified_time\" content=\"2023-10-16T08:10:39+00:00\" \/>\n<meta name=\"twitter:card\" content=\"summary_large_image\" \/>\n<meta name=\"twitter:label1\" content=\"Tiempo de lectura\" \/>\n\t<meta name=\"twitter:data1\" content=\"1 minuto\" \/>\n<script type=\"application\/ld+json\" class=\"yoast-schema-graph\">{\"@context\":\"https:\/\/schema.org\",\"@graph\":[{\"@type\":\"WebPage\",\"@id\":\"https:\/\/ticsalutsocial.atoom.space\/es\/event\/projectes-dinnovacio-en-atencio-integrada-social-i-sanitaria-aiss-2023\/\",\"url\":\"https:\/\/ticsalutsocial.atoom.space\/es\/event\/projectes-dinnovacio-en-atencio-integrada-social-i-sanitaria-aiss-2023\/\",\"name\":\"Projectes d'innovaci\u00f3 en Atenci\u00f3 Integrada Social i Sanit\u00e0ria (AISS) 2023 - Fundaci\u00f3 TIC Salut i Social\",\"isPartOf\":{\"@id\":\"https:\/\/ticsalutsocial.atoom.space\/es\/#website\"},\"primaryImageOfPage\":{\"@id\":\"https:\/\/ticsalutsocial.atoom.space\/es\/event\/projectes-dinnovacio-en-atencio-integrada-social-i-sanitaria-aiss-2023\/#primaryimage\"},\"image\":{\"@id\":\"https:\/\/ticsalutsocial.atoom.space\/es\/event\/projectes-dinnovacio-en-atencio-integrada-social-i-sanitaria-aiss-2023\/#primaryimage\"},\"thumbnailUrl\":\"https:\/\/ticsalutsocial.atoom.space\/wp-content\/uploads\/2023\/10\/thumbnail_image013.jpg\",\"datePublished\":\"2023-10-16T08:10:03+00:00\",\"dateModified\":\"2023-10-16T08:10:39+00:00\",\"breadcrumb\":{\"@id\":\"https:\/\/ticsalutsocial.atoom.space\/es\/event\/projectes-dinnovacio-en-atencio-integrada-social-i-sanitaria-aiss-2023\/#breadcrumb\"},\"inLanguage\":\"es\",\"potentialAction\":[{\"@type\":\"ReadAction\",\"target\":[\"https:\/\/ticsalutsocial.atoom.space\/es\/event\/projectes-dinnovacio-en-atencio-integrada-social-i-sanitaria-aiss-2023\/\"]}]},{\"@type\":\"ImageObject\",\"inLanguage\":\"es\",\"@id\":\"https:\/\/ticsalutsocial.atoom.space\/es\/event\/projectes-dinnovacio-en-atencio-integrada-social-i-sanitaria-aiss-2023\/#primaryimage\",\"url\":\"https:\/\/ticsalutsocial.atoom.space\/wp-content\/uploads\/2023\/10\/thumbnail_image013.jpg\",\"contentUrl\":\"https:\/\/ticsalutsocial.atoom.space\/wp-content\/uploads\/2023\/10\/thumbnail_image013.jpg\",\"width\":639,\"height\":540},{\"@type\":\"BreadcrumbList\",\"@id\":\"https:\/\/ticsalutsocial.atoom.space\/es\/event\/projectes-dinnovacio-en-atencio-integrada-social-i-sanitaria-aiss-2023\/#breadcrumb\",\"itemListElement\":[{\"@type\":\"ListItem\",\"position\":1,\"name\":\"Inici\",\"item\":\"https:\/\/ticsalutsocial.atoom.space\/es\/\"},{\"@type\":\"ListItem\",\"position\":2,\"name\":\"Projectes d&#8217;innovaci\u00f3 en Atenci\u00f3 Integrada Social i Sanit\u00e0ria (AISS) 2023\"}]},{\"@type\":\"WebSite\",\"@id\":\"https:\/\/ticsalutsocial.atoom.space\/es\/#website\",\"url\":\"https:\/\/ticsalutsocial.atoom.space\/es\/\",\"name\":\"Fundaci\u00f3 TIC Salut i Social\",\"description\":\"\",\"potentialAction\":[{\"@type\":\"SearchAction\",\"target\":{\"@type\":\"EntryPoint\",\"urlTemplate\":\"https:\/\/ticsalutsocial.atoom.space\/es\/?s={search_term_string}\"},\"query-input\":{\"@type\":\"PropertyValueSpecification\",\"valueRequired\":true,\"valueName\":\"search_term_string\"}}],\"inLanguage\":\"es\"}]}<\/script>\n<!-- \/ Yoast SEO plugin. -->","yoast_head_json":{"title":"Projectes d'innovaci\u00f3 en Atenci\u00f3 Integrada Social i Sanit\u00e0ria (AISS) 2023 - Fundaci\u00f3 TIC Salut i Social","robots":{"index":"index","follow":"follow","max-snippet":"max-snippet:-1","max-image-preview":"max-image-preview:large","max-video-preview":"max-video-preview:-1"},"canonical":"https:\/\/ticsalutsocial.atoom.space\/es\/event\/projectes-dinnovacio-en-atencio-integrada-social-i-sanitaria-aiss-2023\/","og_locale":"es_ES","og_type":"article","og_title":"Projectes d'innovaci\u00f3 en Atenci\u00f3 Integrada Social i Sanit\u00e0ria (AISS) 2023 - Fundaci\u00f3 TIC Salut i Social","og_description":"El 2 de novembre se celebra la presentaci\u00f3 de projectes d&#8217;innovaci\u00f3 en Atenci\u00f3 Integrada Social i Sanit\u00e0ria, al Paranimf de l&#8217;Hospital Cl\u00ednic a les 16:00h. Es presenten projectes amb solucions innovadores per donar resposta a reptes d\u2019integraci\u00f3 funcional de serveis dels \u00e0mbits social i sanitari, en la cura i atenci\u00f3 a les persones. Estan desenvolupats [&hellip;]","og_url":"https:\/\/ticsalutsocial.atoom.space\/es\/event\/projectes-dinnovacio-en-atencio-integrada-social-i-sanitaria-aiss-2023\/","og_site_name":"Fundaci\u00f3 TIC Salut i Social","article_modified_time":"2023-10-16T08:10:39+00:00","twitter_card":"summary_large_image","twitter_misc":{"Tiempo de lectura":"1 minuto"},"schema":{"@context":"https:\/\/schema.org","@graph":[{"@type":"WebPage","@id":"https:\/\/ticsalutsocial.atoom.space\/es\/event\/projectes-dinnovacio-en-atencio-integrada-social-i-sanitaria-aiss-2023\/","url":"https:\/\/ticsalutsocial.atoom.space\/es\/event\/projectes-dinnovacio-en-atencio-integrada-social-i-sanitaria-aiss-2023\/","name":"Projectes d'innovaci\u00f3 en Atenci\u00f3 Integrada Social i Sanit\u00e0ria (AISS) 2023 - Fundaci\u00f3 TIC Salut i Social","isPartOf":{"@id":"https:\/\/ticsalutsocial.atoom.space\/es\/#website"},"primaryImageOfPage":{"@id":"https:\/\/ticsalutsocial.atoom.space\/es\/event\/projectes-dinnovacio-en-atencio-integrada-social-i-sanitaria-aiss-2023\/#primaryimage"},"image":{"@id":"https:\/\/ticsalutsocial.atoom.space\/es\/event\/projectes-dinnovacio-en-atencio-integrada-social-i-sanitaria-aiss-2023\/#primaryimage"},"thumbnailUrl":"https:\/\/ticsalutsocial.atoom.space\/wp-content\/uploads\/2023\/10\/thumbnail_image013.jpg","datePublished":"2023-10-16T08:10:03+00:00","dateModified":"2023-10-16T08:10:39+00:00","breadcrumb":{"@id":"https:\/\/ticsalutsocial.atoom.space\/es\/event\/projectes-dinnovacio-en-atencio-integrada-social-i-sanitaria-aiss-2023\/#breadcrumb"},"inLanguage":"es","potentialAction":[{"@type":"ReadAction","target":["https:\/\/ticsalutsocial.atoom.space\/es\/event\/projectes-dinnovacio-en-atencio-integrada-social-i-sanitaria-aiss-2023\/"]}]},{"@type":"ImageObject","inLanguage":"es","@id":"https:\/\/ticsalutsocial.atoom.space\/es\/event\/projectes-dinnovacio-en-atencio-integrada-social-i-sanitaria-aiss-2023\/#primaryimage","url":"https:\/\/ticsalutsocial.atoom.space\/wp-content\/uploads\/2023\/10\/thumbnail_image013.jpg","contentUrl":"https:\/\/ticsalutsocial.atoom.space\/wp-content\/uploads\/2023\/10\/thumbnail_image013.jpg","width":639,"height":540},{"@type":"BreadcrumbList","@id":"https:\/\/ticsalutsocial.atoom.space\/es\/event\/projectes-dinnovacio-en-atencio-integrada-social-i-sanitaria-aiss-2023\/#breadcrumb","itemListElement":[{"@type":"ListItem","position":1,"name":"Inici","item":"https:\/\/ticsalutsocial.atoom.space\/es\/"},{"@type":"ListItem","position":2,"name":"Projectes d&#8217;innovaci\u00f3 en Atenci\u00f3 Integrada Social i Sanit\u00e0ria (AISS) 2023"}]},{"@type":"WebSite","@id":"https:\/\/ticsalutsocial.atoom.space\/es\/#website","url":"https:\/\/ticsalutsocial.atoom.space\/es\/","name":"Fundaci\u00f3 TIC Salut i Social","description":"","potentialAction":[{"@type":"SearchAction","target":{"@type":"EntryPoint","urlTemplate":"https:\/\/ticsalutsocial.atoom.space\/es\/?s={search_term_string}"},"query-input":{"@type":"PropertyValueSpecification","valueRequired":true,"valueName":"search_term_string"}}],"inLanguage":"es"}]}},"_links":{"self":[{"href":"https:\/\/ticsalutsocial.atoom.space\/es\/wp-json\/wp\/v2\/event\/22549","targetHints":{"allow":["GET"]}}],"collection":[{"href":"https:\/\/ticsalutsocial.atoom.space\/es\/wp-json\/wp\/v2\/event"}],"about":[{"href":"https:\/\/ticsalutsocial.atoom.space\/es\/wp-json\/wp\/v2\/types\/event"}],"wp:featuredmedia":[{"embeddable":true,"href":"https:\/\/ticsalutsocial.atoom.space\/es\/wp-json\/wp\/v2\/media\/22547"}],"wp:attachment":[{"href":"https:\/\/ticsalutsocial.atoom.space\/es\/wp-json\/wp\/v2\/media?parent=22549"}],"wp:term":[{"taxonomy":"tipus","embeddable":true,"href":"https:\/\/ticsalutsocial.atoom.space\/es\/wp-json\/wp\/v2\/tipus?post=22549"},{"taxonomy":"topic","embeddable":true,"href":"https:\/\/ticsalutsocial.atoom.space\/es\/wp-json\/wp\/v2\/topic?post=22549"}],"curies":[{"name":"wp","href":"https:\/\/api.w.org\/{rel}","templated":true}]}}