
{"id":23336,"date":"2023-11-14T12:51:21","date_gmt":"2023-11-14T10:51:21","guid":{"rendered":"https:\/\/ticsalutsocial.atoom.space\/?post_type=event&#038;p=23336"},"modified":"2023-11-14T13:56:02","modified_gmt":"2023-11-14T11:56:02","slug":"presentacio-de-la-prova-pilot-sobre-lus-de-la-tecnologia-5g-per-la-provisio-de-serveis-sanitaris-a-lentorn-domicilari-al-laboratori-5g-de-terres-de-lebre","status":"publish","type":"event","link":"https:\/\/ticsalutsocial.atoom.space\/es\/event\/presentacio-de-la-prova-pilot-sobre-lus-de-la-tecnologia-5g-per-la-provisio-de-serveis-sanitaris-a-lentorn-domicilari-al-laboratori-5g-de-terres-de-lebre\/","title":{"rendered":"Presentaci\u00f3 de la Prova pilot sobre l\u2019\u00fas de la tecnologia 5G per la provisi\u00f3 de serveis sanitaris a l\u2019entorn domicilari al laboratori 5G de Terres de l\u2019Ebre"},"content":{"rendered":"\n<h2 class=\"wp-block-heading\"><strong>Programa:\u00a0<\/strong><\/h2>\n\n\n\n<p>10.00h <strong>Benvinguda<\/strong><\/p>\n\n\n\n<ul class=\"wp-block-list\">\n<li>Jes\u00fas \u00c1lvarez, representant de l&#8217;\u00c0rea TIC del Consell Comarcal de Terres de l\u2019Ebre<\/li>\n\n\n\n<li>Rosa Paradell, Directora d&#8217;Innovaci\u00f3 i Transformaci\u00f3 Digital del Sector P\u00fablic d&#8217;i2CAT<\/li>\n\n\n\n<li>Joan Guanyabens, Director TIC Salut Social<\/li>\n\n\n\n<li>Cristina Campillo, Subdirectora d&#8217;Infraestructures Digitals i Comunicacions Electr\u00f2niques \u00b7 Generalitat de Catalunya<\/li>\n<\/ul>\n\n\n\n<p><\/p>\n\n\n\n<p>10.20h <strong>Presentaci\u00f3 informe<\/strong> Prova pilot sobre l\u2019\u00fas de la tecnologia 5G per la provisi\u00f3 de serveis sanitaris a l\u2019entorn domiciliari i noves l\u00ednies de treball<\/p>\n\n\n\n<ul class=\"wp-block-list\">\n<li>Jordi Daura, Project Manager d&#8217;i2CAT<\/li>\n\n\n\n<li>N\u00faria Abd\u00f3n, Responsable d&#8217;Atenci\u00f3 Digital Personalizada de TIC Salut Social<\/li>\n\n\n\n<li>August Betzler, Senior Research Enginner d&#8217;i2CAT<\/li>\n\n\n\n<li>Rosa Paradell,&nbsp; Directora d&#8217;Innovaci\u00f3 i Transformaci\u00f3 Digital del Sector P\u00fablic d&#8217;i2CAT<\/li>\n<\/ul>\n\n\n\n<p><\/p>\n\n\n\n<p>11.00h <strong>Taula rodona<\/strong>. \u00abSolucions innovadores en salut\u00bb<\/p>\n\n\n\n<ul class=\"wp-block-list\">\n<li>Joan Guanyabens, Director TIC Salut Social<\/li>\n\n\n\n<li>Jordi Baucells, Director de Sistemes d&#8217;Informaci\u00f3 i Comunicaci\u00f3 de l&#8217;ICS a les Terres de l&#8217;Ebre<\/li>\n\n\n\n<li>Enrique de la Vega, Connected Care Solutions Architect de Philips<\/li>\n\n\n\n<li>Pau Imaz, Hospital &amp; Home Automation a Masimo<\/li>\n<\/ul>\n\n\n\n<p><\/p>\n\n\n\n<p>11.30h <strong>Pausa &amp; caf\u00e8<\/strong><\/p>\n\n\n\n<p>12.00h. <strong>Visita al COEbreLAB<\/strong><\/p>\n\n\n\n<hr class=\"wp-block-separator has-alpha-channel-opacity\"\/>\n\n\n\n<p>Si est\u00e0s interessat\/da en assistir-hi, cal enviar un correu a <strong>Pau Miquel Gallinat (<\/strong><a href=\"mailto:pgallinat@ticsalutsocial.cat\" target=\"_blank\" rel=\"noreferrer noopener\">pgallinat@ticsalutsocial.cat<\/a>)<\/p>\n","protected":false},"featured_media":22002,"menu_order":0,"template":"","meta":{"_acf_changed":false,"inline_featured_image":false},"tipus":[],"topic":[],"class_list":["post-23336","event","type-event","status-publish","has-post-thumbnail","hentry"],"acf":{"informacio":{"ubicacio":"COEbreLAB 5G (Pol\u00edgon el Moll\u00f3, Nau 8 s\/n- 43770, M\u00f3ra la Nova)","data":"15\/11\/2023","hora":"","preu":"","inscripcions":""},"programa":{"titol":"","items":false},"imatge":22002},"yoast_head":"<!-- This site is optimized with the Yoast SEO plugin v27.1.1 - https:\/\/yoast.com\/product\/yoast-seo-wordpress\/ -->\n<title>Presentaci\u00f3 de la Prova pilot sobre l\u2019\u00fas de la tecnologia 5G per la provisi\u00f3 de serveis sanitaris a l\u2019entorn domicilari al laboratori 5G de Terres de l\u2019Ebre - Fundaci\u00f3 TIC Salut i Social<\/title>\n<meta name=\"robots\" content=\"index, follow, max-snippet:-1, max-image-preview:large, max-video-preview:-1\" \/>\n<link rel=\"canonical\" href=\"https:\/\/ticsalutsocial.atoom.space\/es\/event\/presentacio-de-la-prova-pilot-sobre-lus-de-la-tecnologia-5g-per-la-provisio-de-serveis-sanitaris-a-lentorn-domicilari-al-laboratori-5g-de-terres-de-lebre\/\" \/>\n<meta property=\"og:locale\" content=\"es_ES\" \/>\n<meta property=\"og:type\" content=\"article\" \/>\n<meta property=\"og:title\" content=\"Presentaci\u00f3 de la Prova pilot sobre l\u2019\u00fas de la tecnologia 5G per la provisi\u00f3 de serveis sanitaris a l\u2019entorn domicilari al laboratori 5G de Terres de l\u2019Ebre - Fundaci\u00f3 TIC Salut i Social\" \/>\n<meta property=\"og:description\" content=\"Programa:\u00a0 10.00h Benvinguda 10.20h Presentaci\u00f3 informe Prova pilot sobre l\u2019\u00fas de la tecnologia 5G per la provisi\u00f3 de serveis sanitaris a l\u2019entorn domiciliari i noves l\u00ednies de treball 11.00h Taula rodona. \u00abSolucions innovadores en salut\u00bb 11.30h Pausa &amp; caf\u00e8 12.00h. Visita al COEbreLAB Si est\u00e0s interessat\/da en assistir-hi, cal enviar un correu a Pau Miquel [&hellip;]\" \/>\n<meta property=\"og:url\" content=\"https:\/\/ticsalutsocial.atoom.space\/es\/event\/presentacio-de-la-prova-pilot-sobre-lus-de-la-tecnologia-5g-per-la-provisio-de-serveis-sanitaris-a-lentorn-domicilari-al-laboratori-5g-de-terres-de-lebre\/\" \/>\n<meta property=\"og:site_name\" content=\"Fundaci\u00f3 TIC Salut i Social\" \/>\n<meta property=\"article:modified_time\" content=\"2023-11-14T11:56:02+00:00\" \/>\n<meta name=\"twitter:card\" content=\"summary_large_image\" \/>\n<meta name=\"twitter:label1\" content=\"Tiempo de lectura\" \/>\n\t<meta name=\"twitter:data1\" content=\"1 minuto\" \/>\n<script type=\"application\/ld+json\" class=\"yoast-schema-graph\">{\"@context\":\"https:\/\/schema.org\",\"@graph\":[{\"@type\":\"WebPage\",\"@id\":\"https:\/\/ticsalutsocial.atoom.space\/es\/event\/presentacio-de-la-prova-pilot-sobre-lus-de-la-tecnologia-5g-per-la-provisio-de-serveis-sanitaris-a-lentorn-domicilari-al-laboratori-5g-de-terres-de-lebre\/\",\"url\":\"https:\/\/ticsalutsocial.atoom.space\/es\/event\/presentacio-de-la-prova-pilot-sobre-lus-de-la-tecnologia-5g-per-la-provisio-de-serveis-sanitaris-a-lentorn-domicilari-al-laboratori-5g-de-terres-de-lebre\/\",\"name\":\"Presentaci\u00f3 de la Prova pilot sobre l\u2019\u00fas de la tecnologia 5G per la provisi\u00f3 de serveis sanitaris a l\u2019entorn domicilari al laboratori 5G de Terres de l\u2019Ebre - Fundaci\u00f3 TIC Salut i Social\",\"isPartOf\":{\"@id\":\"https:\/\/ticsalutsocial.atoom.space\/es\/#website\"},\"primaryImageOfPage\":{\"@id\":\"https:\/\/ticsalutsocial.atoom.space\/es\/event\/presentacio-de-la-prova-pilot-sobre-lus-de-la-tecnologia-5g-per-la-provisio-de-serveis-sanitaris-a-lentorn-domicilari-al-laboratori-5g-de-terres-de-lebre\/#primaryimage\"},\"image\":{\"@id\":\"https:\/\/ticsalutsocial.atoom.space\/es\/event\/presentacio-de-la-prova-pilot-sobre-lus-de-la-tecnologia-5g-per-la-provisio-de-serveis-sanitaris-a-lentorn-domicilari-al-laboratori-5g-de-terres-de-lebre\/#primaryimage\"},\"thumbnailUrl\":\"https:\/\/ticsalutsocial.atoom.space\/wp-content\/uploads\/2023\/09\/d0e01bc9-5f38-4b44-baad-130888c88687-2.jpg\",\"datePublished\":\"2023-11-14T10:51:21+00:00\",\"dateModified\":\"2023-11-14T11:56:02+00:00\",\"breadcrumb\":{\"@id\":\"https:\/\/ticsalutsocial.atoom.space\/es\/event\/presentacio-de-la-prova-pilot-sobre-lus-de-la-tecnologia-5g-per-la-provisio-de-serveis-sanitaris-a-lentorn-domicilari-al-laboratori-5g-de-terres-de-lebre\/#breadcrumb\"},\"inLanguage\":\"es\",\"potentialAction\":[{\"@type\":\"ReadAction\",\"target\":[\"https:\/\/ticsalutsocial.atoom.space\/es\/event\/presentacio-de-la-prova-pilot-sobre-lus-de-la-tecnologia-5g-per-la-provisio-de-serveis-sanitaris-a-lentorn-domicilari-al-laboratori-5g-de-terres-de-lebre\/\"]}]},{\"@type\":\"ImageObject\",\"inLanguage\":\"es\",\"@id\":\"https:\/\/ticsalutsocial.atoom.space\/es\/event\/presentacio-de-la-prova-pilot-sobre-lus-de-la-tecnologia-5g-per-la-provisio-de-serveis-sanitaris-a-lentorn-domicilari-al-laboratori-5g-de-terres-de-lebre\/#primaryimage\",\"url\":\"https:\/\/ticsalutsocial.atoom.space\/wp-content\/uploads\/2023\/09\/d0e01bc9-5f38-4b44-baad-130888c88687-2.jpg\",\"contentUrl\":\"https:\/\/ticsalutsocial.atoom.space\/wp-content\/uploads\/2023\/09\/d0e01bc9-5f38-4b44-baad-130888c88687-2.jpg\",\"width\":1203,\"height\":963},{\"@type\":\"BreadcrumbList\",\"@id\":\"https:\/\/ticsalutsocial.atoom.space\/es\/event\/presentacio-de-la-prova-pilot-sobre-lus-de-la-tecnologia-5g-per-la-provisio-de-serveis-sanitaris-a-lentorn-domicilari-al-laboratori-5g-de-terres-de-lebre\/#breadcrumb\",\"itemListElement\":[{\"@type\":\"ListItem\",\"position\":1,\"name\":\"Inici\",\"item\":\"https:\/\/ticsalutsocial.atoom.space\/es\/\"},{\"@type\":\"ListItem\",\"position\":2,\"name\":\"Presentaci\u00f3 de la Prova pilot sobre l\u2019\u00fas de la tecnologia 5G per la provisi\u00f3 de serveis sanitaris a l\u2019entorn domicilari al laboratori 5G de Terres de l\u2019Ebre\"}]},{\"@type\":\"WebSite\",\"@id\":\"https:\/\/ticsalutsocial.atoom.space\/es\/#website\",\"url\":\"https:\/\/ticsalutsocial.atoom.space\/es\/\",\"name\":\"Fundaci\u00f3 TIC Salut i Social\",\"description\":\"\",\"potentialAction\":[{\"@type\":\"SearchAction\",\"target\":{\"@type\":\"EntryPoint\",\"urlTemplate\":\"https:\/\/ticsalutsocial.atoom.space\/es\/?s={search_term_string}\"},\"query-input\":{\"@type\":\"PropertyValueSpecification\",\"valueRequired\":true,\"valueName\":\"search_term_string\"}}],\"inLanguage\":\"es\"}]}<\/script>\n<!-- \/ Yoast SEO plugin. -->","yoast_head_json":{"title":"Presentaci\u00f3 de la Prova pilot sobre l\u2019\u00fas de la tecnologia 5G per la provisi\u00f3 de serveis sanitaris a l\u2019entorn domicilari al laboratori 5G de Terres de l\u2019Ebre - Fundaci\u00f3 TIC Salut i Social","robots":{"index":"index","follow":"follow","max-snippet":"max-snippet:-1","max-image-preview":"max-image-preview:large","max-video-preview":"max-video-preview:-1"},"canonical":"https:\/\/ticsalutsocial.atoom.space\/es\/event\/presentacio-de-la-prova-pilot-sobre-lus-de-la-tecnologia-5g-per-la-provisio-de-serveis-sanitaris-a-lentorn-domicilari-al-laboratori-5g-de-terres-de-lebre\/","og_locale":"es_ES","og_type":"article","og_title":"Presentaci\u00f3 de la Prova pilot sobre l\u2019\u00fas de la tecnologia 5G per la provisi\u00f3 de serveis sanitaris a l\u2019entorn domicilari al laboratori 5G de Terres de l\u2019Ebre - Fundaci\u00f3 TIC Salut i Social","og_description":"Programa:\u00a0 10.00h Benvinguda 10.20h Presentaci\u00f3 informe Prova pilot sobre l\u2019\u00fas de la tecnologia 5G per la provisi\u00f3 de serveis sanitaris a l\u2019entorn domiciliari i noves l\u00ednies de treball 11.00h Taula rodona. \u00abSolucions innovadores en salut\u00bb 11.30h Pausa &amp; caf\u00e8 12.00h. Visita al COEbreLAB Si est\u00e0s interessat\/da en assistir-hi, cal enviar un correu a Pau Miquel [&hellip;]","og_url":"https:\/\/ticsalutsocial.atoom.space\/es\/event\/presentacio-de-la-prova-pilot-sobre-lus-de-la-tecnologia-5g-per-la-provisio-de-serveis-sanitaris-a-lentorn-domicilari-al-laboratori-5g-de-terres-de-lebre\/","og_site_name":"Fundaci\u00f3 TIC Salut i Social","article_modified_time":"2023-11-14T11:56:02+00:00","twitter_card":"summary_large_image","twitter_misc":{"Tiempo de lectura":"1 minuto"},"schema":{"@context":"https:\/\/schema.org","@graph":[{"@type":"WebPage","@id":"https:\/\/ticsalutsocial.atoom.space\/es\/event\/presentacio-de-la-prova-pilot-sobre-lus-de-la-tecnologia-5g-per-la-provisio-de-serveis-sanitaris-a-lentorn-domicilari-al-laboratori-5g-de-terres-de-lebre\/","url":"https:\/\/ticsalutsocial.atoom.space\/es\/event\/presentacio-de-la-prova-pilot-sobre-lus-de-la-tecnologia-5g-per-la-provisio-de-serveis-sanitaris-a-lentorn-domicilari-al-laboratori-5g-de-terres-de-lebre\/","name":"Presentaci\u00f3 de la Prova pilot sobre l\u2019\u00fas de la tecnologia 5G per la provisi\u00f3 de serveis sanitaris a l\u2019entorn domicilari al laboratori 5G de Terres de l\u2019Ebre - Fundaci\u00f3 TIC Salut i Social","isPartOf":{"@id":"https:\/\/ticsalutsocial.atoom.space\/es\/#website"},"primaryImageOfPage":{"@id":"https:\/\/ticsalutsocial.atoom.space\/es\/event\/presentacio-de-la-prova-pilot-sobre-lus-de-la-tecnologia-5g-per-la-provisio-de-serveis-sanitaris-a-lentorn-domicilari-al-laboratori-5g-de-terres-de-lebre\/#primaryimage"},"image":{"@id":"https:\/\/ticsalutsocial.atoom.space\/es\/event\/presentacio-de-la-prova-pilot-sobre-lus-de-la-tecnologia-5g-per-la-provisio-de-serveis-sanitaris-a-lentorn-domicilari-al-laboratori-5g-de-terres-de-lebre\/#primaryimage"},"thumbnailUrl":"https:\/\/ticsalutsocial.atoom.space\/wp-content\/uploads\/2023\/09\/d0e01bc9-5f38-4b44-baad-130888c88687-2.jpg","datePublished":"2023-11-14T10:51:21+00:00","dateModified":"2023-11-14T11:56:02+00:00","breadcrumb":{"@id":"https:\/\/ticsalutsocial.atoom.space\/es\/event\/presentacio-de-la-prova-pilot-sobre-lus-de-la-tecnologia-5g-per-la-provisio-de-serveis-sanitaris-a-lentorn-domicilari-al-laboratori-5g-de-terres-de-lebre\/#breadcrumb"},"inLanguage":"es","potentialAction":[{"@type":"ReadAction","target":["https:\/\/ticsalutsocial.atoom.space\/es\/event\/presentacio-de-la-prova-pilot-sobre-lus-de-la-tecnologia-5g-per-la-provisio-de-serveis-sanitaris-a-lentorn-domicilari-al-laboratori-5g-de-terres-de-lebre\/"]}]},{"@type":"ImageObject","inLanguage":"es","@id":"https:\/\/ticsalutsocial.atoom.space\/es\/event\/presentacio-de-la-prova-pilot-sobre-lus-de-la-tecnologia-5g-per-la-provisio-de-serveis-sanitaris-a-lentorn-domicilari-al-laboratori-5g-de-terres-de-lebre\/#primaryimage","url":"https:\/\/ticsalutsocial.atoom.space\/wp-content\/uploads\/2023\/09\/d0e01bc9-5f38-4b44-baad-130888c88687-2.jpg","contentUrl":"https:\/\/ticsalutsocial.atoom.space\/wp-content\/uploads\/2023\/09\/d0e01bc9-5f38-4b44-baad-130888c88687-2.jpg","width":1203,"height":963},{"@type":"BreadcrumbList","@id":"https:\/\/ticsalutsocial.atoom.space\/es\/event\/presentacio-de-la-prova-pilot-sobre-lus-de-la-tecnologia-5g-per-la-provisio-de-serveis-sanitaris-a-lentorn-domicilari-al-laboratori-5g-de-terres-de-lebre\/#breadcrumb","itemListElement":[{"@type":"ListItem","position":1,"name":"Inici","item":"https:\/\/ticsalutsocial.atoom.space\/es\/"},{"@type":"ListItem","position":2,"name":"Presentaci\u00f3 de la Prova pilot sobre l\u2019\u00fas de la tecnologia 5G per la provisi\u00f3 de serveis sanitaris a l\u2019entorn domicilari al laboratori 5G de Terres de l\u2019Ebre"}]},{"@type":"WebSite","@id":"https:\/\/ticsalutsocial.atoom.space\/es\/#website","url":"https:\/\/ticsalutsocial.atoom.space\/es\/","name":"Fundaci\u00f3 TIC Salut i Social","description":"","potentialAction":[{"@type":"SearchAction","target":{"@type":"EntryPoint","urlTemplate":"https:\/\/ticsalutsocial.atoom.space\/es\/?s={search_term_string}"},"query-input":{"@type":"PropertyValueSpecification","valueRequired":true,"valueName":"search_term_string"}}],"inLanguage":"es"}]}},"_links":{"self":[{"href":"https:\/\/ticsalutsocial.atoom.space\/es\/wp-json\/wp\/v2\/event\/23336","targetHints":{"allow":["GET"]}}],"collection":[{"href":"https:\/\/ticsalutsocial.atoom.space\/es\/wp-json\/wp\/v2\/event"}],"about":[{"href":"https:\/\/ticsalutsocial.atoom.space\/es\/wp-json\/wp\/v2\/types\/event"}],"wp:featuredmedia":[{"embeddable":true,"href":"https:\/\/ticsalutsocial.atoom.space\/es\/wp-json\/wp\/v2\/media\/22002"}],"wp:attachment":[{"href":"https:\/\/ticsalutsocial.atoom.space\/es\/wp-json\/wp\/v2\/media?parent=23336"}],"wp:term":[{"taxonomy":"tipus","embeddable":true,"href":"https:\/\/ticsalutsocial.atoom.space\/es\/wp-json\/wp\/v2\/tipus?post=23336"},{"taxonomy":"topic","embeddable":true,"href":"https:\/\/ticsalutsocial.atoom.space\/es\/wp-json\/wp\/v2\/topic?post=23336"}],"curies":[{"name":"wp","href":"https:\/\/api.w.org\/{rel}","templated":true}]}}