
{"id":23895,"date":"2023-11-30T11:43:15","date_gmt":"2023-11-30T09:43:15","guid":{"rendered":"https:\/\/ticsalutsocial.atoom.space\/?post_type=event&#038;p=23895"},"modified":"2023-11-30T11:44:09","modified_gmt":"2023-11-30T09:44:09","slug":"jornada-la-intelligencia-artificial-aplicada-al-sector-salut-2a-edicio","status":"publish","type":"event","link":"https:\/\/ticsalutsocial.atoom.space\/es\/event\/jornada-la-intelligencia-artificial-aplicada-al-sector-salut-2a-edicio\/","title":{"rendered":"Jornada La intel\u00b7lig\u00e8ncia artificial aplicada al sector salut- 2a edici\u00f3"},"content":{"rendered":"\n<p><strong>Si ets professional de la salut del SISCAT<\/strong> <strong>et convidem a assistir al webinar \u2018La intel\u00b7lig\u00e8ncia artificial aplicada al sector salut\u2019<\/strong>. La sessi\u00f3 tindr\u00e0 lloc el proper 19 de desembre de 16:00h a 18:00h, i est\u00e0 impulsada per la\u00a0<a href=\"https:\/\/web.gencat.cat\/ca\/adreces-i-telefons\/detall\/index.html?codInf=19836\">Subdirecci\u00f3 General d\u2019Ordenaci\u00f3 i Desenvolupament Professional<\/a>\u00a0amb el suport de\u00a0<a href=\"https:\/\/bioinformaticsbarcelona.eu\/ca\/\">Bioinformatics Barcelona<\/a>.<\/p>\n\n\n\n<hr class=\"wp-block-separator has-alpha-channel-opacity\"\/>\n\n\n\n<h2 class=\"wp-block-heading\"><strong>Programa<\/strong><\/h2>\n\n\n\n<p><strong>Benvinguda (10 min) &#8211; A c\u00e0rrec del Departament de Salut<\/strong><\/p>\n\n\n\n<ul class=\"wp-block-list\">\n<li>Context de la sessi\u00f3 dins del pla del DS per formar els professionals en IA, referencia al<br>curs que es realitzar\u00e0 al 2024.<\/li>\n\n\n\n<li>Presentaci\u00f3 dels ponents.<\/li>\n<\/ul>\n\n\n\n<p><\/p>\n\n\n\n<p><strong>Context actual: reptes i oportunitats al sector salut (30 min)<\/strong><\/p>\n\n\n\n<ul class=\"wp-block-list\">\n<li>La revoluci\u00f3 de les dades<\/li>\n\n\n\n<li>Com es genera valor a partir de les dades? &#8211; Ponent- Ana Ripoll, Ci\u00e8ncies F\u00edsiques per la Universitat Complutense de Madrid (UCM) i Catedr\u00e0tica d\u2019Arquitectura i Tecnologia de Computadors a la Universitat Aut\u00f2noma de Barcelona (UAB)<\/li>\n<\/ul>\n\n\n\n<p><\/p>\n\n\n\n<p><strong>Introducci\u00f3 a la intel\u00b7lig\u00e8ncia artificial (30 min)<\/strong><\/p>\n\n\n\n<ul class=\"wp-block-list\">\n<li>Definici\u00f3, mites i realitats.<\/li>\n\n\n\n<li>Qu\u00e8 pot fer la IA en salut? Exemples<\/li>\n\n\n\n<li>Aspectes a tenir en compte.<\/li>\n\n\n\n<li>Precs i preguntes (10 min)<\/li>\n\n\n\n<li>Ponent-Jordi Vitri\u00e0, Catedr\u00e0tic al Departament de Matem\u00e0tiques i Inform\u00e0tica de la Universitat de Barcelona amb una \u00e0mplia experi\u00e8ncia en Ci\u00e8ncia de Dades i Intel\u00b7lig\u00e8ncia Artificial<\/li>\n<\/ul>\n\n\n\n<p><\/p>\n\n\n\n<p><strong>Aspectes legals i \u00e8tics per a l&#8217;\u00fas de dades (30 min)<\/strong><\/p>\n\n\n\n<ul class=\"wp-block-list\">\n<li>\u00c8tica versus legalitat<\/li>\n\n\n\n<li>La legalitat vigent<\/li>\n\n\n\n<li>La perspectiva dels pacients<\/li>\n\n\n\n<li>Precs i preguntes (10 min)<\/li>\n\n\n\n<li>Ponent- David, Doctor en Filosofia i m\u00e0ster en Ci\u00e8ncies Cognitives i del Llenguatge. Docent i investigador de filosofia de la ci\u00e8ncia a la Universitat Aut\u00f2noma de Barcelona<\/li>\n<\/ul>\n\n\n\n<hr class=\"wp-block-separator has-alpha-channel-opacity\"\/>\n\n\n\n<figure class=\"wp-block-image size-large\"><img loading=\"lazy\" decoding=\"async\" width=\"1024\" height=\"238\" src=\"https:\/\/ticsalutsocial.atoom.space\/wp-content\/uploads\/2023\/11\/logos-1024x238.png\" alt=\"\" class=\"wp-image-23888\" srcset=\"https:\/\/ticsalutsocial.atoom.space\/wp-content\/uploads\/2023\/11\/logos-1024x238.png 1024w, https:\/\/ticsalutsocial.atoom.space\/wp-content\/uploads\/2023\/11\/logos-300x70.png 300w, https:\/\/ticsalutsocial.atoom.space\/wp-content\/uploads\/2023\/11\/logos-768x179.png 768w, https:\/\/ticsalutsocial.atoom.space\/wp-content\/uploads\/2023\/11\/logos.png 1366w\" sizes=\"auto, (max-width: 1024px) 100vw, 1024px\" \/><\/figure>\n","protected":false},"featured_media":23884,"menu_order":0,"template":"","meta":{"_acf_changed":false,"inline_featured_image":false},"tipus":[879],"topic":[],"class_list":["post-23895","event","type-event","status-publish","has-post-thumbnail","hentry","tipus-inteligencia-artificial"],"acf":{"informacio":{"ubicacio":"Virtual s\u00edncrona","data":"19\/12\/2023","hora":"16:00 a 18:00","preu":"","inscripcions":"https:\/\/gencat.zoom.us\/webinar\/register\/WN_iF8qxUa5RF-Tqoj2NgN1Eg"},"programa":{"titol":"","items":false},"imatge":23884},"yoast_head":"<!-- This site is optimized with the Yoast SEO plugin v27.1.1 - https:\/\/yoast.com\/product\/yoast-seo-wordpress\/ -->\n<title>Jornada La intel\u00b7lig\u00e8ncia artificial aplicada al sector salut- 2a edici\u00f3 - Fundaci\u00f3 TIC Salut i Social<\/title>\n<meta name=\"robots\" content=\"index, follow, max-snippet:-1, max-image-preview:large, max-video-preview:-1\" \/>\n<link rel=\"canonical\" href=\"https:\/\/ticsalutsocial.atoom.space\/es\/event\/jornada-la-intelligencia-artificial-aplicada-al-sector-salut-2a-edicio\/\" \/>\n<meta property=\"og:locale\" content=\"es_ES\" \/>\n<meta property=\"og:type\" content=\"article\" \/>\n<meta property=\"og:title\" content=\"Jornada La intel\u00b7lig\u00e8ncia artificial aplicada al sector salut- 2a edici\u00f3 - Fundaci\u00f3 TIC Salut i Social\" \/>\n<meta property=\"og:description\" content=\"Si ets professional de la salut del SISCAT et convidem a assistir al webinar \u2018La intel\u00b7lig\u00e8ncia artificial aplicada al sector salut\u2019. La sessi\u00f3 tindr\u00e0 lloc el proper 19 de desembre de 16:00h a 18:00h, i est\u00e0 impulsada per la\u00a0Subdirecci\u00f3 General d\u2019Ordenaci\u00f3 i Desenvolupament Professional\u00a0amb el suport de\u00a0Bioinformatics Barcelona. Programa Benvinguda (10 min) &#8211; A c\u00e0rrec [&hellip;]\" \/>\n<meta property=\"og:url\" content=\"https:\/\/ticsalutsocial.atoom.space\/es\/event\/jornada-la-intelligencia-artificial-aplicada-al-sector-salut-2a-edicio\/\" \/>\n<meta property=\"og:site_name\" content=\"Fundaci\u00f3 TIC Salut i Social\" \/>\n<meta property=\"article:modified_time\" content=\"2023-11-30T09:44:09+00:00\" \/>\n<meta property=\"og:image\" content=\"https:\/\/ticsalutsocial.atoom.space\/wp-content\/uploads\/2023\/11\/iStock-962094932-per-informe-explicabilitat-scaled.jpg\" \/>\n\t<meta property=\"og:image:width\" content=\"2560\" \/>\n\t<meta property=\"og:image:height\" content=\"1356\" \/>\n\t<meta property=\"og:image:type\" content=\"image\/jpeg\" \/>\n<meta name=\"twitter:card\" content=\"summary_large_image\" \/>\n<meta name=\"twitter:label1\" content=\"Tiempo de lectura\" \/>\n\t<meta name=\"twitter:data1\" content=\"1 minuto\" \/>\n<script type=\"application\/ld+json\" class=\"yoast-schema-graph\">{\"@context\":\"https:\/\/schema.org\",\"@graph\":[{\"@type\":\"WebPage\",\"@id\":\"https:\/\/ticsalutsocial.atoom.space\/es\/event\/jornada-la-intelligencia-artificial-aplicada-al-sector-salut-2a-edicio\/\",\"url\":\"https:\/\/ticsalutsocial.atoom.space\/es\/event\/jornada-la-intelligencia-artificial-aplicada-al-sector-salut-2a-edicio\/\",\"name\":\"Jornada La intel\u00b7lig\u00e8ncia artificial aplicada al sector salut- 2a edici\u00f3 - Fundaci\u00f3 TIC Salut i Social\",\"isPartOf\":{\"@id\":\"https:\/\/ticsalutsocial.atoom.space\/es\/#website\"},\"primaryImageOfPage\":{\"@id\":\"https:\/\/ticsalutsocial.atoom.space\/es\/event\/jornada-la-intelligencia-artificial-aplicada-al-sector-salut-2a-edicio\/#primaryimage\"},\"image\":{\"@id\":\"https:\/\/ticsalutsocial.atoom.space\/es\/event\/jornada-la-intelligencia-artificial-aplicada-al-sector-salut-2a-edicio\/#primaryimage\"},\"thumbnailUrl\":\"https:\/\/ticsalutsocial.atoom.space\/wp-content\/uploads\/2023\/11\/iStock-962094932-per-informe-explicabilitat-scaled.jpg\",\"datePublished\":\"2023-11-30T09:43:15+00:00\",\"dateModified\":\"2023-11-30T09:44:09+00:00\",\"breadcrumb\":{\"@id\":\"https:\/\/ticsalutsocial.atoom.space\/es\/event\/jornada-la-intelligencia-artificial-aplicada-al-sector-salut-2a-edicio\/#breadcrumb\"},\"inLanguage\":\"es\",\"potentialAction\":[{\"@type\":\"ReadAction\",\"target\":[\"https:\/\/ticsalutsocial.atoom.space\/es\/event\/jornada-la-intelligencia-artificial-aplicada-al-sector-salut-2a-edicio\/\"]}]},{\"@type\":\"ImageObject\",\"inLanguage\":\"es\",\"@id\":\"https:\/\/ticsalutsocial.atoom.space\/es\/event\/jornada-la-intelligencia-artificial-aplicada-al-sector-salut-2a-edicio\/#primaryimage\",\"url\":\"https:\/\/ticsalutsocial.atoom.space\/wp-content\/uploads\/2023\/11\/iStock-962094932-per-informe-explicabilitat-scaled.jpg\",\"contentUrl\":\"https:\/\/ticsalutsocial.atoom.space\/wp-content\/uploads\/2023\/11\/iStock-962094932-per-informe-explicabilitat-scaled.jpg\",\"width\":2560,\"height\":1356,\"caption\":\"Doctor, surgeon analyzing patient brain testing result and human anatomy on technological digital futuristic virtual computer interface, digital holographic, innovative in science and medicine concept\"},{\"@type\":\"BreadcrumbList\",\"@id\":\"https:\/\/ticsalutsocial.atoom.space\/es\/event\/jornada-la-intelligencia-artificial-aplicada-al-sector-salut-2a-edicio\/#breadcrumb\",\"itemListElement\":[{\"@type\":\"ListItem\",\"position\":1,\"name\":\"Inici\",\"item\":\"https:\/\/ticsalutsocial.atoom.space\/es\/\"},{\"@type\":\"ListItem\",\"position\":2,\"name\":\"Jornada La intel\u00b7lig\u00e8ncia artificial aplicada al sector salut- 2a edici\u00f3\"}]},{\"@type\":\"WebSite\",\"@id\":\"https:\/\/ticsalutsocial.atoom.space\/es\/#website\",\"url\":\"https:\/\/ticsalutsocial.atoom.space\/es\/\",\"name\":\"Fundaci\u00f3 TIC Salut i Social\",\"description\":\"\",\"potentialAction\":[{\"@type\":\"SearchAction\",\"target\":{\"@type\":\"EntryPoint\",\"urlTemplate\":\"https:\/\/ticsalutsocial.atoom.space\/es\/?s={search_term_string}\"},\"query-input\":{\"@type\":\"PropertyValueSpecification\",\"valueRequired\":true,\"valueName\":\"search_term_string\"}}],\"inLanguage\":\"es\"}]}<\/script>\n<!-- \/ Yoast SEO plugin. -->","yoast_head_json":{"title":"Jornada La intel\u00b7lig\u00e8ncia artificial aplicada al sector salut- 2a edici\u00f3 - Fundaci\u00f3 TIC Salut i Social","robots":{"index":"index","follow":"follow","max-snippet":"max-snippet:-1","max-image-preview":"max-image-preview:large","max-video-preview":"max-video-preview:-1"},"canonical":"https:\/\/ticsalutsocial.atoom.space\/es\/event\/jornada-la-intelligencia-artificial-aplicada-al-sector-salut-2a-edicio\/","og_locale":"es_ES","og_type":"article","og_title":"Jornada La intel\u00b7lig\u00e8ncia artificial aplicada al sector salut- 2a edici\u00f3 - Fundaci\u00f3 TIC Salut i Social","og_description":"Si ets professional de la salut del SISCAT et convidem a assistir al webinar \u2018La intel\u00b7lig\u00e8ncia artificial aplicada al sector salut\u2019. La sessi\u00f3 tindr\u00e0 lloc el proper 19 de desembre de 16:00h a 18:00h, i est\u00e0 impulsada per la\u00a0Subdirecci\u00f3 General d\u2019Ordenaci\u00f3 i Desenvolupament Professional\u00a0amb el suport de\u00a0Bioinformatics Barcelona. Programa Benvinguda (10 min) &#8211; A c\u00e0rrec [&hellip;]","og_url":"https:\/\/ticsalutsocial.atoom.space\/es\/event\/jornada-la-intelligencia-artificial-aplicada-al-sector-salut-2a-edicio\/","og_site_name":"Fundaci\u00f3 TIC Salut i Social","article_modified_time":"2023-11-30T09:44:09+00:00","og_image":[{"width":2560,"height":1356,"url":"https:\/\/ticsalutsocial.atoom.space\/wp-content\/uploads\/2023\/11\/iStock-962094932-per-informe-explicabilitat-scaled.jpg","type":"image\/jpeg"}],"twitter_card":"summary_large_image","twitter_misc":{"Tiempo de lectura":"1 minuto"},"schema":{"@context":"https:\/\/schema.org","@graph":[{"@type":"WebPage","@id":"https:\/\/ticsalutsocial.atoom.space\/es\/event\/jornada-la-intelligencia-artificial-aplicada-al-sector-salut-2a-edicio\/","url":"https:\/\/ticsalutsocial.atoom.space\/es\/event\/jornada-la-intelligencia-artificial-aplicada-al-sector-salut-2a-edicio\/","name":"Jornada La intel\u00b7lig\u00e8ncia artificial aplicada al sector salut- 2a edici\u00f3 - Fundaci\u00f3 TIC Salut i Social","isPartOf":{"@id":"https:\/\/ticsalutsocial.atoom.space\/es\/#website"},"primaryImageOfPage":{"@id":"https:\/\/ticsalutsocial.atoom.space\/es\/event\/jornada-la-intelligencia-artificial-aplicada-al-sector-salut-2a-edicio\/#primaryimage"},"image":{"@id":"https:\/\/ticsalutsocial.atoom.space\/es\/event\/jornada-la-intelligencia-artificial-aplicada-al-sector-salut-2a-edicio\/#primaryimage"},"thumbnailUrl":"https:\/\/ticsalutsocial.atoom.space\/wp-content\/uploads\/2023\/11\/iStock-962094932-per-informe-explicabilitat-scaled.jpg","datePublished":"2023-11-30T09:43:15+00:00","dateModified":"2023-11-30T09:44:09+00:00","breadcrumb":{"@id":"https:\/\/ticsalutsocial.atoom.space\/es\/event\/jornada-la-intelligencia-artificial-aplicada-al-sector-salut-2a-edicio\/#breadcrumb"},"inLanguage":"es","potentialAction":[{"@type":"ReadAction","target":["https:\/\/ticsalutsocial.atoom.space\/es\/event\/jornada-la-intelligencia-artificial-aplicada-al-sector-salut-2a-edicio\/"]}]},{"@type":"ImageObject","inLanguage":"es","@id":"https:\/\/ticsalutsocial.atoom.space\/es\/event\/jornada-la-intelligencia-artificial-aplicada-al-sector-salut-2a-edicio\/#primaryimage","url":"https:\/\/ticsalutsocial.atoom.space\/wp-content\/uploads\/2023\/11\/iStock-962094932-per-informe-explicabilitat-scaled.jpg","contentUrl":"https:\/\/ticsalutsocial.atoom.space\/wp-content\/uploads\/2023\/11\/iStock-962094932-per-informe-explicabilitat-scaled.jpg","width":2560,"height":1356,"caption":"Doctor, surgeon analyzing patient brain testing result and human anatomy on technological digital futuristic virtual computer interface, digital holographic, innovative in science and medicine concept"},{"@type":"BreadcrumbList","@id":"https:\/\/ticsalutsocial.atoom.space\/es\/event\/jornada-la-intelligencia-artificial-aplicada-al-sector-salut-2a-edicio\/#breadcrumb","itemListElement":[{"@type":"ListItem","position":1,"name":"Inici","item":"https:\/\/ticsalutsocial.atoom.space\/es\/"},{"@type":"ListItem","position":2,"name":"Jornada La intel\u00b7lig\u00e8ncia artificial aplicada al sector salut- 2a edici\u00f3"}]},{"@type":"WebSite","@id":"https:\/\/ticsalutsocial.atoom.space\/es\/#website","url":"https:\/\/ticsalutsocial.atoom.space\/es\/","name":"Fundaci\u00f3 TIC Salut i Social","description":"","potentialAction":[{"@type":"SearchAction","target":{"@type":"EntryPoint","urlTemplate":"https:\/\/ticsalutsocial.atoom.space\/es\/?s={search_term_string}"},"query-input":{"@type":"PropertyValueSpecification","valueRequired":true,"valueName":"search_term_string"}}],"inLanguage":"es"}]}},"_links":{"self":[{"href":"https:\/\/ticsalutsocial.atoom.space\/es\/wp-json\/wp\/v2\/event\/23895","targetHints":{"allow":["GET"]}}],"collection":[{"href":"https:\/\/ticsalutsocial.atoom.space\/es\/wp-json\/wp\/v2\/event"}],"about":[{"href":"https:\/\/ticsalutsocial.atoom.space\/es\/wp-json\/wp\/v2\/types\/event"}],"wp:featuredmedia":[{"embeddable":true,"href":"https:\/\/ticsalutsocial.atoom.space\/es\/wp-json\/wp\/v2\/media\/23884"}],"wp:attachment":[{"href":"https:\/\/ticsalutsocial.atoom.space\/es\/wp-json\/wp\/v2\/media?parent=23895"}],"wp:term":[{"taxonomy":"tipus","embeddable":true,"href":"https:\/\/ticsalutsocial.atoom.space\/es\/wp-json\/wp\/v2\/tipus?post=23895"},{"taxonomy":"topic","embeddable":true,"href":"https:\/\/ticsalutsocial.atoom.space\/es\/wp-json\/wp\/v2\/topic?post=23895"}],"curies":[{"name":"wp","href":"https:\/\/api.w.org\/{rel}","templated":true}]}}