
{"id":25844,"date":"2024-03-05T11:24:19","date_gmt":"2024-03-05T09:24:19","guid":{"rendered":"https:\/\/ticsalutsocial.atoom.space\/?post_type=event&#038;p=25844"},"modified":"2024-03-12T12:29:28","modified_gmt":"2024-03-12T10:29:28","slug":"xxvii-congres-nacional-dinformatica-de-la-salut-2024","status":"publish","type":"event","link":"https:\/\/ticsalutsocial.atoom.space\/es\/event\/xxvii-congres-nacional-dinformatica-de-la-salut-2024\/","title":{"rendered":"XXVII Congr\u00e9s Nacional d&#8217;Inform\u00e0tica de la Salut 2024"},"content":{"rendered":"\n<p>La XXVI edici\u00f3 del Congr\u00e9s Nacional d&#8217;Inform\u00e0tica de la Salut (Inforsalut 2024) tindr\u00e0 lloc els dies 12, 13 i 14 de mar\u00e7 a Madrid. Aquest congr\u00e9s t\u00e9 per objectiu debatre i aprofundir en laspecte cr\u00edtic per a l\u00e8xit de la transformaci\u00f3 digital. Aix\u00f2 queda de manifest al mateix lema del Congr\u00e9s: \u201cLa cooperaci\u00f3 com a clau de l&#8217;\u00e8xit de la transformaci\u00f3 digital de l&#8217;SNS\u201d.<\/p>\n\n\n\n<p>Consulta el programa <a href=\"https:\/\/seis.es\/wp-content\/uploads\/2024\/03\/Programa-Inforsalud-24.pdf\" target=\"_blank\" rel=\"noreferrer noopener\">aqu\u00ed<\/a>.<\/p>\n","protected":false},"featured_media":25842,"menu_order":0,"template":"","meta":{"_acf_changed":false,"inline_featured_image":false},"tipus":[654],"topic":[],"class_list":["post-25844","event","type-event","status-publish","has-post-thumbnail","hentry","tipus-activos-digitales"],"acf":{"imatge":25842,"informacio":{"ubicacio":"Hotel NH Collection Madrid Eurobuilding","data":"12\/03\/2024","hora":"","preu":"","inscripcions":"https:\/\/congresos.cefic.es\/inscripcion.php?evento=6"},"programa":{"titol":"L'equip de la Fundaci\u00f3 participar\u00e0 a les seg\u00fcents sessions:","items":[{"titol":"13 mar\u00e7 11:30 - \u201cUsabilitat dels drons per al transport de mostres biol\u00f2giques per al XXVII Congr\u00e9s Nacional d'Inform\u00e0tica de la Salut\"","contingut":"N. Dom\u00e8nech, P. Gassiot, E. G\u00f3mez, J. Piqu\u00e9, F. Soldevila"},{"titol":"13 mar\u00e7 11:30h - \"Integraci\u00f3 de drones a l'entorn sanitari: l'estrat\u00e8gia del sistema sanitari catal\u00e0\"","contingut":"N\u00faria Abdon - Responsable de l'\u00e0rea d'Atenci\u00f3 Digital Personalitzada."},{"titol":"13 mar\u00e7 16:00h - \u201cCooperaci\u00f3 davant del marc legal i regulador de la intel\u00b7lig\u00e8ncia artificial en salut\u201d","contingut":"Carlos Gallego - Director de l'\u00e0rea de Transformaci\u00f3 Digital de la Fundaci\u00f3."},{"titol":"13 mar\u00e7 18:00h - \"Impuls de l'\u00fas de solucions digitals de salut i benestar al sistema sanitari catal\u00e0\"","contingut":"Carme Pratdep\u00e0dua - Responsable de l'\u00e0rea d'Actius Digitals"}]}},"yoast_head":"<!-- This site is optimized with the Yoast SEO plugin v27.1.1 - https:\/\/yoast.com\/product\/yoast-seo-wordpress\/ -->\n<title>XXVII Congr\u00e9s Nacional d&#039;Inform\u00e0tica de la Salut 2024 - Fundaci\u00f3 TIC Salut i Social<\/title>\n<meta name=\"robots\" content=\"index, follow, max-snippet:-1, max-image-preview:large, max-video-preview:-1\" \/>\n<link rel=\"canonical\" href=\"https:\/\/ticsalutsocial.atoom.space\/es\/event\/xxvii-congres-nacional-dinformatica-de-la-salut-2024\/\" \/>\n<meta property=\"og:locale\" content=\"es_ES\" \/>\n<meta property=\"og:type\" content=\"article\" \/>\n<meta property=\"og:title\" content=\"XXVII Congr\u00e9s Nacional d&#039;Inform\u00e0tica de la Salut 2024 - Fundaci\u00f3 TIC Salut i Social\" \/>\n<meta property=\"og:description\" content=\"La XXVI edici\u00f3 del Congr\u00e9s Nacional d&#8217;Inform\u00e0tica de la Salut (Inforsalut 2024) tindr\u00e0 lloc els dies 12, 13 i 14 de mar\u00e7 a Madrid. Aquest congr\u00e9s t\u00e9 per objectiu debatre i aprofundir en laspecte cr\u00edtic per a l\u00e8xit de la transformaci\u00f3 digital. Aix\u00f2 queda de manifest al mateix lema del Congr\u00e9s: \u201cLa cooperaci\u00f3 com a [&hellip;]\" \/>\n<meta property=\"og:url\" content=\"https:\/\/ticsalutsocial.atoom.space\/es\/event\/xxvii-congres-nacional-dinformatica-de-la-salut-2024\/\" \/>\n<meta property=\"og:site_name\" content=\"Fundaci\u00f3 TIC Salut i Social\" \/>\n<meta property=\"article:modified_time\" content=\"2024-03-12T10:29:28+00:00\" \/>\n<meta property=\"og:image\" content=\"https:\/\/ticsalutsocial.atoom.space\/wp-content\/uploads\/2024\/03\/infors@lud.png\" \/>\n\t<meta property=\"og:image:width\" content=\"827\" \/>\n\t<meta property=\"og:image:height\" content=\"754\" \/>\n\t<meta property=\"og:image:type\" content=\"image\/png\" \/>\n<meta name=\"twitter:card\" content=\"summary_large_image\" \/>\n<script type=\"application\/ld+json\" class=\"yoast-schema-graph\">{\"@context\":\"https:\/\/schema.org\",\"@graph\":[{\"@type\":\"WebPage\",\"@id\":\"https:\/\/ticsalutsocial.atoom.space\/es\/event\/xxvii-congres-nacional-dinformatica-de-la-salut-2024\/\",\"url\":\"https:\/\/ticsalutsocial.atoom.space\/es\/event\/xxvii-congres-nacional-dinformatica-de-la-salut-2024\/\",\"name\":\"XXVII Congr\u00e9s Nacional d'Inform\u00e0tica de la Salut 2024 - Fundaci\u00f3 TIC Salut i Social\",\"isPartOf\":{\"@id\":\"https:\/\/ticsalutsocial.atoom.space\/es\/#website\"},\"primaryImageOfPage\":{\"@id\":\"https:\/\/ticsalutsocial.atoom.space\/es\/event\/xxvii-congres-nacional-dinformatica-de-la-salut-2024\/#primaryimage\"},\"image\":{\"@id\":\"https:\/\/ticsalutsocial.atoom.space\/es\/event\/xxvii-congres-nacional-dinformatica-de-la-salut-2024\/#primaryimage\"},\"thumbnailUrl\":\"https:\/\/ticsalutsocial.atoom.space\/wp-content\/uploads\/2024\/03\/infors@lud.png\",\"datePublished\":\"2024-03-05T09:24:19+00:00\",\"dateModified\":\"2024-03-12T10:29:28+00:00\",\"breadcrumb\":{\"@id\":\"https:\/\/ticsalutsocial.atoom.space\/es\/event\/xxvii-congres-nacional-dinformatica-de-la-salut-2024\/#breadcrumb\"},\"inLanguage\":\"es\",\"potentialAction\":[{\"@type\":\"ReadAction\",\"target\":[\"https:\/\/ticsalutsocial.atoom.space\/es\/event\/xxvii-congres-nacional-dinformatica-de-la-salut-2024\/\"]}]},{\"@type\":\"ImageObject\",\"inLanguage\":\"es\",\"@id\":\"https:\/\/ticsalutsocial.atoom.space\/es\/event\/xxvii-congres-nacional-dinformatica-de-la-salut-2024\/#primaryimage\",\"url\":\"https:\/\/ticsalutsocial.atoom.space\/wp-content\/uploads\/2024\/03\/infors@lud.png\",\"contentUrl\":\"https:\/\/ticsalutsocial.atoom.space\/wp-content\/uploads\/2024\/03\/infors@lud.png\",\"width\":827,\"height\":754},{\"@type\":\"BreadcrumbList\",\"@id\":\"https:\/\/ticsalutsocial.atoom.space\/es\/event\/xxvii-congres-nacional-dinformatica-de-la-salut-2024\/#breadcrumb\",\"itemListElement\":[{\"@type\":\"ListItem\",\"position\":1,\"name\":\"Inici\",\"item\":\"https:\/\/ticsalutsocial.atoom.space\/es\/\"},{\"@type\":\"ListItem\",\"position\":2,\"name\":\"XXVII Congr\u00e9s Nacional d&#8217;Inform\u00e0tica de la Salut 2024\"}]},{\"@type\":\"WebSite\",\"@id\":\"https:\/\/ticsalutsocial.atoom.space\/es\/#website\",\"url\":\"https:\/\/ticsalutsocial.atoom.space\/es\/\",\"name\":\"Fundaci\u00f3 TIC Salut i Social\",\"description\":\"\",\"potentialAction\":[{\"@type\":\"SearchAction\",\"target\":{\"@type\":\"EntryPoint\",\"urlTemplate\":\"https:\/\/ticsalutsocial.atoom.space\/es\/?s={search_term_string}\"},\"query-input\":{\"@type\":\"PropertyValueSpecification\",\"valueRequired\":true,\"valueName\":\"search_term_string\"}}],\"inLanguage\":\"es\"}]}<\/script>\n<!-- \/ Yoast SEO plugin. -->","yoast_head_json":{"title":"XXVII Congr\u00e9s Nacional d'Inform\u00e0tica de la Salut 2024 - Fundaci\u00f3 TIC Salut i Social","robots":{"index":"index","follow":"follow","max-snippet":"max-snippet:-1","max-image-preview":"max-image-preview:large","max-video-preview":"max-video-preview:-1"},"canonical":"https:\/\/ticsalutsocial.atoom.space\/es\/event\/xxvii-congres-nacional-dinformatica-de-la-salut-2024\/","og_locale":"es_ES","og_type":"article","og_title":"XXVII Congr\u00e9s Nacional d'Inform\u00e0tica de la Salut 2024 - Fundaci\u00f3 TIC Salut i Social","og_description":"La XXVI edici\u00f3 del Congr\u00e9s Nacional d&#8217;Inform\u00e0tica de la Salut (Inforsalut 2024) tindr\u00e0 lloc els dies 12, 13 i 14 de mar\u00e7 a Madrid. Aquest congr\u00e9s t\u00e9 per objectiu debatre i aprofundir en laspecte cr\u00edtic per a l\u00e8xit de la transformaci\u00f3 digital. Aix\u00f2 queda de manifest al mateix lema del Congr\u00e9s: \u201cLa cooperaci\u00f3 com a [&hellip;]","og_url":"https:\/\/ticsalutsocial.atoom.space\/es\/event\/xxvii-congres-nacional-dinformatica-de-la-salut-2024\/","og_site_name":"Fundaci\u00f3 TIC Salut i Social","article_modified_time":"2024-03-12T10:29:28+00:00","og_image":[{"width":827,"height":754,"url":"https:\/\/ticsalutsocial.atoom.space\/wp-content\/uploads\/2024\/03\/infors@lud.png","type":"image\/png"}],"twitter_card":"summary_large_image","schema":{"@context":"https:\/\/schema.org","@graph":[{"@type":"WebPage","@id":"https:\/\/ticsalutsocial.atoom.space\/es\/event\/xxvii-congres-nacional-dinformatica-de-la-salut-2024\/","url":"https:\/\/ticsalutsocial.atoom.space\/es\/event\/xxvii-congres-nacional-dinformatica-de-la-salut-2024\/","name":"XXVII Congr\u00e9s Nacional d'Inform\u00e0tica de la Salut 2024 - Fundaci\u00f3 TIC Salut i Social","isPartOf":{"@id":"https:\/\/ticsalutsocial.atoom.space\/es\/#website"},"primaryImageOfPage":{"@id":"https:\/\/ticsalutsocial.atoom.space\/es\/event\/xxvii-congres-nacional-dinformatica-de-la-salut-2024\/#primaryimage"},"image":{"@id":"https:\/\/ticsalutsocial.atoom.space\/es\/event\/xxvii-congres-nacional-dinformatica-de-la-salut-2024\/#primaryimage"},"thumbnailUrl":"https:\/\/ticsalutsocial.atoom.space\/wp-content\/uploads\/2024\/03\/infors@lud.png","datePublished":"2024-03-05T09:24:19+00:00","dateModified":"2024-03-12T10:29:28+00:00","breadcrumb":{"@id":"https:\/\/ticsalutsocial.atoom.space\/es\/event\/xxvii-congres-nacional-dinformatica-de-la-salut-2024\/#breadcrumb"},"inLanguage":"es","potentialAction":[{"@type":"ReadAction","target":["https:\/\/ticsalutsocial.atoom.space\/es\/event\/xxvii-congres-nacional-dinformatica-de-la-salut-2024\/"]}]},{"@type":"ImageObject","inLanguage":"es","@id":"https:\/\/ticsalutsocial.atoom.space\/es\/event\/xxvii-congres-nacional-dinformatica-de-la-salut-2024\/#primaryimage","url":"https:\/\/ticsalutsocial.atoom.space\/wp-content\/uploads\/2024\/03\/infors@lud.png","contentUrl":"https:\/\/ticsalutsocial.atoom.space\/wp-content\/uploads\/2024\/03\/infors@lud.png","width":827,"height":754},{"@type":"BreadcrumbList","@id":"https:\/\/ticsalutsocial.atoom.space\/es\/event\/xxvii-congres-nacional-dinformatica-de-la-salut-2024\/#breadcrumb","itemListElement":[{"@type":"ListItem","position":1,"name":"Inici","item":"https:\/\/ticsalutsocial.atoom.space\/es\/"},{"@type":"ListItem","position":2,"name":"XXVII Congr\u00e9s Nacional d&#8217;Inform\u00e0tica de la Salut 2024"}]},{"@type":"WebSite","@id":"https:\/\/ticsalutsocial.atoom.space\/es\/#website","url":"https:\/\/ticsalutsocial.atoom.space\/es\/","name":"Fundaci\u00f3 TIC Salut i Social","description":"","potentialAction":[{"@type":"SearchAction","target":{"@type":"EntryPoint","urlTemplate":"https:\/\/ticsalutsocial.atoom.space\/es\/?s={search_term_string}"},"query-input":{"@type":"PropertyValueSpecification","valueRequired":true,"valueName":"search_term_string"}}],"inLanguage":"es"}]}},"_links":{"self":[{"href":"https:\/\/ticsalutsocial.atoom.space\/es\/wp-json\/wp\/v2\/event\/25844","targetHints":{"allow":["GET"]}}],"collection":[{"href":"https:\/\/ticsalutsocial.atoom.space\/es\/wp-json\/wp\/v2\/event"}],"about":[{"href":"https:\/\/ticsalutsocial.atoom.space\/es\/wp-json\/wp\/v2\/types\/event"}],"wp:featuredmedia":[{"embeddable":true,"href":"https:\/\/ticsalutsocial.atoom.space\/es\/wp-json\/wp\/v2\/media\/25842"}],"wp:attachment":[{"href":"https:\/\/ticsalutsocial.atoom.space\/es\/wp-json\/wp\/v2\/media?parent=25844"}],"wp:term":[{"taxonomy":"tipus","embeddable":true,"href":"https:\/\/ticsalutsocial.atoom.space\/es\/wp-json\/wp\/v2\/tipus?post=25844"},{"taxonomy":"topic","embeddable":true,"href":"https:\/\/ticsalutsocial.atoom.space\/es\/wp-json\/wp\/v2\/topic?post=25844"}],"curies":[{"name":"wp","href":"https:\/\/api.w.org\/{rel}","templated":true}]}}