
{"id":26039,"date":"2024-03-21T10:58:52","date_gmt":"2024-03-21T08:58:52","guid":{"rendered":"https:\/\/ticsalutsocial.atoom.space\/event\/acte-de-presentacio-de-les-bases-de-la-consulta-preliminar-de-mercat-del-repte-sobre-prevencio-de-problemes-de-salut-relacionats-amb-els-medicaments\/"},"modified":"2024-04-04T10:25:13","modified_gmt":"2024-04-04T08:25:13","slug":"acte-de-presentacio-de-les-bases-de-la-consulta-preliminar-de-mercat-del-repte-sobre-prevencio-de-problemes-de-salut-relacionats-amb-els-medicaments","status":"publish","type":"event","link":"https:\/\/ticsalutsocial.atoom.space\/es\/event\/acte-de-presentacio-de-les-bases-de-la-consulta-preliminar-de-mercat-del-repte-sobre-prevencio-de-problemes-de-salut-relacionats-amb-els-medicaments\/","title":{"rendered":"Acto de presentaci\u00f3n de las bases de la consulta preliminar de mercado del reto sobre prevenci\u00f3n de problemas de salud relacionados con los medicamentos"},"content":{"rendered":"\n<p>El 4 de abril de 2024, de 10.00h a 11.30h se presentar\u00e1n las bases de la Consulta preliminar en el Mercado. El acto se podr\u00e1 seguir de forma presencial en el Sal\u00f3n de Actos del edificio Salvany (Calle Roc Boronat 81-95, Barcelona) o por streaming.<strong> <a href=\"https:\/\/www.eventbrite.com\/e\/cerca-de-solucions-dia-per-promoure-la-prevencio-dels-medicaments-tickets-865340104547?aff=oddtdtcreator\">Es necesaria inscripci\u00f3n previa en este enlace<\/a><\/strong>.<\/p>\n\n\n\n<p>El objeto de este acto es proporcionar informaci\u00f3n anticipada de la realizaci\u00f3n de una consulta preliminar de mercado para captar la disponibilidad o posibilidades que el mercado pueda desarrollar, de soluciones basadas en IA para prevenir problemas de salud relacionados con los medicamentos a partir de los datos cl\u00ednicos disponibles del propio sistema de salud.<\/p>\n\n\n\n<p>Tambi\u00e9n es objeto de la presente consulta informar sobre el futuro procedimiento de licitaci\u00f3n para conseguir la m\u00e1xima participaci\u00f3n de las partes interesadas, conocer las caracter\u00edsticas t\u00e9cnicas y la calidad de las soluciones propuestas por el mercado y permitir a los interesados formular comentarios y sugerencias que se tengan en consideraci\u00f3n por el \u00f3rgano de contrataci\u00f3n en la preparaci\u00f3n de la licitaci\u00f3n del proyecto, dentro del marco del Programa Salut\/IA.<\/p>\n\n\n\n<p>Los objetivos principales, que no \u00fanicos, son: predecir problemas de salud relacionados con los medicamentos de los usuarios del sistema de salud de Catalu\u00f1a por su prevenci\u00f3n mediante la comunicaci\u00f3n de este riesgo a los profesionales sanitarios para que puedan anticipar acciones correctivas mejorando uso seguro de los medicamentos y contribuyendo a la eficiencia de \u00e9stos y del sistema de salud. Otro de sus objetivos est\u00e1 relacionado con la reutilizaci\u00f3n de los datos cl\u00ednicos disponibles para generar conocimiento en el uso seguro de los medicamentos.<\/p>\n\n\n\n<p><a href=\"https:\/\/contractaciopublica.cat\/ca\/detall-publicacio\/300095013\" target=\"_blank\" rel=\"noreferrer noopener\"><strong>Consulta en este enlace la publicaci\u00f3n de la consulta preliminar en el mercado<\/strong><\/a>, publicada el 15 de marzo de 2024 en la Plataforma de Servicios de Contrataci\u00f3n P\u00fablica.<\/p>\n\n\n\n<h2 class=\"wp-block-heading\"><strong>Programa:<\/strong><\/h2>\n\n\n\n<p><strong>10:00h &#8211; Acreditaciones<\/strong><\/p>\n\n\n\n<p><strong>10:05h &#8211; El Programa Salut\/IA y la implementaci\u00f3n de la inteligencia artificial en el Sistema de Salud de Catalu\u00f1a.<\/strong><\/p>\n\n\n\n<ul class=\"wp-block-list\">\n<li>Joan Guanyabens. Director de la Fundaci\u00f3n TIC Salud Social.<\/li>\n<\/ul>\n\n\n\n<p><strong>10:15h &#8211; El Centro de inteligencia artificial en medicamentos y la metodolog\u00eda de casos de uso.<\/strong><\/p>\n\n\n\n<ul class=\"wp-block-list\">\n<li>Antoni Gilabert. Director de Innovaci\u00f3n y Partenariado del Consorcio de Salud y Social de Catalunya <\/li>\n<\/ul>\n\n\n\n<ul class=\"wp-block-list\">\n<li>Josep Maria Guiu. Director del \u00c1rea de Farmacia y Medicamento del Consorcio de Salud y Social de Catalunya.<\/li>\n<\/ul>\n\n\n\n<p><strong>10:30h \u2013 Los problemas de salud relacionados con los medicamentos y su abordaje en el sistema de salud<\/strong><\/p>\n\n\n\n<ul class=\"wp-block-list\">\n<li>Andrea Molina. Divisi\u00f3n de Prestaciones farmac\u00e9uticas del \u00c1rea del medicamento del Sistema de Salud<\/li>\n<\/ul>\n\n\n\n<p><strong>10:45h &#8211; Estado del arte de las soluciones digitales para la prevenci\u00f3n de los problemas de salud relacionados con los medicamentos.<\/strong><\/p>\n\n\n\n<ul class=\"wp-block-list\">\n<li>Susanna Auss\u00f3. Responsable de inteligencia artificial de la Fundaci\u00f3n TIC Salud Social y secretaria t\u00e9cnica del Programa Salut\/IA.<\/li>\n<\/ul>\n\n\n\n<p><strong>11:00h &#8211; El C\u00f3digo Medicamento<\/strong><\/p>\n\n\n\n<ul class=\"wp-block-list\">\n<li>Ana Juanes. Farmac\u00e9utica especialista del servicio de farmacia del hospital de Sant Pau<\/li>\n<\/ul>\n\n\n\n<p><strong>11:15h &#8211; El Proceso de la Consulta Preliminar en el Mercado.<\/strong><\/p>\n\n\n\n<ul class=\"wp-block-list\">\n<li>Rossana Alessandrello. Directora de Compra basada en valor de AQuAS<\/li>\n<\/ul>\n\n\n\n<p><strong>11:25h &#8211; Turno abierto de preguntas. <\/strong><\/p>\n\n\n\n<p><strong>11:30h &#8211; Clausura.<\/strong><\/p>\n","protected":false},"featured_media":26136,"menu_order":0,"template":"","meta":{"_acf_changed":true,"inline_featured_image":false},"tipus":[879],"topic":[],"class_list":["post-26039","event","type-event","status-publish","has-post-thumbnail","hentry","tipus-inteligencia-artificial"],"acf":{"informacio":{"ubicacio":"Sala d\u2019Actes de l\u2019edifici Salvany (Carrer Roc Boronat 81-95, Barcelona) ","data":"04\/04\/2024","hora":"","preu":"","inscripcions":"https:\/\/www.eventbrite.com\/e\/cerca-de-solucions-dia-per-promoure-la-prevencio-dels-medicaments-tickets-865340104547?aff=oddtdtcreator"},"programa":{"titol":"","items":false},"imatge":26136,"documents":false},"yoast_head":"<!-- This site is optimized with the Yoast SEO plugin v27.1.1 - https:\/\/yoast.com\/product\/yoast-seo-wordpress\/ -->\n<title>Acto de presentaci\u00f3n de las bases de la consulta preliminar de mercado del reto sobre prevenci\u00f3n de problemas de salud relacionados con los medicamentos - Fundaci\u00f3 TIC Salut i Social<\/title>\n<meta name=\"robots\" content=\"index, follow, max-snippet:-1, max-image-preview:large, max-video-preview:-1\" \/>\n<link rel=\"canonical\" href=\"https:\/\/ticsalutsocial.atoom.space\/es\/event\/acte-de-presentacio-de-les-bases-de-la-consulta-preliminar-de-mercat-del-repte-sobre-prevencio-de-problemes-de-salut-relacionats-amb-els-medicaments\/\" \/>\n<meta property=\"og:locale\" content=\"es_ES\" \/>\n<meta property=\"og:type\" content=\"article\" \/>\n<meta property=\"og:title\" content=\"Acto de presentaci\u00f3n de las bases de la consulta preliminar de mercado del reto sobre prevenci\u00f3n de problemas de salud relacionados con los medicamentos - Fundaci\u00f3 TIC Salut i Social\" \/>\n<meta property=\"og:description\" content=\"El 4 de abril de 2024, de 10.00h a 11.30h se presentar\u00e1n las bases de la Consulta preliminar en el Mercado. El acto se podr\u00e1 seguir de forma presencial en el Sal\u00f3n de Actos del edificio Salvany (Calle Roc Boronat 81-95, Barcelona) o por streaming. Es necesaria inscripci\u00f3n previa en este enlace. El objeto de [&hellip;]\" \/>\n<meta property=\"og:url\" content=\"https:\/\/ticsalutsocial.atoom.space\/es\/event\/acte-de-presentacio-de-les-bases-de-la-consulta-preliminar-de-mercat-del-repte-sobre-prevencio-de-problemes-de-salut-relacionats-amb-els-medicaments\/\" \/>\n<meta property=\"og:site_name\" content=\"Fundaci\u00f3 TIC Salut i Social\" \/>\n<meta property=\"article:modified_time\" content=\"2024-04-04T08:25:13+00:00\" \/>\n<meta property=\"og:image\" content=\"https:\/\/ticsalutsocial.atoom.space\/wp-content\/uploads\/2024\/03\/MicrosoftTeams-image-67-1024x576.png\" \/>\n\t<meta property=\"og:image:width\" content=\"1024\" \/>\n\t<meta property=\"og:image:height\" content=\"576\" \/>\n\t<meta property=\"og:image:type\" content=\"image\/png\" \/>\n<meta name=\"twitter:card\" content=\"summary_large_image\" \/>\n<meta name=\"twitter:label1\" content=\"Tiempo de lectura\" \/>\n\t<meta name=\"twitter:data1\" content=\"3 minutos\" \/>\n<script type=\"application\/ld+json\" class=\"yoast-schema-graph\">{\"@context\":\"https:\/\/schema.org\",\"@graph\":[{\"@type\":\"WebPage\",\"@id\":\"https:\/\/ticsalutsocial.atoom.space\/es\/event\/acte-de-presentacio-de-les-bases-de-la-consulta-preliminar-de-mercat-del-repte-sobre-prevencio-de-problemes-de-salut-relacionats-amb-els-medicaments\/\",\"url\":\"https:\/\/ticsalutsocial.atoom.space\/es\/event\/acte-de-presentacio-de-les-bases-de-la-consulta-preliminar-de-mercat-del-repte-sobre-prevencio-de-problemes-de-salut-relacionats-amb-els-medicaments\/\",\"name\":\"Acto de presentaci\u00f3n de las bases de la consulta preliminar de mercado del reto sobre prevenci\u00f3n de problemas de salud relacionados con los medicamentos - Fundaci\u00f3 TIC Salut i Social\",\"isPartOf\":{\"@id\":\"https:\/\/ticsalutsocial.atoom.space\/es\/#website\"},\"primaryImageOfPage\":{\"@id\":\"https:\/\/ticsalutsocial.atoom.space\/es\/event\/acte-de-presentacio-de-les-bases-de-la-consulta-preliminar-de-mercat-del-repte-sobre-prevencio-de-problemes-de-salut-relacionats-amb-els-medicaments\/#primaryimage\"},\"image\":{\"@id\":\"https:\/\/ticsalutsocial.atoom.space\/es\/event\/acte-de-presentacio-de-les-bases-de-la-consulta-preliminar-de-mercat-del-repte-sobre-prevencio-de-problemes-de-salut-relacionats-amb-els-medicaments\/#primaryimage\"},\"thumbnailUrl\":\"https:\/\/ticsalutsocial.atoom.space\/wp-content\/uploads\/2024\/03\/MicrosoftTeams-image-67.png\",\"datePublished\":\"2024-03-21T08:58:52+00:00\",\"dateModified\":\"2024-04-04T08:25:13+00:00\",\"breadcrumb\":{\"@id\":\"https:\/\/ticsalutsocial.atoom.space\/es\/event\/acte-de-presentacio-de-les-bases-de-la-consulta-preliminar-de-mercat-del-repte-sobre-prevencio-de-problemes-de-salut-relacionats-amb-els-medicaments\/#breadcrumb\"},\"inLanguage\":\"es\",\"potentialAction\":[{\"@type\":\"ReadAction\",\"target\":[\"https:\/\/ticsalutsocial.atoom.space\/es\/event\/acte-de-presentacio-de-les-bases-de-la-consulta-preliminar-de-mercat-del-repte-sobre-prevencio-de-problemes-de-salut-relacionats-amb-els-medicaments\/\"]}]},{\"@type\":\"ImageObject\",\"inLanguage\":\"es\",\"@id\":\"https:\/\/ticsalutsocial.atoom.space\/es\/event\/acte-de-presentacio-de-les-bases-de-la-consulta-preliminar-de-mercat-del-repte-sobre-prevencio-de-problemes-de-salut-relacionats-amb-els-medicaments\/#primaryimage\",\"url\":\"https:\/\/ticsalutsocial.atoom.space\/wp-content\/uploads\/2024\/03\/MicrosoftTeams-image-67.png\",\"contentUrl\":\"https:\/\/ticsalutsocial.atoom.space\/wp-content\/uploads\/2024\/03\/MicrosoftTeams-image-67.png\",\"width\":1920,\"height\":1080},{\"@type\":\"BreadcrumbList\",\"@id\":\"https:\/\/ticsalutsocial.atoom.space\/es\/event\/acte-de-presentacio-de-les-bases-de-la-consulta-preliminar-de-mercat-del-repte-sobre-prevencio-de-problemes-de-salut-relacionats-amb-els-medicaments\/#breadcrumb\",\"itemListElement\":[{\"@type\":\"ListItem\",\"position\":1,\"name\":\"Inici\",\"item\":\"https:\/\/ticsalutsocial.atoom.space\/es\/\"},{\"@type\":\"ListItem\",\"position\":2,\"name\":\"Acto de presentaci\u00f3n de las bases de la consulta preliminar de mercado del reto sobre prevenci\u00f3n de problemas de salud relacionados con los medicamentos\"}]},{\"@type\":\"WebSite\",\"@id\":\"https:\/\/ticsalutsocial.atoom.space\/es\/#website\",\"url\":\"https:\/\/ticsalutsocial.atoom.space\/es\/\",\"name\":\"Fundaci\u00f3 TIC Salut i Social\",\"description\":\"\",\"potentialAction\":[{\"@type\":\"SearchAction\",\"target\":{\"@type\":\"EntryPoint\",\"urlTemplate\":\"https:\/\/ticsalutsocial.atoom.space\/es\/?s={search_term_string}\"},\"query-input\":{\"@type\":\"PropertyValueSpecification\",\"valueRequired\":true,\"valueName\":\"search_term_string\"}}],\"inLanguage\":\"es\"}]}<\/script>\n<!-- \/ Yoast SEO plugin. -->","yoast_head_json":{"title":"Acto de presentaci\u00f3n de las bases de la consulta preliminar de mercado del reto sobre prevenci\u00f3n de problemas de salud relacionados con los medicamentos - Fundaci\u00f3 TIC Salut i Social","robots":{"index":"index","follow":"follow","max-snippet":"max-snippet:-1","max-image-preview":"max-image-preview:large","max-video-preview":"max-video-preview:-1"},"canonical":"https:\/\/ticsalutsocial.atoom.space\/es\/event\/acte-de-presentacio-de-les-bases-de-la-consulta-preliminar-de-mercat-del-repte-sobre-prevencio-de-problemes-de-salut-relacionats-amb-els-medicaments\/","og_locale":"es_ES","og_type":"article","og_title":"Acto de presentaci\u00f3n de las bases de la consulta preliminar de mercado del reto sobre prevenci\u00f3n de problemas de salud relacionados con los medicamentos - Fundaci\u00f3 TIC Salut i Social","og_description":"El 4 de abril de 2024, de 10.00h a 11.30h se presentar\u00e1n las bases de la Consulta preliminar en el Mercado. El acto se podr\u00e1 seguir de forma presencial en el Sal\u00f3n de Actos del edificio Salvany (Calle Roc Boronat 81-95, Barcelona) o por streaming. Es necesaria inscripci\u00f3n previa en este enlace. El objeto de [&hellip;]","og_url":"https:\/\/ticsalutsocial.atoom.space\/es\/event\/acte-de-presentacio-de-les-bases-de-la-consulta-preliminar-de-mercat-del-repte-sobre-prevencio-de-problemes-de-salut-relacionats-amb-els-medicaments\/","og_site_name":"Fundaci\u00f3 TIC Salut i Social","article_modified_time":"2024-04-04T08:25:13+00:00","og_image":[{"width":1024,"height":576,"url":"https:\/\/ticsalutsocial.atoom.space\/wp-content\/uploads\/2024\/03\/MicrosoftTeams-image-67-1024x576.png","type":"image\/png"}],"twitter_card":"summary_large_image","twitter_misc":{"Tiempo de lectura":"3 minutos"},"schema":{"@context":"https:\/\/schema.org","@graph":[{"@type":"WebPage","@id":"https:\/\/ticsalutsocial.atoom.space\/es\/event\/acte-de-presentacio-de-les-bases-de-la-consulta-preliminar-de-mercat-del-repte-sobre-prevencio-de-problemes-de-salut-relacionats-amb-els-medicaments\/","url":"https:\/\/ticsalutsocial.atoom.space\/es\/event\/acte-de-presentacio-de-les-bases-de-la-consulta-preliminar-de-mercat-del-repte-sobre-prevencio-de-problemes-de-salut-relacionats-amb-els-medicaments\/","name":"Acto de presentaci\u00f3n de las bases de la consulta preliminar de mercado del reto sobre prevenci\u00f3n de problemas de salud relacionados con los medicamentos - Fundaci\u00f3 TIC Salut i Social","isPartOf":{"@id":"https:\/\/ticsalutsocial.atoom.space\/es\/#website"},"primaryImageOfPage":{"@id":"https:\/\/ticsalutsocial.atoom.space\/es\/event\/acte-de-presentacio-de-les-bases-de-la-consulta-preliminar-de-mercat-del-repte-sobre-prevencio-de-problemes-de-salut-relacionats-amb-els-medicaments\/#primaryimage"},"image":{"@id":"https:\/\/ticsalutsocial.atoom.space\/es\/event\/acte-de-presentacio-de-les-bases-de-la-consulta-preliminar-de-mercat-del-repte-sobre-prevencio-de-problemes-de-salut-relacionats-amb-els-medicaments\/#primaryimage"},"thumbnailUrl":"https:\/\/ticsalutsocial.atoom.space\/wp-content\/uploads\/2024\/03\/MicrosoftTeams-image-67.png","datePublished":"2024-03-21T08:58:52+00:00","dateModified":"2024-04-04T08:25:13+00:00","breadcrumb":{"@id":"https:\/\/ticsalutsocial.atoom.space\/es\/event\/acte-de-presentacio-de-les-bases-de-la-consulta-preliminar-de-mercat-del-repte-sobre-prevencio-de-problemes-de-salut-relacionats-amb-els-medicaments\/#breadcrumb"},"inLanguage":"es","potentialAction":[{"@type":"ReadAction","target":["https:\/\/ticsalutsocial.atoom.space\/es\/event\/acte-de-presentacio-de-les-bases-de-la-consulta-preliminar-de-mercat-del-repte-sobre-prevencio-de-problemes-de-salut-relacionats-amb-els-medicaments\/"]}]},{"@type":"ImageObject","inLanguage":"es","@id":"https:\/\/ticsalutsocial.atoom.space\/es\/event\/acte-de-presentacio-de-les-bases-de-la-consulta-preliminar-de-mercat-del-repte-sobre-prevencio-de-problemes-de-salut-relacionats-amb-els-medicaments\/#primaryimage","url":"https:\/\/ticsalutsocial.atoom.space\/wp-content\/uploads\/2024\/03\/MicrosoftTeams-image-67.png","contentUrl":"https:\/\/ticsalutsocial.atoom.space\/wp-content\/uploads\/2024\/03\/MicrosoftTeams-image-67.png","width":1920,"height":1080},{"@type":"BreadcrumbList","@id":"https:\/\/ticsalutsocial.atoom.space\/es\/event\/acte-de-presentacio-de-les-bases-de-la-consulta-preliminar-de-mercat-del-repte-sobre-prevencio-de-problemes-de-salut-relacionats-amb-els-medicaments\/#breadcrumb","itemListElement":[{"@type":"ListItem","position":1,"name":"Inici","item":"https:\/\/ticsalutsocial.atoom.space\/es\/"},{"@type":"ListItem","position":2,"name":"Acto de presentaci\u00f3n de las bases de la consulta preliminar de mercado del reto sobre prevenci\u00f3n de problemas de salud relacionados con los medicamentos"}]},{"@type":"WebSite","@id":"https:\/\/ticsalutsocial.atoom.space\/es\/#website","url":"https:\/\/ticsalutsocial.atoom.space\/es\/","name":"Fundaci\u00f3 TIC Salut i Social","description":"","potentialAction":[{"@type":"SearchAction","target":{"@type":"EntryPoint","urlTemplate":"https:\/\/ticsalutsocial.atoom.space\/es\/?s={search_term_string}"},"query-input":{"@type":"PropertyValueSpecification","valueRequired":true,"valueName":"search_term_string"}}],"inLanguage":"es"}]}},"_links":{"self":[{"href":"https:\/\/ticsalutsocial.atoom.space\/es\/wp-json\/wp\/v2\/event\/26039","targetHints":{"allow":["GET"]}}],"collection":[{"href":"https:\/\/ticsalutsocial.atoom.space\/es\/wp-json\/wp\/v2\/event"}],"about":[{"href":"https:\/\/ticsalutsocial.atoom.space\/es\/wp-json\/wp\/v2\/types\/event"}],"wp:featuredmedia":[{"embeddable":true,"href":"https:\/\/ticsalutsocial.atoom.space\/es\/wp-json\/wp\/v2\/media\/26136"}],"wp:attachment":[{"href":"https:\/\/ticsalutsocial.atoom.space\/es\/wp-json\/wp\/v2\/media?parent=26039"}],"wp:term":[{"taxonomy":"tipus","embeddable":true,"href":"https:\/\/ticsalutsocial.atoom.space\/es\/wp-json\/wp\/v2\/tipus?post=26039"},{"taxonomy":"topic","embeddable":true,"href":"https:\/\/ticsalutsocial.atoom.space\/es\/wp-json\/wp\/v2\/topic?post=26039"}],"curies":[{"name":"wp","href":"https:\/\/api.w.org\/{rel}","templated":true}]}}