
{"id":26114,"date":"2024-03-18T10:30:38","date_gmt":"2024-03-18T08:30:38","guid":{"rendered":"https:\/\/ticsalutsocial.atoom.space\/event\/acte-de-lliurament-de-la-1a-beca-tic-en-salut-mental-2024\/"},"modified":"2024-04-02T12:16:10","modified_gmt":"2024-04-02T10:16:10","slug":"acte-de-lliurament-de-la-1a-beca-tic-en-salut-mental-2024","status":"publish","type":"event","link":"https:\/\/ticsalutsocial.atoom.space\/es\/event\/acte-de-lliurament-de-la-1a-beca-tic-en-salut-mental-2024\/","title":{"rendered":"Acto de Entrega de la 1\u00aa Beca TIC en Salud Mental\u00a02024"},"content":{"rendered":"\n<p>La Fundaci\u00f3n TIC Salut Social conjuntamente con la\u00a0<a href=\"https:\/\/www.barbosapetitfundacio.org\/\" target=\"_blank\" rel=\"noreferrer noopener\">Fundaci\u00f3n Barbosa &amp; Petit<\/a>\u00a0abren convocatoria de la primera Beca TIC en Salud Mental este 2024. Esta iniciativa tiene como objetivo premiar el mejor proyecto de investigaci\u00f3n que incluya las TIC para mejorar la salud y el bienestar de la ciudadan\u00eda. <strong>El plazo para presentar propuestas finaliza el 2 de abril.<\/strong><\/p>\n\n\n\n<p>El acto de entrega se celebrar\u00e1 el d\u00eda 11 de abril de 2024 a las 19:00 horas en<strong> Ca l&#8217;Arenas Centro de Arte, Museo de Matar\u00f3.<\/strong><\/p>\n\n\n\n<p>Joan Guanyabens, director de la Fundaci\u00f3n, entregaran la beca TIC.<\/p>\n","protected":false},"featured_media":25988,"menu_order":0,"template":"","meta":{"_acf_changed":false,"inline_featured_image":false},"tipus":[],"topic":[],"class_list":["post-26114","event","type-event","status-publish","has-post-thumbnail","hentry"],"acf":{"informacio":{"ubicacio":"Ca l\u2019Arenas Centre d\u2019Art, Museu de Matar\u00f3","data":"11\/04\/2024","hora":"","preu":"","inscripcions":""},"programa":{"titol":"","items":false},"imatge":25988,"documents":false},"yoast_head":"<!-- This site is optimized with the Yoast SEO plugin v27.1.1 - https:\/\/yoast.com\/product\/yoast-seo-wordpress\/ -->\n<title>Acto de Entrega de la 1\u00aa Beca TIC en Salud Mental\u00a02024 - Fundaci\u00f3 TIC Salut i Social<\/title>\n<meta name=\"description\" content=\"L\u2019acte de lliurament es celebrar\u00e0 el dia 11 d\u2019abril de 2024 a les 19:00 hores a Ca l\u2019Arenas Centre d\u2019Art, Museu de Matar\u00f3.\" \/>\n<meta name=\"robots\" content=\"index, follow, max-snippet:-1, max-image-preview:large, max-video-preview:-1\" \/>\n<link rel=\"canonical\" href=\"https:\/\/ticsalutsocial.atoom.space\/es\/event\/acte-de-lliurament-de-la-1a-beca-tic-en-salut-mental-2024\/\" \/>\n<meta property=\"og:locale\" content=\"es_ES\" \/>\n<meta property=\"og:type\" content=\"article\" \/>\n<meta property=\"og:title\" content=\"Acto de Entrega de la 1\u00aa Beca TIC en Salud Mental\u00a02024 - Fundaci\u00f3 TIC Salut i Social\" \/>\n<meta property=\"og:description\" content=\"L\u2019acte de lliurament es celebrar\u00e0 el dia 11 d\u2019abril de 2024 a les 19:00 hores a Ca l\u2019Arenas Centre d\u2019Art, Museu de Matar\u00f3.\" \/>\n<meta property=\"og:url\" content=\"https:\/\/ticsalutsocial.atoom.space\/es\/event\/acte-de-lliurament-de-la-1a-beca-tic-en-salut-mental-2024\/\" \/>\n<meta property=\"og:site_name\" content=\"Fundaci\u00f3 TIC Salut i Social\" \/>\n<meta property=\"article:modified_time\" content=\"2024-04-02T10:16:10+00:00\" \/>\n<meta property=\"og:image\" content=\"https:\/\/ticsalutsocial.atoom.space\/wp-content\/uploads\/2024\/03\/iStock-1191727241-1-scaled.jpg\" \/>\n\t<meta property=\"og:image:width\" content=\"2560\" \/>\n\t<meta property=\"og:image:height\" content=\"1707\" \/>\n\t<meta property=\"og:image:type\" content=\"image\/jpeg\" \/>\n<meta name=\"twitter:card\" content=\"summary_large_image\" \/>\n<meta name=\"twitter:label1\" content=\"Tiempo de lectura\" \/>\n\t<meta name=\"twitter:data1\" content=\"1 minuto\" \/>\n<script type=\"application\/ld+json\" class=\"yoast-schema-graph\">{\"@context\":\"https:\/\/schema.org\",\"@graph\":[{\"@type\":\"WebPage\",\"@id\":\"https:\/\/ticsalutsocial.atoom.space\/es\/event\/acte-de-lliurament-de-la-1a-beca-tic-en-salut-mental-2024\/\",\"url\":\"https:\/\/ticsalutsocial.atoom.space\/es\/event\/acte-de-lliurament-de-la-1a-beca-tic-en-salut-mental-2024\/\",\"name\":\"Acto de Entrega de la 1\u00aa Beca TIC en Salud Mental\u00a02024 - Fundaci\u00f3 TIC Salut i Social\",\"isPartOf\":{\"@id\":\"https:\/\/ticsalutsocial.atoom.space\/es\/#website\"},\"primaryImageOfPage\":{\"@id\":\"https:\/\/ticsalutsocial.atoom.space\/es\/event\/acte-de-lliurament-de-la-1a-beca-tic-en-salut-mental-2024\/#primaryimage\"},\"image\":{\"@id\":\"https:\/\/ticsalutsocial.atoom.space\/es\/event\/acte-de-lliurament-de-la-1a-beca-tic-en-salut-mental-2024\/#primaryimage\"},\"thumbnailUrl\":\"https:\/\/ticsalutsocial.atoom.space\/wp-content\/uploads\/2024\/03\/iStock-1191727241-1-scaled.jpg\",\"datePublished\":\"2024-03-18T08:30:38+00:00\",\"dateModified\":\"2024-04-02T10:16:10+00:00\",\"description\":\"L\u2019acte de lliurament es celebrar\u00e0 el dia 11 d\u2019abril de 2024 a les 19:00 hores a Ca l\u2019Arenas Centre d\u2019Art, Museu de Matar\u00f3.\",\"breadcrumb\":{\"@id\":\"https:\/\/ticsalutsocial.atoom.space\/es\/event\/acte-de-lliurament-de-la-1a-beca-tic-en-salut-mental-2024\/#breadcrumb\"},\"inLanguage\":\"es\",\"potentialAction\":[{\"@type\":\"ReadAction\",\"target\":[\"https:\/\/ticsalutsocial.atoom.space\/es\/event\/acte-de-lliurament-de-la-1a-beca-tic-en-salut-mental-2024\/\"]}]},{\"@type\":\"ImageObject\",\"inLanguage\":\"es\",\"@id\":\"https:\/\/ticsalutsocial.atoom.space\/es\/event\/acte-de-lliurament-de-la-1a-beca-tic-en-salut-mental-2024\/#primaryimage\",\"url\":\"https:\/\/ticsalutsocial.atoom.space\/wp-content\/uploads\/2024\/03\/iStock-1191727241-1-scaled.jpg\",\"contentUrl\":\"https:\/\/ticsalutsocial.atoom.space\/wp-content\/uploads\/2024\/03\/iStock-1191727241-1-scaled.jpg\",\"width\":2560,\"height\":1707,\"caption\":\"The concept of the use of artificial intelligence in medicine. The doctor clicks on the artificial brain.\"},{\"@type\":\"BreadcrumbList\",\"@id\":\"https:\/\/ticsalutsocial.atoom.space\/es\/event\/acte-de-lliurament-de-la-1a-beca-tic-en-salut-mental-2024\/#breadcrumb\",\"itemListElement\":[{\"@type\":\"ListItem\",\"position\":1,\"name\":\"Inici\",\"item\":\"https:\/\/ticsalutsocial.atoom.space\/es\/\"},{\"@type\":\"ListItem\",\"position\":2,\"name\":\"Acto de Entrega de la 1\u00aa Beca TIC en Salud Mental\u00a02024\"}]},{\"@type\":\"WebSite\",\"@id\":\"https:\/\/ticsalutsocial.atoom.space\/es\/#website\",\"url\":\"https:\/\/ticsalutsocial.atoom.space\/es\/\",\"name\":\"Fundaci\u00f3 TIC Salut i Social\",\"description\":\"\",\"potentialAction\":[{\"@type\":\"SearchAction\",\"target\":{\"@type\":\"EntryPoint\",\"urlTemplate\":\"https:\/\/ticsalutsocial.atoom.space\/es\/?s={search_term_string}\"},\"query-input\":{\"@type\":\"PropertyValueSpecification\",\"valueRequired\":true,\"valueName\":\"search_term_string\"}}],\"inLanguage\":\"es\"}]}<\/script>\n<!-- \/ Yoast SEO plugin. -->","yoast_head_json":{"title":"Acto de Entrega de la 1\u00aa Beca TIC en Salud Mental\u00a02024 - Fundaci\u00f3 TIC Salut i Social","description":"L\u2019acte de lliurament es celebrar\u00e0 el dia 11 d\u2019abril de 2024 a les 19:00 hores a Ca l\u2019Arenas Centre d\u2019Art, Museu de Matar\u00f3.","robots":{"index":"index","follow":"follow","max-snippet":"max-snippet:-1","max-image-preview":"max-image-preview:large","max-video-preview":"max-video-preview:-1"},"canonical":"https:\/\/ticsalutsocial.atoom.space\/es\/event\/acte-de-lliurament-de-la-1a-beca-tic-en-salut-mental-2024\/","og_locale":"es_ES","og_type":"article","og_title":"Acto de Entrega de la 1\u00aa Beca TIC en Salud Mental\u00a02024 - Fundaci\u00f3 TIC Salut i Social","og_description":"L\u2019acte de lliurament es celebrar\u00e0 el dia 11 d\u2019abril de 2024 a les 19:00 hores a Ca l\u2019Arenas Centre d\u2019Art, Museu de Matar\u00f3.","og_url":"https:\/\/ticsalutsocial.atoom.space\/es\/event\/acte-de-lliurament-de-la-1a-beca-tic-en-salut-mental-2024\/","og_site_name":"Fundaci\u00f3 TIC Salut i Social","article_modified_time":"2024-04-02T10:16:10+00:00","og_image":[{"width":2560,"height":1707,"url":"https:\/\/ticsalutsocial.atoom.space\/wp-content\/uploads\/2024\/03\/iStock-1191727241-1-scaled.jpg","type":"image\/jpeg"}],"twitter_card":"summary_large_image","twitter_misc":{"Tiempo de lectura":"1 minuto"},"schema":{"@context":"https:\/\/schema.org","@graph":[{"@type":"WebPage","@id":"https:\/\/ticsalutsocial.atoom.space\/es\/event\/acte-de-lliurament-de-la-1a-beca-tic-en-salut-mental-2024\/","url":"https:\/\/ticsalutsocial.atoom.space\/es\/event\/acte-de-lliurament-de-la-1a-beca-tic-en-salut-mental-2024\/","name":"Acto de Entrega de la 1\u00aa Beca TIC en Salud Mental\u00a02024 - Fundaci\u00f3 TIC Salut i Social","isPartOf":{"@id":"https:\/\/ticsalutsocial.atoom.space\/es\/#website"},"primaryImageOfPage":{"@id":"https:\/\/ticsalutsocial.atoom.space\/es\/event\/acte-de-lliurament-de-la-1a-beca-tic-en-salut-mental-2024\/#primaryimage"},"image":{"@id":"https:\/\/ticsalutsocial.atoom.space\/es\/event\/acte-de-lliurament-de-la-1a-beca-tic-en-salut-mental-2024\/#primaryimage"},"thumbnailUrl":"https:\/\/ticsalutsocial.atoom.space\/wp-content\/uploads\/2024\/03\/iStock-1191727241-1-scaled.jpg","datePublished":"2024-03-18T08:30:38+00:00","dateModified":"2024-04-02T10:16:10+00:00","description":"L\u2019acte de lliurament es celebrar\u00e0 el dia 11 d\u2019abril de 2024 a les 19:00 hores a Ca l\u2019Arenas Centre d\u2019Art, Museu de Matar\u00f3.","breadcrumb":{"@id":"https:\/\/ticsalutsocial.atoom.space\/es\/event\/acte-de-lliurament-de-la-1a-beca-tic-en-salut-mental-2024\/#breadcrumb"},"inLanguage":"es","potentialAction":[{"@type":"ReadAction","target":["https:\/\/ticsalutsocial.atoom.space\/es\/event\/acte-de-lliurament-de-la-1a-beca-tic-en-salut-mental-2024\/"]}]},{"@type":"ImageObject","inLanguage":"es","@id":"https:\/\/ticsalutsocial.atoom.space\/es\/event\/acte-de-lliurament-de-la-1a-beca-tic-en-salut-mental-2024\/#primaryimage","url":"https:\/\/ticsalutsocial.atoom.space\/wp-content\/uploads\/2024\/03\/iStock-1191727241-1-scaled.jpg","contentUrl":"https:\/\/ticsalutsocial.atoom.space\/wp-content\/uploads\/2024\/03\/iStock-1191727241-1-scaled.jpg","width":2560,"height":1707,"caption":"The concept of the use of artificial intelligence in medicine. The doctor clicks on the artificial brain."},{"@type":"BreadcrumbList","@id":"https:\/\/ticsalutsocial.atoom.space\/es\/event\/acte-de-lliurament-de-la-1a-beca-tic-en-salut-mental-2024\/#breadcrumb","itemListElement":[{"@type":"ListItem","position":1,"name":"Inici","item":"https:\/\/ticsalutsocial.atoom.space\/es\/"},{"@type":"ListItem","position":2,"name":"Acto de Entrega de la 1\u00aa Beca TIC en Salud Mental\u00a02024"}]},{"@type":"WebSite","@id":"https:\/\/ticsalutsocial.atoom.space\/es\/#website","url":"https:\/\/ticsalutsocial.atoom.space\/es\/","name":"Fundaci\u00f3 TIC Salut i Social","description":"","potentialAction":[{"@type":"SearchAction","target":{"@type":"EntryPoint","urlTemplate":"https:\/\/ticsalutsocial.atoom.space\/es\/?s={search_term_string}"},"query-input":{"@type":"PropertyValueSpecification","valueRequired":true,"valueName":"search_term_string"}}],"inLanguage":"es"}]}},"_links":{"self":[{"href":"https:\/\/ticsalutsocial.atoom.space\/es\/wp-json\/wp\/v2\/event\/26114","targetHints":{"allow":["GET"]}}],"collection":[{"href":"https:\/\/ticsalutsocial.atoom.space\/es\/wp-json\/wp\/v2\/event"}],"about":[{"href":"https:\/\/ticsalutsocial.atoom.space\/es\/wp-json\/wp\/v2\/types\/event"}],"wp:featuredmedia":[{"embeddable":true,"href":"https:\/\/ticsalutsocial.atoom.space\/es\/wp-json\/wp\/v2\/media\/25988"}],"wp:attachment":[{"href":"https:\/\/ticsalutsocial.atoom.space\/es\/wp-json\/wp\/v2\/media?parent=26114"}],"wp:term":[{"taxonomy":"tipus","embeddable":true,"href":"https:\/\/ticsalutsocial.atoom.space\/es\/wp-json\/wp\/v2\/tipus?post=26114"},{"taxonomy":"topic","embeddable":true,"href":"https:\/\/ticsalutsocial.atoom.space\/es\/wp-json\/wp\/v2\/topic?post=26114"}],"curies":[{"name":"wp","href":"https:\/\/api.w.org\/{rel}","templated":true}]}}