
{"id":27272,"date":"2024-05-17T10:56:17","date_gmt":"2024-05-17T08:56:17","guid":{"rendered":"https:\/\/ticsalutsocial.atoom.space\/?post_type=event&#038;p=27272"},"modified":"2024-05-17T10:57:26","modified_gmt":"2024-05-17T08:57:26","slug":"2a-edicio-de-la-jornada-sumem-dades-multipliquem-coneixement","status":"publish","type":"event","link":"https:\/\/ticsalutsocial.atoom.space\/es\/event\/2a-edicio-de-la-jornada-sumem-dades-multipliquem-coneixement\/","title":{"rendered":"2a edici\u00f3 de la Jornada &#8216;Sumem Dades, Multipliquem Coneixement&#8217;"},"content":{"rendered":"\n<p>El proper 30 de maig tindr\u00e0 lloc a Barcelona la 2a edici\u00f3 de la Jornada que organitza la Direcci\u00f3 de Sistemes de la Informaci\u00f3 de l\u2019Hospital Universitari Vall d\u2019Hebron. <\/p>\n\n\n\n<p>L\u2019edici\u00f3 d\u2019aquest any tractar\u00e0, entre d\u2019altres temes, l\u2019Espai Europeu de Dades i els rols dels hospitals, el funcionament de la plataforma VHTeDades, la transici\u00f3 de l\u2019\u00fas primari cap a l\u2019\u00fas secundari de les dades o la consulta del futur amb la IA Generativa com a eina.<\/p>\n","protected":false},"featured_media":27269,"menu_order":0,"template":"","meta":{"_acf_changed":false,"inline_featured_image":false},"tipus":[],"topic":[],"class_list":["post-27272","event","type-event","status-publish","has-post-thumbnail","hentry"],"acf":{"documents":false,"imatge":27269,"informacio":{"ubicacio":"Sala d\u2019actes de la planta 10 de l\u2019Hospital General ","data":"30\/05\/2024","hora":"","preu":"","inscripcions":"https:\/\/www.eventbrite.es\/e\/2a-jornada-sumem-dades-multipliquem-coneixement-tickets-894352742127"},"programa":{"titol":"","items":false}},"yoast_head":"<!-- This site is optimized with the Yoast SEO plugin v27.1.1 - https:\/\/yoast.com\/product\/yoast-seo-wordpress\/ -->\n<title>2a edici\u00f3 de la Jornada &#039;Sumem Dades, Multipliquem Coneixement&#039; - Fundaci\u00f3 TIC Salut i Social<\/title>\n<meta name=\"robots\" content=\"index, follow, max-snippet:-1, max-image-preview:large, max-video-preview:-1\" \/>\n<link rel=\"canonical\" href=\"https:\/\/ticsalutsocial.atoom.space\/es\/event\/2a-edicio-de-la-jornada-sumem-dades-multipliquem-coneixement\/\" \/>\n<meta property=\"og:locale\" content=\"es_ES\" \/>\n<meta property=\"og:type\" content=\"article\" \/>\n<meta property=\"og:title\" content=\"2a edici\u00f3 de la Jornada &#039;Sumem Dades, Multipliquem Coneixement&#039; - Fundaci\u00f3 TIC Salut i Social\" \/>\n<meta property=\"og:description\" content=\"El proper 30 de maig tindr\u00e0 lloc a Barcelona la 2a edici\u00f3 de la Jornada que organitza la Direcci\u00f3 de Sistemes de la Informaci\u00f3 de l\u2019Hospital Universitari Vall d\u2019Hebron. L\u2019edici\u00f3 d\u2019aquest any tractar\u00e0, entre d\u2019altres temes, l\u2019Espai Europeu de Dades i els rols dels hospitals, el funcionament de la plataforma VHTeDades, la transici\u00f3 de l\u2019\u00fas [&hellip;]\" \/>\n<meta property=\"og:url\" content=\"https:\/\/ticsalutsocial.atoom.space\/es\/event\/2a-edicio-de-la-jornada-sumem-dades-multipliquem-coneixement\/\" \/>\n<meta property=\"og:site_name\" content=\"Fundaci\u00f3 TIC Salut i Social\" \/>\n<meta property=\"article:modified_time\" content=\"2024-05-17T08:57:26+00:00\" \/>\n<meta name=\"twitter:card\" content=\"summary_large_image\" \/>\n<script type=\"application\/ld+json\" class=\"yoast-schema-graph\">{\"@context\":\"https:\/\/schema.org\",\"@graph\":[{\"@type\":\"WebPage\",\"@id\":\"https:\/\/ticsalutsocial.atoom.space\/es\/event\/2a-edicio-de-la-jornada-sumem-dades-multipliquem-coneixement\/\",\"url\":\"https:\/\/ticsalutsocial.atoom.space\/es\/event\/2a-edicio-de-la-jornada-sumem-dades-multipliquem-coneixement\/\",\"name\":\"2a edici\u00f3 de la Jornada 'Sumem Dades, Multipliquem Coneixement' - Fundaci\u00f3 TIC Salut i Social\",\"isPartOf\":{\"@id\":\"https:\/\/ticsalutsocial.atoom.space\/es\/#website\"},\"primaryImageOfPage\":{\"@id\":\"https:\/\/ticsalutsocial.atoom.space\/es\/event\/2a-edicio-de-la-jornada-sumem-dades-multipliquem-coneixement\/#primaryimage\"},\"image\":{\"@id\":\"https:\/\/ticsalutsocial.atoom.space\/es\/event\/2a-edicio-de-la-jornada-sumem-dades-multipliquem-coneixement\/#primaryimage\"},\"thumbnailUrl\":\"https:\/\/ticsalutsocial.atoom.space\/wp-content\/uploads\/2024\/05\/2a-jornada-sumem-dades-multipliquem-salut.jpg\",\"datePublished\":\"2024-05-17T08:56:17+00:00\",\"dateModified\":\"2024-05-17T08:57:26+00:00\",\"breadcrumb\":{\"@id\":\"https:\/\/ticsalutsocial.atoom.space\/es\/event\/2a-edicio-de-la-jornada-sumem-dades-multipliquem-coneixement\/#breadcrumb\"},\"inLanguage\":\"es\",\"potentialAction\":[{\"@type\":\"ReadAction\",\"target\":[\"https:\/\/ticsalutsocial.atoom.space\/es\/event\/2a-edicio-de-la-jornada-sumem-dades-multipliquem-coneixement\/\"]}]},{\"@type\":\"ImageObject\",\"inLanguage\":\"es\",\"@id\":\"https:\/\/ticsalutsocial.atoom.space\/es\/event\/2a-edicio-de-la-jornada-sumem-dades-multipliquem-coneixement\/#primaryimage\",\"url\":\"https:\/\/ticsalutsocial.atoom.space\/wp-content\/uploads\/2024\/05\/2a-jornada-sumem-dades-multipliquem-salut.jpg\",\"contentUrl\":\"https:\/\/ticsalutsocial.atoom.space\/wp-content\/uploads\/2024\/05\/2a-jornada-sumem-dades-multipliquem-salut.jpg\",\"width\":600,\"height\":310},{\"@type\":\"BreadcrumbList\",\"@id\":\"https:\/\/ticsalutsocial.atoom.space\/es\/event\/2a-edicio-de-la-jornada-sumem-dades-multipliquem-coneixement\/#breadcrumb\",\"itemListElement\":[{\"@type\":\"ListItem\",\"position\":1,\"name\":\"Inici\",\"item\":\"https:\/\/ticsalutsocial.atoom.space\/es\/\"},{\"@type\":\"ListItem\",\"position\":2,\"name\":\"2a edici\u00f3 de la Jornada &#8216;Sumem Dades, Multipliquem Coneixement&#8217;\"}]},{\"@type\":\"WebSite\",\"@id\":\"https:\/\/ticsalutsocial.atoom.space\/es\/#website\",\"url\":\"https:\/\/ticsalutsocial.atoom.space\/es\/\",\"name\":\"Fundaci\u00f3 TIC Salut i Social\",\"description\":\"\",\"potentialAction\":[{\"@type\":\"SearchAction\",\"target\":{\"@type\":\"EntryPoint\",\"urlTemplate\":\"https:\/\/ticsalutsocial.atoom.space\/es\/?s={search_term_string}\"},\"query-input\":{\"@type\":\"PropertyValueSpecification\",\"valueRequired\":true,\"valueName\":\"search_term_string\"}}],\"inLanguage\":\"es\"}]}<\/script>\n<!-- \/ Yoast SEO plugin. -->","yoast_head_json":{"title":"2a edici\u00f3 de la Jornada 'Sumem Dades, Multipliquem Coneixement' - Fundaci\u00f3 TIC Salut i Social","robots":{"index":"index","follow":"follow","max-snippet":"max-snippet:-1","max-image-preview":"max-image-preview:large","max-video-preview":"max-video-preview:-1"},"canonical":"https:\/\/ticsalutsocial.atoom.space\/es\/event\/2a-edicio-de-la-jornada-sumem-dades-multipliquem-coneixement\/","og_locale":"es_ES","og_type":"article","og_title":"2a edici\u00f3 de la Jornada 'Sumem Dades, Multipliquem Coneixement' - Fundaci\u00f3 TIC Salut i Social","og_description":"El proper 30 de maig tindr\u00e0 lloc a Barcelona la 2a edici\u00f3 de la Jornada que organitza la Direcci\u00f3 de Sistemes de la Informaci\u00f3 de l\u2019Hospital Universitari Vall d\u2019Hebron. L\u2019edici\u00f3 d\u2019aquest any tractar\u00e0, entre d\u2019altres temes, l\u2019Espai Europeu de Dades i els rols dels hospitals, el funcionament de la plataforma VHTeDades, la transici\u00f3 de l\u2019\u00fas [&hellip;]","og_url":"https:\/\/ticsalutsocial.atoom.space\/es\/event\/2a-edicio-de-la-jornada-sumem-dades-multipliquem-coneixement\/","og_site_name":"Fundaci\u00f3 TIC Salut i Social","article_modified_time":"2024-05-17T08:57:26+00:00","twitter_card":"summary_large_image","schema":{"@context":"https:\/\/schema.org","@graph":[{"@type":"WebPage","@id":"https:\/\/ticsalutsocial.atoom.space\/es\/event\/2a-edicio-de-la-jornada-sumem-dades-multipliquem-coneixement\/","url":"https:\/\/ticsalutsocial.atoom.space\/es\/event\/2a-edicio-de-la-jornada-sumem-dades-multipliquem-coneixement\/","name":"2a edici\u00f3 de la Jornada 'Sumem Dades, Multipliquem Coneixement' - Fundaci\u00f3 TIC Salut i Social","isPartOf":{"@id":"https:\/\/ticsalutsocial.atoom.space\/es\/#website"},"primaryImageOfPage":{"@id":"https:\/\/ticsalutsocial.atoom.space\/es\/event\/2a-edicio-de-la-jornada-sumem-dades-multipliquem-coneixement\/#primaryimage"},"image":{"@id":"https:\/\/ticsalutsocial.atoom.space\/es\/event\/2a-edicio-de-la-jornada-sumem-dades-multipliquem-coneixement\/#primaryimage"},"thumbnailUrl":"https:\/\/ticsalutsocial.atoom.space\/wp-content\/uploads\/2024\/05\/2a-jornada-sumem-dades-multipliquem-salut.jpg","datePublished":"2024-05-17T08:56:17+00:00","dateModified":"2024-05-17T08:57:26+00:00","breadcrumb":{"@id":"https:\/\/ticsalutsocial.atoom.space\/es\/event\/2a-edicio-de-la-jornada-sumem-dades-multipliquem-coneixement\/#breadcrumb"},"inLanguage":"es","potentialAction":[{"@type":"ReadAction","target":["https:\/\/ticsalutsocial.atoom.space\/es\/event\/2a-edicio-de-la-jornada-sumem-dades-multipliquem-coneixement\/"]}]},{"@type":"ImageObject","inLanguage":"es","@id":"https:\/\/ticsalutsocial.atoom.space\/es\/event\/2a-edicio-de-la-jornada-sumem-dades-multipliquem-coneixement\/#primaryimage","url":"https:\/\/ticsalutsocial.atoom.space\/wp-content\/uploads\/2024\/05\/2a-jornada-sumem-dades-multipliquem-salut.jpg","contentUrl":"https:\/\/ticsalutsocial.atoom.space\/wp-content\/uploads\/2024\/05\/2a-jornada-sumem-dades-multipliquem-salut.jpg","width":600,"height":310},{"@type":"BreadcrumbList","@id":"https:\/\/ticsalutsocial.atoom.space\/es\/event\/2a-edicio-de-la-jornada-sumem-dades-multipliquem-coneixement\/#breadcrumb","itemListElement":[{"@type":"ListItem","position":1,"name":"Inici","item":"https:\/\/ticsalutsocial.atoom.space\/es\/"},{"@type":"ListItem","position":2,"name":"2a edici\u00f3 de la Jornada &#8216;Sumem Dades, Multipliquem Coneixement&#8217;"}]},{"@type":"WebSite","@id":"https:\/\/ticsalutsocial.atoom.space\/es\/#website","url":"https:\/\/ticsalutsocial.atoom.space\/es\/","name":"Fundaci\u00f3 TIC Salut i Social","description":"","potentialAction":[{"@type":"SearchAction","target":{"@type":"EntryPoint","urlTemplate":"https:\/\/ticsalutsocial.atoom.space\/es\/?s={search_term_string}"},"query-input":{"@type":"PropertyValueSpecification","valueRequired":true,"valueName":"search_term_string"}}],"inLanguage":"es"}]}},"_links":{"self":[{"href":"https:\/\/ticsalutsocial.atoom.space\/es\/wp-json\/wp\/v2\/event\/27272","targetHints":{"allow":["GET"]}}],"collection":[{"href":"https:\/\/ticsalutsocial.atoom.space\/es\/wp-json\/wp\/v2\/event"}],"about":[{"href":"https:\/\/ticsalutsocial.atoom.space\/es\/wp-json\/wp\/v2\/types\/event"}],"wp:featuredmedia":[{"embeddable":true,"href":"https:\/\/ticsalutsocial.atoom.space\/es\/wp-json\/wp\/v2\/media\/27269"}],"wp:attachment":[{"href":"https:\/\/ticsalutsocial.atoom.space\/es\/wp-json\/wp\/v2\/media?parent=27272"}],"wp:term":[{"taxonomy":"tipus","embeddable":true,"href":"https:\/\/ticsalutsocial.atoom.space\/es\/wp-json\/wp\/v2\/tipus?post=27272"},{"taxonomy":"topic","embeddable":true,"href":"https:\/\/ticsalutsocial.atoom.space\/es\/wp-json\/wp\/v2\/topic?post=27272"}],"curies":[{"name":"wp","href":"https:\/\/api.w.org\/{rel}","templated":true}]}}