
{"id":27399,"date":"2024-05-27T08:37:02","date_gmt":"2024-05-27T06:37:02","guid":{"rendered":"https:\/\/ticsalutsocial.atoom.space\/event\/presentacio-de-linforme-integracio-de-drons-a-lentorn-salut\/"},"modified":"2024-06-03T12:28:54","modified_gmt":"2024-06-03T10:28:54","slug":"presentacio-de-linforme-integracio-de-drons-a-lentorn-salut","status":"publish","type":"event","link":"https:\/\/ticsalutsocial.atoom.space\/es\/event\/presentacio-de-linforme-integracio-de-drons-a-lentorn-salut\/","title":{"rendered":"Presentaci\u00f3n del informe: Integraci\u00f3n de drones en el entorno salud"},"content":{"rendered":"\n<p>En la \u00faltima d\u00e9cada, el uso de drones ha experimentado un r\u00e1pido crecimiento y amplia evoluci\u00f3n en diversos sectores industriales. Su uso se ha llevado a nuevos horizontes y ha modificado los modelos existentes. Su adopci\u00f3n ha revolucionado c\u00f3mo nos afrontamos a los desaf\u00edos y oportunidades en diversos sectores, y uno de los campos en los que su impacto se ha vuelto m\u00e1s tangible y transformador es en el \u00e1mbito de la salud. Estos ingeniosos dispositivos han demostrado un potencial sin precedentes para transformar la prestaci\u00f3n de servicios m\u00e9dicos, consiguiendo superar obst\u00e1culos log\u00edsticos y proporcionando soluciones innovadoras para la atenci\u00f3n sanitaria.<\/p>\n\n\n\n<p>El <strong>pr\u00f3ximo 6 de junio<\/strong>, la Fundaci\u00f3n TIC Salud Social, el Centro de Telecomunicaciones y Tecnolog\u00edas de la Informaci\u00f3n, y la Fundaci\u00f3n Hospital de Olot y Comarcal de la Garrotxa presentar\u00e1n el informe &#8216;Integraci\u00f3n de drones en el entorno salud&#8217;. El documento ofrece una mirada profunda a la actual integraci\u00f3n de drones en nuevos procesos asistenciales, allanando el camino para una atenci\u00f3n m\u00e9dica m\u00e1s eficiente, accesible e inclusiva. El informe analiza casos de \u00e9xito, proyectos piloto y estudios de casos que han demostrado su eficacia y su potencial de uso. Asimismo, identifica las \u00e1reas en las que todav\u00eda es necesario investigar y perfeccionar la tecnolog\u00eda con el objetivo de impulsar una adopci\u00f3n m\u00e1s generalizada y sostenible en el sistema sanitario.<\/p>\n\n\n\n<p>Aparte del informe, en el mismo acto se presentar\u00e1n dos pruebas pilotos que se har\u00e1n pr\u00f3ximamente en la Garrotxa y la Zona Metropolitana Nord.<\/p>\n\n\n\n<p>El acto se celebrar\u00e1 en el sal\u00f3n de actos del Hospital de Olot. <a href=\"https:\/\/hospiolot.com\/jornada-drons-olot-dijous-6-de-juny-de-2024\/\" target=\"_blank\" rel=\"noreferrer noopener\">Es necesaria inscripci\u00f3n previa en este enlace.<\/a><\/p>\n\n\n\n<p><strong>Programa<\/strong><\/p>\n\n\n\n<figure class=\"wp-block-table\"><table><tbody><tr><td class=\"has-text-align-left\" data-align=\"left\"><strong>9:30<\/strong><\/td><td><strong>Recepci\u00f3n de asistentes<\/strong><\/td><\/tr><tr><td class=\"has-text-align-left\" data-align=\"left\"><strong>10:00<\/strong><\/td><td><strong>Bienvenida e inauguraci\u00f3n de la jornada Fundaci\u00f3n Hospital de Olot y Comarcal de la Garrotxa<br><\/strong>Josep M\u00aa Padrosa, Gerente del Hospital de Olot y la Garrotxa<br>Joan Guanyabens, Director de la Fundaci\u00f3n TIC Salut Social<\/td><\/tr><tr><td class=\"has-text-align-left\" data-align=\"left\"><strong>10:15<\/strong><\/td><td><strong>Presentaci\u00f3n del Informe \u201cIntegraci\u00f3n de drones en el entorno de salud\u201d<br><\/strong>N\u00faria Abd\u00f3n, Responsable de Atenci\u00f3n Digital Personalizada en la Fundaci\u00f3n TIC Salut Social<\/td><\/tr><tr><td class=\"has-text-align-left\" data-align=\"left\"><strong>10:30<\/strong><\/td><td><strong>Presentaci\u00f3n de nuevos proyectos de integraci\u00f3n de drones en salud<br><\/strong>Ruta de transporte sanitario con dron en la zona de la Garrotxa<br>Ruta de transporte de muestras biol\u00f3gicas con dron en la zona Metropolitana Nord<br>Llu\u00eds Sancliment, Gestor de dinamizaci\u00f3n de innovaci\u00f3n digital del Centro de Telecomunicaciones y Tecnolog\u00edas de la Informaci\u00f3n<br>Neus Dom\u00e8nech, responsable de Innovaci\u00f3n de la Fundaci\u00f3n Hospital de Olot y Comarcal de la Garrotxa<br>Susanna Malumbres, Jefe de Secci\u00f3n Bioqu\u00edmica-Core del Laboratorio Cl\u00ednico de la Gerencia Territorial Metropolitana Nord<br>N\u00faria S\u00e1nchez, Jefe de la Unidad Econ\u00f3mica y Financiera de la Gerencia Territorial Metropolitana Nord<br>Sara Iglesias, Adjunta de enfermer\u00eda del Vall\u00e8s Oriental de la Gerencia Territorial Metropolitana Nord<\/td><\/tr><tr><td class=\"has-text-align-left\" data-align=\"left\"><strong>11:00<\/strong><\/td><td><strong>Caf\u00e9 y Pausa<\/strong><\/td><\/tr><tr><td class=\"has-text-align-left\" data-align=\"left\"><strong>11:40<\/strong><\/td><td><strong>Demostraci\u00f3n de vuelo de dron desde el ABS Vall d&#8217;en Bas al Hospital de Olot y Comarcal de la Garrotxa<br><\/strong>Daniel Castillo, comercial de BCN Drons<\/td><\/tr><tr><td class=\"has-text-align-left\" data-align=\"left\"><strong>12:00<\/strong><\/td><td><strong>Operativa de vuelo con drones<br><\/strong>Cristina Ramos, Digital Innovation Manager en i2CAT, y responsable de la comunidad de drones de la Digital Catalonia Alliance<\/td><\/tr><tr><td class=\"has-text-align-left\" data-align=\"left\"><strong>12:15<\/strong><\/td><td><strong>Mesa Redonda: \u00bfCu\u00e1les son los retos de integraci\u00f3n de los drones en el entorno de salud?<br><\/strong>Modera: Llu\u00eds Sancliment, Gestor de dinamizaci\u00f3n de innovaci\u00f3n digital del Centro de Telecomunicaciones y Tecnolog\u00edas de la Informaci\u00f3n<br>Jordi Gabald\u00e0, Departamento de Salud<br>Juan Carlos G\u00f3mez, Jefe de \u00c1mbito de los Servicios Especializados y Extraordinarios del Sistema de Emergencias M\u00e9dicas (SEM), o Rafael C\u00e1liz, del \u00e1rea de Apoyo A\u00e9reo Remoto &#8211; Medios A\u00e9reos del SEM.<br>M\u00aa Ant\u00f2nia Llopis, Instituto Catal\u00e1n de la Salud<\/td><\/tr><tr><td class=\"has-text-align-left\" data-align=\"left\"><strong>13:00<\/strong><\/td><td>Clausura<br>Manel Balcells, Consejero de Salut<\/td><\/tr><\/tbody><\/table><\/figure>\n","protected":false},"featured_media":20962,"menu_order":0,"template":"","meta":{"_acf_changed":false,"inline_featured_image":false},"tipus":[],"topic":[],"class_list":["post-27399","event","type-event","status-publish","has-post-thumbnail","hentry"],"acf":{"informacio":{"ubicacio":"Sala d'Actes Hospital d'Olot","data":"06\/06\/2024","hora":"","preu":"","inscripcions":"https:\/\/hospiolot.com\/jornada-drons-olot-dijous-6-de-juny-de-2024\/"},"programa":{"titol":"Programa","items":false},"imatge":20962,"documents":[{"titol_doc":"Programa jornada","document":{"ID":27420,"id":27420,"title":"Drons-Olot-PROGRAMA","filename":"Drons-Olot-PROGRAMA.pdf","filesize":8427452,"url":"https:\/\/ticsalutsocial.atoom.space\/wp-content\/uploads\/2024\/05\/Drons-Olot-PROGRAMA.pdf","link":"https:\/\/ticsalutsocial.atoom.space\/es\/event\/presentacio-de-linforme-integracio-de-drons-a-lentorn-salut\/drons-olot-programa\/","alt":"","author":"12","description":"","caption":"","name":"drons-olot-programa","status":"inherit","uploaded_to":27399,"date":"2024-05-29 09:21:02","modified":"2024-05-29 09:21:02","menu_order":0,"mime_type":"application\/pdf","type":"application","subtype":"pdf","icon":"https:\/\/ticsalutsocial.atoom.space\/wp-includes\/images\/media\/document.png"}}]},"yoast_head":"<!-- This site is optimized with the Yoast SEO plugin v27.1.1 - https:\/\/yoast.com\/product\/yoast-seo-wordpress\/ -->\n<title>Presentaci\u00f3n del informe: Integraci\u00f3n de drones en el entorno salud - Fundaci\u00f3 TIC Salut i Social<\/title>\n<meta name=\"description\" content=\"El proper 6 de juny es presentar\u00e0 l&#039;informe &#039;Integraci\u00f3 de drons a l\u2019entorn salut&#039;.\" \/>\n<meta name=\"robots\" content=\"index, follow, max-snippet:-1, max-image-preview:large, max-video-preview:-1\" \/>\n<link rel=\"canonical\" href=\"https:\/\/ticsalutsocial.atoom.space\/es\/event\/presentacio-de-linforme-integracio-de-drons-a-lentorn-salut\/\" \/>\n<meta property=\"og:locale\" content=\"es_ES\" \/>\n<meta property=\"og:type\" content=\"article\" \/>\n<meta property=\"og:title\" content=\"Presentaci\u00f3n del informe: Integraci\u00f3n de drones en el entorno salud - Fundaci\u00f3 TIC Salut i Social\" \/>\n<meta property=\"og:description\" content=\"El proper 6 de juny es presentar\u00e0 l&#039;informe &#039;Integraci\u00f3 de drons a l\u2019entorn salut&#039;.\" \/>\n<meta property=\"og:url\" content=\"https:\/\/ticsalutsocial.atoom.space\/es\/event\/presentacio-de-linforme-integracio-de-drons-a-lentorn-salut\/\" \/>\n<meta property=\"og:site_name\" content=\"Fundaci\u00f3 TIC Salut i Social\" \/>\n<meta property=\"article:modified_time\" content=\"2024-06-03T10:28:54+00:00\" \/>\n<meta property=\"og:image\" content=\"https:\/\/ticsalutsocial.atoom.space\/wp-content\/uploads\/2023\/05\/Drons-a-olot-1.jpg\" \/>\n\t<meta property=\"og:image:width\" content=\"2560\" \/>\n\t<meta property=\"og:image:height\" content=\"1920\" \/>\n\t<meta property=\"og:image:type\" content=\"image\/jpeg\" \/>\n<meta name=\"twitter:card\" content=\"summary_large_image\" \/>\n<meta name=\"twitter:label1\" content=\"Tiempo de lectura\" \/>\n\t<meta name=\"twitter:data1\" content=\"4 minutos\" \/>\n<script type=\"application\/ld+json\" class=\"yoast-schema-graph\">{\"@context\":\"https:\/\/schema.org\",\"@graph\":[{\"@type\":\"WebPage\",\"@id\":\"https:\/\/ticsalutsocial.atoom.space\/es\/event\/presentacio-de-linforme-integracio-de-drons-a-lentorn-salut\/\",\"url\":\"https:\/\/ticsalutsocial.atoom.space\/es\/event\/presentacio-de-linforme-integracio-de-drons-a-lentorn-salut\/\",\"name\":\"Presentaci\u00f3n del informe: Integraci\u00f3n de drones en el entorno salud - Fundaci\u00f3 TIC Salut i Social\",\"isPartOf\":{\"@id\":\"https:\/\/ticsalutsocial.atoom.space\/es\/#website\"},\"primaryImageOfPage\":{\"@id\":\"https:\/\/ticsalutsocial.atoom.space\/es\/event\/presentacio-de-linforme-integracio-de-drons-a-lentorn-salut\/#primaryimage\"},\"image\":{\"@id\":\"https:\/\/ticsalutsocial.atoom.space\/es\/event\/presentacio-de-linforme-integracio-de-drons-a-lentorn-salut\/#primaryimage\"},\"thumbnailUrl\":\"https:\/\/ticsalutsocial.atoom.space\/wp-content\/uploads\/2023\/05\/Drons-a-olot-1.jpg\",\"datePublished\":\"2024-05-27T06:37:02+00:00\",\"dateModified\":\"2024-06-03T10:28:54+00:00\",\"description\":\"El proper 6 de juny es presentar\u00e0 l'informe 'Integraci\u00f3 de drons a l\u2019entorn salut'.\",\"breadcrumb\":{\"@id\":\"https:\/\/ticsalutsocial.atoom.space\/es\/event\/presentacio-de-linforme-integracio-de-drons-a-lentorn-salut\/#breadcrumb\"},\"inLanguage\":\"es\",\"potentialAction\":[{\"@type\":\"ReadAction\",\"target\":[\"https:\/\/ticsalutsocial.atoom.space\/es\/event\/presentacio-de-linforme-integracio-de-drons-a-lentorn-salut\/\"]}]},{\"@type\":\"ImageObject\",\"inLanguage\":\"es\",\"@id\":\"https:\/\/ticsalutsocial.atoom.space\/es\/event\/presentacio-de-linforme-integracio-de-drons-a-lentorn-salut\/#primaryimage\",\"url\":\"https:\/\/ticsalutsocial.atoom.space\/wp-content\/uploads\/2023\/05\/Drons-a-olot-1.jpg\",\"contentUrl\":\"https:\/\/ticsalutsocial.atoom.space\/wp-content\/uploads\/2023\/05\/Drons-a-olot-1.jpg\",\"width\":2560,\"height\":1920},{\"@type\":\"BreadcrumbList\",\"@id\":\"https:\/\/ticsalutsocial.atoom.space\/es\/event\/presentacio-de-linforme-integracio-de-drons-a-lentorn-salut\/#breadcrumb\",\"itemListElement\":[{\"@type\":\"ListItem\",\"position\":1,\"name\":\"Inici\",\"item\":\"https:\/\/ticsalutsocial.atoom.space\/es\/\"},{\"@type\":\"ListItem\",\"position\":2,\"name\":\"Presentaci\u00f3n del informe: Integraci\u00f3n de drones en el entorno salud\"}]},{\"@type\":\"WebSite\",\"@id\":\"https:\/\/ticsalutsocial.atoom.space\/es\/#website\",\"url\":\"https:\/\/ticsalutsocial.atoom.space\/es\/\",\"name\":\"Fundaci\u00f3 TIC Salut i Social\",\"description\":\"\",\"potentialAction\":[{\"@type\":\"SearchAction\",\"target\":{\"@type\":\"EntryPoint\",\"urlTemplate\":\"https:\/\/ticsalutsocial.atoom.space\/es\/?s={search_term_string}\"},\"query-input\":{\"@type\":\"PropertyValueSpecification\",\"valueRequired\":true,\"valueName\":\"search_term_string\"}}],\"inLanguage\":\"es\"}]}<\/script>\n<!-- \/ Yoast SEO plugin. -->","yoast_head_json":{"title":"Presentaci\u00f3n del informe: Integraci\u00f3n de drones en el entorno salud - Fundaci\u00f3 TIC Salut i Social","description":"El proper 6 de juny es presentar\u00e0 l'informe 'Integraci\u00f3 de drons a l\u2019entorn salut'.","robots":{"index":"index","follow":"follow","max-snippet":"max-snippet:-1","max-image-preview":"max-image-preview:large","max-video-preview":"max-video-preview:-1"},"canonical":"https:\/\/ticsalutsocial.atoom.space\/es\/event\/presentacio-de-linforme-integracio-de-drons-a-lentorn-salut\/","og_locale":"es_ES","og_type":"article","og_title":"Presentaci\u00f3n del informe: Integraci\u00f3n de drones en el entorno salud - Fundaci\u00f3 TIC Salut i Social","og_description":"El proper 6 de juny es presentar\u00e0 l'informe 'Integraci\u00f3 de drons a l\u2019entorn salut'.","og_url":"https:\/\/ticsalutsocial.atoom.space\/es\/event\/presentacio-de-linforme-integracio-de-drons-a-lentorn-salut\/","og_site_name":"Fundaci\u00f3 TIC Salut i Social","article_modified_time":"2024-06-03T10:28:54+00:00","og_image":[{"width":2560,"height":1920,"url":"https:\/\/ticsalutsocial.atoom.space\/wp-content\/uploads\/2023\/05\/Drons-a-olot-1.jpg","type":"image\/jpeg"}],"twitter_card":"summary_large_image","twitter_misc":{"Tiempo de lectura":"4 minutos"},"schema":{"@context":"https:\/\/schema.org","@graph":[{"@type":"WebPage","@id":"https:\/\/ticsalutsocial.atoom.space\/es\/event\/presentacio-de-linforme-integracio-de-drons-a-lentorn-salut\/","url":"https:\/\/ticsalutsocial.atoom.space\/es\/event\/presentacio-de-linforme-integracio-de-drons-a-lentorn-salut\/","name":"Presentaci\u00f3n del informe: Integraci\u00f3n de drones en el entorno salud - Fundaci\u00f3 TIC Salut i Social","isPartOf":{"@id":"https:\/\/ticsalutsocial.atoom.space\/es\/#website"},"primaryImageOfPage":{"@id":"https:\/\/ticsalutsocial.atoom.space\/es\/event\/presentacio-de-linforme-integracio-de-drons-a-lentorn-salut\/#primaryimage"},"image":{"@id":"https:\/\/ticsalutsocial.atoom.space\/es\/event\/presentacio-de-linforme-integracio-de-drons-a-lentorn-salut\/#primaryimage"},"thumbnailUrl":"https:\/\/ticsalutsocial.atoom.space\/wp-content\/uploads\/2023\/05\/Drons-a-olot-1.jpg","datePublished":"2024-05-27T06:37:02+00:00","dateModified":"2024-06-03T10:28:54+00:00","description":"El proper 6 de juny es presentar\u00e0 l'informe 'Integraci\u00f3 de drons a l\u2019entorn salut'.","breadcrumb":{"@id":"https:\/\/ticsalutsocial.atoom.space\/es\/event\/presentacio-de-linforme-integracio-de-drons-a-lentorn-salut\/#breadcrumb"},"inLanguage":"es","potentialAction":[{"@type":"ReadAction","target":["https:\/\/ticsalutsocial.atoom.space\/es\/event\/presentacio-de-linforme-integracio-de-drons-a-lentorn-salut\/"]}]},{"@type":"ImageObject","inLanguage":"es","@id":"https:\/\/ticsalutsocial.atoom.space\/es\/event\/presentacio-de-linforme-integracio-de-drons-a-lentorn-salut\/#primaryimage","url":"https:\/\/ticsalutsocial.atoom.space\/wp-content\/uploads\/2023\/05\/Drons-a-olot-1.jpg","contentUrl":"https:\/\/ticsalutsocial.atoom.space\/wp-content\/uploads\/2023\/05\/Drons-a-olot-1.jpg","width":2560,"height":1920},{"@type":"BreadcrumbList","@id":"https:\/\/ticsalutsocial.atoom.space\/es\/event\/presentacio-de-linforme-integracio-de-drons-a-lentorn-salut\/#breadcrumb","itemListElement":[{"@type":"ListItem","position":1,"name":"Inici","item":"https:\/\/ticsalutsocial.atoom.space\/es\/"},{"@type":"ListItem","position":2,"name":"Presentaci\u00f3n del informe: Integraci\u00f3n de drones en el entorno salud"}]},{"@type":"WebSite","@id":"https:\/\/ticsalutsocial.atoom.space\/es\/#website","url":"https:\/\/ticsalutsocial.atoom.space\/es\/","name":"Fundaci\u00f3 TIC Salut i Social","description":"","potentialAction":[{"@type":"SearchAction","target":{"@type":"EntryPoint","urlTemplate":"https:\/\/ticsalutsocial.atoom.space\/es\/?s={search_term_string}"},"query-input":{"@type":"PropertyValueSpecification","valueRequired":true,"valueName":"search_term_string"}}],"inLanguage":"es"}]}},"_links":{"self":[{"href":"https:\/\/ticsalutsocial.atoom.space\/es\/wp-json\/wp\/v2\/event\/27399","targetHints":{"allow":["GET"]}}],"collection":[{"href":"https:\/\/ticsalutsocial.atoom.space\/es\/wp-json\/wp\/v2\/event"}],"about":[{"href":"https:\/\/ticsalutsocial.atoom.space\/es\/wp-json\/wp\/v2\/types\/event"}],"wp:featuredmedia":[{"embeddable":true,"href":"https:\/\/ticsalutsocial.atoom.space\/es\/wp-json\/wp\/v2\/media\/20962"}],"wp:attachment":[{"href":"https:\/\/ticsalutsocial.atoom.space\/es\/wp-json\/wp\/v2\/media?parent=27399"}],"wp:term":[{"taxonomy":"tipus","embeddable":true,"href":"https:\/\/ticsalutsocial.atoom.space\/es\/wp-json\/wp\/v2\/tipus?post=27399"},{"taxonomy":"topic","embeddable":true,"href":"https:\/\/ticsalutsocial.atoom.space\/es\/wp-json\/wp\/v2\/topic?post=27399"}],"curies":[{"name":"wp","href":"https:\/\/api.w.org\/{rel}","templated":true}]}}