
{"id":27409,"date":"2024-05-28T09:08:40","date_gmt":"2024-05-28T07:08:40","guid":{"rendered":"https:\/\/ticsalutsocial.atoom.space\/event\/xvii-conferencia-anual-de-las-plataformas-tecnologicas-de-investigacion-biomedica\/"},"modified":"2024-05-28T09:10:46","modified_gmt":"2024-05-28T07:10:46","slug":"xvii-conferencia-anual-de-las-plataformas-tecnologicas-de-investigacion-biomedica","status":"publish","type":"event","link":"https:\/\/ticsalutsocial.atoom.space\/es\/event\/xvii-conferencia-anual-de-las-plataformas-tecnologicas-de-investigacion-biomedica\/","title":{"rendered":"XVII Conferencia Anual de las Plataformas Tecnol\u00f3gicas de Investigaci\u00f3n Biom\u00e9dica"},"content":{"rendered":"\n<p>La <strong>XVII Conferencia Anual de las Plataformas Tecnol\u00f3gicas de Investigaci\u00f3n Biom\u00e9dica<\/strong> est\u00e1 impulsada por la Plataforma Tecnol\u00f3gica Espa\u00f1ola de Medicamentos Innovadores de Farmaindustria en colaboraci\u00f3n con las plataformas de Fenin, Asebio, Veterindustria y Nanomed. El encuentro se celebrar\u00e1 en Barcelona, en formato presencial, el mi\u00e9rcoles\u00a0<strong>29 de mayo<\/strong>\u00a0bajo el t\u00edtulo\u00a0<strong><em>C\u00f3mo convertir a Espa\u00f1a en un\u00a0<\/em>hub<em>\u00a0de innovaci\u00f3n biom\u00e9dica<\/em><\/strong>.<\/p>\n\n\n\n<p>En esta nueva edici\u00f3n se explicar\u00e1n iniciativas que persiguen una mayor participaci\u00f3n de las comunidades aut\u00f3nomas en la investigaci\u00f3n cl\u00ednica con nuevos medicamentos, sin olvidar el uso de la digitalizaci\u00f3n y de los datos para una mejor investigaci\u00f3n. Adem\u00e1s, se abordar\u00e1 la necesidad de<strong>&nbsp;impulsar la transferencia, de acelerar la innovaci\u00f3n<\/strong>, la capacidad de nuestro pa\u00eds de convertir el conocimiento en soluciones innovadoras con impacto social y econ\u00f3mico, as\u00ed como otras cuestiones de gran impacto en este \u00e1mbito, como la salud global y el One Health.<\/p>\n\n\n\n<p>Representantes de autoridades y reguladores sanitarios, centros de investigaci\u00f3n, universidad, pacientes, compa\u00f1\u00edas y\u00a0<em>start-ups<\/em>\u00a0tomar\u00e1n parte en el encuentro que arrancar\u00e1 a las 9:00 horas. <\/p>\n\n\n\n<p>El Director de Transformaci\u00f3n Digital de la Fundaci\u00f3n, <strong>Carlos Gallego,<\/strong> participar\u00e1 en la sesi\u00f3n &#8216;La transformaci\u00f3n digital para una mejor investigaci\u00f3n biom\u00e9dica&#8217;.<\/p>\n\n\n\n<p><a href=\"https:\/\/www.farmaindustria.es\/web\/evento\/xvii-conferencia-anual-de-las-plataformas-tecnologicas-de-investigacion-biomedica\/\" target=\"_blank\" rel=\"noreferrer noopener\">M\u00e1s informaci\u00f3n<\/a><\/p>\n","protected":false},"featured_media":0,"menu_order":0,"template":"","meta":{"_acf_changed":false,"inline_featured_image":false},"tipus":[],"topic":[],"class_list":["post-27409","event","type-event","status-publish","hentry"],"acf":{"imatge":27407,"informacio":{"ubicacio":"Auditori MGS (c\/ d'Enten\u00e7a, 335) de Barcelona.","data":"29\/05\/2024","hora":"","preu":"","inscripcions":""},"programa":{"titol":"","items":false},"documents":false},"yoast_head":"<!-- This site is optimized with the Yoast SEO plugin v27.1.1 - https:\/\/yoast.com\/product\/yoast-seo-wordpress\/ -->\n<title>XVII Conferencia Anual de las Plataformas Tecnol\u00f3gicas de Investigaci\u00f3n Biom\u00e9dica - Fundaci\u00f3 TIC Salut i Social<\/title>\n<meta name=\"robots\" content=\"index, follow, max-snippet:-1, max-image-preview:large, max-video-preview:-1\" \/>\n<link rel=\"canonical\" href=\"https:\/\/ticsalutsocial.atoom.space\/es\/event\/xvii-conferencia-anual-de-las-plataformas-tecnologicas-de-investigacion-biomedica\/\" \/>\n<meta property=\"og:locale\" content=\"es_ES\" \/>\n<meta property=\"og:type\" content=\"article\" \/>\n<meta property=\"og:title\" content=\"XVII Conferencia Anual de las Plataformas Tecnol\u00f3gicas de Investigaci\u00f3n Biom\u00e9dica - Fundaci\u00f3 TIC Salut i Social\" \/>\n<meta property=\"og:description\" content=\"La XVII Conferencia Anual de las Plataformas Tecnol\u00f3gicas de Investigaci\u00f3n Biom\u00e9dica est\u00e1 impulsada por la Plataforma Tecnol\u00f3gica Espa\u00f1ola de Medicamentos Innovadores de Farmaindustria en colaboraci\u00f3n con las plataformas de Fenin, Asebio, Veterindustria y Nanomed. El encuentro se celebrar\u00e1 en Barcelona, en formato presencial, el mi\u00e9rcoles\u00a029 de mayo\u00a0bajo el t\u00edtulo\u00a0C\u00f3mo convertir a Espa\u00f1a en un\u00a0hub\u00a0de innovaci\u00f3n [&hellip;]\" \/>\n<meta property=\"og:url\" content=\"https:\/\/ticsalutsocial.atoom.space\/es\/event\/xvii-conferencia-anual-de-las-plataformas-tecnologicas-de-investigacion-biomedica\/\" \/>\n<meta property=\"og:site_name\" content=\"Fundaci\u00f3 TIC Salut i Social\" \/>\n<meta property=\"article:modified_time\" content=\"2024-05-28T07:10:46+00:00\" \/>\n<meta name=\"twitter:card\" content=\"summary_large_image\" \/>\n<meta name=\"twitter:label1\" content=\"Tiempo de lectura\" \/>\n\t<meta name=\"twitter:data1\" content=\"2 minutos\" \/>\n<script type=\"application\/ld+json\" class=\"yoast-schema-graph\">{\"@context\":\"https:\/\/schema.org\",\"@graph\":[{\"@type\":\"WebPage\",\"@id\":\"https:\/\/ticsalutsocial.atoom.space\/es\/event\/xvii-conferencia-anual-de-las-plataformas-tecnologicas-de-investigacion-biomedica\/\",\"url\":\"https:\/\/ticsalutsocial.atoom.space\/es\/event\/xvii-conferencia-anual-de-las-plataformas-tecnologicas-de-investigacion-biomedica\/\",\"name\":\"XVII Conferencia Anual de las Plataformas Tecnol\u00f3gicas de Investigaci\u00f3n Biom\u00e9dica - Fundaci\u00f3 TIC Salut i Social\",\"isPartOf\":{\"@id\":\"https:\/\/ticsalutsocial.atoom.space\/es\/#website\"},\"datePublished\":\"2024-05-28T07:08:40+00:00\",\"dateModified\":\"2024-05-28T07:10:46+00:00\",\"breadcrumb\":{\"@id\":\"https:\/\/ticsalutsocial.atoom.space\/es\/event\/xvii-conferencia-anual-de-las-plataformas-tecnologicas-de-investigacion-biomedica\/#breadcrumb\"},\"inLanguage\":\"es\",\"potentialAction\":[{\"@type\":\"ReadAction\",\"target\":[\"https:\/\/ticsalutsocial.atoom.space\/es\/event\/xvii-conferencia-anual-de-las-plataformas-tecnologicas-de-investigacion-biomedica\/\"]}]},{\"@type\":\"BreadcrumbList\",\"@id\":\"https:\/\/ticsalutsocial.atoom.space\/es\/event\/xvii-conferencia-anual-de-las-plataformas-tecnologicas-de-investigacion-biomedica\/#breadcrumb\",\"itemListElement\":[{\"@type\":\"ListItem\",\"position\":1,\"name\":\"Inici\",\"item\":\"https:\/\/ticsalutsocial.atoom.space\/es\/\"},{\"@type\":\"ListItem\",\"position\":2,\"name\":\"XVII Conferencia Anual de las Plataformas Tecnol\u00f3gicas de Investigaci\u00f3n Biom\u00e9dica\"}]},{\"@type\":\"WebSite\",\"@id\":\"https:\/\/ticsalutsocial.atoom.space\/es\/#website\",\"url\":\"https:\/\/ticsalutsocial.atoom.space\/es\/\",\"name\":\"Fundaci\u00f3 TIC Salut i Social\",\"description\":\"\",\"potentialAction\":[{\"@type\":\"SearchAction\",\"target\":{\"@type\":\"EntryPoint\",\"urlTemplate\":\"https:\/\/ticsalutsocial.atoom.space\/es\/?s={search_term_string}\"},\"query-input\":{\"@type\":\"PropertyValueSpecification\",\"valueRequired\":true,\"valueName\":\"search_term_string\"}}],\"inLanguage\":\"es\"}]}<\/script>\n<!-- \/ Yoast SEO plugin. -->","yoast_head_json":{"title":"XVII Conferencia Anual de las Plataformas Tecnol\u00f3gicas de Investigaci\u00f3n Biom\u00e9dica - Fundaci\u00f3 TIC Salut i Social","robots":{"index":"index","follow":"follow","max-snippet":"max-snippet:-1","max-image-preview":"max-image-preview:large","max-video-preview":"max-video-preview:-1"},"canonical":"https:\/\/ticsalutsocial.atoom.space\/es\/event\/xvii-conferencia-anual-de-las-plataformas-tecnologicas-de-investigacion-biomedica\/","og_locale":"es_ES","og_type":"article","og_title":"XVII Conferencia Anual de las Plataformas Tecnol\u00f3gicas de Investigaci\u00f3n Biom\u00e9dica - Fundaci\u00f3 TIC Salut i Social","og_description":"La XVII Conferencia Anual de las Plataformas Tecnol\u00f3gicas de Investigaci\u00f3n Biom\u00e9dica est\u00e1 impulsada por la Plataforma Tecnol\u00f3gica Espa\u00f1ola de Medicamentos Innovadores de Farmaindustria en colaboraci\u00f3n con las plataformas de Fenin, Asebio, Veterindustria y Nanomed. El encuentro se celebrar\u00e1 en Barcelona, en formato presencial, el mi\u00e9rcoles\u00a029 de mayo\u00a0bajo el t\u00edtulo\u00a0C\u00f3mo convertir a Espa\u00f1a en un\u00a0hub\u00a0de innovaci\u00f3n [&hellip;]","og_url":"https:\/\/ticsalutsocial.atoom.space\/es\/event\/xvii-conferencia-anual-de-las-plataformas-tecnologicas-de-investigacion-biomedica\/","og_site_name":"Fundaci\u00f3 TIC Salut i Social","article_modified_time":"2024-05-28T07:10:46+00:00","twitter_card":"summary_large_image","twitter_misc":{"Tiempo de lectura":"2 minutos"},"schema":{"@context":"https:\/\/schema.org","@graph":[{"@type":"WebPage","@id":"https:\/\/ticsalutsocial.atoom.space\/es\/event\/xvii-conferencia-anual-de-las-plataformas-tecnologicas-de-investigacion-biomedica\/","url":"https:\/\/ticsalutsocial.atoom.space\/es\/event\/xvii-conferencia-anual-de-las-plataformas-tecnologicas-de-investigacion-biomedica\/","name":"XVII Conferencia Anual de las Plataformas Tecnol\u00f3gicas de Investigaci\u00f3n Biom\u00e9dica - Fundaci\u00f3 TIC Salut i Social","isPartOf":{"@id":"https:\/\/ticsalutsocial.atoom.space\/es\/#website"},"datePublished":"2024-05-28T07:08:40+00:00","dateModified":"2024-05-28T07:10:46+00:00","breadcrumb":{"@id":"https:\/\/ticsalutsocial.atoom.space\/es\/event\/xvii-conferencia-anual-de-las-plataformas-tecnologicas-de-investigacion-biomedica\/#breadcrumb"},"inLanguage":"es","potentialAction":[{"@type":"ReadAction","target":["https:\/\/ticsalutsocial.atoom.space\/es\/event\/xvii-conferencia-anual-de-las-plataformas-tecnologicas-de-investigacion-biomedica\/"]}]},{"@type":"BreadcrumbList","@id":"https:\/\/ticsalutsocial.atoom.space\/es\/event\/xvii-conferencia-anual-de-las-plataformas-tecnologicas-de-investigacion-biomedica\/#breadcrumb","itemListElement":[{"@type":"ListItem","position":1,"name":"Inici","item":"https:\/\/ticsalutsocial.atoom.space\/es\/"},{"@type":"ListItem","position":2,"name":"XVII Conferencia Anual de las Plataformas Tecnol\u00f3gicas de Investigaci\u00f3n Biom\u00e9dica"}]},{"@type":"WebSite","@id":"https:\/\/ticsalutsocial.atoom.space\/es\/#website","url":"https:\/\/ticsalutsocial.atoom.space\/es\/","name":"Fundaci\u00f3 TIC Salut i Social","description":"","potentialAction":[{"@type":"SearchAction","target":{"@type":"EntryPoint","urlTemplate":"https:\/\/ticsalutsocial.atoom.space\/es\/?s={search_term_string}"},"query-input":{"@type":"PropertyValueSpecification","valueRequired":true,"valueName":"search_term_string"}}],"inLanguage":"es"}]}},"_links":{"self":[{"href":"https:\/\/ticsalutsocial.atoom.space\/es\/wp-json\/wp\/v2\/event\/27409","targetHints":{"allow":["GET"]}}],"collection":[{"href":"https:\/\/ticsalutsocial.atoom.space\/es\/wp-json\/wp\/v2\/event"}],"about":[{"href":"https:\/\/ticsalutsocial.atoom.space\/es\/wp-json\/wp\/v2\/types\/event"}],"wp:attachment":[{"href":"https:\/\/ticsalutsocial.atoom.space\/es\/wp-json\/wp\/v2\/media?parent=27409"}],"wp:term":[{"taxonomy":"tipus","embeddable":true,"href":"https:\/\/ticsalutsocial.atoom.space\/es\/wp-json\/wp\/v2\/tipus?post=27409"},{"taxonomy":"topic","embeddable":true,"href":"https:\/\/ticsalutsocial.atoom.space\/es\/wp-json\/wp\/v2\/topic?post=27409"}],"curies":[{"name":"wp","href":"https:\/\/api.w.org\/{rel}","templated":true}]}}