
{"id":27622,"date":"2024-06-10T12:32:51","date_gmt":"2024-06-10T10:32:51","guid":{"rendered":"https:\/\/ticsalutsocial.atoom.space\/event\/salut-digital-i-telemedicina\/"},"modified":"2024-06-10T12:35:15","modified_gmt":"2024-06-10T10:35:15","slug":"salut-digital-i-telemedicina","status":"publish","type":"event","link":"https:\/\/ticsalutsocial.atoom.space\/es\/event\/salut-digital-i-telemedicina\/","title":{"rendered":"Salud digital y telemedicina"},"content":{"rendered":"\n<p>Humanizaci\u00f3n sanitaria, desinstitucionalizaci\u00f3n, personalizaci\u00f3n\u2026 Cada vez son m\u00e1s los conceptos que hemos creado para referirnos a una tendencia imparable en la actual medicina: un nuevo modelo de atenci\u00f3n sanitaria centrado en el paciente. Esta nueva visi\u00f3n de la pr\u00e1ctica m\u00e9dica debe basarse necesariamente en el uso de nuevas tecnolog\u00edas, desde la telemedicina hasta la monitorizaci\u00f3n en remoto.<\/p>\n\n\n\n<p>\u00bfC\u00f3mo abordar la digitalizaci\u00f3n de los pacientes? \u00bfExiste riesgo de aislamiento social? Son algunas de las preguntas que responderemos y debatiremos con la ayuda de expertos en el \u00e1mbito de las tecnolog\u00edas m\u00e9dicas y la atenci\u00f3n sociosanitaria.<\/p>\n\n\n\n<p>A cargo de:<\/p>\n\n\n\n<ul class=\"wp-block-list\">\n<li><strong>Jordi William Carnes<\/strong>, presidente de la Fundaci\u00f3n KIMbcn.<\/li>\n\n\n\n<li><strong>Joan Guanyabens<\/strong>, director de la Fundaci\u00f3n TIC Salut Social.<\/li>\n\n\n\n<li><strong>Elisenda Casanelles<\/strong>, directora de Relaciones Estrat\u00e9gicas de GE Healthcare Iberia.<\/li>\n<\/ul>\n","protected":false},"featured_media":27621,"menu_order":0,"template":"","meta":{"_acf_changed":false,"inline_featured_image":false},"tipus":[],"topic":[],"class_list":["post-27622","event","type-event","status-publish","has-post-thumbnail","hentry"],"acf":{"imatge":27621,"informacio":{"ubicacio":"CaixaForum Macaya de Barcelona","data":"24\/10\/2024","hora":"","preu":"","inscripcions":"https:\/\/caixaforum.org\/ca\/macaya\/p\/salut-digital-i-telemedicina_a166801915"},"programa":{"titol":"","items":false},"documents":false},"yoast_head":"<!-- This site is optimized with the Yoast SEO plugin v27.1.1 - https:\/\/yoast.com\/product\/yoast-seo-wordpress\/ -->\n<title>Salud digital y telemedicina - Fundaci\u00f3 TIC Salut i Social<\/title>\n<meta name=\"robots\" content=\"index, follow, max-snippet:-1, max-image-preview:large, max-video-preview:-1\" \/>\n<link rel=\"canonical\" href=\"https:\/\/ticsalutsocial.atoom.space\/es\/event\/salut-digital-i-telemedicina\/\" \/>\n<meta property=\"og:locale\" content=\"es_ES\" \/>\n<meta property=\"og:type\" content=\"article\" \/>\n<meta property=\"og:title\" content=\"Salud digital y telemedicina - Fundaci\u00f3 TIC Salut i Social\" \/>\n<meta property=\"og:description\" content=\"Humanizaci\u00f3n sanitaria, desinstitucionalizaci\u00f3n, personalizaci\u00f3n\u2026 Cada vez son m\u00e1s los conceptos que hemos creado para referirnos a una tendencia imparable en la actual medicina: un nuevo modelo de atenci\u00f3n sanitaria centrado en el paciente. Esta nueva visi\u00f3n de la pr\u00e1ctica m\u00e9dica debe basarse necesariamente en el uso de nuevas tecnolog\u00edas, desde la telemedicina hasta la monitorizaci\u00f3n [&hellip;]\" \/>\n<meta property=\"og:url\" content=\"https:\/\/ticsalutsocial.atoom.space\/es\/event\/salut-digital-i-telemedicina\/\" \/>\n<meta property=\"og:site_name\" content=\"Fundaci\u00f3 TIC Salut i Social\" \/>\n<meta property=\"article:modified_time\" content=\"2024-06-10T10:35:15+00:00\" \/>\n<meta property=\"og:image\" content=\"https:\/\/ticsalutsocial.atoom.space\/wp-content\/uploads\/2024\/06\/SaludDigitalTelemedicina_miniatura_1709571655382-cat2.jpg\" \/>\n\t<meta property=\"og:image:width\" content=\"860\" \/>\n\t<meta property=\"og:image:height\" content=\"555\" \/>\n\t<meta property=\"og:image:type\" content=\"image\/jpeg\" \/>\n<meta name=\"twitter:card\" content=\"summary_large_image\" \/>\n<meta name=\"twitter:label1\" content=\"Tiempo de lectura\" \/>\n\t<meta name=\"twitter:data1\" content=\"1 minuto\" \/>\n<script type=\"application\/ld+json\" class=\"yoast-schema-graph\">{\"@context\":\"https:\/\/schema.org\",\"@graph\":[{\"@type\":\"WebPage\",\"@id\":\"https:\/\/ticsalutsocial.atoom.space\/es\/event\/salut-digital-i-telemedicina\/\",\"url\":\"https:\/\/ticsalutsocial.atoom.space\/es\/event\/salut-digital-i-telemedicina\/\",\"name\":\"Salud digital y telemedicina - Fundaci\u00f3 TIC Salut i Social\",\"isPartOf\":{\"@id\":\"https:\/\/ticsalutsocial.atoom.space\/es\/#website\"},\"primaryImageOfPage\":{\"@id\":\"https:\/\/ticsalutsocial.atoom.space\/es\/event\/salut-digital-i-telemedicina\/#primaryimage\"},\"image\":{\"@id\":\"https:\/\/ticsalutsocial.atoom.space\/es\/event\/salut-digital-i-telemedicina\/#primaryimage\"},\"thumbnailUrl\":\"https:\/\/ticsalutsocial.atoom.space\/wp-content\/uploads\/2024\/06\/SaludDigitalTelemedicina_miniatura_1709571655382-cat2.jpg\",\"datePublished\":\"2024-06-10T10:32:51+00:00\",\"dateModified\":\"2024-06-10T10:35:15+00:00\",\"breadcrumb\":{\"@id\":\"https:\/\/ticsalutsocial.atoom.space\/es\/event\/salut-digital-i-telemedicina\/#breadcrumb\"},\"inLanguage\":\"es\",\"potentialAction\":[{\"@type\":\"ReadAction\",\"target\":[\"https:\/\/ticsalutsocial.atoom.space\/es\/event\/salut-digital-i-telemedicina\/\"]}]},{\"@type\":\"ImageObject\",\"inLanguage\":\"es\",\"@id\":\"https:\/\/ticsalutsocial.atoom.space\/es\/event\/salut-digital-i-telemedicina\/#primaryimage\",\"url\":\"https:\/\/ticsalutsocial.atoom.space\/wp-content\/uploads\/2024\/06\/SaludDigitalTelemedicina_miniatura_1709571655382-cat2.jpg\",\"contentUrl\":\"https:\/\/ticsalutsocial.atoom.space\/wp-content\/uploads\/2024\/06\/SaludDigitalTelemedicina_miniatura_1709571655382-cat2.jpg\",\"width\":860,\"height\":555},{\"@type\":\"BreadcrumbList\",\"@id\":\"https:\/\/ticsalutsocial.atoom.space\/es\/event\/salut-digital-i-telemedicina\/#breadcrumb\",\"itemListElement\":[{\"@type\":\"ListItem\",\"position\":1,\"name\":\"Inici\",\"item\":\"https:\/\/ticsalutsocial.atoom.space\/es\/\"},{\"@type\":\"ListItem\",\"position\":2,\"name\":\"Salud digital y telemedicina\"}]},{\"@type\":\"WebSite\",\"@id\":\"https:\/\/ticsalutsocial.atoom.space\/es\/#website\",\"url\":\"https:\/\/ticsalutsocial.atoom.space\/es\/\",\"name\":\"Fundaci\u00f3 TIC Salut i Social\",\"description\":\"\",\"potentialAction\":[{\"@type\":\"SearchAction\",\"target\":{\"@type\":\"EntryPoint\",\"urlTemplate\":\"https:\/\/ticsalutsocial.atoom.space\/es\/?s={search_term_string}\"},\"query-input\":{\"@type\":\"PropertyValueSpecification\",\"valueRequired\":true,\"valueName\":\"search_term_string\"}}],\"inLanguage\":\"es\"}]}<\/script>\n<!-- \/ Yoast SEO plugin. -->","yoast_head_json":{"title":"Salud digital y telemedicina - Fundaci\u00f3 TIC Salut i Social","robots":{"index":"index","follow":"follow","max-snippet":"max-snippet:-1","max-image-preview":"max-image-preview:large","max-video-preview":"max-video-preview:-1"},"canonical":"https:\/\/ticsalutsocial.atoom.space\/es\/event\/salut-digital-i-telemedicina\/","og_locale":"es_ES","og_type":"article","og_title":"Salud digital y telemedicina - Fundaci\u00f3 TIC Salut i Social","og_description":"Humanizaci\u00f3n sanitaria, desinstitucionalizaci\u00f3n, personalizaci\u00f3n\u2026 Cada vez son m\u00e1s los conceptos que hemos creado para referirnos a una tendencia imparable en la actual medicina: un nuevo modelo de atenci\u00f3n sanitaria centrado en el paciente. Esta nueva visi\u00f3n de la pr\u00e1ctica m\u00e9dica debe basarse necesariamente en el uso de nuevas tecnolog\u00edas, desde la telemedicina hasta la monitorizaci\u00f3n [&hellip;]","og_url":"https:\/\/ticsalutsocial.atoom.space\/es\/event\/salut-digital-i-telemedicina\/","og_site_name":"Fundaci\u00f3 TIC Salut i Social","article_modified_time":"2024-06-10T10:35:15+00:00","og_image":[{"width":860,"height":555,"url":"https:\/\/ticsalutsocial.atoom.space\/wp-content\/uploads\/2024\/06\/SaludDigitalTelemedicina_miniatura_1709571655382-cat2.jpg","type":"image\/jpeg"}],"twitter_card":"summary_large_image","twitter_misc":{"Tiempo de lectura":"1 minuto"},"schema":{"@context":"https:\/\/schema.org","@graph":[{"@type":"WebPage","@id":"https:\/\/ticsalutsocial.atoom.space\/es\/event\/salut-digital-i-telemedicina\/","url":"https:\/\/ticsalutsocial.atoom.space\/es\/event\/salut-digital-i-telemedicina\/","name":"Salud digital y telemedicina - Fundaci\u00f3 TIC Salut i Social","isPartOf":{"@id":"https:\/\/ticsalutsocial.atoom.space\/es\/#website"},"primaryImageOfPage":{"@id":"https:\/\/ticsalutsocial.atoom.space\/es\/event\/salut-digital-i-telemedicina\/#primaryimage"},"image":{"@id":"https:\/\/ticsalutsocial.atoom.space\/es\/event\/salut-digital-i-telemedicina\/#primaryimage"},"thumbnailUrl":"https:\/\/ticsalutsocial.atoom.space\/wp-content\/uploads\/2024\/06\/SaludDigitalTelemedicina_miniatura_1709571655382-cat2.jpg","datePublished":"2024-06-10T10:32:51+00:00","dateModified":"2024-06-10T10:35:15+00:00","breadcrumb":{"@id":"https:\/\/ticsalutsocial.atoom.space\/es\/event\/salut-digital-i-telemedicina\/#breadcrumb"},"inLanguage":"es","potentialAction":[{"@type":"ReadAction","target":["https:\/\/ticsalutsocial.atoom.space\/es\/event\/salut-digital-i-telemedicina\/"]}]},{"@type":"ImageObject","inLanguage":"es","@id":"https:\/\/ticsalutsocial.atoom.space\/es\/event\/salut-digital-i-telemedicina\/#primaryimage","url":"https:\/\/ticsalutsocial.atoom.space\/wp-content\/uploads\/2024\/06\/SaludDigitalTelemedicina_miniatura_1709571655382-cat2.jpg","contentUrl":"https:\/\/ticsalutsocial.atoom.space\/wp-content\/uploads\/2024\/06\/SaludDigitalTelemedicina_miniatura_1709571655382-cat2.jpg","width":860,"height":555},{"@type":"BreadcrumbList","@id":"https:\/\/ticsalutsocial.atoom.space\/es\/event\/salut-digital-i-telemedicina\/#breadcrumb","itemListElement":[{"@type":"ListItem","position":1,"name":"Inici","item":"https:\/\/ticsalutsocial.atoom.space\/es\/"},{"@type":"ListItem","position":2,"name":"Salud digital y telemedicina"}]},{"@type":"WebSite","@id":"https:\/\/ticsalutsocial.atoom.space\/es\/#website","url":"https:\/\/ticsalutsocial.atoom.space\/es\/","name":"Fundaci\u00f3 TIC Salut i Social","description":"","potentialAction":[{"@type":"SearchAction","target":{"@type":"EntryPoint","urlTemplate":"https:\/\/ticsalutsocial.atoom.space\/es\/?s={search_term_string}"},"query-input":{"@type":"PropertyValueSpecification","valueRequired":true,"valueName":"search_term_string"}}],"inLanguage":"es"}]}},"_links":{"self":[{"href":"https:\/\/ticsalutsocial.atoom.space\/es\/wp-json\/wp\/v2\/event\/27622","targetHints":{"allow":["GET"]}}],"collection":[{"href":"https:\/\/ticsalutsocial.atoom.space\/es\/wp-json\/wp\/v2\/event"}],"about":[{"href":"https:\/\/ticsalutsocial.atoom.space\/es\/wp-json\/wp\/v2\/types\/event"}],"wp:featuredmedia":[{"embeddable":true,"href":"https:\/\/ticsalutsocial.atoom.space\/es\/wp-json\/wp\/v2\/media\/27621"}],"wp:attachment":[{"href":"https:\/\/ticsalutsocial.atoom.space\/es\/wp-json\/wp\/v2\/media?parent=27622"}],"wp:term":[{"taxonomy":"tipus","embeddable":true,"href":"https:\/\/ticsalutsocial.atoom.space\/es\/wp-json\/wp\/v2\/tipus?post=27622"},{"taxonomy":"topic","embeddable":true,"href":"https:\/\/ticsalutsocial.atoom.space\/es\/wp-json\/wp\/v2\/topic?post=27622"}],"curies":[{"name":"wp","href":"https:\/\/api.w.org\/{rel}","templated":true}]}}