
{"id":27673,"date":"2024-06-07T08:06:14","date_gmt":"2024-06-07T06:06:14","guid":{"rendered":"https:\/\/ticsalutsocial.atoom.space\/event\/jornada-sobre-actius-digitals-per-a-la-ciutadania\/"},"modified":"2024-06-28T12:01:19","modified_gmt":"2024-06-28T10:01:19","slug":"jornada-sobre-actius-digitals-per-a-la-ciutadania","status":"publish","type":"event","link":"https:\/\/ticsalutsocial.atoom.space\/es\/event\/jornada-sobre-actius-digitals-per-a-la-ciutadania\/","title":{"rendered":"Jornada sobre Activos Digitales para la Ciudadan\u00eda"},"content":{"rendered":"\n<p>El \u00c1rea de Ciudadan\u00eda, Innovaci\u00f3n y Usuario del Servicio Catal\u00e1n de la Salud junto con la Fundaci\u00f3n TIC Salut Social organizan la jornada sobre Activos Digitales para la Ciudadan\u00eda que tendr\u00e1 lugar el pr\u00f3ximo <strong>3 de julio de 10h a 12:20h en la Sala de &#8216;Actas del Edificio Salvany\u00a0<\/strong>(Calle Roc Boronat 81 de Barcelona). Durante el acto\u00a0se presentar\u00e1 el\u00a0<a href=\"https:\/\/ticsalutsocial.atoom.space\/wp-content\/uploads\/2024\/04\/Informe.-Radar-dActius-Digitals-al-SISCAT.pdf\" target=\"_blank\" rel=\"noreferrer noopener\">Radar de Activos Digitales en Catalu\u00f1a<\/a>; un informe que proporciona una visi\u00f3n global de las soluciones y servicios digitales que ofrecen los centros del SISCAT, y la <a href=\"https:\/\/ticsalutsocial.atoom.space\/wp-content\/uploads\/2024\/04\/Guia-de-Bones-Practiques-per-desenvolupar-Actius-Digitals-per-la-Ciutadania.pdf\" target=\"_blank\" rel=\"noreferrer noopener\">Gu\u00eda de Buenas Pr\u00e1cticas para desarrollar Activos Digitales para la Ciudadan\u00eda<\/a>. Tambi\u00e9n habr\u00e1 una mesa redonda con responsables de Apps de salud, tanto del \u00e1mbito p\u00fablico como privado, para abordar c\u00f3mo los Activos Digitales de Salud pueden beneficiar y promover la equidad de la atenci\u00f3n a la Ciudadan\u00eda de Catalunya.<br>Podr\u00e1 seguir el acto de forma presencial o por remoto. <a href=\"https:\/\/www.eventbrite.com\/e\/jornada-sobre-actius-digitals-per-a-la-ciutadania-tickets-921321055077\" target=\"_blank\" rel=\"noreferrer noopener\">En ambos casos es necesaria inscripci\u00f3n previa en este enlace.<\/a><\/p>\n\n\n\n<p><strong>PROGRAMA:<\/strong><\/p>\n\n\n\n<p><span style=\"color: #000080;\"><strong>10:00h &#8211; Acreditaciones y Caf\u00e9 &#8211; networking<\/strong><\/span><\/p>\n\n\n\n<p><span style=\"color: #000080;\"><strong>10:30h &#8211; Bienvenida<\/strong><\/span><\/p>\n\n\n\n<p><p style=\"padding-left: 40px;\">Joan Guanyabens, Director de la Fundaci\u00f3n TIC Salut Social.<\/p><\/p>\n\n\n\n<p><span style=\"color: #000080;\"><strong>10:35h &#8211; Presentaci\u00f3n del Radar de Activos Digitales del SISCAT y buenas pr\u00e1cticas del sector<\/strong><\/span><\/p>\n\n\n\n<p><p style=\"padding-left: 40px;\">Carme Pratdep\u00e0dua, Responsable de mHealth de la Fundaci\u00f3n TIC Salut Social.<\/p><\/p>\n\n\n\n<p><span style=\"color: #000080;\"><strong>11:00h &#8211; Presentaci\u00f3n de la Gu\u00eda de Buenas Pr\u00e1cticas y la estrategia del \u00c1rea de Ciudadan\u00eda, Innovaci\u00f3n y Usuario del Servicio Catal\u00e1n de la Salud<\/strong><\/span><\/p>\n\n\n\n<p><p style=\"padding-left: 40px;\">Yolanda Portero, Gerenta de Innovaci\u00f3n Relacional del \u00c1rea de Ciudadan\u00eda, Innovaci\u00f3n y Usuario del Servicio Catal\u00e1n de la Salud.<\/p><\/p>\n\n\n\n<p><p><span style=\"color: #000080;\"><strong>11:25h \u2013 Mesa Redonda: \u00bfC\u00f3mo los Activos Digitales de Salud pueden beneficiar y promover la equidad de la atenci\u00f3n a la Ciudadan\u00eda de Catalu\u00f1a?<\/strong><\/span><\/p><br><p style=\"font-weight: 400; padding-left: 40px;\">Pere Guerrero, Responsable Transformaci\u00f3n Digital, Sistemas de Informaci\u00f3n y TIC en Althaia (Red Asistencial Universitaria de Manresa).<\/p><br><p style=\"font-weight: 400; padding-left: 40px;\">Meritxell Davins, Directora de transformaci\u00f3n y salud digital del Hospital Universitario Germans Trias i Pujol.<\/p><br><p style=\"font-weight: 400; padding-left: 40px;\">Laia Vidal, cofundadora de la App HappySneeze.<\/p><br><p style=\"font-weight: 400; padding-left: 40px;\">Mar\u00eda Salido, co-fundadora de l\u2019App SocialDiabetes.<\/p><\/p>\n\n\n\n<p><span style=\"color: #000080;\"><strong>12:15h \u2013 Torn obert de preguntes<\/strong><\/span><\/p>\r\n<p><span style=\"color: #000080;\">\n\n\n\n<\/span><\/p>\r\n<p><span style=\"color: #000080;\"><strong>12:25h &#8211;\u00a0 Cloenda <\/strong><\/span><\/p>\r\n<p><span style=\"color: #000080;\">\n\n\n\n<\/span><\/p>\r\n<p style=\"padding-left: 40px;\">Elisenda Serra, Directora de l&#8217;\u00c0rea de Ciutadania, Innovaci\u00f3 i Usuari del Servei Catal\u00e0 de la Salut.<\/p>\n","protected":false},"featured_media":27444,"menu_order":0,"template":"","meta":{"_acf_changed":false,"inline_featured_image":false},"tipus":[654],"topic":[],"class_list":["post-27673","event","type-event","status-publish","has-post-thumbnail","hentry","tipus-activos-digitales"],"acf":{"imatge":27444,"informacio":{"ubicacio":"Sala d'Actes Edifici Salvany (Carrer Roc Boronat 81 de Barcelona)","data":"03\/07\/2024","hora":"10:00- 12:30","preu":"","inscripcions":"https:\/\/www.eventbrite.com\/e\/jornada-sobre-actius-digitals-per-a-la-ciutadania-tickets-921321055077"},"programa":{"titol":"","items":false},"documents":false},"yoast_head":"<!-- This site is optimized with the Yoast SEO plugin v27.1.1 - https:\/\/yoast.com\/product\/yoast-seo-wordpress\/ -->\n<title>Jornada sobre Activos Digitales para la Ciudadan\u00eda - Fundaci\u00f3 TIC Salut i Social<\/title>\n<meta name=\"description\" content=\"L\u2019\u00c0rea de Ciutadania, Innovaci\u00f3 i Usuari del Servei Catal\u00e0 de la Salut juntament amb la Fundaci\u00f3 TIC Salut Social organitzen la jornada sobre Actius Digitals per a la Ciutadania\u00a0\" \/>\n<meta name=\"robots\" content=\"index, follow, max-snippet:-1, max-image-preview:large, max-video-preview:-1\" \/>\n<link rel=\"canonical\" href=\"https:\/\/ticsalutsocial.atoom.space\/es\/event\/jornada-sobre-actius-digitals-per-a-la-ciutadania\/\" \/>\n<meta property=\"og:locale\" content=\"es_ES\" \/>\n<meta property=\"og:type\" content=\"article\" \/>\n<meta property=\"og:title\" content=\"Jornada sobre Activos Digitales para la Ciudadan\u00eda - Fundaci\u00f3 TIC Salut i Social\" \/>\n<meta property=\"og:description\" content=\"L\u2019\u00c0rea de Ciutadania, Innovaci\u00f3 i Usuari del Servei Catal\u00e0 de la Salut juntament amb la Fundaci\u00f3 TIC Salut Social organitzen la jornada sobre Actius Digitals per a la Ciutadania\u00a0\" \/>\n<meta property=\"og:url\" content=\"https:\/\/ticsalutsocial.atoom.space\/es\/event\/jornada-sobre-actius-digitals-per-a-la-ciutadania\/\" \/>\n<meta property=\"og:site_name\" content=\"Fundaci\u00f3 TIC Salut i Social\" \/>\n<meta property=\"article:modified_time\" content=\"2024-06-28T10:01:19+00:00\" \/>\n<meta property=\"og:image\" content=\"https:\/\/ticsalutsocial.atoom.space\/wp-content\/uploads\/2024\/05\/Radar-Actius-Digitals.jpg\" \/>\n\t<meta property=\"og:image:width\" content=\"1280\" \/>\n\t<meta property=\"og:image:height\" content=\"960\" \/>\n\t<meta property=\"og:image:type\" content=\"image\/jpeg\" \/>\n<meta name=\"twitter:card\" content=\"summary_large_image\" \/>\n<meta name=\"twitter:label1\" content=\"Tiempo de lectura\" \/>\n\t<meta name=\"twitter:data1\" content=\"3 minutos\" \/>\n<script type=\"application\/ld+json\" class=\"yoast-schema-graph\">{\"@context\":\"https:\/\/schema.org\",\"@graph\":[{\"@type\":\"WebPage\",\"@id\":\"https:\/\/ticsalutsocial.atoom.space\/es\/event\/jornada-sobre-actius-digitals-per-a-la-ciutadania\/\",\"url\":\"https:\/\/ticsalutsocial.atoom.space\/es\/event\/jornada-sobre-actius-digitals-per-a-la-ciutadania\/\",\"name\":\"Jornada sobre Activos Digitales para la Ciudadan\u00eda - Fundaci\u00f3 TIC Salut i Social\",\"isPartOf\":{\"@id\":\"https:\/\/ticsalutsocial.atoom.space\/es\/#website\"},\"primaryImageOfPage\":{\"@id\":\"https:\/\/ticsalutsocial.atoom.space\/es\/event\/jornada-sobre-actius-digitals-per-a-la-ciutadania\/#primaryimage\"},\"image\":{\"@id\":\"https:\/\/ticsalutsocial.atoom.space\/es\/event\/jornada-sobre-actius-digitals-per-a-la-ciutadania\/#primaryimage\"},\"thumbnailUrl\":\"https:\/\/ticsalutsocial.atoom.space\/wp-content\/uploads\/2024\/05\/Radar-Actius-Digitals.jpg\",\"datePublished\":\"2024-06-07T06:06:14+00:00\",\"dateModified\":\"2024-06-28T10:01:19+00:00\",\"description\":\"L\u2019\u00c0rea de Ciutadania, Innovaci\u00f3 i Usuari del Servei Catal\u00e0 de la Salut juntament amb la Fundaci\u00f3 TIC Salut Social organitzen la jornada sobre Actius Digitals per a la Ciutadania\u00a0\",\"breadcrumb\":{\"@id\":\"https:\/\/ticsalutsocial.atoom.space\/es\/event\/jornada-sobre-actius-digitals-per-a-la-ciutadania\/#breadcrumb\"},\"inLanguage\":\"es\",\"potentialAction\":[{\"@type\":\"ReadAction\",\"target\":[\"https:\/\/ticsalutsocial.atoom.space\/es\/event\/jornada-sobre-actius-digitals-per-a-la-ciutadania\/\"]}]},{\"@type\":\"ImageObject\",\"inLanguage\":\"es\",\"@id\":\"https:\/\/ticsalutsocial.atoom.space\/es\/event\/jornada-sobre-actius-digitals-per-a-la-ciutadania\/#primaryimage\",\"url\":\"https:\/\/ticsalutsocial.atoom.space\/wp-content\/uploads\/2024\/05\/Radar-Actius-Digitals.jpg\",\"contentUrl\":\"https:\/\/ticsalutsocial.atoom.space\/wp-content\/uploads\/2024\/05\/Radar-Actius-Digitals.jpg\",\"width\":1280,\"height\":960,\"caption\":\"Radar d'Actius Digitals\"},{\"@type\":\"BreadcrumbList\",\"@id\":\"https:\/\/ticsalutsocial.atoom.space\/es\/event\/jornada-sobre-actius-digitals-per-a-la-ciutadania\/#breadcrumb\",\"itemListElement\":[{\"@type\":\"ListItem\",\"position\":1,\"name\":\"Inici\",\"item\":\"https:\/\/ticsalutsocial.atoom.space\/es\/\"},{\"@type\":\"ListItem\",\"position\":2,\"name\":\"Jornada sobre Activos Digitales para la Ciudadan\u00eda\"}]},{\"@type\":\"WebSite\",\"@id\":\"https:\/\/ticsalutsocial.atoom.space\/es\/#website\",\"url\":\"https:\/\/ticsalutsocial.atoom.space\/es\/\",\"name\":\"Fundaci\u00f3 TIC Salut i Social\",\"description\":\"\",\"potentialAction\":[{\"@type\":\"SearchAction\",\"target\":{\"@type\":\"EntryPoint\",\"urlTemplate\":\"https:\/\/ticsalutsocial.atoom.space\/es\/?s={search_term_string}\"},\"query-input\":{\"@type\":\"PropertyValueSpecification\",\"valueRequired\":true,\"valueName\":\"search_term_string\"}}],\"inLanguage\":\"es\"}]}<\/script>\n<!-- \/ Yoast SEO plugin. -->","yoast_head_json":{"title":"Jornada sobre Activos Digitales para la Ciudadan\u00eda - Fundaci\u00f3 TIC Salut i Social","description":"L\u2019\u00c0rea de Ciutadania, Innovaci\u00f3 i Usuari del Servei Catal\u00e0 de la Salut juntament amb la Fundaci\u00f3 TIC Salut Social organitzen la jornada sobre Actius Digitals per a la Ciutadania\u00a0","robots":{"index":"index","follow":"follow","max-snippet":"max-snippet:-1","max-image-preview":"max-image-preview:large","max-video-preview":"max-video-preview:-1"},"canonical":"https:\/\/ticsalutsocial.atoom.space\/es\/event\/jornada-sobre-actius-digitals-per-a-la-ciutadania\/","og_locale":"es_ES","og_type":"article","og_title":"Jornada sobre Activos Digitales para la Ciudadan\u00eda - Fundaci\u00f3 TIC Salut i Social","og_description":"L\u2019\u00c0rea de Ciutadania, Innovaci\u00f3 i Usuari del Servei Catal\u00e0 de la Salut juntament amb la Fundaci\u00f3 TIC Salut Social organitzen la jornada sobre Actius Digitals per a la Ciutadania\u00a0","og_url":"https:\/\/ticsalutsocial.atoom.space\/es\/event\/jornada-sobre-actius-digitals-per-a-la-ciutadania\/","og_site_name":"Fundaci\u00f3 TIC Salut i Social","article_modified_time":"2024-06-28T10:01:19+00:00","og_image":[{"width":1280,"height":960,"url":"https:\/\/ticsalutsocial.atoom.space\/wp-content\/uploads\/2024\/05\/Radar-Actius-Digitals.jpg","type":"image\/jpeg"}],"twitter_card":"summary_large_image","twitter_misc":{"Tiempo de lectura":"3 minutos"},"schema":{"@context":"https:\/\/schema.org","@graph":[{"@type":"WebPage","@id":"https:\/\/ticsalutsocial.atoom.space\/es\/event\/jornada-sobre-actius-digitals-per-a-la-ciutadania\/","url":"https:\/\/ticsalutsocial.atoom.space\/es\/event\/jornada-sobre-actius-digitals-per-a-la-ciutadania\/","name":"Jornada sobre Activos Digitales para la Ciudadan\u00eda - Fundaci\u00f3 TIC Salut i Social","isPartOf":{"@id":"https:\/\/ticsalutsocial.atoom.space\/es\/#website"},"primaryImageOfPage":{"@id":"https:\/\/ticsalutsocial.atoom.space\/es\/event\/jornada-sobre-actius-digitals-per-a-la-ciutadania\/#primaryimage"},"image":{"@id":"https:\/\/ticsalutsocial.atoom.space\/es\/event\/jornada-sobre-actius-digitals-per-a-la-ciutadania\/#primaryimage"},"thumbnailUrl":"https:\/\/ticsalutsocial.atoom.space\/wp-content\/uploads\/2024\/05\/Radar-Actius-Digitals.jpg","datePublished":"2024-06-07T06:06:14+00:00","dateModified":"2024-06-28T10:01:19+00:00","description":"L\u2019\u00c0rea de Ciutadania, Innovaci\u00f3 i Usuari del Servei Catal\u00e0 de la Salut juntament amb la Fundaci\u00f3 TIC Salut Social organitzen la jornada sobre Actius Digitals per a la Ciutadania\u00a0","breadcrumb":{"@id":"https:\/\/ticsalutsocial.atoom.space\/es\/event\/jornada-sobre-actius-digitals-per-a-la-ciutadania\/#breadcrumb"},"inLanguage":"es","potentialAction":[{"@type":"ReadAction","target":["https:\/\/ticsalutsocial.atoom.space\/es\/event\/jornada-sobre-actius-digitals-per-a-la-ciutadania\/"]}]},{"@type":"ImageObject","inLanguage":"es","@id":"https:\/\/ticsalutsocial.atoom.space\/es\/event\/jornada-sobre-actius-digitals-per-a-la-ciutadania\/#primaryimage","url":"https:\/\/ticsalutsocial.atoom.space\/wp-content\/uploads\/2024\/05\/Radar-Actius-Digitals.jpg","contentUrl":"https:\/\/ticsalutsocial.atoom.space\/wp-content\/uploads\/2024\/05\/Radar-Actius-Digitals.jpg","width":1280,"height":960,"caption":"Radar d'Actius Digitals"},{"@type":"BreadcrumbList","@id":"https:\/\/ticsalutsocial.atoom.space\/es\/event\/jornada-sobre-actius-digitals-per-a-la-ciutadania\/#breadcrumb","itemListElement":[{"@type":"ListItem","position":1,"name":"Inici","item":"https:\/\/ticsalutsocial.atoom.space\/es\/"},{"@type":"ListItem","position":2,"name":"Jornada sobre Activos Digitales para la Ciudadan\u00eda"}]},{"@type":"WebSite","@id":"https:\/\/ticsalutsocial.atoom.space\/es\/#website","url":"https:\/\/ticsalutsocial.atoom.space\/es\/","name":"Fundaci\u00f3 TIC Salut i Social","description":"","potentialAction":[{"@type":"SearchAction","target":{"@type":"EntryPoint","urlTemplate":"https:\/\/ticsalutsocial.atoom.space\/es\/?s={search_term_string}"},"query-input":{"@type":"PropertyValueSpecification","valueRequired":true,"valueName":"search_term_string"}}],"inLanguage":"es"}]}},"_links":{"self":[{"href":"https:\/\/ticsalutsocial.atoom.space\/es\/wp-json\/wp\/v2\/event\/27673","targetHints":{"allow":["GET"]}}],"collection":[{"href":"https:\/\/ticsalutsocial.atoom.space\/es\/wp-json\/wp\/v2\/event"}],"about":[{"href":"https:\/\/ticsalutsocial.atoom.space\/es\/wp-json\/wp\/v2\/types\/event"}],"wp:featuredmedia":[{"embeddable":true,"href":"https:\/\/ticsalutsocial.atoom.space\/es\/wp-json\/wp\/v2\/media\/27444"}],"wp:attachment":[{"href":"https:\/\/ticsalutsocial.atoom.space\/es\/wp-json\/wp\/v2\/media?parent=27673"}],"wp:term":[{"taxonomy":"tipus","embeddable":true,"href":"https:\/\/ticsalutsocial.atoom.space\/es\/wp-json\/wp\/v2\/tipus?post=27673"},{"taxonomy":"topic","embeddable":true,"href":"https:\/\/ticsalutsocial.atoom.space\/es\/wp-json\/wp\/v2\/topic?post=27673"}],"curies":[{"name":"wp","href":"https:\/\/api.w.org\/{rel}","templated":true}]}}