
{"id":28133,"date":"2024-08-07T08:47:21","date_gmt":"2024-08-07T06:47:21","guid":{"rendered":"https:\/\/ticsalutsocial.atoom.space\/event\/proteccio-de-dades-i-intelligencia-artificial-en-la-recerca-biomedica\/"},"modified":"2024-08-07T08:47:21","modified_gmt":"2024-08-07T06:47:21","slug":"proteccio-de-dades-i-intelligencia-artificial-en-la-recerca-biomedica","status":"publish","type":"event","link":"https:\/\/ticsalutsocial.atoom.space\/es\/event\/proteccio-de-dades-i-intelligencia-artificial-en-la-recerca-biomedica\/","title":{"rendered":"Protecci\u00f3 de dades i intel\u00b7lig\u00e8ncia artificial en la recerca biom\u00e8dica"},"content":{"rendered":"\n<p><strong>Organitza:<\/strong> <em>Institut d\u2019Investigaci\u00f3 Sanit\u00e0ria Pere Virgili<\/em><\/p>\n\n\n\n<p><strong>Ponent:<\/strong>&nbsp;M\u00edriam M\u00e9ndez, Responsable de Recerca i Innovaci\u00f3 de la Oficina del DPD de Salut \u00b7 Fundaci\u00f3 TIC Salut Social.<\/p>\n\n\n\n<p><strong>Benvinguda&nbsp;<\/strong>\u2013 <em>Institut d\u2019Investigaci\u00f3 Sanit\u00e0ria Pere Virgili<\/em><\/p>\n\n\n\n<p><strong>10:00 \u2013 11:00 h: Protecci\u00f3 de Dades i intel\u00b7lig\u00e8ncia artificial en recerca<\/strong><\/p>\n\n\n\n<p><strong>11:00 \u2013 12:00 h: Exemples pr\u00e0ctics<\/strong>. Envia els teus dubtes a dpd@iispv.cat abans del 01\/09\/2024<\/p>\n\n\n\n<p><strong>Data l\u00edmit per la inscripci\u00f3: 19 de setembre de 2024<\/strong><\/p>\n\n\n\n<p><a href=\"https:\/\/www.iispv.cat\/cursos\/proteccio-de-dades-i-intelligencia-artificial-en-la-recerca-biomedica\/\" target=\"_blank\" rel=\"noreferrer noopener\">M\u00e9s informaci\u00f3<\/a><\/p>\n","protected":false},"featured_media":0,"menu_order":0,"template":"","meta":{"_acf_changed":true,"inline_featured_image":false},"tipus":[],"topic":[],"class_list":["post-28133","event","type-event","status-publish","hentry"],"acf":{"imatge":28128,"informacio":{"ubicacio":"Sala Polivalent Hospital U. Sant Joan de Reus i online","data":"26\/09\/2024","hora":"10:00h a 12:00h","preu":"","inscripcions":"https:\/\/www.iispv.cat\/cursos\/proteccio-de-dades-i-intelligencia-artificial-en-la-recerca-biomedica\/"},"programa":{"titol":"","items":false}},"yoast_head":"<!-- This site is optimized with the Yoast SEO plugin v27.1.1 - https:\/\/yoast.com\/product\/yoast-seo-wordpress\/ -->\n<title>Protecci\u00f3 de dades i intel\u00b7lig\u00e8ncia artificial en la recerca biom\u00e8dica - Fundaci\u00f3 TIC Salut i Social<\/title>\n<meta name=\"robots\" content=\"index, follow, max-snippet:-1, max-image-preview:large, max-video-preview:-1\" \/>\n<link rel=\"canonical\" href=\"https:\/\/ticsalutsocial.atoom.space\/es\/event\/proteccio-de-dades-i-intelligencia-artificial-en-la-recerca-biomedica\/\" \/>\n<meta property=\"og:locale\" content=\"es_ES\" \/>\n<meta property=\"og:type\" content=\"article\" \/>\n<meta property=\"og:title\" content=\"Protecci\u00f3 de dades i intel\u00b7lig\u00e8ncia artificial en la recerca biom\u00e8dica - Fundaci\u00f3 TIC Salut i Social\" \/>\n<meta property=\"og:description\" content=\"Organitza: Institut d\u2019Investigaci\u00f3 Sanit\u00e0ria Pere Virgili Ponent:&nbsp;M\u00edriam M\u00e9ndez, Responsable de Recerca i Innovaci\u00f3 de la Oficina del DPD de Salut \u00b7 Fundaci\u00f3 TIC Salut Social. Benvinguda&nbsp;\u2013 Institut d\u2019Investigaci\u00f3 Sanit\u00e0ria Pere Virgili 10:00 \u2013 11:00 h: Protecci\u00f3 de Dades i intel\u00b7lig\u00e8ncia artificial en recerca 11:00 \u2013 12:00 h: Exemples pr\u00e0ctics. Envia els teus dubtes a dpd@iispv.cat [&hellip;]\" \/>\n<meta property=\"og:url\" content=\"https:\/\/ticsalutsocial.atoom.space\/es\/event\/proteccio-de-dades-i-intelligencia-artificial-en-la-recerca-biomedica\/\" \/>\n<meta property=\"og:site_name\" content=\"Fundaci\u00f3 TIC Salut i Social\" \/>\n<meta name=\"twitter:card\" content=\"summary_large_image\" \/>\n<script type=\"application\/ld+json\" class=\"yoast-schema-graph\">{\"@context\":\"https:\/\/schema.org\",\"@graph\":[{\"@type\":\"WebPage\",\"@id\":\"https:\/\/ticsalutsocial.atoom.space\/es\/event\/proteccio-de-dades-i-intelligencia-artificial-en-la-recerca-biomedica\/\",\"url\":\"https:\/\/ticsalutsocial.atoom.space\/es\/event\/proteccio-de-dades-i-intelligencia-artificial-en-la-recerca-biomedica\/\",\"name\":\"Protecci\u00f3 de dades i intel\u00b7lig\u00e8ncia artificial en la recerca biom\u00e8dica - Fundaci\u00f3 TIC Salut i Social\",\"isPartOf\":{\"@id\":\"https:\/\/ticsalutsocial.atoom.space\/es\/#website\"},\"datePublished\":\"2024-08-07T06:47:21+00:00\",\"breadcrumb\":{\"@id\":\"https:\/\/ticsalutsocial.atoom.space\/es\/event\/proteccio-de-dades-i-intelligencia-artificial-en-la-recerca-biomedica\/#breadcrumb\"},\"inLanguage\":\"es\",\"potentialAction\":[{\"@type\":\"ReadAction\",\"target\":[\"https:\/\/ticsalutsocial.atoom.space\/es\/event\/proteccio-de-dades-i-intelligencia-artificial-en-la-recerca-biomedica\/\"]}]},{\"@type\":\"BreadcrumbList\",\"@id\":\"https:\/\/ticsalutsocial.atoom.space\/es\/event\/proteccio-de-dades-i-intelligencia-artificial-en-la-recerca-biomedica\/#breadcrumb\",\"itemListElement\":[{\"@type\":\"ListItem\",\"position\":1,\"name\":\"Inici\",\"item\":\"https:\/\/ticsalutsocial.atoom.space\/es\/\"},{\"@type\":\"ListItem\",\"position\":2,\"name\":\"Protecci\u00f3 de dades i intel\u00b7lig\u00e8ncia artificial en la recerca biom\u00e8dica\"}]},{\"@type\":\"WebSite\",\"@id\":\"https:\/\/ticsalutsocial.atoom.space\/es\/#website\",\"url\":\"https:\/\/ticsalutsocial.atoom.space\/es\/\",\"name\":\"Fundaci\u00f3 TIC Salut i Social\",\"description\":\"\",\"potentialAction\":[{\"@type\":\"SearchAction\",\"target\":{\"@type\":\"EntryPoint\",\"urlTemplate\":\"https:\/\/ticsalutsocial.atoom.space\/es\/?s={search_term_string}\"},\"query-input\":{\"@type\":\"PropertyValueSpecification\",\"valueRequired\":true,\"valueName\":\"search_term_string\"}}],\"inLanguage\":\"es\"}]}<\/script>\n<!-- \/ Yoast SEO plugin. -->","yoast_head_json":{"title":"Protecci\u00f3 de dades i intel\u00b7lig\u00e8ncia artificial en la recerca biom\u00e8dica - Fundaci\u00f3 TIC Salut i Social","robots":{"index":"index","follow":"follow","max-snippet":"max-snippet:-1","max-image-preview":"max-image-preview:large","max-video-preview":"max-video-preview:-1"},"canonical":"https:\/\/ticsalutsocial.atoom.space\/es\/event\/proteccio-de-dades-i-intelligencia-artificial-en-la-recerca-biomedica\/","og_locale":"es_ES","og_type":"article","og_title":"Protecci\u00f3 de dades i intel\u00b7lig\u00e8ncia artificial en la recerca biom\u00e8dica - Fundaci\u00f3 TIC Salut i Social","og_description":"Organitza: Institut d\u2019Investigaci\u00f3 Sanit\u00e0ria Pere Virgili Ponent:&nbsp;M\u00edriam M\u00e9ndez, Responsable de Recerca i Innovaci\u00f3 de la Oficina del DPD de Salut \u00b7 Fundaci\u00f3 TIC Salut Social. Benvinguda&nbsp;\u2013 Institut d\u2019Investigaci\u00f3 Sanit\u00e0ria Pere Virgili 10:00 \u2013 11:00 h: Protecci\u00f3 de Dades i intel\u00b7lig\u00e8ncia artificial en recerca 11:00 \u2013 12:00 h: Exemples pr\u00e0ctics. Envia els teus dubtes a dpd@iispv.cat [&hellip;]","og_url":"https:\/\/ticsalutsocial.atoom.space\/es\/event\/proteccio-de-dades-i-intelligencia-artificial-en-la-recerca-biomedica\/","og_site_name":"Fundaci\u00f3 TIC Salut i Social","twitter_card":"summary_large_image","schema":{"@context":"https:\/\/schema.org","@graph":[{"@type":"WebPage","@id":"https:\/\/ticsalutsocial.atoom.space\/es\/event\/proteccio-de-dades-i-intelligencia-artificial-en-la-recerca-biomedica\/","url":"https:\/\/ticsalutsocial.atoom.space\/es\/event\/proteccio-de-dades-i-intelligencia-artificial-en-la-recerca-biomedica\/","name":"Protecci\u00f3 de dades i intel\u00b7lig\u00e8ncia artificial en la recerca biom\u00e8dica - Fundaci\u00f3 TIC Salut i Social","isPartOf":{"@id":"https:\/\/ticsalutsocial.atoom.space\/es\/#website"},"datePublished":"2024-08-07T06:47:21+00:00","breadcrumb":{"@id":"https:\/\/ticsalutsocial.atoom.space\/es\/event\/proteccio-de-dades-i-intelligencia-artificial-en-la-recerca-biomedica\/#breadcrumb"},"inLanguage":"es","potentialAction":[{"@type":"ReadAction","target":["https:\/\/ticsalutsocial.atoom.space\/es\/event\/proteccio-de-dades-i-intelligencia-artificial-en-la-recerca-biomedica\/"]}]},{"@type":"BreadcrumbList","@id":"https:\/\/ticsalutsocial.atoom.space\/es\/event\/proteccio-de-dades-i-intelligencia-artificial-en-la-recerca-biomedica\/#breadcrumb","itemListElement":[{"@type":"ListItem","position":1,"name":"Inici","item":"https:\/\/ticsalutsocial.atoom.space\/es\/"},{"@type":"ListItem","position":2,"name":"Protecci\u00f3 de dades i intel\u00b7lig\u00e8ncia artificial en la recerca biom\u00e8dica"}]},{"@type":"WebSite","@id":"https:\/\/ticsalutsocial.atoom.space\/es\/#website","url":"https:\/\/ticsalutsocial.atoom.space\/es\/","name":"Fundaci\u00f3 TIC Salut i Social","description":"","potentialAction":[{"@type":"SearchAction","target":{"@type":"EntryPoint","urlTemplate":"https:\/\/ticsalutsocial.atoom.space\/es\/?s={search_term_string}"},"query-input":{"@type":"PropertyValueSpecification","valueRequired":true,"valueName":"search_term_string"}}],"inLanguage":"es"}]}},"_links":{"self":[{"href":"https:\/\/ticsalutsocial.atoom.space\/es\/wp-json\/wp\/v2\/event\/28133","targetHints":{"allow":["GET"]}}],"collection":[{"href":"https:\/\/ticsalutsocial.atoom.space\/es\/wp-json\/wp\/v2\/event"}],"about":[{"href":"https:\/\/ticsalutsocial.atoom.space\/es\/wp-json\/wp\/v2\/types\/event"}],"wp:attachment":[{"href":"https:\/\/ticsalutsocial.atoom.space\/es\/wp-json\/wp\/v2\/media?parent=28133"}],"wp:term":[{"taxonomy":"tipus","embeddable":true,"href":"https:\/\/ticsalutsocial.atoom.space\/es\/wp-json\/wp\/v2\/tipus?post=28133"},{"taxonomy":"topic","embeddable":true,"href":"https:\/\/ticsalutsocial.atoom.space\/es\/wp-json\/wp\/v2\/topic?post=28133"}],"curies":[{"name":"wp","href":"https:\/\/api.w.org\/{rel}","templated":true}]}}