
{"id":28634,"date":"2024-10-07T12:21:59","date_gmt":"2024-10-07T10:21:59","guid":{"rendered":"https:\/\/ticsalutsocial.atoom.space\/event\/ai-big-data-congress\/"},"modified":"2024-10-07T12:21:59","modified_gmt":"2024-10-07T10:21:59","slug":"ai-big-data-congress","status":"publish","type":"event","link":"https:\/\/ticsalutsocial.atoom.space\/es\/event\/ai-big-data-congress\/","title":{"rendered":"AI &amp; Big Data Congress"},"content":{"rendered":"\n<p>La 10a edici\u00f3 de l\u2019AI &amp; Big Data Congress tindr\u00e0 lloc els dies 9 i 10 d\u2019octubre de 2024 a l\u2019Auditori L\u2019illa (AXA), Av. Diagonal, 547, 08029 Barcelona.<\/p>\n\n\n\n<p>AI &amp; Big Data Congress \u00e9s un esdeveniment de CIDAI, un element clau dins de l\u2019estrat\u00e8gia d\u2019intel\u00b7lig\u00e8ncia artificial CATALONIA AI<a href=\"https:\/\/cidai.eu\/\"><\/a><\/p>\n\n\n\n<p><strong>Coordinat per Eurecat<\/strong>, el<strong>&nbsp;<\/strong><a href=\"https:\/\/cidai.eu\/\" target=\"_blank\" rel=\"noreferrer noopener\"><strong>CIDAI<\/strong><\/a>&nbsp;promou la transfer\u00e8ncia de coneixement i la realitzaci\u00f3 de projectes conjunts entre entitats generadores de coneixement (universitats, centres de recerca i innovaci\u00f3),&nbsp; empreses prove\u00efdores de tecnologia i serveis, i empreses i institucions usu\u00e0ries demandants de solucions innovadores en intel\u00b7lig\u00e8ncia artificial aplicada.<\/p>\n\n\n\n<p><strong>S<\/strong><strong>egueix el model dels Digital Innovation Hubs&nbsp;<\/strong>establert per la Comissi\u00f3 Europea i es configura com un centre en xarxa al servei de les empreses i institucions.<\/p>\n\n\n\n<p>Els\u00a0<strong>socis promotors del CIDAI<\/strong>\u00a0s\u00f3n la Generalitat de Catalunya, l\u2019Ajuntament de Barcelona, el Barcelona Supercomputing Center, el Centre de Visi\u00f3 per Computador, la Fundaci\u00f3 i2CAT, Huawei, Microsoft, NTT Data, SAP,\u00a0SDG Group, la Universitat Polit\u00e8cnica de Catalunya (IDEAI) i Eurecat, que n\u2019\u00e9s el coordinador.<\/p>\n","protected":false},"featured_media":28632,"menu_order":0,"template":"","meta":{"_acf_changed":true,"inline_featured_image":false},"tipus":[879],"topic":[],"class_list":["post-28634","event","type-event","status-publish","has-post-thumbnail","hentry","tipus-inteligencia-artificial"],"acf":{"informacio":{"ubicacio":"Auditori L\u2019illa (AXA), Barcelona","data":"09\/10\/2024","hora":"","preu":"","inscripcions":"https:\/\/aicongress.barcelona\/congres\/inscripcions\/"},"programa":{"titol":"","items":false},"imatge":28632},"yoast_head":"<!-- This site is optimized with the Yoast SEO plugin v27.1.1 - https:\/\/yoast.com\/product\/yoast-seo-wordpress\/ -->\n<title>AI &amp; Big Data Congress - Fundaci\u00f3 TIC Salut i Social<\/title>\n<meta name=\"robots\" content=\"index, follow, max-snippet:-1, max-image-preview:large, max-video-preview:-1\" \/>\n<link rel=\"canonical\" href=\"https:\/\/ticsalutsocial.atoom.space\/es\/event\/ai-big-data-congress\/\" \/>\n<meta property=\"og:locale\" content=\"es_ES\" \/>\n<meta property=\"og:type\" content=\"article\" \/>\n<meta property=\"og:title\" content=\"AI &amp; Big Data Congress - Fundaci\u00f3 TIC Salut i Social\" \/>\n<meta property=\"og:description\" content=\"La 10a edici\u00f3 de l\u2019AI &amp; Big Data Congress tindr\u00e0 lloc els dies 9 i 10 d\u2019octubre de 2024 a l\u2019Auditori L\u2019illa (AXA), Av. Diagonal, 547, 08029 Barcelona. AI &amp; Big Data Congress \u00e9s un esdeveniment de CIDAI, un element clau dins de l\u2019estrat\u00e8gia d\u2019intel\u00b7lig\u00e8ncia artificial CATALONIA AI Coordinat per Eurecat, el&nbsp;CIDAI&nbsp;promou la transfer\u00e8ncia de [&hellip;]\" \/>\n<meta property=\"og:url\" content=\"https:\/\/ticsalutsocial.atoom.space\/es\/event\/ai-big-data-congress\/\" \/>\n<meta property=\"og:site_name\" content=\"Fundaci\u00f3 TIC Salut i Social\" \/>\n<meta name=\"twitter:card\" content=\"summary_large_image\" \/>\n<meta name=\"twitter:label1\" content=\"Tiempo de lectura\" \/>\n\t<meta name=\"twitter:data1\" content=\"1 minuto\" \/>\n<script type=\"application\/ld+json\" class=\"yoast-schema-graph\">{\"@context\":\"https:\/\/schema.org\",\"@graph\":[{\"@type\":\"WebPage\",\"@id\":\"https:\/\/ticsalutsocial.atoom.space\/es\/event\/ai-big-data-congress\/\",\"url\":\"https:\/\/ticsalutsocial.atoom.space\/es\/event\/ai-big-data-congress\/\",\"name\":\"AI &amp; Big Data Congress - Fundaci\u00f3 TIC Salut i Social\",\"isPartOf\":{\"@id\":\"https:\/\/ticsalutsocial.atoom.space\/es\/#website\"},\"primaryImageOfPage\":{\"@id\":\"https:\/\/ticsalutsocial.atoom.space\/es\/event\/ai-big-data-congress\/#primaryimage\"},\"image\":{\"@id\":\"https:\/\/ticsalutsocial.atoom.space\/es\/event\/ai-big-data-congress\/#primaryimage\"},\"thumbnailUrl\":\"https:\/\/ticsalutsocial.atoom.space\/wp-content\/uploads\/2024\/10\/ai-big-data-congress_home.jpg\",\"datePublished\":\"2024-10-07T10:21:59+00:00\",\"breadcrumb\":{\"@id\":\"https:\/\/ticsalutsocial.atoom.space\/es\/event\/ai-big-data-congress\/#breadcrumb\"},\"inLanguage\":\"es\",\"potentialAction\":[{\"@type\":\"ReadAction\",\"target\":[\"https:\/\/ticsalutsocial.atoom.space\/es\/event\/ai-big-data-congress\/\"]}]},{\"@type\":\"ImageObject\",\"inLanguage\":\"es\",\"@id\":\"https:\/\/ticsalutsocial.atoom.space\/es\/event\/ai-big-data-congress\/#primaryimage\",\"url\":\"https:\/\/ticsalutsocial.atoom.space\/wp-content\/uploads\/2024\/10\/ai-big-data-congress_home.jpg\",\"contentUrl\":\"https:\/\/ticsalutsocial.atoom.space\/wp-content\/uploads\/2024\/10\/ai-big-data-congress_home.jpg\",\"width\":635,\"height\":405},{\"@type\":\"BreadcrumbList\",\"@id\":\"https:\/\/ticsalutsocial.atoom.space\/es\/event\/ai-big-data-congress\/#breadcrumb\",\"itemListElement\":[{\"@type\":\"ListItem\",\"position\":1,\"name\":\"Inici\",\"item\":\"https:\/\/ticsalutsocial.atoom.space\/es\/\"},{\"@type\":\"ListItem\",\"position\":2,\"name\":\"AI &amp; Big Data Congress\"}]},{\"@type\":\"WebSite\",\"@id\":\"https:\/\/ticsalutsocial.atoom.space\/es\/#website\",\"url\":\"https:\/\/ticsalutsocial.atoom.space\/es\/\",\"name\":\"Fundaci\u00f3 TIC Salut i Social\",\"description\":\"\",\"potentialAction\":[{\"@type\":\"SearchAction\",\"target\":{\"@type\":\"EntryPoint\",\"urlTemplate\":\"https:\/\/ticsalutsocial.atoom.space\/es\/?s={search_term_string}\"},\"query-input\":{\"@type\":\"PropertyValueSpecification\",\"valueRequired\":true,\"valueName\":\"search_term_string\"}}],\"inLanguage\":\"es\"}]}<\/script>\n<!-- \/ Yoast SEO plugin. -->","yoast_head_json":{"title":"AI &amp; Big Data Congress - Fundaci\u00f3 TIC Salut i Social","robots":{"index":"index","follow":"follow","max-snippet":"max-snippet:-1","max-image-preview":"max-image-preview:large","max-video-preview":"max-video-preview:-1"},"canonical":"https:\/\/ticsalutsocial.atoom.space\/es\/event\/ai-big-data-congress\/","og_locale":"es_ES","og_type":"article","og_title":"AI &amp; Big Data Congress - Fundaci\u00f3 TIC Salut i Social","og_description":"La 10a edici\u00f3 de l\u2019AI &amp; Big Data Congress tindr\u00e0 lloc els dies 9 i 10 d\u2019octubre de 2024 a l\u2019Auditori L\u2019illa (AXA), Av. Diagonal, 547, 08029 Barcelona. AI &amp; Big Data Congress \u00e9s un esdeveniment de CIDAI, un element clau dins de l\u2019estrat\u00e8gia d\u2019intel\u00b7lig\u00e8ncia artificial CATALONIA AI Coordinat per Eurecat, el&nbsp;CIDAI&nbsp;promou la transfer\u00e8ncia de [&hellip;]","og_url":"https:\/\/ticsalutsocial.atoom.space\/es\/event\/ai-big-data-congress\/","og_site_name":"Fundaci\u00f3 TIC Salut i Social","twitter_card":"summary_large_image","twitter_misc":{"Tiempo de lectura":"1 minuto"},"schema":{"@context":"https:\/\/schema.org","@graph":[{"@type":"WebPage","@id":"https:\/\/ticsalutsocial.atoom.space\/es\/event\/ai-big-data-congress\/","url":"https:\/\/ticsalutsocial.atoom.space\/es\/event\/ai-big-data-congress\/","name":"AI &amp; Big Data Congress - Fundaci\u00f3 TIC Salut i Social","isPartOf":{"@id":"https:\/\/ticsalutsocial.atoom.space\/es\/#website"},"primaryImageOfPage":{"@id":"https:\/\/ticsalutsocial.atoom.space\/es\/event\/ai-big-data-congress\/#primaryimage"},"image":{"@id":"https:\/\/ticsalutsocial.atoom.space\/es\/event\/ai-big-data-congress\/#primaryimage"},"thumbnailUrl":"https:\/\/ticsalutsocial.atoom.space\/wp-content\/uploads\/2024\/10\/ai-big-data-congress_home.jpg","datePublished":"2024-10-07T10:21:59+00:00","breadcrumb":{"@id":"https:\/\/ticsalutsocial.atoom.space\/es\/event\/ai-big-data-congress\/#breadcrumb"},"inLanguage":"es","potentialAction":[{"@type":"ReadAction","target":["https:\/\/ticsalutsocial.atoom.space\/es\/event\/ai-big-data-congress\/"]}]},{"@type":"ImageObject","inLanguage":"es","@id":"https:\/\/ticsalutsocial.atoom.space\/es\/event\/ai-big-data-congress\/#primaryimage","url":"https:\/\/ticsalutsocial.atoom.space\/wp-content\/uploads\/2024\/10\/ai-big-data-congress_home.jpg","contentUrl":"https:\/\/ticsalutsocial.atoom.space\/wp-content\/uploads\/2024\/10\/ai-big-data-congress_home.jpg","width":635,"height":405},{"@type":"BreadcrumbList","@id":"https:\/\/ticsalutsocial.atoom.space\/es\/event\/ai-big-data-congress\/#breadcrumb","itemListElement":[{"@type":"ListItem","position":1,"name":"Inici","item":"https:\/\/ticsalutsocial.atoom.space\/es\/"},{"@type":"ListItem","position":2,"name":"AI &amp; Big Data Congress"}]},{"@type":"WebSite","@id":"https:\/\/ticsalutsocial.atoom.space\/es\/#website","url":"https:\/\/ticsalutsocial.atoom.space\/es\/","name":"Fundaci\u00f3 TIC Salut i Social","description":"","potentialAction":[{"@type":"SearchAction","target":{"@type":"EntryPoint","urlTemplate":"https:\/\/ticsalutsocial.atoom.space\/es\/?s={search_term_string}"},"query-input":{"@type":"PropertyValueSpecification","valueRequired":true,"valueName":"search_term_string"}}],"inLanguage":"es"}]}},"_links":{"self":[{"href":"https:\/\/ticsalutsocial.atoom.space\/es\/wp-json\/wp\/v2\/event\/28634","targetHints":{"allow":["GET"]}}],"collection":[{"href":"https:\/\/ticsalutsocial.atoom.space\/es\/wp-json\/wp\/v2\/event"}],"about":[{"href":"https:\/\/ticsalutsocial.atoom.space\/es\/wp-json\/wp\/v2\/types\/event"}],"wp:featuredmedia":[{"embeddable":true,"href":"https:\/\/ticsalutsocial.atoom.space\/es\/wp-json\/wp\/v2\/media\/28632"}],"wp:attachment":[{"href":"https:\/\/ticsalutsocial.atoom.space\/es\/wp-json\/wp\/v2\/media?parent=28634"}],"wp:term":[{"taxonomy":"tipus","embeddable":true,"href":"https:\/\/ticsalutsocial.atoom.space\/es\/wp-json\/wp\/v2\/tipus?post=28634"},{"taxonomy":"topic","embeddable":true,"href":"https:\/\/ticsalutsocial.atoom.space\/es\/wp-json\/wp\/v2\/topic?post=28634"}],"curies":[{"name":"wp","href":"https:\/\/api.w.org\/{rel}","templated":true}]}}