
{"id":28906,"date":"2024-10-23T08:18:44","date_gmt":"2024-10-23T06:18:44","guid":{"rendered":"https:\/\/ticsalutsocial.atoom.space\/event\/taller-futur-interaccio-entre-el-factor-huma-i-la-tecnologia-per-a-loptimitzacio-dels-processos-assistencials\/"},"modified":"2024-10-23T08:30:31","modified_gmt":"2024-10-23T06:30:31","slug":"taller-futur-interaccio-entre-el-factor-huma-i-la-tecnologia-per-a-loptimitzacio-dels-processos-assistencials","status":"publish","type":"event","link":"https:\/\/ticsalutsocial.atoom.space\/es\/event\/taller-futur-interaccio-entre-el-factor-huma-i-la-tecnologia-per-a-loptimitzacio-dels-processos-assistencials\/","title":{"rendered":"Taller +FUTUR: Interacci\u00f3n entre el factor humano y la tecnolog\u00eda para la optimizaci\u00f3n de los procesos asistenciales"},"content":{"rendered":"<p><span data-olk-copy-source=\"MessageBody\">El objectivo principal es analizar c\u00f3mo la interacci\u00f3n entre el factor humano y la tecnolog\u00eda influye en la calidad de la atenci\u00f3n al paciente y en la eficiencia de los servicios, identificando buenas pr\u00e1cticas para una implementaci\u00f3n tecnol\u00f3gica centrada en la persona. <\/span><\/p>\n<p><span data-olk-copy-source=\"MessageBody\">La sesi\u00f3n se enfoca a los \u00e1mbitos asistenciales, territorios y perfiles directivos asistenciales, tecnol\u00f3gicos, gesti\u00f3n de personas, experiencia persona e innovaci\u00f3n.<\/span><\/p>\n<p>Ampliad detalles consultando el <a id=\"menur12a\" class=\"fui-Link ___1q1shib f2hkw1w f3rmtva f1ewtqcl fyind8e f1k6fduh f1w7gpdv fk6fouc fjoy568 figsok6 f1s184ao f1mk8lai fnbmjn9 f1o700av f13mvf36 f1cmlufx f9n3di6 f1ids18y f1tx3yz7 f1deo86v f1eh06m1 f1iescvh fhgqx19 f1olyrje f1p93eir f1nev41a f1h8hb77 f1lqvz6u f10aw75t fsle3fq f17ae5zn\" title=\"https:\/\/www.uch.cat\/documents\/programafutur-factor-huma-tecnologia301024.pdf\" href=\"https:\/\/www.uch.cat\/documents\/programafutur-factor-huma-tecnologia301024.pdf\" target=\"_blank\" rel=\"noreferrer noopener\" aria-label=\"Enlla\u00e7 Programa i inscripcions\">programa y formalizando vuestras inscripciones aqu\u00ed.<\/a><\/p>\n","protected":false},"featured_media":0,"menu_order":0,"template":"","meta":{"_acf_changed":false,"inline_featured_image":false},"tipus":[94],"topic":[117],"class_list":["post-28906","event","type-event","status-publish","hentry","tipus-integracion-social-y-sanitaria","topic-jornadas"],"acf":{"informacio":{"ubicacio":"Sede de La Uni\u00f3. C\/ Valencia 333, Barcelona.","data":"30\/10\/2024","hora":"15:30 a 18:00","preu":"","inscripcions":"https:\/\/www.uch.cat\/documents\/programafutur-factor-huma-tecnologia301024.pdf"},"programa":{"titol":"","items":false},"documents":false},"yoast_head":"<!-- This site is optimized with the Yoast SEO plugin v27.1.1 - https:\/\/yoast.com\/product\/yoast-seo-wordpress\/ -->\n<title>Taller +FUTUR: Interacci\u00f3n entre el factor humano y la tecnolog\u00eda para la optimizaci\u00f3n de los procesos asistenciales - Fundaci\u00f3 TIC Salut i Social<\/title>\n<meta name=\"robots\" content=\"index, follow, max-snippet:-1, max-image-preview:large, max-video-preview:-1\" \/>\n<link rel=\"canonical\" href=\"https:\/\/ticsalutsocial.atoom.space\/es\/event\/taller-futur-interaccio-entre-el-factor-huma-i-la-tecnologia-per-a-loptimitzacio-dels-processos-assistencials\/\" \/>\n<meta property=\"og:locale\" content=\"es_ES\" \/>\n<meta property=\"og:type\" content=\"article\" \/>\n<meta property=\"og:title\" content=\"Taller +FUTUR: Interacci\u00f3n entre el factor humano y la tecnolog\u00eda para la optimizaci\u00f3n de los procesos asistenciales - Fundaci\u00f3 TIC Salut i Social\" \/>\n<meta property=\"og:description\" content=\"El objectivo principal es analizar c\u00f3mo la interacci\u00f3n entre el factor humano y la tecnolog\u00eda influye en la calidad de la atenci\u00f3n al paciente y en la eficiencia de los servicios, identificando buenas pr\u00e1cticas para una implementaci\u00f3n tecnol\u00f3gica centrada en la persona. La sesi\u00f3n se enfoca a los \u00e1mbitos asistenciales, territorios y perfiles directivos asistenciales, [&hellip;]\" \/>\n<meta property=\"og:url\" content=\"https:\/\/ticsalutsocial.atoom.space\/es\/event\/taller-futur-interaccio-entre-el-factor-huma-i-la-tecnologia-per-a-loptimitzacio-dels-processos-assistencials\/\" \/>\n<meta property=\"og:site_name\" content=\"Fundaci\u00f3 TIC Salut i Social\" \/>\n<meta property=\"article:modified_time\" content=\"2024-10-23T06:30:31+00:00\" \/>\n<meta name=\"twitter:card\" content=\"summary_large_image\" \/>\n<meta name=\"twitter:label1\" content=\"Tiempo de lectura\" \/>\n\t<meta name=\"twitter:data1\" content=\"1 minuto\" \/>\n<script type=\"application\/ld+json\" class=\"yoast-schema-graph\">{\"@context\":\"https:\/\/schema.org\",\"@graph\":[{\"@type\":\"WebPage\",\"@id\":\"https:\/\/ticsalutsocial.atoom.space\/es\/event\/taller-futur-interaccio-entre-el-factor-huma-i-la-tecnologia-per-a-loptimitzacio-dels-processos-assistencials\/\",\"url\":\"https:\/\/ticsalutsocial.atoom.space\/es\/event\/taller-futur-interaccio-entre-el-factor-huma-i-la-tecnologia-per-a-loptimitzacio-dels-processos-assistencials\/\",\"name\":\"Taller +FUTUR: Interacci\u00f3n entre el factor humano y la tecnolog\u00eda para la optimizaci\u00f3n de los procesos asistenciales - Fundaci\u00f3 TIC Salut i Social\",\"isPartOf\":{\"@id\":\"https:\/\/ticsalutsocial.atoom.space\/es\/#website\"},\"datePublished\":\"2024-10-23T06:18:44+00:00\",\"dateModified\":\"2024-10-23T06:30:31+00:00\",\"breadcrumb\":{\"@id\":\"https:\/\/ticsalutsocial.atoom.space\/es\/event\/taller-futur-interaccio-entre-el-factor-huma-i-la-tecnologia-per-a-loptimitzacio-dels-processos-assistencials\/#breadcrumb\"},\"inLanguage\":\"es\",\"potentialAction\":[{\"@type\":\"ReadAction\",\"target\":[\"https:\/\/ticsalutsocial.atoom.space\/es\/event\/taller-futur-interaccio-entre-el-factor-huma-i-la-tecnologia-per-a-loptimitzacio-dels-processos-assistencials\/\"]}]},{\"@type\":\"BreadcrumbList\",\"@id\":\"https:\/\/ticsalutsocial.atoom.space\/es\/event\/taller-futur-interaccio-entre-el-factor-huma-i-la-tecnologia-per-a-loptimitzacio-dels-processos-assistencials\/#breadcrumb\",\"itemListElement\":[{\"@type\":\"ListItem\",\"position\":1,\"name\":\"Inici\",\"item\":\"https:\/\/ticsalutsocial.atoom.space\/es\/\"},{\"@type\":\"ListItem\",\"position\":2,\"name\":\"Taller +FUTUR: Interacci\u00f3n entre el factor humano y la tecnolog\u00eda para la optimizaci\u00f3n de los procesos asistenciales\"}]},{\"@type\":\"WebSite\",\"@id\":\"https:\/\/ticsalutsocial.atoom.space\/es\/#website\",\"url\":\"https:\/\/ticsalutsocial.atoom.space\/es\/\",\"name\":\"Fundaci\u00f3 TIC Salut i Social\",\"description\":\"\",\"potentialAction\":[{\"@type\":\"SearchAction\",\"target\":{\"@type\":\"EntryPoint\",\"urlTemplate\":\"https:\/\/ticsalutsocial.atoom.space\/es\/?s={search_term_string}\"},\"query-input\":{\"@type\":\"PropertyValueSpecification\",\"valueRequired\":true,\"valueName\":\"search_term_string\"}}],\"inLanguage\":\"es\"}]}<\/script>\n<!-- \/ Yoast SEO plugin. -->","yoast_head_json":{"title":"Taller +FUTUR: Interacci\u00f3n entre el factor humano y la tecnolog\u00eda para la optimizaci\u00f3n de los procesos asistenciales - Fundaci\u00f3 TIC Salut i Social","robots":{"index":"index","follow":"follow","max-snippet":"max-snippet:-1","max-image-preview":"max-image-preview:large","max-video-preview":"max-video-preview:-1"},"canonical":"https:\/\/ticsalutsocial.atoom.space\/es\/event\/taller-futur-interaccio-entre-el-factor-huma-i-la-tecnologia-per-a-loptimitzacio-dels-processos-assistencials\/","og_locale":"es_ES","og_type":"article","og_title":"Taller +FUTUR: Interacci\u00f3n entre el factor humano y la tecnolog\u00eda para la optimizaci\u00f3n de los procesos asistenciales - Fundaci\u00f3 TIC Salut i Social","og_description":"El objectivo principal es analizar c\u00f3mo la interacci\u00f3n entre el factor humano y la tecnolog\u00eda influye en la calidad de la atenci\u00f3n al paciente y en la eficiencia de los servicios, identificando buenas pr\u00e1cticas para una implementaci\u00f3n tecnol\u00f3gica centrada en la persona. La sesi\u00f3n se enfoca a los \u00e1mbitos asistenciales, territorios y perfiles directivos asistenciales, [&hellip;]","og_url":"https:\/\/ticsalutsocial.atoom.space\/es\/event\/taller-futur-interaccio-entre-el-factor-huma-i-la-tecnologia-per-a-loptimitzacio-dels-processos-assistencials\/","og_site_name":"Fundaci\u00f3 TIC Salut i Social","article_modified_time":"2024-10-23T06:30:31+00:00","twitter_card":"summary_large_image","twitter_misc":{"Tiempo de lectura":"1 minuto"},"schema":{"@context":"https:\/\/schema.org","@graph":[{"@type":"WebPage","@id":"https:\/\/ticsalutsocial.atoom.space\/es\/event\/taller-futur-interaccio-entre-el-factor-huma-i-la-tecnologia-per-a-loptimitzacio-dels-processos-assistencials\/","url":"https:\/\/ticsalutsocial.atoom.space\/es\/event\/taller-futur-interaccio-entre-el-factor-huma-i-la-tecnologia-per-a-loptimitzacio-dels-processos-assistencials\/","name":"Taller +FUTUR: Interacci\u00f3n entre el factor humano y la tecnolog\u00eda para la optimizaci\u00f3n de los procesos asistenciales - Fundaci\u00f3 TIC Salut i Social","isPartOf":{"@id":"https:\/\/ticsalutsocial.atoom.space\/es\/#website"},"datePublished":"2024-10-23T06:18:44+00:00","dateModified":"2024-10-23T06:30:31+00:00","breadcrumb":{"@id":"https:\/\/ticsalutsocial.atoom.space\/es\/event\/taller-futur-interaccio-entre-el-factor-huma-i-la-tecnologia-per-a-loptimitzacio-dels-processos-assistencials\/#breadcrumb"},"inLanguage":"es","potentialAction":[{"@type":"ReadAction","target":["https:\/\/ticsalutsocial.atoom.space\/es\/event\/taller-futur-interaccio-entre-el-factor-huma-i-la-tecnologia-per-a-loptimitzacio-dels-processos-assistencials\/"]}]},{"@type":"BreadcrumbList","@id":"https:\/\/ticsalutsocial.atoom.space\/es\/event\/taller-futur-interaccio-entre-el-factor-huma-i-la-tecnologia-per-a-loptimitzacio-dels-processos-assistencials\/#breadcrumb","itemListElement":[{"@type":"ListItem","position":1,"name":"Inici","item":"https:\/\/ticsalutsocial.atoom.space\/es\/"},{"@type":"ListItem","position":2,"name":"Taller +FUTUR: Interacci\u00f3n entre el factor humano y la tecnolog\u00eda para la optimizaci\u00f3n de los procesos asistenciales"}]},{"@type":"WebSite","@id":"https:\/\/ticsalutsocial.atoom.space\/es\/#website","url":"https:\/\/ticsalutsocial.atoom.space\/es\/","name":"Fundaci\u00f3 TIC Salut i Social","description":"","potentialAction":[{"@type":"SearchAction","target":{"@type":"EntryPoint","urlTemplate":"https:\/\/ticsalutsocial.atoom.space\/es\/?s={search_term_string}"},"query-input":{"@type":"PropertyValueSpecification","valueRequired":true,"valueName":"search_term_string"}}],"inLanguage":"es"}]}},"_links":{"self":[{"href":"https:\/\/ticsalutsocial.atoom.space\/es\/wp-json\/wp\/v2\/event\/28906","targetHints":{"allow":["GET"]}}],"collection":[{"href":"https:\/\/ticsalutsocial.atoom.space\/es\/wp-json\/wp\/v2\/event"}],"about":[{"href":"https:\/\/ticsalutsocial.atoom.space\/es\/wp-json\/wp\/v2\/types\/event"}],"wp:attachment":[{"href":"https:\/\/ticsalutsocial.atoom.space\/es\/wp-json\/wp\/v2\/media?parent=28906"}],"wp:term":[{"taxonomy":"tipus","embeddable":true,"href":"https:\/\/ticsalutsocial.atoom.space\/es\/wp-json\/wp\/v2\/tipus?post=28906"},{"taxonomy":"topic","embeddable":true,"href":"https:\/\/ticsalutsocial.atoom.space\/es\/wp-json\/wp\/v2\/topic?post=28906"}],"curies":[{"name":"wp","href":"https:\/\/api.w.org\/{rel}","templated":true}]}}